{"id":20980,"date":"2025-01-20T08:29:16","date_gmt":"2025-01-20T07:29:16","guid":{"rendered":"https:\/\/www.le-cabellou-plage.com\/camping-la-foret-fouesnant\/"},"modified":"2025-03-07T12:21:07","modified_gmt":"2025-03-07T11:21:07","slug":"kamperen-la-foret-fouesnant","status":"publish","type":"page","link":"https:\/\/www.le-cabellou-plage.com\/nl\/kamperen-la-foret-fouesnant\/","title":{"rendered":"Kampeerplaats La For\u00eat Fouesnant"},"content":{"rendered":"\n<section class=\"wp-block-group home-intro page-one has-custom-color-2-background-color has-background is-layout-flow wp-block-group-is-layout-flow\" style=\"padding-top:var(--wp--preset--spacing--40);padding-bottom:var(--wp--preset--spacing--30)\">\n<div class=\"wp-block-columns is-layout-flex wp-container-core-columns-is-layout-b0eedf20 wp-block-columns-is-layout-flex\" style=\"margin-top:1rem;margin-bottom:0\">\n<div class=\"wp-block-column is-layout-flow wp-block-column-is-layout-flow\" style=\"padding-right:2rem;padding-left:2rem;flex-basis:60%\">\n<div class=\"wp-block-group gt-no-padding-mobile is-layout-flow wp-block-group-is-layout-flow\" style=\"padding-right:10rem;padding-left:15rem\">\n<h1 class=\"wp-block-heading\">Kampeerplaats op 10 km van <br\/><strong>la For\u00eat Fouesnant in Zuid-Bretagne<\/strong><\/h1>\n\n\n\n<p>Als je op zoek bent naar een <strong>kampeervakantie in de gemeente La For\u00eat Fouesnant<\/strong>, dan zit je goed <a href=\"https:\/\/www.le-cabellou-plage.com\/nl\/\">op camping Concarneau<\/a> le Cabellou Plage.<\/p>\n\n\n\n<h2 class=\"wp-block-heading\" style=\"padding-top:var(--wp--preset--spacing--30);text-transform:uppercase\"><strong>5 sterren camping<\/strong><br\/>in de buurt van La For\u00eat Fouesnant<\/h2>\n\n\n\n<p>Kom naar onze <strong>camping in Concarneau<\/strong> voor een <strong>onvergetelijke vakantie<\/strong> op onze <a href=\"https:\/\/www.le-cabellou-plage.com\/nl\/kampeerservices-bretagne\/\">5-sterrencamping in de buurt van de stad La For\u00eat Fouesnant<\/a> in Bretagne.<\/p>\n\n\n\n<p>Wij bieden <strong>kwaliteitsaccommodatie<\/strong> met <a href=\"https:\/\/www.le-cabellou-plage.com\/nl\/verhuur-stacaravans-bretagne\/\">stacaravans te huur<\/a>, die <strong>moderniteit en comfort<\/strong>, een <strong>warme sfeer<\/strong> en een uitzonderlijke klantenservice combineren voor een onvergetelijke vakantie.<\/p>\n\n\n\n<p>De <strong>5-sterrencamping Le Cabellou Plage<\/strong> ligt op slechts een paar minuten van La For\u00eat Fouesnant en biedt een breed scala aan mogelijkheden voor een <strong>kwaliteitsvakantie<\/strong>. Geniet van <a href=\"https:\/\/www.le-cabellou-plage.com\/nl\/wat-te-doen-concarneau\/\">buitenactiviteiten<\/a> en het prachtige landschap van <a href=\"https:\/\/www.le-cabellou-plage.com\/nl\/welkom-op-de-blog-van-cabellou-plage\/zuid-finistere\/visiter-la-foret-fouesnant\/\">het For\u00eat Fouesnant<\/a>, ga zwemmen, <strong>fietsen of wandelen<\/strong>, of ontspan gewoon op de <strong>nabijgelegen stranden<\/strong>. <\/p>\n\n\n\n<p>We kijken ernaar uit om je te verwelkomen op een vakantie vol avontuur en ontdekking.<\/p>\n\n\n\n<div class=\"wp-block-buttons is-content-justification-center is-layout-flex wp-container-core-buttons-is-layout-3b2eff7d wp-block-buttons-is-layout-flex\" style=\"margin-top:var(--wp--preset--spacing--30);margin-bottom:var(--wp--preset--spacing--30);padding-left:0\">\n<div class=\"wp-block-button\"><a class=\"wp-block-button__link wp-element-button\" href=\"https:\/\/www.le-cabellou-plage.com\/nl\/kampeerservices-bretagne\/\">Ontdek onze diensten<\/a><\/div>\n<\/div>\n<\/div>\n<\/div>\n\n\n\n<div class=\"wp-block-column animated fadeIn delay-100ms slow is-layout-flow wp-block-column-is-layout-flow\" style=\"padding-top:0em;flex-basis:40%\">\n<div data-swiper=\"{&quot;speed&quot;:400,&quot;spaceBetween&quot;:16,&quot;slidesPerView&quot;:1,&quot;createElements&quot;:true,&quot;loop&quot;:true,&quot;freemode&quot;:true,&quot;pagination&quot;:{&quot;el&quot;:&quot;.swiper-pagination&quot;,&quot;dynamicBullets&quot;:false},&quot;breakpoints&quot;:{&quot;0&quot;:{&quot;slidesPerView&quot;:1},&quot;380&quot;:[],&quot;1024&quot;:[]},&quot;navigation&quot;:false,&quot;effect&quot;:&quot;fade&quot;}\" class=\"wp-block-group gt-is-slider gt-is-slider-desktop has-global-padding is-layout-constrained wp-block-group-is-layout-constrained\">\n<figure class=\"wp-block-image size-full\"><img decoding=\"async\" width=\"686\" height=\"660\" src=\"https:\/\/www.le-cabellou-plage.com\/wp-content\/uploads\/2025\/01\/camping-a-10km-de-la-foret-fouesnant-en-bretagne-sud.webp\" alt=\"kampeerplaats op 10 km van het fouesnant bos in zuid bretagne\" class=\"wp-image-14714\" srcset=\"https:\/\/www.le-cabellou-plage.com\/wp-content\/uploads\/2025\/01\/camping-a-10km-de-la-foret-fouesnant-en-bretagne-sud.webp 686w, https:\/\/www.le-cabellou-plage.com\/wp-content\/uploads\/2025\/01\/camping-a-10km-de-la-foret-fouesnant-en-bretagne-sud-300x289.webp 300w\" sizes=\"(max-width: 686px) 100vw, 686px\" \/><\/figure>\n\n\n\n<figure class=\"wp-block-image size-full\"><img decoding=\"async\" width=\"686\" height=\"660\" src=\"https:\/\/www.le-cabellou-plage.com\/wp-content\/uploads\/2025\/01\/mobil-homes-disponibles-a-la-location.webp\" alt=\"stacaravans te huur\" class=\"wp-image-14718\" srcset=\"https:\/\/www.le-cabellou-plage.com\/wp-content\/uploads\/2025\/01\/mobil-homes-disponibles-a-la-location.webp 686w, https:\/\/www.le-cabellou-plage.com\/wp-content\/uploads\/2025\/01\/mobil-homes-disponibles-a-la-location-300x289.webp 300w\" sizes=\"(max-width: 686px) 100vw, 686px\" \/><\/figure>\n\n\n\n<figure class=\"wp-block-image size-full\"><img decoding=\"async\" width=\"686\" height=\"660\" src=\"https:\/\/www.le-cabellou-plage.com\/wp-content\/uploads\/2025\/01\/hebergement-de-qualite.webp\" alt=\"kwaliteitsaccommodatie\" class=\"wp-image-14722\" srcset=\"https:\/\/www.le-cabellou-plage.com\/wp-content\/uploads\/2025\/01\/hebergement-de-qualite.webp 686w, https:\/\/www.le-cabellou-plage.com\/wp-content\/uploads\/2025\/01\/hebergement-de-qualite-300x289.webp 300w\" sizes=\"(max-width: 686px) 100vw, 686px\" \/><\/figure>\n<\/div>\n<\/div>\n<\/div>\n<\/section>\n\n<section class=\"wp-block-group home-third has-custom-color-2-background-color has-background is-layout-flow wp-block-group-is-layout-flow\" style=\"margin-top:0;padding-bottom:var(--wp--preset--spacing--40)\">\n<div data-swiper=\"{&quot;speed&quot;:1000,&quot;autoplay&quot;:{&quot;delay&quot;:5000,&quot;disableOnInteraction&quot;:false},&quot;spaceBetween&quot;:0,&quot;slidesPerView&quot;:1,&quot;pagination&quot;:{&quot;el&quot;:&quot;.swiper-pagination&quot;,&quot;dynamicBullets&quot;:true,&quot;clickable&quot;:true,&quot;type&quot;:&quot;bullets&quot;},&quot;navigation&quot;:{&quot;nextEl&quot;:&quot;.swiper-button-next&quot;,&quot;prevEl&quot;:&quot;.swiper-button-prev&quot;},&quot;breakpoints&quot;:[{&quot;slidesPerView&quot;:1}]}\" class=\"wp-block-cover has-parallax has-custom-content-position is-position-bottom-right\" style=\"min-height:825px;aspect-ratio:unset;\"><span aria-hidden=\"true\" class=\"wp-block-cover__background has-contrast-background-color has-background-dim-30 has-background-dim\"><\/span><div role=\"img\" aria-label=\"location de mobil homes pres de la foret fouesnant en bretagne sud\" class=\"wp-block-cover__image-background wp-image-14726 has-parallax\" style=\"background-position:50% 50%;background-image:url(https:\/\/www.le-cabellou-plage.com\/wp-content\/uploads\/2025\/01\/location-de-mobil-homes-pres-de-la-foret-fouesnant-en-bretagne-sud.webp)\"><\/div><div class=\"wp-block-cover__inner-container has-global-padding is-layout-constrained wp-block-cover-is-layout-constrained\">\n<p class=\"has-text-align-center has-base-2-color has-text-color has-link-color has-bodidota-font-family wp-elements-72acc2ef7b00dcb1c8b61ca7b43af62c\" style=\"padding-right:35rem;padding-bottom:var(--wp--preset--spacing--40);font-size:clamp(39.963px, 2.498rem + ((1vw - 3.2px) * 2.969), 75px);text-transform:uppercase\"><strong>Ontspanningspauze<\/strong><\/p>\n<\/div><\/div>\n\n\n\n<div class=\"wp-block-columns is-layout-flex wp-container-core-columns-is-layout-b674b79b wp-block-columns-is-layout-flex\" style=\"padding-top:var(--wp--preset--spacing--10);padding-right:var(--wp--preset--spacing--50);padding-bottom:var(--wp--preset--spacing--10);padding-left:var(--wp--preset--spacing--50)\">\n<div class=\"wp-block-column right is-layout-flow wp-block-column-is-layout-flow\" style=\"padding-top:var(--wp--preset--spacing--40);flex-basis:60%\">\n<div class=\"wp-block-group gt-no-padding-mobile is-layout-flow wp-block-group-is-layout-flow\" style=\"padding-right:15rem;padding-left:10rem\">\n<h2 class=\"wp-block-heading\" style=\"margin-bottom:var(--wp--preset--spacing--30)\"><strong>Stacaravan<\/strong> <br\/>bij La For\u00eat Fouesnant in Zuid-Bretagne<\/h2>\n\n\n    <div id=\"gt-fse-lire-plus-69f56b0b2df1e\" class=\"gt-fse-lire-plus\" data-min-height=\"130\" style=\"background-color: #3a4156;\">\n        <input id=\"gt-fse-lire-plus-69f56b0b2df1e-toggle\" type=\"checkbox\" class=\"gt-fse-lire-plus__toggle\" \/>\n        <label for=\"gt-fse-lire-plus-69f56b0b2df1e-toggle\" class=\"gt-fse-lire-plus__toggle-label\">\n            <span>Lire plus<\/span>\n            <span>Lire moins<\/span>\n        <\/label>\n        <div class=\"gt-fse-lire-plus__content\" style=\"height: 130px;\">\n            \n\n<p>Een <strong>vakantie<\/strong> organiseren <strong>in de buurt van La For\u00eat Fouesnant<\/strong> in <a href=\"https:\/\/www.le-cabellou-plage.com\/nl\/zuid-bretagne-toerisme\/\">Zuid-Bretagne<\/a> is nu makkelijker dan ooit! Als u op zoek bent naar een <strong>camping voor uw vakantie<\/strong>, dan is onze camping Le Cabellou Plage ideaal voor een <strong>ontspannende vakantie in de buurt<\/strong>. We hebben <strong>stacaravans te huur<\/strong>, <strong>voorzien van moderne gemakken<\/strong> voor extra comfort en gemak. De stacaravans hebben een <strong>volledig uitgeruste keuken<\/strong>, woonkamer, aparte slaapkamers en eigen doucheruimtes. Je vindt er alle kookgerei en <strong>apparaten<\/strong> die je nodig hebt voor je verblijf, en sommige hebben zelfs een vaatwasser. Boek nu voor jouw <strong>droomvakantie in de buurt van La For\u00eat Fouesnant<\/strong>.     <\/p>\n\n            <div class=\"gt-fse-lire-plus__gradient\" style=\"background: linear-gradient(to bottom,rgba(58,65,86,0) 0%,rgba(58,65,86,1) 100%);\"><\/div>\n        <\/div>\n    <\/div>\n    <\/div>\n<\/div>\n\n\n\n<div class=\"wp-block-column left is-layout-flow wp-block-column-is-layout-flow\" style=\"flex-basis:40%\">\n<div class=\"wp-block-group gt-no-padding-mobile is-layout-flow wp-block-group-is-layout-flow\" style=\"padding-right:13rem;padding-left:2rem\">\n<p class=\"has-custom-color-3-color has-text-color has-link-color has-josefin-sans-font-family has-small-font-size wp-elements-d480583961686771233cc7c7ad39533d\" style=\"margin-bottom:var(--wp--preset--spacing--30);letter-spacing:3px;line-height:1.5;text-transform:uppercase\">La For\u00eat Fouesnant<\/p>\n\n\n\n<div class=\"wp-block-group h1-like is-layout-flow wp-block-group-is-layout-flow\">\n<p class=\"has-bodidota-font-family\" style=\"font-size:clamp(47.79px, 2.987rem + ((1vw - 3.2px) * 3.916), 94px);line-height:0.8\">Droom vakantie<\/p>\n\n\n\n<p class=\"has-custom-color-3-color has-text-color has-link-color has-north-wave-font-family wp-elements-c21f4423b1cc7ea60798dcadd3de05a4\" style=\"padding-left:var(--wp--preset--spacing--40);font-size:clamp(52.125px, 3.258rem + ((1vw - 3.2px) * 4.481), 105px);line-height:0.1\">in bretagne<\/p>\n<\/div>\n<\/div>\n<\/div>\n<\/div>\n\n\n\n<div class=\"wp-block-group alignwide has-global-padding is-layout-constrained wp-block-group-is-layout-constrained\">\n<div class=\"wp-block-group alignwide is-nowrap is-layout-flex wp-container-core-group-is-layout-6c531013 wp-block-group-is-layout-flex\">\n<div class=\"wp-block-group alignwide has-global-padding is-layout-constrained wp-container-core-group-is-layout-fd9b688b wp-block-group-is-layout-constrained\" style=\"padding-left:0\">\n<div class=\"wp-block-group alignwide has-global-padding is-layout-constrained wp-block-group-is-layout-constrained\">\n<div data-wp-context=\"{}\" data-wp-interactive=\"core\/query\" data-wp-key=\"4\" data-wp-router-region=\"query-4\" class=\"wp-block-query alignwide gt-ws-thelis-hebergements-query is-layout-flow wp-block-query-is-layout-flow\"><ul class=\"columns-4 wp-block-post-template is-layout-grid wp-container-core-post-template-is-layout-e7fd85f5 wp-block-post-template-is-layout-grid\"><li data-gt-bathrooms=\"1\" data-gt-camping=\"527\" data-gt-capacity=\"6\" data-gt-criterions=\"&quot;[17,3222,3223,3225,3230,7631]&quot;\" data-gt-post-id=\"14145\" data-gt-rooms=\"3\" data-gt-surfaces=\"36\" data-gt-types=\"Stacaravan,location\" data-gt-ws-camping=\"527\" data-wp-key=\"69f56b0b368b9\" class=\"wp-block-post post-14145 hebergement type-hebergement status-publish has-post-thumbnail hentry\">\n\n<div \n    class=\"wp-block-gt-gt-ws-thelis-product-images\"    data-wp-interactive=\"gt\/thelis\/hebergement\/image\"\n    data-gallery-images='[&quot;https:\\\/\\\/www.le-cabellou-plage.com\\\/wp-content\\\/uploads\\\/gt-ws-thelis\\\/site-1\\\/images\\\/527\\\/pict_11_5.jpg&quot;,&quot;https:\\\/\\\/www.le-cabellou-plage.com\\\/wp-content\\\/uploads\\\/gt-ws-thelis\\\/site-1\\\/images\\\/527\\\/pict_11_3.jpg&quot;,&quot;https:\\\/\\\/www.le-cabellou-plage.com\\\/wp-content\\\/uploads\\\/gt-ws-thelis\\\/site-1\\\/images\\\/527\\\/pict_11_4.jpg&quot;,&quot;https:\\\/\\\/www.le-cabellou-plage.com\\\/wp-content\\\/uploads\\\/gt-ws-thelis\\\/site-1\\\/images\\\/527\\\/pict_11_7.jpg&quot;,&quot;https:\\\/\\\/www.le-cabellou-plage.com\\\/wp-content\\\/uploads\\\/gt-ws-thelis\\\/site-1\\\/images\\\/527\\\/pict_11_2.jpg&quot;,&quot;https:\\\/\\\/www.le-cabellou-plage.com\\\/wp-content\\\/uploads\\\/gt-ws-thelis\\\/site-1\\\/images\\\/527\\\/pict_11_6.jpg&quot;,&quot;https:\\\/\\\/www.le-cabellou-plage.com\\\/wp-content\\\/uploads\\\/gt-ws-thelis\\\/site-1\\\/images\\\/527\\\/pict_11_1.jpg&quot;]'\n    data-wp-context='{\"images\":[\"https:\\\/\\\/www.le-cabellou-plage.com\\\/wp-content\\\/uploads\\\/gt-ws-thelis\\\/site-1\\\/images\\\/527\\\/pict_11_5.jpg\",\"https:\\\/\\\/www.le-cabellou-plage.com\\\/wp-content\\\/uploads\\\/gt-ws-thelis\\\/site-1\\\/images\\\/527\\\/pict_11_3.jpg\",\"https:\\\/\\\/www.le-cabellou-plage.com\\\/wp-content\\\/uploads\\\/gt-ws-thelis\\\/site-1\\\/images\\\/527\\\/pict_11_4.jpg\",\"https:\\\/\\\/www.le-cabellou-plage.com\\\/wp-content\\\/uploads\\\/gt-ws-thelis\\\/site-1\\\/images\\\/527\\\/pict_11_7.jpg\",\"https:\\\/\\\/www.le-cabellou-plage.com\\\/wp-content\\\/uploads\\\/gt-ws-thelis\\\/site-1\\\/images\\\/527\\\/pict_11_2.jpg\",\"https:\\\/\\\/www.le-cabellou-plage.com\\\/wp-content\\\/uploads\\\/gt-ws-thelis\\\/site-1\\\/images\\\/527\\\/pict_11_6.jpg\",\"https:\\\/\\\/www.le-cabellou-plage.com\\\/wp-content\\\/uploads\\\/gt-ws-thelis\\\/site-1\\\/images\\\/527\\\/pict_11_1.jpg\"],\"jsonConfig\":{\"speed\":400,\"spaceBetween\":16,\"slidesPerView\":1,\"loop\":true,\"breakpoints\":[{\"slidesPerView\":1}],\"pagination\":false,\"effect\":\"fade\",\"autoplay\":{\"delay\":2500}},\"sliderId\":\"69f56b0b31088\"}'>\n            <div \n            id=\"69f56b0b31088\"\n            class=\"gt-ws-thelis-is-slider swiper\" \n            data-swiper='{\"speed\":400,\"spaceBetween\":16,\"slidesPerView\":1,\"loop\":true,\"breakpoints\":[{\"slidesPerView\":1}],\"pagination\":false,\"effect\":\"fade\",\"autoplay\":{\"delay\":2500}}'\n            data-wp-key=\"14145660ce1da78d7ac15e03706f31ece0088\"\n            data-wp-run=\"callbacks.resetSwiper\"\n            data-wp-on--mouseover=\"callbacks.resetSwiper\"\n        >\n        <div class=\"swiper-wrapper\">\n                \n            \n            \n\n            <figure \n                class=\"wp-block-image swiper-slide\" \n                data-image-index=\"0\"\n            >\n                                    <img decoding=\"async\" \n                                                src=\"https:\/\/www.le-cabellou-plage.com\/wp-content\/uploads\/gt-ws-thelis\/site-1\/images\/527\/pict_11_1.jpg\" \n                        alt=\"Premium Corail &#8211; 6 Pers 3 Ch &#8211; 36m2\"\n                        loading=\"lazy\"\n                    >\n                                <\/figure>\n\n            \n        \n            \n            \n\n            <figure \n                class=\"wp-block-image swiper-slide\" \n                data-image-index=\"1\"\n            >\n                                    <img decoding=\"async\" \n                                                src=\"https:\/\/www.le-cabellou-plage.com\/wp-content\/uploads\/gt-ws-thelis\/site-1\/images\/527\/pict_11_2.jpg\" \n                        alt=\"Premium Corail &#8211; 6 Pers 3 Ch &#8211; 36m2\"\n                        loading=\"lazy\"\n                    >\n                                <\/figure>\n\n            \n        \n            \n            \n\n            <figure \n                class=\"wp-block-image swiper-slide\" \n                data-image-index=\"2\"\n            >\n                                    <img decoding=\"async\" \n                                                src=\"https:\/\/www.le-cabellou-plage.com\/wp-content\/uploads\/gt-ws-thelis\/site-1\/images\/527\/pict_11_3.jpg\" \n                        alt=\"Premium Corail &#8211; 6 Pers 3 Ch &#8211; 36m2\"\n                        loading=\"lazy\"\n                    >\n                                <\/figure>\n\n            \n        \n            \n            \n\n            <figure \n                class=\"wp-block-image swiper-slide\" \n                data-image-index=\"3\"\n            >\n                                    <img decoding=\"async\" \n                                                src=\"https:\/\/www.le-cabellou-plage.com\/wp-content\/uploads\/gt-ws-thelis\/site-1\/images\/527\/pict_11_4.jpg\" \n                        alt=\"Premium Corail &#8211; 6 Pers 3 Ch &#8211; 36m2\"\n                        loading=\"lazy\"\n                    >\n                                <\/figure>\n\n            \n        \n            \n            \n\n            <figure \n                class=\"wp-block-image swiper-slide\" \n                data-image-index=\"4\"\n            >\n                                    <img decoding=\"async\" \n                                                src=\"https:\/\/www.le-cabellou-plage.com\/wp-content\/uploads\/gt-ws-thelis\/site-1\/images\/527\/pict_11_5.jpg\" \n                        alt=\"Premium Corail &#8211; 6 Pers 3 Ch &#8211; 36m2\"\n                        loading=\"lazy\"\n                    >\n                                <\/figure>\n\n            \n        \n            \n            \n\n            <figure \n                class=\"wp-block-image swiper-slide\" \n                data-image-index=\"5\"\n            >\n                                    <img decoding=\"async\" \n                                                src=\"https:\/\/www.le-cabellou-plage.com\/wp-content\/uploads\/gt-ws-thelis\/site-1\/images\/527\/pict_11_6.jpg\" \n                        alt=\"Premium Corail &#8211; 6 Pers 3 Ch &#8211; 36m2\"\n                        loading=\"lazy\"\n                    >\n                                <\/figure>\n\n            \n        \n            \n            \n\n            <figure \n                class=\"wp-block-image swiper-slide\" \n                data-image-index=\"6\"\n            >\n                                    <img decoding=\"async\" \n                                                src=\"https:\/\/www.le-cabellou-plage.com\/wp-content\/uploads\/gt-ws-thelis\/site-1\/images\/527\/pict_11_7.jpg\" \n                        alt=\"Premium Corail &#8211; 6 Pers 3 Ch &#8211; 36m2\"\n                        loading=\"lazy\"\n                    >\n                                <\/figure>\n\n            \n        \n        \n            <\/div>\n            <div class=\"swiper-pagination\"><\/div>\n            <div class=\"swiper-button-prev\"><\/div>\n            <div class=\"swiper-button-next\"><\/div>\n        <\/div>\n        <\/div>\n\n\n<div class=\"wp-block-group bottom-card has-global-padding is-layout-constrained wp-container-core-group-is-layout-306daf7c wp-block-group-is-layout-constrained\" style=\"padding-top:0;padding-right:var(--wp--preset--spacing--10);padding-bottom:0;padding-left:var(--wp--preset--spacing--10)\">\n<p><\/p>\n\n\n\n<div class=\"wp-block-group gt-hebergement-foot is-layout-flow wp-container-core-group-is-layout-a77db08e wp-block-group-is-layout-flow\">\n<div class=\"wp-block-group is-content-justification-right is-layout-flex wp-container-core-group-is-layout-2c452c4e wp-block-group-is-layout-flex\" style=\"margin-top:0;margin-bottom:var(--wp--preset--spacing--20)\">\n<div class=\"wp-block-group hebergement-info is-vertical is-nowrap is-layout-flex wp-container-core-group-is-layout-3536e24b wp-block-group-is-layout-flex\">\n\n\n<div class=\"wp-block-gt-gt-ws-thelis-product-capacity\">\n            <img decoding=\"async\" src=\"https:\/\/www.le-cabellou-plage.com\/wp-content\/uploads\/2025\/01\/groupe.svg\" alt=\"Icon\" class=\"gt-icon\" \/> \n        6                 <\/div><\/div>\n\n\n\n<div class=\"wp-block-group hebergement-info is-vertical is-nowrap is-layout-flex wp-container-core-group-is-layout-3536e24b wp-block-group-is-layout-flex\">\n<div class=\"wp-block-gt-gt-ws-thelis-product-room\">\n            <img decoding=\"async\" src=\"https:\/\/www.le-cabellou-plage.com\/wp-content\/uploads\/2025\/02\/bed-1.svg\" alt=\"Icon\" class=\"gt-icon\" \/> \n        3                <\/div><\/div>\n\n\n\n<div class=\"wp-block-group hebergement-info is-vertical is-nowrap is-layout-flex wp-container-core-group-is-layout-3536e24b wp-block-group-is-layout-flex\">\n<div class=\"wp-block-gt-gt-ws-thelis-product-surface\">\n\n           <img decoding=\"async\" src=\"https:\/\/www.le-cabellou-plage.com\/wp-content\/uploads\/2025\/01\/surface-1.svg\" alt=\"Icon\" class=\"gt-icon\" \/> \n       \n        36m\u00b2\n<\/div><\/div>\n\n\n\n<div class=\"wp-block-group hebergement-info is-vertical is-nowrap is-layout-flex wp-container-core-group-is-layout-3536e24b wp-block-group-is-layout-flex\">\n<div class=\"wp-block-gt-gt-ws-thelis-product-bathroom\">\n            <img decoding=\"async\" src=\"https:\/\/www.le-cabellou-plage.com\/wp-content\/uploads\/2025\/03\/shower-2.svg\" alt=\"Icon\" class=\"gt-icon\" \/>\n        1                 <\/div><\/div>\n<\/div>\n<\/div>\n\n\n\n<div class=\"wp-block-group gt-hebergement-content has-base-2-color has-text-color has-link-color has-josefin-sans-font-family wp-elements-1dc5fd54dc8763551e0a213ad89aa8e4 is-content-justification-center is-nowrap is-layout-flex wp-container-core-group-is-layout-9c5e87ae wp-block-group-is-layout-flex\" style=\"padding-top:var(--wp--preset--spacing--10);padding-right:0;padding-bottom:var(--wp--preset--spacing--10);padding-left:var(--wp--preset--spacing--10);font-size:clamp(0.875rem, 0.875rem + ((1vw - 0.2rem) * 0.305), 1.1rem);\">\n<div class=\"wp-block-group has-global-padding is-content-justification-left is-layout-constrained wp-container-core-group-is-layout-12dd3699 wp-block-group-is-layout-constrained\"><p style=\"font-size:clamp(0.984rem, 0.984rem + ((1vw - 0.2rem) * 0.7), 1.5rem);\" class=\"wp-elements-8408685baa51903f439fde5025ccd007 wp-block-gt-gt-ws-thelis-product-name has-text-color has-base-2-color\">\n    Premium Corail &#8211; 6 Pers 3 Ch &#8211; 36m2<\/p>\n<\/div>\n\n\n\n<div class=\"wp-block-group link-hebergement has-global-padding is-layout-constrained wp-container-core-group-is-layout-f078265f wp-block-group-is-layout-constrained\" style=\"padding-right:0\"><a class=\"wp-elements-f3cb0fc3943cf1d9a6f084690632ba68 wp-block-read-more has-text-color has-custom-color-2-color\" href=\"https:\/\/www.le-cabellou-plage.com\/nl\/hebergement\/premium-corail-6-pers-3-ch-36m2\/\" target=\"_blank\">D\u00e9couvrir<span class=\"screen-reader-text\">: Premium Corail &#8211; 6 Pers 3 Ch &#8211; 36m2<\/span><\/a><\/div>\n<\/div>\n\n\n\n<div class=\"wp-block-group is-horizontal is-content-justification-space-between is-nowrap is-layout-flex wp-container-core-group-is-layout-f5091a2d wp-block-group-is-layout-flex\" style=\"padding-right:var(--wp--preset--spacing--20);padding-left:var(--wp--preset--spacing--20)\">    \n\t<div\n\t\tclass=\"wp-block-gt-gt-ws-thelis-disponibilites\"\t\tdata-wp-interactive=\"gt\/thelis\"\n\t\tdata-wp-watch=\"actions.loadStays\"\n\t\tdata-wp-bind--data-gt-statut=\"state.statut\"\n\t\tdata-wp-key=\"11+527-69f56b0b320d2\"\n\t\tdata-wp-context='{\"idsProduct\":\"11+527\",\"idProduct\":\"11\",\"campingKey\":\"527\",\"isIndisponible\":true}'\t>\n\n\t\t\t\t\t<div hidden class=\"gt-ws-thelis-spinner\" data-wp-bind--hidden=\"!state.isLoading\">\n\t\t\t\t<span class=\"loader\"><\/span>\n\t\t\t<\/div>\n\t\t\n\n\t\t<div data-wp-bind--hidden=\"state.isLoading\" class=\"gt-ws-thelis-disponibilite-wrap\">\n\n\t\t\t\n\t\t\t\t\t\n\t\t\t\t<div hidden \n\t\t\t\t\tclass=\"gt-ws-thelis__disponibilite__price\"\n\t\t\t\t\tdata-wp-bind--hidden=\"!state.price\"\n\t\t\t\t>\n\t\t\t\t\t<span>Vanaf <\/span>\n\t\t\t\t\t<span hidden class=\"gt-ws-thelis__disponibilite__price__original\" data-wp-bind--hidden=\"!state.hasPromo\">\n\t\t\t\t\t\t<strike><span data-wp-text=\"state.originalPrice\"><\/span>\u20ac<\/strike>\n\t\t\t\t\t<\/span>\n\t\t\t\t\t<span class=\"gt-ws-thelis__disponibilite__price__discounted\">\n\t\t\t\t\t\t<span data-wp-bind--data-gt-price=\"state.price\" class=\"gt-ws-thelis-data-price\" data-wp-text=\"state.price\"><\/span>\u20ac\n\t\t\t\t\t<\/span>\n\t\t\t\t<\/div>\n\t\t\t\n\t\t\t\n\t\t\t\n\t\t\t\n\t\t<\/div>\n\n\t<\/div>\n\n    \n\n    \n\t<div\n\t\tclass=\"statut-dispo wp-block-gt-gt-ws-thelis-disponibilites\"\t\tdata-wp-interactive=\"gt\/thelis\"\n\t\tdata-wp-watch=\"actions.loadStays\"\n\t\tdata-wp-bind--data-gt-statut=\"state.statut\"\n\t\tdata-wp-key=\"11+527-69f56b0b32172\"\n\t\tdata-wp-context='{\"idsProduct\":\"11+527\",\"idProduct\":\"11\",\"campingKey\":\"527\",\"isIndisponible\":true}'\t>\n\n\t\t\t\t\t<div hidden class=\"gt-ws-thelis-spinner\" data-wp-bind--hidden=\"!state.isLoading\">\n\t\t\t\t<span class=\"loader\"><\/span>\n\t\t\t<\/div>\n\t\t\n\n\t\t<div data-wp-bind--hidden=\"state.isLoading\" class=\"gt-ws-thelis-disponibilite-wrap\">\n\n\t\t\t\t\t\t\t\t\t\t\t\t\t<div class=\"gt-ws-thelis-statut\" data-wp-text=\"state.titre\"><\/div>\n\t\t\t\t\t\t\t\t\n\t\t\t\n\t\t\t\n\t\t\t\n\t\t\t\n\t\t<\/div>\n\n\t<\/div>\n\n    <\/div>\n<\/div>\n\n<\/li><li data-gt-bathrooms=\"1\" data-gt-camping=\"527\" data-gt-capacity=\"5\" data-gt-criterions=\"&quot;[17,3222,7631]&quot;\" data-gt-post-id=\"14136\" data-gt-rooms=\"2\" data-gt-surfaces=\"25\" data-gt-types=\"Stacaravan,location\" data-gt-ws-camping=\"527\" data-wp-key=\"69f56b0b369fd\" class=\"wp-block-post post-14136 hebergement type-hebergement status-publish has-post-thumbnail hentry\">\n\n<div \n    class=\"wp-block-gt-gt-ws-thelis-product-images\"    data-wp-interactive=\"gt\/thelis\/hebergement\/image\"\n    data-gallery-images='[&quot;https:\\\/\\\/www.le-cabellou-plage.com\\\/wp-content\\\/uploads\\\/gt-ws-thelis\\\/site-1\\\/images\\\/527\\\/pict_7_2.jpg&quot;,&quot;https:\\\/\\\/www.le-cabellou-plage.com\\\/wp-content\\\/uploads\\\/gt-ws-thelis\\\/site-1\\\/images\\\/527\\\/pict_7_5.jpg&quot;,&quot;https:\\\/\\\/www.le-cabellou-plage.com\\\/wp-content\\\/uploads\\\/gt-ws-thelis\\\/site-1\\\/images\\\/527\\\/pict_7_6.jpg&quot;,&quot;https:\\\/\\\/www.le-cabellou-plage.com\\\/wp-content\\\/uploads\\\/gt-ws-thelis\\\/site-1\\\/images\\\/527\\\/pict_7_7.jpg&quot;,&quot;https:\\\/\\\/www.le-cabellou-plage.com\\\/wp-content\\\/uploads\\\/gt-ws-thelis\\\/site-1\\\/images\\\/527\\\/pict_7_1.jpg&quot;,&quot;https:\\\/\\\/www.le-cabellou-plage.com\\\/wp-content\\\/uploads\\\/gt-ws-thelis\\\/site-1\\\/images\\\/527\\\/pict_7_4.jpg&quot;,&quot;https:\\\/\\\/www.le-cabellou-plage.com\\\/wp-content\\\/uploads\\\/gt-ws-thelis\\\/site-1\\\/images\\\/527\\\/pict_7_3.jpg&quot;]'\n    data-wp-context='{\"images\":[\"https:\\\/\\\/www.le-cabellou-plage.com\\\/wp-content\\\/uploads\\\/gt-ws-thelis\\\/site-1\\\/images\\\/527\\\/pict_7_2.jpg\",\"https:\\\/\\\/www.le-cabellou-plage.com\\\/wp-content\\\/uploads\\\/gt-ws-thelis\\\/site-1\\\/images\\\/527\\\/pict_7_5.jpg\",\"https:\\\/\\\/www.le-cabellou-plage.com\\\/wp-content\\\/uploads\\\/gt-ws-thelis\\\/site-1\\\/images\\\/527\\\/pict_7_6.jpg\",\"https:\\\/\\\/www.le-cabellou-plage.com\\\/wp-content\\\/uploads\\\/gt-ws-thelis\\\/site-1\\\/images\\\/527\\\/pict_7_7.jpg\",\"https:\\\/\\\/www.le-cabellou-plage.com\\\/wp-content\\\/uploads\\\/gt-ws-thelis\\\/site-1\\\/images\\\/527\\\/pict_7_1.jpg\",\"https:\\\/\\\/www.le-cabellou-plage.com\\\/wp-content\\\/uploads\\\/gt-ws-thelis\\\/site-1\\\/images\\\/527\\\/pict_7_4.jpg\",\"https:\\\/\\\/www.le-cabellou-plage.com\\\/wp-content\\\/uploads\\\/gt-ws-thelis\\\/site-1\\\/images\\\/527\\\/pict_7_3.jpg\"],\"jsonConfig\":{\"speed\":400,\"spaceBetween\":16,\"slidesPerView\":1,\"loop\":true,\"breakpoints\":[{\"slidesPerView\":1}],\"pagination\":false,\"effect\":\"fade\",\"autoplay\":{\"delay\":2500}},\"sliderId\":\"69f56b0b32567\"}'>\n            <div \n            id=\"69f56b0b32567\"\n            class=\"gt-ws-thelis-is-slider swiper\" \n            data-swiper='{\"speed\":400,\"spaceBetween\":16,\"slidesPerView\":1,\"loop\":true,\"breakpoints\":[{\"slidesPerView\":1}],\"pagination\":false,\"effect\":\"fade\",\"autoplay\":{\"delay\":2500}}'\n            data-wp-key=\"14136660ce1da78d7ac15e03706f31ece0088\"\n            data-wp-run=\"callbacks.resetSwiper\"\n            data-wp-on--mouseover=\"callbacks.resetSwiper\"\n        >\n        <div class=\"swiper-wrapper\">\n                \n            \n            \n\n            <figure \n                class=\"wp-block-image swiper-slide\" \n                data-image-index=\"0\"\n            >\n                                    <img decoding=\"async\" \n                                                src=\"https:\/\/www.le-cabellou-plage.com\/wp-content\/uploads\/gt-ws-thelis\/site-1\/images\/527\/pict_7_1.jpg\" \n                        alt=\"Confort+ Belle Ile 4\/5 Pers 2 Ch 25m2\"\n                        loading=\"lazy\"\n                    >\n                                <\/figure>\n\n            \n        \n            \n            \n\n            <figure \n                class=\"wp-block-image swiper-slide\" \n                data-image-index=\"1\"\n            >\n                                    <img decoding=\"async\" \n                                                src=\"https:\/\/www.le-cabellou-plage.com\/wp-content\/uploads\/gt-ws-thelis\/site-1\/images\/527\/pict_7_2.jpg\" \n                        alt=\"Confort+ Belle Ile 4\/5 Pers 2 Ch 25m2\"\n                        loading=\"lazy\"\n                    >\n                                <\/figure>\n\n            \n        \n            \n            \n\n            <figure \n                class=\"wp-block-image swiper-slide\" \n                data-image-index=\"2\"\n            >\n                                    <img decoding=\"async\" \n                                                src=\"https:\/\/www.le-cabellou-plage.com\/wp-content\/uploads\/gt-ws-thelis\/site-1\/images\/527\/pict_7_3.jpg\" \n                        alt=\"Confort+ Belle Ile 4\/5 Pers 2 Ch 25m2\"\n                        loading=\"lazy\"\n                    >\n                                <\/figure>\n\n            \n        \n            \n            \n\n            <figure \n                class=\"wp-block-image swiper-slide\" \n                data-image-index=\"3\"\n            >\n                                    <img decoding=\"async\" \n                                                src=\"https:\/\/www.le-cabellou-plage.com\/wp-content\/uploads\/gt-ws-thelis\/site-1\/images\/527\/pict_7_4.jpg\" \n                        alt=\"Confort+ Belle Ile 4\/5 Pers 2 Ch 25m2\"\n                        loading=\"lazy\"\n                    >\n                                <\/figure>\n\n            \n        \n            \n            \n\n            <figure \n                class=\"wp-block-image swiper-slide\" \n                data-image-index=\"4\"\n            >\n                                    <img decoding=\"async\" \n                                                src=\"https:\/\/www.le-cabellou-plage.com\/wp-content\/uploads\/gt-ws-thelis\/site-1\/images\/527\/pict_7_5.jpg\" \n                        alt=\"Confort+ Belle Ile 4\/5 Pers 2 Ch 25m2\"\n                        loading=\"lazy\"\n                    >\n                                <\/figure>\n\n            \n        \n            \n            \n\n            <figure \n                class=\"wp-block-image swiper-slide\" \n                data-image-index=\"5\"\n            >\n                                    <img decoding=\"async\" \n                                                src=\"https:\/\/www.le-cabellou-plage.com\/wp-content\/uploads\/gt-ws-thelis\/site-1\/images\/527\/pict_7_6.jpg\" \n                        alt=\"Confort+ Belle Ile 4\/5 Pers 2 Ch 25m2\"\n                        loading=\"lazy\"\n                    >\n                                <\/figure>\n\n            \n        \n            \n            \n\n            <figure \n                class=\"wp-block-image swiper-slide\" \n                data-image-index=\"6\"\n            >\n                                    <img decoding=\"async\" \n                                                src=\"https:\/\/www.le-cabellou-plage.com\/wp-content\/uploads\/gt-ws-thelis\/site-1\/images\/527\/pict_7_7.jpg\" \n                        alt=\"Confort+ Belle Ile 4\/5 Pers 2 Ch 25m2\"\n                        loading=\"lazy\"\n                    >\n                                <\/figure>\n\n            \n        \n        \n            <\/div>\n            <div class=\"swiper-pagination\"><\/div>\n            <div class=\"swiper-button-prev\"><\/div>\n            <div class=\"swiper-button-next\"><\/div>\n        <\/div>\n        <\/div>\n\n\n<div class=\"wp-block-group bottom-card has-global-padding is-layout-constrained wp-container-core-group-is-layout-306daf7c wp-block-group-is-layout-constrained\" style=\"padding-top:0;padding-right:var(--wp--preset--spacing--10);padding-bottom:0;padding-left:var(--wp--preset--spacing--10)\">\n<p><\/p>\n\n\n\n<div class=\"wp-block-group gt-hebergement-foot is-layout-flow wp-container-core-group-is-layout-a77db08e wp-block-group-is-layout-flow\">\n<div class=\"wp-block-group is-content-justification-right is-layout-flex wp-container-core-group-is-layout-2c452c4e wp-block-group-is-layout-flex\" style=\"margin-top:0;margin-bottom:var(--wp--preset--spacing--20)\">\n<div class=\"wp-block-group hebergement-info is-vertical is-nowrap is-layout-flex wp-container-core-group-is-layout-3536e24b wp-block-group-is-layout-flex\">\n\n\n<div class=\"wp-block-gt-gt-ws-thelis-product-capacity\">\n            <img decoding=\"async\" src=\"https:\/\/www.le-cabellou-plage.com\/wp-content\/uploads\/2025\/01\/groupe.svg\" alt=\"Icon\" class=\"gt-icon\" \/> \n        5                 <\/div><\/div>\n\n\n\n<div class=\"wp-block-group hebergement-info is-vertical is-nowrap is-layout-flex wp-container-core-group-is-layout-3536e24b wp-block-group-is-layout-flex\">\n<div class=\"wp-block-gt-gt-ws-thelis-product-room\">\n            <img decoding=\"async\" src=\"https:\/\/www.le-cabellou-plage.com\/wp-content\/uploads\/2025\/02\/bed-1.svg\" alt=\"Icon\" class=\"gt-icon\" \/> \n        2                <\/div><\/div>\n\n\n\n<div class=\"wp-block-group hebergement-info is-vertical is-nowrap is-layout-flex wp-container-core-group-is-layout-3536e24b wp-block-group-is-layout-flex\">\n<div class=\"wp-block-gt-gt-ws-thelis-product-surface\">\n\n           <img decoding=\"async\" src=\"https:\/\/www.le-cabellou-plage.com\/wp-content\/uploads\/2025\/01\/surface-1.svg\" alt=\"Icon\" class=\"gt-icon\" \/> \n       \n        25m\u00b2\n<\/div><\/div>\n\n\n\n<div class=\"wp-block-group hebergement-info is-vertical is-nowrap is-layout-flex wp-container-core-group-is-layout-3536e24b wp-block-group-is-layout-flex\">\n<div class=\"wp-block-gt-gt-ws-thelis-product-bathroom\">\n            <img decoding=\"async\" src=\"https:\/\/www.le-cabellou-plage.com\/wp-content\/uploads\/2025\/03\/shower-2.svg\" alt=\"Icon\" class=\"gt-icon\" \/>\n        1                 <\/div><\/div>\n<\/div>\n<\/div>\n\n\n\n<div class=\"wp-block-group gt-hebergement-content has-base-2-color has-text-color has-link-color has-josefin-sans-font-family wp-elements-1dc5fd54dc8763551e0a213ad89aa8e4 is-content-justification-center is-nowrap is-layout-flex wp-container-core-group-is-layout-9c5e87ae wp-block-group-is-layout-flex\" style=\"padding-top:var(--wp--preset--spacing--10);padding-right:0;padding-bottom:var(--wp--preset--spacing--10);padding-left:var(--wp--preset--spacing--10);font-size:clamp(0.875rem, 0.875rem + ((1vw - 0.2rem) * 0.305), 1.1rem);\">\n<div class=\"wp-block-group has-global-padding is-content-justification-left is-layout-constrained wp-container-core-group-is-layout-12dd3699 wp-block-group-is-layout-constrained\"><p style=\"font-size:clamp(0.984rem, 0.984rem + ((1vw - 0.2rem) * 0.7), 1.5rem);\" class=\"wp-elements-8408685baa51903f439fde5025ccd007 wp-block-gt-gt-ws-thelis-product-name has-text-color has-base-2-color\">\n    Confort+ Belle Ile 4\/5 Pers 2 Ch 25m2<\/p>\n<\/div>\n\n\n\n<div class=\"wp-block-group link-hebergement has-global-padding is-layout-constrained wp-container-core-group-is-layout-f078265f wp-block-group-is-layout-constrained\" style=\"padding-right:0\"><a class=\"wp-elements-f3cb0fc3943cf1d9a6f084690632ba68 wp-block-read-more has-text-color has-custom-color-2-color\" href=\"https:\/\/www.le-cabellou-plage.com\/nl\/hebergement\/confort-belle-ile-4-5-pers-2-ch-25m2\/\" target=\"_blank\">D\u00e9couvrir<span class=\"screen-reader-text\">: Confort+ Belle Ile 4\/5 Pers 2 Ch 25m2<\/span><\/a><\/div>\n<\/div>\n\n\n\n<div class=\"wp-block-group is-horizontal is-content-justification-space-between is-nowrap is-layout-flex wp-container-core-group-is-layout-f5091a2d wp-block-group-is-layout-flex\" style=\"padding-right:var(--wp--preset--spacing--20);padding-left:var(--wp--preset--spacing--20)\">    \n\t<div\n\t\tclass=\"wp-block-gt-gt-ws-thelis-disponibilites\"\t\tdata-wp-interactive=\"gt\/thelis\"\n\t\tdata-wp-watch=\"actions.loadStays\"\n\t\tdata-wp-bind--data-gt-statut=\"state.statut\"\n\t\tdata-wp-key=\"7+527-69f56b0b33218\"\n\t\tdata-wp-context='{\"idsProduct\":\"7+527\",\"idProduct\":\"7\",\"campingKey\":\"527\",\"isIndisponible\":true}'\t>\n\n\t\t\t\t\t<div hidden class=\"gt-ws-thelis-spinner\" data-wp-bind--hidden=\"!state.isLoading\">\n\t\t\t\t<span class=\"loader\"><\/span>\n\t\t\t<\/div>\n\t\t\n\n\t\t<div data-wp-bind--hidden=\"state.isLoading\" class=\"gt-ws-thelis-disponibilite-wrap\">\n\n\t\t\t\n\t\t\t\t\t\n\t\t\t\t<div hidden \n\t\t\t\t\tclass=\"gt-ws-thelis__disponibilite__price\"\n\t\t\t\t\tdata-wp-bind--hidden=\"!state.price\"\n\t\t\t\t>\n\t\t\t\t\t<span>Vanaf <\/span>\n\t\t\t\t\t<span hidden class=\"gt-ws-thelis__disponibilite__price__original\" data-wp-bind--hidden=\"!state.hasPromo\">\n\t\t\t\t\t\t<strike><span data-wp-text=\"state.originalPrice\"><\/span>\u20ac<\/strike>\n\t\t\t\t\t<\/span>\n\t\t\t\t\t<span class=\"gt-ws-thelis__disponibilite__price__discounted\">\n\t\t\t\t\t\t<span data-wp-bind--data-gt-price=\"state.price\" class=\"gt-ws-thelis-data-price\" data-wp-text=\"state.price\"><\/span>\u20ac\n\t\t\t\t\t<\/span>\n\t\t\t\t<\/div>\n\t\t\t\n\t\t\t\n\t\t\t\n\t\t\t\n\t\t<\/div>\n\n\t<\/div>\n\n    \n\n    \n\t<div\n\t\tclass=\"statut-dispo wp-block-gt-gt-ws-thelis-disponibilites\"\t\tdata-wp-interactive=\"gt\/thelis\"\n\t\tdata-wp-watch=\"actions.loadStays\"\n\t\tdata-wp-bind--data-gt-statut=\"state.statut\"\n\t\tdata-wp-key=\"7+527-69f56b0b332af\"\n\t\tdata-wp-context='{\"idsProduct\":\"7+527\",\"idProduct\":\"7\",\"campingKey\":\"527\",\"isIndisponible\":true}'\t>\n\n\t\t\t\t\t<div hidden class=\"gt-ws-thelis-spinner\" data-wp-bind--hidden=\"!state.isLoading\">\n\t\t\t\t<span class=\"loader\"><\/span>\n\t\t\t<\/div>\n\t\t\n\n\t\t<div data-wp-bind--hidden=\"state.isLoading\" class=\"gt-ws-thelis-disponibilite-wrap\">\n\n\t\t\t\t\t\t\t\t\t\t\t\t\t<div class=\"gt-ws-thelis-statut\" data-wp-text=\"state.titre\"><\/div>\n\t\t\t\t\t\t\t\t\n\t\t\t\n\t\t\t\n\t\t\t\n\t\t\t\n\t\t<\/div>\n\n\t<\/div>\n\n    <\/div>\n<\/div>\n\n<\/li><li data-gt-bathrooms=\"1\" data-gt-camping=\"527\" data-gt-capacity=\"4\" data-gt-criterions=\"&quot;[17,4517,3222,3223]&quot;\" data-gt-post-id=\"14137\" data-gt-rooms=\"2\" data-gt-surfaces=\"27\" data-gt-types=\"Stacaravan,location\" data-gt-ws-camping=\"527\" data-wp-key=\"69f56b0b36b72\" class=\"wp-block-post post-14137 hebergement type-hebergement status-publish has-post-thumbnail hentry\">\n\n<div \n    class=\"wp-block-gt-gt-ws-thelis-product-images\"    data-wp-interactive=\"gt\/thelis\/hebergement\/image\"\n    data-gallery-images='[&quot;https:\\\/\\\/www.le-cabellou-plage.com\\\/wp-content\\\/uploads\\\/gt-ws-thelis\\\/site-1\\\/images\\\/527\\\/pict_2_5.jpg&quot;,&quot;https:\\\/\\\/www.le-cabellou-plage.com\\\/wp-content\\\/uploads\\\/gt-ws-thelis\\\/site-1\\\/images\\\/527\\\/pict_2_6.jpg&quot;,&quot;https:\\\/\\\/www.le-cabellou-plage.com\\\/wp-content\\\/uploads\\\/gt-ws-thelis\\\/site-1\\\/images\\\/527\\\/pict_2_4.jpg&quot;,&quot;https:\\\/\\\/www.le-cabellou-plage.com\\\/wp-content\\\/uploads\\\/gt-ws-thelis\\\/site-1\\\/images\\\/527\\\/pict_2_2.jpg&quot;,&quot;https:\\\/\\\/www.le-cabellou-plage.com\\\/wp-content\\\/uploads\\\/gt-ws-thelis\\\/site-1\\\/images\\\/527\\\/pict_2_1.jpg&quot;,&quot;https:\\\/\\\/www.le-cabellou-plage.com\\\/wp-content\\\/uploads\\\/gt-ws-thelis\\\/site-1\\\/images\\\/527\\\/pict_2_3.jpg&quot;,&quot;https:\\\/\\\/www.le-cabellou-plage.com\\\/wp-content\\\/uploads\\\/gt-ws-thelis\\\/site-1\\\/images\\\/527\\\/pict_2_7.jpg&quot;]'\n    data-wp-context='{\"images\":[\"https:\\\/\\\/www.le-cabellou-plage.com\\\/wp-content\\\/uploads\\\/gt-ws-thelis\\\/site-1\\\/images\\\/527\\\/pict_2_5.jpg\",\"https:\\\/\\\/www.le-cabellou-plage.com\\\/wp-content\\\/uploads\\\/gt-ws-thelis\\\/site-1\\\/images\\\/527\\\/pict_2_6.jpg\",\"https:\\\/\\\/www.le-cabellou-plage.com\\\/wp-content\\\/uploads\\\/gt-ws-thelis\\\/site-1\\\/images\\\/527\\\/pict_2_4.jpg\",\"https:\\\/\\\/www.le-cabellou-plage.com\\\/wp-content\\\/uploads\\\/gt-ws-thelis\\\/site-1\\\/images\\\/527\\\/pict_2_2.jpg\",\"https:\\\/\\\/www.le-cabellou-plage.com\\\/wp-content\\\/uploads\\\/gt-ws-thelis\\\/site-1\\\/images\\\/527\\\/pict_2_1.jpg\",\"https:\\\/\\\/www.le-cabellou-plage.com\\\/wp-content\\\/uploads\\\/gt-ws-thelis\\\/site-1\\\/images\\\/527\\\/pict_2_3.jpg\",\"https:\\\/\\\/www.le-cabellou-plage.com\\\/wp-content\\\/uploads\\\/gt-ws-thelis\\\/site-1\\\/images\\\/527\\\/pict_2_7.jpg\"],\"jsonConfig\":{\"speed\":400,\"spaceBetween\":16,\"slidesPerView\":1,\"loop\":true,\"breakpoints\":[{\"slidesPerView\":1}],\"pagination\":false,\"effect\":\"fade\",\"autoplay\":{\"delay\":2500}},\"sliderId\":\"69f56b0b33671\"}'>\n            <div \n            id=\"69f56b0b33671\"\n            class=\"gt-ws-thelis-is-slider swiper\" \n            data-swiper='{\"speed\":400,\"spaceBetween\":16,\"slidesPerView\":1,\"loop\":true,\"breakpoints\":[{\"slidesPerView\":1}],\"pagination\":false,\"effect\":\"fade\",\"autoplay\":{\"delay\":2500}}'\n            data-wp-key=\"14137660ce1da78d7ac15e03706f31ece0088\"\n            data-wp-run=\"callbacks.resetSwiper\"\n            data-wp-on--mouseover=\"callbacks.resetSwiper\"\n        >\n        <div class=\"swiper-wrapper\">\n                \n            \n            \n\n            <figure \n                class=\"wp-block-image swiper-slide\" \n                data-image-index=\"0\"\n            >\n                                    <img decoding=\"async\" \n                                                src=\"https:\/\/www.le-cabellou-plage.com\/wp-content\/uploads\/gt-ws-thelis\/site-1\/images\/527\/pict_2_1.jpg\" \n                        alt=\"Natura Oc\u00e9ane &#8211; Quartier pi\u00e9ton &#8211; 4Pers 2Ch 27m2\"\n                        loading=\"lazy\"\n                    >\n                                <\/figure>\n\n            \n        \n            \n            \n\n            <figure \n                class=\"wp-block-image swiper-slide\" \n                data-image-index=\"1\"\n            >\n                                    <img decoding=\"async\" \n                                                src=\"https:\/\/www.le-cabellou-plage.com\/wp-content\/uploads\/gt-ws-thelis\/site-1\/images\/527\/pict_2_2.jpg\" \n                        alt=\"Natura Oc\u00e9ane &#8211; Quartier pi\u00e9ton &#8211; 4Pers 2Ch 27m2\"\n                        loading=\"lazy\"\n                    >\n                                <\/figure>\n\n            \n        \n            \n            \n\n            <figure \n                class=\"wp-block-image swiper-slide\" \n                data-image-index=\"2\"\n            >\n                                    <img decoding=\"async\" \n                                                src=\"https:\/\/www.le-cabellou-plage.com\/wp-content\/uploads\/gt-ws-thelis\/site-1\/images\/527\/pict_2_3.jpg\" \n                        alt=\"Natura Oc\u00e9ane &#8211; Quartier pi\u00e9ton &#8211; 4Pers 2Ch 27m2\"\n                        loading=\"lazy\"\n                    >\n                                <\/figure>\n\n            \n        \n            \n            \n\n            <figure \n                class=\"wp-block-image swiper-slide\" \n                data-image-index=\"3\"\n            >\n                                    <img decoding=\"async\" \n                                                src=\"https:\/\/www.le-cabellou-plage.com\/wp-content\/uploads\/gt-ws-thelis\/site-1\/images\/527\/pict_2_4.jpg\" \n                        alt=\"Natura Oc\u00e9ane &#8211; Quartier pi\u00e9ton &#8211; 4Pers 2Ch 27m2\"\n                        loading=\"lazy\"\n                    >\n                                <\/figure>\n\n            \n        \n            \n            \n\n            <figure \n                class=\"wp-block-image swiper-slide\" \n                data-image-index=\"4\"\n            >\n                                    <img decoding=\"async\" \n                                                src=\"https:\/\/www.le-cabellou-plage.com\/wp-content\/uploads\/gt-ws-thelis\/site-1\/images\/527\/pict_2_5.jpg\" \n                        alt=\"Natura Oc\u00e9ane &#8211; Quartier pi\u00e9ton &#8211; 4Pers 2Ch 27m2\"\n                        loading=\"lazy\"\n                    >\n                                <\/figure>\n\n            \n        \n            \n            \n\n            <figure \n                class=\"wp-block-image swiper-slide\" \n                data-image-index=\"5\"\n            >\n                                    <img decoding=\"async\" \n                                                src=\"https:\/\/www.le-cabellou-plage.com\/wp-content\/uploads\/gt-ws-thelis\/site-1\/images\/527\/pict_2_6.jpg\" \n                        alt=\"Natura Oc\u00e9ane &#8211; Quartier pi\u00e9ton &#8211; 4Pers 2Ch 27m2\"\n                        loading=\"lazy\"\n                    >\n                                <\/figure>\n\n            \n        \n            \n            \n\n            <figure \n                class=\"wp-block-image swiper-slide\" \n                data-image-index=\"6\"\n            >\n                                    <img decoding=\"async\" \n                                                src=\"https:\/\/www.le-cabellou-plage.com\/wp-content\/uploads\/gt-ws-thelis\/site-1\/images\/527\/pict_2_7.jpg\" \n                        alt=\"Natura Oc\u00e9ane &#8211; Quartier pi\u00e9ton &#8211; 4Pers 2Ch 27m2\"\n                        loading=\"lazy\"\n                    >\n                                <\/figure>\n\n            \n        \n        \n            <\/div>\n            <div class=\"swiper-pagination\"><\/div>\n            <div class=\"swiper-button-prev\"><\/div>\n            <div class=\"swiper-button-next\"><\/div>\n        <\/div>\n        <\/div>\n\n\n<div class=\"wp-block-group bottom-card has-global-padding is-layout-constrained wp-container-core-group-is-layout-306daf7c wp-block-group-is-layout-constrained\" style=\"padding-top:0;padding-right:var(--wp--preset--spacing--10);padding-bottom:0;padding-left:var(--wp--preset--spacing--10)\">\n<p><\/p>\n\n\n\n<div class=\"wp-block-group gt-hebergement-foot is-layout-flow wp-container-core-group-is-layout-a77db08e wp-block-group-is-layout-flow\">\n<div class=\"wp-block-group is-content-justification-right is-layout-flex wp-container-core-group-is-layout-2c452c4e wp-block-group-is-layout-flex\" style=\"margin-top:0;margin-bottom:var(--wp--preset--spacing--20)\">\n<div class=\"wp-block-group hebergement-info is-vertical is-nowrap is-layout-flex wp-container-core-group-is-layout-3536e24b wp-block-group-is-layout-flex\">\n\n\n<div class=\"wp-block-gt-gt-ws-thelis-product-capacity\">\n            <img decoding=\"async\" src=\"https:\/\/www.le-cabellou-plage.com\/wp-content\/uploads\/2025\/01\/groupe.svg\" alt=\"Icon\" class=\"gt-icon\" \/> \n        4                 <\/div><\/div>\n\n\n\n<div class=\"wp-block-group hebergement-info is-vertical is-nowrap is-layout-flex wp-container-core-group-is-layout-3536e24b wp-block-group-is-layout-flex\">\n<div class=\"wp-block-gt-gt-ws-thelis-product-room\">\n            <img decoding=\"async\" src=\"https:\/\/www.le-cabellou-plage.com\/wp-content\/uploads\/2025\/02\/bed-1.svg\" alt=\"Icon\" class=\"gt-icon\" \/> \n        2                <\/div><\/div>\n\n\n\n<div class=\"wp-block-group hebergement-info is-vertical is-nowrap is-layout-flex wp-container-core-group-is-layout-3536e24b wp-block-group-is-layout-flex\">\n<div class=\"wp-block-gt-gt-ws-thelis-product-surface\">\n\n           <img decoding=\"async\" src=\"https:\/\/www.le-cabellou-plage.com\/wp-content\/uploads\/2025\/01\/surface-1.svg\" alt=\"Icon\" class=\"gt-icon\" \/> \n       \n        27m\u00b2\n<\/div><\/div>\n\n\n\n<div class=\"wp-block-group hebergement-info is-vertical is-nowrap is-layout-flex wp-container-core-group-is-layout-3536e24b wp-block-group-is-layout-flex\">\n<div class=\"wp-block-gt-gt-ws-thelis-product-bathroom\">\n            <img decoding=\"async\" src=\"https:\/\/www.le-cabellou-plage.com\/wp-content\/uploads\/2025\/03\/shower-2.svg\" alt=\"Icon\" class=\"gt-icon\" \/>\n        1                 <\/div><\/div>\n<\/div>\n<\/div>\n\n\n\n<div class=\"wp-block-group gt-hebergement-content has-base-2-color has-text-color has-link-color has-josefin-sans-font-family wp-elements-1dc5fd54dc8763551e0a213ad89aa8e4 is-content-justification-center is-nowrap is-layout-flex wp-container-core-group-is-layout-9c5e87ae wp-block-group-is-layout-flex\" style=\"padding-top:var(--wp--preset--spacing--10);padding-right:0;padding-bottom:var(--wp--preset--spacing--10);padding-left:var(--wp--preset--spacing--10);font-size:clamp(0.875rem, 0.875rem + ((1vw - 0.2rem) * 0.305), 1.1rem);\">\n<div class=\"wp-block-group has-global-padding is-content-justification-left is-layout-constrained wp-container-core-group-is-layout-12dd3699 wp-block-group-is-layout-constrained\"><p style=\"font-size:clamp(0.984rem, 0.984rem + ((1vw - 0.2rem) * 0.7), 1.5rem);\" class=\"wp-elements-8408685baa51903f439fde5025ccd007 wp-block-gt-gt-ws-thelis-product-name has-text-color has-base-2-color\">\n    Natura Oc\u00e9ane &#8211; Quartier pi\u00e9ton &#8211; 4Pers 2Ch 27m2<\/p>\n<\/div>\n\n\n\n<div class=\"wp-block-group link-hebergement has-global-padding is-layout-constrained wp-container-core-group-is-layout-f078265f wp-block-group-is-layout-constrained\" style=\"padding-right:0\"><a class=\"wp-elements-f3cb0fc3943cf1d9a6f084690632ba68 wp-block-read-more has-text-color has-custom-color-2-color\" href=\"https:\/\/www.le-cabellou-plage.com\/nl\/hebergement\/confort-oceane-quartier-pieton-4pers-2ch-27m2\/\" target=\"_blank\">D\u00e9couvrir<span class=\"screen-reader-text\">: Natura Oc\u00e9ane &#8211; Quartier pi\u00e9ton &#8211; 4Pers 2Ch 27m2<\/span><\/a><\/div>\n<\/div>\n\n\n\n<div class=\"wp-block-group is-horizontal is-content-justification-space-between is-nowrap is-layout-flex wp-container-core-group-is-layout-f5091a2d wp-block-group-is-layout-flex\" style=\"padding-right:var(--wp--preset--spacing--20);padding-left:var(--wp--preset--spacing--20)\">    \n\t<div\n\t\tclass=\"wp-block-gt-gt-ws-thelis-disponibilites\"\t\tdata-wp-interactive=\"gt\/thelis\"\n\t\tdata-wp-watch=\"actions.loadStays\"\n\t\tdata-wp-bind--data-gt-statut=\"state.statut\"\n\t\tdata-wp-key=\"2+527-69f56b0b34358\"\n\t\tdata-wp-context='{\"idsProduct\":\"2+527\",\"idProduct\":\"2\",\"campingKey\":\"527\",\"isIndisponible\":true}'\t>\n\n\t\t\t\t\t<div hidden class=\"gt-ws-thelis-spinner\" data-wp-bind--hidden=\"!state.isLoading\">\n\t\t\t\t<span class=\"loader\"><\/span>\n\t\t\t<\/div>\n\t\t\n\n\t\t<div data-wp-bind--hidden=\"state.isLoading\" class=\"gt-ws-thelis-disponibilite-wrap\">\n\n\t\t\t\n\t\t\t\t\t\n\t\t\t\t<div hidden \n\t\t\t\t\tclass=\"gt-ws-thelis__disponibilite__price\"\n\t\t\t\t\tdata-wp-bind--hidden=\"!state.price\"\n\t\t\t\t>\n\t\t\t\t\t<span>Vanaf <\/span>\n\t\t\t\t\t<span hidden class=\"gt-ws-thelis__disponibilite__price__original\" data-wp-bind--hidden=\"!state.hasPromo\">\n\t\t\t\t\t\t<strike><span data-wp-text=\"state.originalPrice\"><\/span>\u20ac<\/strike>\n\t\t\t\t\t<\/span>\n\t\t\t\t\t<span class=\"gt-ws-thelis__disponibilite__price__discounted\">\n\t\t\t\t\t\t<span data-wp-bind--data-gt-price=\"state.price\" class=\"gt-ws-thelis-data-price\" data-wp-text=\"state.price\"><\/span>\u20ac\n\t\t\t\t\t<\/span>\n\t\t\t\t<\/div>\n\t\t\t\n\t\t\t\n\t\t\t\n\t\t\t\n\t\t<\/div>\n\n\t<\/div>\n\n    \n\n    \n\t<div\n\t\tclass=\"statut-dispo wp-block-gt-gt-ws-thelis-disponibilites\"\t\tdata-wp-interactive=\"gt\/thelis\"\n\t\tdata-wp-watch=\"actions.loadStays\"\n\t\tdata-wp-bind--data-gt-statut=\"state.statut\"\n\t\tdata-wp-key=\"2+527-69f56b0b343f1\"\n\t\tdata-wp-context='{\"idsProduct\":\"2+527\",\"idProduct\":\"2\",\"campingKey\":\"527\",\"isIndisponible\":true}'\t>\n\n\t\t\t\t\t<div hidden class=\"gt-ws-thelis-spinner\" data-wp-bind--hidden=\"!state.isLoading\">\n\t\t\t\t<span class=\"loader\"><\/span>\n\t\t\t<\/div>\n\t\t\n\n\t\t<div data-wp-bind--hidden=\"state.isLoading\" class=\"gt-ws-thelis-disponibilite-wrap\">\n\n\t\t\t\t\t\t\t\t\t\t\t\t\t<div class=\"gt-ws-thelis-statut\" data-wp-text=\"state.titre\"><\/div>\n\t\t\t\t\t\t\t\t\n\t\t\t\n\t\t\t\n\t\t\t\n\t\t\t\n\t\t<\/div>\n\n\t<\/div>\n\n    <\/div>\n<\/div>\n\n<\/li><li data-gt-bathrooms=\"2\" data-gt-camping=\"527\" data-gt-capacity=\"8\" data-gt-criterions=\"&quot;[17,4517,3222,3223,3225,3226,3230]&quot;\" data-gt-post-id=\"14132\" data-gt-rooms=\"3\" data-gt-surfaces=\"40\" data-gt-types=\"Stacaravan,location\" data-gt-ws-camping=\"527\" data-wp-key=\"69f56b0b36d18\" class=\"wp-block-post post-14132 hebergement type-hebergement status-publish has-post-thumbnail hentry\">\n\n<div \n    class=\"wp-block-gt-gt-ws-thelis-product-images\"    data-wp-interactive=\"gt\/thelis\/hebergement\/image\"\n    data-gallery-images='[&quot;https:\\\/\\\/www.le-cabellou-plage.com\\\/wp-content\\\/uploads\\\/gt-ws-thelis\\\/site-1\\\/images\\\/527\\\/pict_20_3.jpg&quot;,&quot;https:\\\/\\\/www.le-cabellou-plage.com\\\/wp-content\\\/uploads\\\/gt-ws-thelis\\\/site-1\\\/images\\\/527\\\/pict_20_4.jpg&quot;,&quot;https:\\\/\\\/www.le-cabellou-plage.com\\\/wp-content\\\/uploads\\\/gt-ws-thelis\\\/site-1\\\/images\\\/527\\\/pict_20_5.jpg&quot;,&quot;https:\\\/\\\/www.le-cabellou-plage.com\\\/wp-content\\\/uploads\\\/gt-ws-thelis\\\/site-1\\\/images\\\/527\\\/pict_20_6.jpg&quot;,&quot;https:\\\/\\\/www.le-cabellou-plage.com\\\/wp-content\\\/uploads\\\/gt-ws-thelis\\\/site-1\\\/images\\\/527\\\/pict_20_1.jpg&quot;,&quot;https:\\\/\\\/www.le-cabellou-plage.com\\\/wp-content\\\/uploads\\\/gt-ws-thelis\\\/site-1\\\/images\\\/527\\\/pict_20_2.jpg&quot;,&quot;https:\\\/\\\/www.le-cabellou-plage.com\\\/wp-content\\\/uploads\\\/gt-ws-thelis\\\/site-1\\\/images\\\/527\\\/pict_20_7.jpg&quot;]'\n    data-wp-context='{\"images\":[\"https:\\\/\\\/www.le-cabellou-plage.com\\\/wp-content\\\/uploads\\\/gt-ws-thelis\\\/site-1\\\/images\\\/527\\\/pict_20_3.jpg\",\"https:\\\/\\\/www.le-cabellou-plage.com\\\/wp-content\\\/uploads\\\/gt-ws-thelis\\\/site-1\\\/images\\\/527\\\/pict_20_4.jpg\",\"https:\\\/\\\/www.le-cabellou-plage.com\\\/wp-content\\\/uploads\\\/gt-ws-thelis\\\/site-1\\\/images\\\/527\\\/pict_20_5.jpg\",\"https:\\\/\\\/www.le-cabellou-plage.com\\\/wp-content\\\/uploads\\\/gt-ws-thelis\\\/site-1\\\/images\\\/527\\\/pict_20_6.jpg\",\"https:\\\/\\\/www.le-cabellou-plage.com\\\/wp-content\\\/uploads\\\/gt-ws-thelis\\\/site-1\\\/images\\\/527\\\/pict_20_1.jpg\",\"https:\\\/\\\/www.le-cabellou-plage.com\\\/wp-content\\\/uploads\\\/gt-ws-thelis\\\/site-1\\\/images\\\/527\\\/pict_20_2.jpg\",\"https:\\\/\\\/www.le-cabellou-plage.com\\\/wp-content\\\/uploads\\\/gt-ws-thelis\\\/site-1\\\/images\\\/527\\\/pict_20_7.jpg\"],\"jsonConfig\":{\"speed\":400,\"spaceBetween\":16,\"slidesPerView\":1,\"loop\":true,\"breakpoints\":[{\"slidesPerView\":1}],\"pagination\":false,\"effect\":\"fade\",\"autoplay\":{\"delay\":2500}},\"sliderId\":\"69f56b0b347ca\"}'>\n            <div \n            id=\"69f56b0b347ca\"\n            class=\"gt-ws-thelis-is-slider swiper\" \n            data-swiper='{\"speed\":400,\"spaceBetween\":16,\"slidesPerView\":1,\"loop\":true,\"breakpoints\":[{\"slidesPerView\":1}],\"pagination\":false,\"effect\":\"fade\",\"autoplay\":{\"delay\":2500}}'\n            data-wp-key=\"14132660ce1da78d7ac15e03706f31ece0088\"\n            data-wp-run=\"callbacks.resetSwiper\"\n            data-wp-on--mouseover=\"callbacks.resetSwiper\"\n        >\n        <div class=\"swiper-wrapper\">\n                \n            \n            \n\n            <figure \n                class=\"wp-block-image swiper-slide\" \n                data-image-index=\"0\"\n            >\n                                    <img decoding=\"async\" \n                                                src=\"https:\/\/www.le-cabellou-plage.com\/wp-content\/uploads\/gt-ws-thelis\/site-1\/images\/527\/pict_20_1.jpg\" \n                        alt=\"Prestige Cabellou &#8211; Pi\u00e9ton &#8211; 6\/8P 3Ch 2Sde 40m2\"\n                        loading=\"lazy\"\n                    >\n                                <\/figure>\n\n            \n        \n            \n            \n\n            <figure \n                class=\"wp-block-image swiper-slide\" \n                data-image-index=\"1\"\n            >\n                                    <img decoding=\"async\" \n                                                src=\"https:\/\/www.le-cabellou-plage.com\/wp-content\/uploads\/gt-ws-thelis\/site-1\/images\/527\/pict_20_2.jpg\" \n                        alt=\"Prestige Cabellou &#8211; Pi\u00e9ton &#8211; 6\/8P 3Ch 2Sde 40m2\"\n                        loading=\"lazy\"\n                    >\n                                <\/figure>\n\n            \n        \n            \n            \n\n            <figure \n                class=\"wp-block-image swiper-slide\" \n                data-image-index=\"2\"\n            >\n                                    <img decoding=\"async\" \n                                                src=\"https:\/\/www.le-cabellou-plage.com\/wp-content\/uploads\/gt-ws-thelis\/site-1\/images\/527\/pict_20_3.jpg\" \n                        alt=\"Prestige Cabellou &#8211; Pi\u00e9ton &#8211; 6\/8P 3Ch 2Sde 40m2\"\n                        loading=\"lazy\"\n                    >\n                                <\/figure>\n\n            \n        \n            \n            \n\n            <figure \n                class=\"wp-block-image swiper-slide\" \n                data-image-index=\"3\"\n            >\n                                    <img decoding=\"async\" \n                                                src=\"https:\/\/www.le-cabellou-plage.com\/wp-content\/uploads\/gt-ws-thelis\/site-1\/images\/527\/pict_20_4.jpg\" \n                        alt=\"Prestige Cabellou &#8211; Pi\u00e9ton &#8211; 6\/8P 3Ch 2Sde 40m2\"\n                        loading=\"lazy\"\n                    >\n                                <\/figure>\n\n            \n        \n            \n            \n\n            <figure \n                class=\"wp-block-image swiper-slide\" \n                data-image-index=\"4\"\n            >\n                                    <img decoding=\"async\" \n                                                src=\"https:\/\/www.le-cabellou-plage.com\/wp-content\/uploads\/gt-ws-thelis\/site-1\/images\/527\/pict_20_5.jpg\" \n                        alt=\"Prestige Cabellou &#8211; Pi\u00e9ton &#8211; 6\/8P 3Ch 2Sde 40m2\"\n                        loading=\"lazy\"\n                    >\n                                <\/figure>\n\n            \n        \n            \n            \n\n            <figure \n                class=\"wp-block-image swiper-slide\" \n                data-image-index=\"5\"\n            >\n                                    <img decoding=\"async\" \n                                                src=\"https:\/\/www.le-cabellou-plage.com\/wp-content\/uploads\/gt-ws-thelis\/site-1\/images\/527\/pict_20_6.jpg\" \n                        alt=\"Prestige Cabellou &#8211; Pi\u00e9ton &#8211; 6\/8P 3Ch 2Sde 40m2\"\n                        loading=\"lazy\"\n                    >\n                                <\/figure>\n\n            \n        \n            \n            \n\n            <figure \n                class=\"wp-block-image swiper-slide\" \n                data-image-index=\"6\"\n            >\n                                    <img decoding=\"async\" \n                                                src=\"https:\/\/www.le-cabellou-plage.com\/wp-content\/uploads\/gt-ws-thelis\/site-1\/images\/527\/pict_20_7.jpg\" \n                        alt=\"Prestige Cabellou &#8211; Pi\u00e9ton &#8211; 6\/8P 3Ch 2Sde 40m2\"\n                        loading=\"lazy\"\n                    >\n                                <\/figure>\n\n            \n        \n        \n            <\/div>\n            <div class=\"swiper-pagination\"><\/div>\n            <div class=\"swiper-button-prev\"><\/div>\n            <div class=\"swiper-button-next\"><\/div>\n        <\/div>\n        <\/div>\n\n\n<div class=\"wp-block-group bottom-card has-global-padding is-layout-constrained wp-container-core-group-is-layout-306daf7c wp-block-group-is-layout-constrained\" style=\"padding-top:0;padding-right:var(--wp--preset--spacing--10);padding-bottom:0;padding-left:var(--wp--preset--spacing--10)\">\n<p><\/p>\n\n\n\n<div class=\"wp-block-group gt-hebergement-foot is-layout-flow wp-container-core-group-is-layout-a77db08e wp-block-group-is-layout-flow\">\n<div class=\"wp-block-group is-content-justification-right is-layout-flex wp-container-core-group-is-layout-2c452c4e wp-block-group-is-layout-flex\" style=\"margin-top:0;margin-bottom:var(--wp--preset--spacing--20)\">\n<div class=\"wp-block-group hebergement-info is-vertical is-nowrap is-layout-flex wp-container-core-group-is-layout-3536e24b wp-block-group-is-layout-flex\">\n\n\n<div class=\"wp-block-gt-gt-ws-thelis-product-capacity\">\n            <img decoding=\"async\" src=\"https:\/\/www.le-cabellou-plage.com\/wp-content\/uploads\/2025\/01\/groupe.svg\" alt=\"Icon\" class=\"gt-icon\" \/> \n        8                 <\/div><\/div>\n\n\n\n<div class=\"wp-block-group hebergement-info is-vertical is-nowrap is-layout-flex wp-container-core-group-is-layout-3536e24b wp-block-group-is-layout-flex\">\n<div class=\"wp-block-gt-gt-ws-thelis-product-room\">\n            <img decoding=\"async\" src=\"https:\/\/www.le-cabellou-plage.com\/wp-content\/uploads\/2025\/02\/bed-1.svg\" alt=\"Icon\" class=\"gt-icon\" \/> \n        3                <\/div><\/div>\n\n\n\n<div class=\"wp-block-group hebergement-info is-vertical is-nowrap is-layout-flex wp-container-core-group-is-layout-3536e24b wp-block-group-is-layout-flex\">\n<div class=\"wp-block-gt-gt-ws-thelis-product-surface\">\n\n           <img decoding=\"async\" src=\"https:\/\/www.le-cabellou-plage.com\/wp-content\/uploads\/2025\/01\/surface-1.svg\" alt=\"Icon\" class=\"gt-icon\" \/> \n       \n        40m\u00b2\n<\/div><\/div>\n\n\n\n<div class=\"wp-block-group hebergement-info is-vertical is-nowrap is-layout-flex wp-container-core-group-is-layout-3536e24b wp-block-group-is-layout-flex\">\n<div class=\"wp-block-gt-gt-ws-thelis-product-bathroom\">\n            <img decoding=\"async\" src=\"https:\/\/www.le-cabellou-plage.com\/wp-content\/uploads\/2025\/03\/shower-2.svg\" alt=\"Icon\" class=\"gt-icon\" \/>\n        2                 <\/div><\/div>\n<\/div>\n<\/div>\n\n\n\n<div class=\"wp-block-group gt-hebergement-content has-base-2-color has-text-color has-link-color has-josefin-sans-font-family wp-elements-1dc5fd54dc8763551e0a213ad89aa8e4 is-content-justification-center is-nowrap is-layout-flex wp-container-core-group-is-layout-9c5e87ae wp-block-group-is-layout-flex\" style=\"padding-top:var(--wp--preset--spacing--10);padding-right:0;padding-bottom:var(--wp--preset--spacing--10);padding-left:var(--wp--preset--spacing--10);font-size:clamp(0.875rem, 0.875rem + ((1vw - 0.2rem) * 0.305), 1.1rem);\">\n<div class=\"wp-block-group has-global-padding is-content-justification-left is-layout-constrained wp-container-core-group-is-layout-12dd3699 wp-block-group-is-layout-constrained\"><p style=\"font-size:clamp(0.984rem, 0.984rem + ((1vw - 0.2rem) * 0.7), 1.5rem);\" class=\"wp-elements-8408685baa51903f439fde5025ccd007 wp-block-gt-gt-ws-thelis-product-name has-text-color has-base-2-color\">\n    Prestige Cabellou &#8211; Pi\u00e9ton &#8211; 6\/8P 3Ch 2Sde 40m2<\/p>\n<\/div>\n\n\n\n<div class=\"wp-block-group link-hebergement has-global-padding is-layout-constrained wp-container-core-group-is-layout-f078265f wp-block-group-is-layout-constrained\" style=\"padding-right:0\"><a class=\"wp-elements-f3cb0fc3943cf1d9a6f084690632ba68 wp-block-read-more has-text-color has-custom-color-2-color\" href=\"https:\/\/www.le-cabellou-plage.com\/nl\/hebergement\/prestige-cabellou-pieton-6-8p-3ch-2sde-40m2\/\" target=\"_blank\">D\u00e9couvrir<span class=\"screen-reader-text\">: Prestige Cabellou &#8211; Pi\u00e9ton &#8211; 6\/8P 3Ch 2Sde 40m2<\/span><\/a><\/div>\n<\/div>\n\n\n\n<div class=\"wp-block-group is-horizontal is-content-justification-space-between is-nowrap is-layout-flex wp-container-core-group-is-layout-f5091a2d wp-block-group-is-layout-flex\" style=\"padding-right:var(--wp--preset--spacing--20);padding-left:var(--wp--preset--spacing--20)\">    \n\t<div\n\t\tclass=\"wp-block-gt-gt-ws-thelis-disponibilites\"\t\tdata-wp-interactive=\"gt\/thelis\"\n\t\tdata-wp-watch=\"actions.loadStays\"\n\t\tdata-wp-bind--data-gt-statut=\"state.statut\"\n\t\tdata-wp-key=\"20+527-69f56b0b354c5\"\n\t\tdata-wp-context='{\"idsProduct\":\"20+527\",\"idProduct\":\"20\",\"campingKey\":\"527\",\"isIndisponible\":true}'\t>\n\n\t\t\t\t\t<div hidden class=\"gt-ws-thelis-spinner\" data-wp-bind--hidden=\"!state.isLoading\">\n\t\t\t\t<span class=\"loader\"><\/span>\n\t\t\t<\/div>\n\t\t\n\n\t\t<div data-wp-bind--hidden=\"state.isLoading\" class=\"gt-ws-thelis-disponibilite-wrap\">\n\n\t\t\t\n\t\t\t\t\t\n\t\t\t\t<div hidden \n\t\t\t\t\tclass=\"gt-ws-thelis__disponibilite__price\"\n\t\t\t\t\tdata-wp-bind--hidden=\"!state.price\"\n\t\t\t\t>\n\t\t\t\t\t<span>Vanaf <\/span>\n\t\t\t\t\t<span hidden class=\"gt-ws-thelis__disponibilite__price__original\" data-wp-bind--hidden=\"!state.hasPromo\">\n\t\t\t\t\t\t<strike><span data-wp-text=\"state.originalPrice\"><\/span>\u20ac<\/strike>\n\t\t\t\t\t<\/span>\n\t\t\t\t\t<span class=\"gt-ws-thelis__disponibilite__price__discounted\">\n\t\t\t\t\t\t<span data-wp-bind--data-gt-price=\"state.price\" class=\"gt-ws-thelis-data-price\" data-wp-text=\"state.price\"><\/span>\u20ac\n\t\t\t\t\t<\/span>\n\t\t\t\t<\/div>\n\t\t\t\n\t\t\t\n\t\t\t\n\t\t\t\n\t\t<\/div>\n\n\t<\/div>\n\n    \n\n    \n\t<div\n\t\tclass=\"statut-dispo wp-block-gt-gt-ws-thelis-disponibilites\"\t\tdata-wp-interactive=\"gt\/thelis\"\n\t\tdata-wp-watch=\"actions.loadStays\"\n\t\tdata-wp-bind--data-gt-statut=\"state.statut\"\n\t\tdata-wp-key=\"20+527-69f56b0b3555d\"\n\t\tdata-wp-context='{\"idsProduct\":\"20+527\",\"idProduct\":\"20\",\"campingKey\":\"527\",\"isIndisponible\":true}'\t>\n\n\t\t\t\t\t<div hidden class=\"gt-ws-thelis-spinner\" data-wp-bind--hidden=\"!state.isLoading\">\n\t\t\t\t<span class=\"loader\"><\/span>\n\t\t\t<\/div>\n\t\t\n\n\t\t<div data-wp-bind--hidden=\"state.isLoading\" class=\"gt-ws-thelis-disponibilite-wrap\">\n\n\t\t\t\t\t\t\t\t\t\t\t\t\t<div class=\"gt-ws-thelis-statut\" data-wp-text=\"state.titre\"><\/div>\n\t\t\t\t\t\t\t\t\n\t\t\t\n\t\t\t\n\t\t\t\n\t\t\t\n\t\t<\/div>\n\n\t<\/div>\n\n    <\/div>\n<\/div>\n\n<\/li><\/ul><\/div>\n<\/div>\n<\/div>\n<\/div>\n<\/div>\n\n\n\n<div class=\"wp-block-buttons is-content-justification-center is-layout-flex wp-container-core-buttons-is-layout-e511ce0b wp-block-buttons-is-layout-flex\" style=\"margin-top:var(--wp--preset--spacing--30);margin-bottom:var(--wp--preset--spacing--30)\">\n<div class=\"wp-block-button\"><a class=\"wp-block-button__link wp-element-button\" href=\"https:\/\/www.le-cabellou-plage.com\/nl\/verhuur-stacaravans-bretagne\/\">Bekijk al onze stacaravans<\/a><\/div>\n<\/div>\n<\/section>\n\n<section class=\"wp-block-group home-second page-third has-custom-color-2-background-color has-background is-layout-flow wp-block-group-is-layout-flow\" style=\"margin-top:0;padding-bottom:var(--wp--preset--spacing--40)\">\n<div class=\"wp-block-columns gt-reverse-mobile is-layout-flex wp-container-core-columns-is-layout-28f84493 wp-block-columns-is-layout-flex\">\n<div class=\"wp-block-column left animated fadeIn delay-100ms slow is-layout-flow wp-block-column-is-layout-flow\">\n<div data-swiper=\"{&quot;speed&quot;:400,&quot;spaceBetween&quot;:30,&quot;slidesPerView&quot;:1,&quot;createElements&quot;:true,&quot;loop&quot;:true,&quot;breakpoints&quot;:{&quot;0&quot;:{&quot;slidesPerView&quot;:1},&quot;380&quot;:[]},&quot;pagination&quot;:false,&quot;navigation&quot;:false,&quot;effect&quot;:&quot;fade&quot;}\" class=\"wp-block-group gt-is-slider gt-is-slider-desktop is-layout-flow wp-block-group-is-layout-flow\">\n<div class=\"wp-block-group is-layout-flow wp-block-group-is-layout-flow\">\n<figure class=\"wp-block-image size-full\"><img decoding=\"async\" width=\"760\" height=\"479\" src=\"https:\/\/www.le-cabellou-plage.com\/wp-content\/uploads\/2025\/01\/camping-avec-parc-aquatique-a-proximite-de-la-foret-fouesnant.webp\" alt=\"kampeerplaats met waterpark bij het bos van fouesnant\" class=\"wp-image-14730\" srcset=\"https:\/\/www.le-cabellou-plage.com\/wp-content\/uploads\/2025\/01\/camping-avec-parc-aquatique-a-proximite-de-la-foret-fouesnant.webp 760w, https:\/\/www.le-cabellou-plage.com\/wp-content\/uploads\/2025\/01\/camping-avec-parc-aquatique-a-proximite-de-la-foret-fouesnant-300x189.webp 300w\" sizes=\"(max-width: 760px) 100vw, 760px\" \/><\/figure>\n<\/div>\n\n\n\n<div class=\"wp-block-group is-layout-flow wp-block-group-is-layout-flow\">\n<figure class=\"wp-block-image size-full\"><img decoding=\"async\" width=\"760\" height=\"479\" src=\"https:\/\/www.le-cabellou-plage.com\/wp-content\/uploads\/2025\/01\/camping-avec-un-parc-aquatique-a-cote-de-la-foret-fouesnant.webp\" alt=\"kampeerplaats met waterpark in de buurt van het bos van fouesnant\" class=\"wp-image-14735\" srcset=\"https:\/\/www.le-cabellou-plage.com\/wp-content\/uploads\/2025\/01\/camping-avec-un-parc-aquatique-a-cote-de-la-foret-fouesnant.webp 760w, https:\/\/www.le-cabellou-plage.com\/wp-content\/uploads\/2025\/01\/camping-avec-un-parc-aquatique-a-cote-de-la-foret-fouesnant-300x189.webp 300w\" sizes=\"(max-width: 760px) 100vw, 760px\" \/><\/figure>\n<\/div>\n\n\n\n<div class=\"wp-block-group is-layout-flow wp-block-group-is-layout-flow\">\n<figure class=\"wp-block-image size-full\"><img decoding=\"async\" width=\"760\" height=\"479\" src=\"https:\/\/www.le-cabellou-plage.com\/wp-content\/uploads\/2025\/01\/toboggans-de-notre-parc-aquatique.webp\" alt=\"glijbanen in ons waterpark\" class=\"wp-image-14739\" srcset=\"https:\/\/www.le-cabellou-plage.com\/wp-content\/uploads\/2025\/01\/toboggans-de-notre-parc-aquatique.webp 760w, https:\/\/www.le-cabellou-plage.com\/wp-content\/uploads\/2025\/01\/toboggans-de-notre-parc-aquatique-300x189.webp 300w\" sizes=\"(max-width: 760px) 100vw, 760px\" \/><\/figure>\n<\/div>\n\n\n\n<div class=\"wp-block-group is-layout-flow wp-block-group-is-layout-flow\">\n<figure class=\"wp-block-image size-full\"><img decoding=\"async\" width=\"760\" height=\"479\" src=\"https:\/\/www.le-cabellou-plage.com\/wp-content\/uploads\/2025\/01\/acces-a-des-piscines-chauffees.webp\" alt=\"toegang tot verwarmde zwembaden\" class=\"wp-image-14748\" srcset=\"https:\/\/www.le-cabellou-plage.com\/wp-content\/uploads\/2025\/01\/acces-a-des-piscines-chauffees.webp 760w, https:\/\/www.le-cabellou-plage.com\/wp-content\/uploads\/2025\/01\/acces-a-des-piscines-chauffees-300x189.webp 300w\" sizes=\"(max-width: 760px) 100vw, 760px\" \/><\/figure>\n<\/div>\n\n\n\n<div class=\"wp-block-group is-layout-flow wp-block-group-is-layout-flow\">\n<figure class=\"wp-block-image size-full\"><img decoding=\"async\" width=\"760\" height=\"479\" src=\"https:\/\/www.le-cabellou-plage.com\/wp-content\/uploads\/2025\/01\/vacances-inoubliables-en-famille.webp\" alt=\"onvergetelijke gezinsvakanties\" class=\"wp-image-14752\" srcset=\"https:\/\/www.le-cabellou-plage.com\/wp-content\/uploads\/2025\/01\/vacances-inoubliables-en-famille.webp 760w, https:\/\/www.le-cabellou-plage.com\/wp-content\/uploads\/2025\/01\/vacances-inoubliables-en-famille-300x189.webp 300w\" sizes=\"(max-width: 760px) 100vw, 760px\" \/><\/figure>\n<\/div>\n<\/div>\n\n\n\n<div class=\"wp-block-buttons is-content-justification-center is-layout-flex wp-container-core-buttons-is-layout-916d4376 wp-block-buttons-is-layout-flex\" style=\"margin-top:6rem;margin-bottom:var(--wp--preset--spacing--30)\">\n<div class=\"wp-block-button\"><a class=\"wp-block-button__link wp-element-button\" href=\"https:\/\/www.le-cabellou-plage.com\/nl\/camping-waterpark-bretagne\/\">Ontdek het waterpark<\/a><\/div>\n<\/div>\n<\/div>\n\n\n\n<div class=\"wp-block-column is-vertically-aligned-top right is-layout-flow wp-block-column-is-layout-flow\" style=\"padding-top:2rem;padding-right:6rem;padding-left:var(--wp--preset--spacing--20)\">\n<div class=\"wp-block-group gt-no-padding-mobile has-global-padding is-layout-constrained wp-container-core-group-is-layout-d2a9254a wp-block-group-is-layout-constrained\" style=\"padding-right:var(--wp--preset--spacing--60);padding-left:0\">\n<h2 class=\"wp-block-heading\"><strong>Kampeerplaats met waterpark<\/strong> <br\/>bij La For\u00eat Fouesnant<\/h2>\n\n\n\n<p>Kom tot rust op een <strong>camping met waterpark bij La For\u00eat Fouesnant<\/strong> in Finist\u00e8re. Le Cabellou Plage biedt u de mogelijkheid om een <strong>unieke vakantie te<\/strong> beleven door de stad La For\u00eat Fouesnant te bezoeken vanaf onze <strong>camping in Concarneau<\/strong> en te genieten van de <strong>waterattracties van ons park<\/strong>. Onze camping <a href=\"https:\/\/www.le-cabellou-plage.com\/nl\/camping-aan-zee-bretagne\/\">ligt vlakbij het Cabellou strand in Concarneau<\/a> en nodigt je uit om de wonderen van de oceaan te ontdekken terwijl je geniet van het adembenemende uitzicht vanaf de <strong>glijbanen van<\/strong> ons <a href=\"https:\/\/www.le-cabellou-plage.com\/nl\/camping-waterpark-bretagne\/\">waterpark<\/a>. Le Cabellou Plage biedt je niet alleen optimaal comfort, maar ook toegang tot <strong>verwarmde zwembaden<\/strong> voor een nog aangenamere vakantie. Boek nu voor een <strong>onvergetelijke gezinsvakantie<\/strong>.   <\/p>\n<\/div>\n\n\n\n<div class=\"wp-block-group bubbles is-nowrap is-layout-flex wp-container-core-group-is-layout-17c695da wp-block-group-is-layout-flex\">\n<div class=\"wp-block-group bubble is-layout-flow wp-block-group-is-layout-flow\">\n<figure class=\"wp-block-image size-full is-resized has-custom-border is-style-rounded animated fadeIn delay-3s is-style-rounded--9\"><img decoding=\"async\" width=\"760\" height=\"479\" src=\"https:\/\/www.le-cabellou-plage.com\/wp-content\/uploads\/2025\/01\/camping-avec-parc-aquatique-a-proximite-de-la-foret-fouesnant.webp\" alt=\"kampeerplaats met waterpark bij het bos van fouesnant\" class=\"wp-image-14730\" style=\"border-style:none;border-width:0px;border-radius:100%;object-fit:cover;width:90px;height:90px\" srcset=\"https:\/\/www.le-cabellou-plage.com\/wp-content\/uploads\/2025\/01\/camping-avec-parc-aquatique-a-proximite-de-la-foret-fouesnant.webp 760w, https:\/\/www.le-cabellou-plage.com\/wp-content\/uploads\/2025\/01\/camping-avec-parc-aquatique-a-proximite-de-la-foret-fouesnant-300x189.webp 300w\" sizes=\"(max-width: 760px) 100vw, 760px\" \/><\/figure>\n<\/div>\n\n\n\n<div class=\"wp-block-group bubble is-layout-flow wp-block-group-is-layout-flow\">\n<figure class=\"wp-block-image size-full is-resized has-custom-border is-style-rounded animated fadeIn delay-2s is-style-rounded--10\"><img decoding=\"async\" width=\"760\" height=\"479\" src=\"https:\/\/www.le-cabellou-plage.com\/wp-content\/uploads\/2025\/01\/camping-avec-un-parc-aquatique-a-cote-de-la-foret-fouesnant.webp\" alt=\"kampeerplaats met waterpark in de buurt van het bos van fouesnant\" class=\"wp-image-14735\" style=\"border-style:none;border-width:0px;border-radius:100%;object-fit:cover;width:90px;height:90px\" srcset=\"https:\/\/www.le-cabellou-plage.com\/wp-content\/uploads\/2025\/01\/camping-avec-un-parc-aquatique-a-cote-de-la-foret-fouesnant.webp 760w, https:\/\/www.le-cabellou-plage.com\/wp-content\/uploads\/2025\/01\/camping-avec-un-parc-aquatique-a-cote-de-la-foret-fouesnant-300x189.webp 300w\" sizes=\"(max-width: 760px) 100vw, 760px\" \/><\/figure>\n<\/div>\n\n\n\n<div class=\"wp-block-group bubble is-layout-flow wp-block-group-is-layout-flow\">\n<figure class=\"wp-block-image size-full is-resized has-custom-border is-style-rounded animated fadeIn delay-1s is-style-rounded--11\"><img decoding=\"async\" width=\"760\" height=\"479\" src=\"https:\/\/www.le-cabellou-plage.com\/wp-content\/uploads\/2025\/01\/toboggans-de-notre-parc-aquatique.webp\" alt=\"glijbanen in ons waterpark\" class=\"wp-image-14739\" style=\"border-style:none;border-width:0px;border-radius:100%;object-fit:cover;width:90px;height:90px\" srcset=\"https:\/\/www.le-cabellou-plage.com\/wp-content\/uploads\/2025\/01\/toboggans-de-notre-parc-aquatique.webp 760w, https:\/\/www.le-cabellou-plage.com\/wp-content\/uploads\/2025\/01\/toboggans-de-notre-parc-aquatique-300x189.webp 300w\" sizes=\"(max-width: 760px) 100vw, 760px\" \/><\/figure>\n<\/div>\n\n\n\n<div class=\"wp-block-group bubble is-layout-flow wp-block-group-is-layout-flow\">\n<figure class=\"wp-block-image size-full is-resized has-custom-border is-style-rounded animated fadeIn delay-500ms is-style-rounded--12\"><img decoding=\"async\" width=\"760\" height=\"479\" src=\"https:\/\/www.le-cabellou-plage.com\/wp-content\/uploads\/2025\/01\/acces-a-des-piscines-chauffees.webp\" alt=\"toegang tot verwarmde zwembaden\" class=\"wp-image-14748\" style=\"border-style:none;border-width:0px;border-radius:100%;object-fit:cover;width:90px;height:90px\" srcset=\"https:\/\/www.le-cabellou-plage.com\/wp-content\/uploads\/2025\/01\/acces-a-des-piscines-chauffees.webp 760w, https:\/\/www.le-cabellou-plage.com\/wp-content\/uploads\/2025\/01\/acces-a-des-piscines-chauffees-300x189.webp 300w\" sizes=\"(max-width: 760px) 100vw, 760px\" \/><\/figure>\n<\/div>\n\n\n\n<div class=\"wp-block-group bubble is-layout-flow wp-block-group-is-layout-flow\">\n<figure class=\"wp-block-image size-full is-resized has-custom-border is-style-rounded animated fadeIn delay-200ms is-style-rounded--13\"><img decoding=\"async\" width=\"760\" height=\"479\" src=\"https:\/\/www.le-cabellou-plage.com\/wp-content\/uploads\/2025\/01\/vacances-inoubliables-en-famille.webp\" alt=\"onvergetelijke gezinsvakanties\" class=\"wp-image-14752\" style=\"border-style:none;border-width:0px;border-radius:100%;object-fit:cover;width:90px;height:90px\" srcset=\"https:\/\/www.le-cabellou-plage.com\/wp-content\/uploads\/2025\/01\/vacances-inoubliables-en-famille.webp 760w, https:\/\/www.le-cabellou-plage.com\/wp-content\/uploads\/2025\/01\/vacances-inoubliables-en-famille-300x189.webp 300w\" sizes=\"(max-width: 760px) 100vw, 760px\" \/><\/figure>\n<\/div>\n<\/div>\n<\/div>\n<\/div>\n<\/section>\n\n<section class=\"wp-block-group page-fourth has-custom-color-3-background-color has-background is-layout-flow wp-block-group-is-layout-flow\" style=\"margin-top:0;padding-top:var(--wp--preset--spacing--30);padding-bottom:3rem\">\n<div class=\"wp-block-columns is-layout-flex wp-container-core-columns-is-layout-28f84493 wp-block-columns-is-layout-flex\">\n<div class=\"wp-block-column is-layout-flow wp-block-column-is-layout-flow\" style=\"flex-basis:40%\">\n<figure class=\"wp-block-image size-full animated fadeIn delay-100ms slow\"><img decoding=\"async\" width=\"688\" height=\"639\" src=\"https:\/\/www.le-cabellou-plage.com\/wp-content\/uploads\/2025\/01\/decouvrez-la-foret-fouesnant-pendant-votre-sejour-en-camping.webp\" alt=\"ontdek het bos van fouesnant tijdens uw kampeervakantie\" class=\"wp-image-14756\" srcset=\"https:\/\/www.le-cabellou-plage.com\/wp-content\/uploads\/2025\/01\/decouvrez-la-foret-fouesnant-pendant-votre-sejour-en-camping.webp 688w, https:\/\/www.le-cabellou-plage.com\/wp-content\/uploads\/2025\/01\/decouvrez-la-foret-fouesnant-pendant-votre-sejour-en-camping-300x279.webp 300w\" sizes=\"(max-width: 688px) 100vw, 688px\" \/><\/figure>\n<\/div>\n\n\n\n<div class=\"wp-block-column is-vertically-aligned-center is-layout-flow wp-block-column-is-layout-flow\" style=\"padding-right:2rem;padding-left:2rem;flex-basis:60%\">\n<div class=\"wp-block-group gt-no-padding-mobile is-layout-flow wp-block-group-is-layout-flow\" style=\"padding-right:15rem;padding-left:10rem\">\n<h2 class=\"wp-block-heading has-base-2-color has-text-color has-link-color wp-elements-957821d2703ad24a0dfdd262c551e435\" style=\"margin-bottom:var(--wp--preset--spacing--30)\"><strong>Ontdek het For\u00eat Fouesnant<\/strong> <br\/>tijdens uw kampeervakantie<\/h2>\n\n\n\n<p>Onze camping ligt vlakbij deze prachtige stad die een <strong>ruime keuze aan buitenactiviteiten<\/strong> en <strong>natuurlijke ontdekkingen<\/strong> biedt. La <strong>For\u00eat Fouesnant<\/strong> wordt omringd door <strong>wandel-<\/strong>, <strong>fiets-<\/strong> en<strong>ruiterpaden<\/strong>. Buitensportliefhebbers kunnen ook <strong>genieten van activiteiten<\/strong> zoals mountainbiken en trailrunning.  <\/p>\n\n\n\n<p>Het is ook een <strong>beschermd<\/strong> gebied <strong>voor de biodiversiteit<\/strong> en een deel ervan is geclassificeerd als nationaal natuurreservaat. Het is ook een geweldige plek voor <strong>gezinnen<\/strong>, met gebieden voor buitenactiviteiten, speeltuinen, <strong>sportpaden<\/strong> en <strong>petanquebanen<\/strong>. We kijken ernaar uit om je te verwelkomen voor een onvergetelijke vakantie <a href=\"https:\/\/www.le-cabellou-plage.com\/nl\/concarneau-toerisme\/\">in het hart van Concarneau<\/a>, op slechts een klein eindje rijden van La For\u00eat Fouesnant.  <\/p>\n<\/div>\n<\/div>\n<\/div>\n<\/section>\n\n<section class=\"wp-block-group page-maillage has-custom-color-2-background-color has-background has-global-padding is-layout-constrained wp-block-group-is-layout-constrained\" style=\"margin-top:0;margin-bottom:0;padding-top:var(--wp--preset--spacing--40);padding-bottom:var(--wp--preset--spacing--40)\">\n<div class=\"wp-block-group h1-like is-layout-flow wp-block-group-is-layout-flow\" style=\"margin-bottom:var(--wp--preset--spacing--50)\">\n<p class=\"has-bodidota-font-family\" style=\"font-size:clamp(47.79px, 2.987rem + ((1vw - 3.2px) * 3.916), 94px);line-height:0.8\">Kom en ontdek<\/p>\n\n\n\n<p class=\"has-custom-color-3-color has-text-color has-link-color has-north-wave-font-family wp-elements-532ccce6d06685e7a3440c14dadea5e1\" style=\"padding-left:var(--wp--preset--spacing--60);font-size:clamp(52.125px, 3.258rem + ((1vw - 3.2px) * 4.481), 105px);line-height:0.1\">onze mooie regio<\/p>\n<\/div>\n\n\n\n<div class=\"wp-block-query is-layout-flow wp-block-query-is-layout-flow\"><ul class=\"columns-3 wp-block-post-template has-medium-font-size is-layout-grid wp-container-core-post-template-is-layout-572542b5 wp-block-post-template-is-layout-grid\"><li class=\"wp-block-post post-20962 page type-page status-publish has-post-thumbnail hentry\">\n\n<figure class=\"wp-block-image maillage-img\"><img decoding=\"async\" src=\"https:\/\/www.le-cabellou-plage.com\/wp-content\/uploads\/2025\/01\/camping-douarnenez-cabellou-plage-resort-5-etoiles-cta.webp\" alt=\"5 sterren camping douarnenez cabellou plage resort\"\/><\/figure>\n\n\n\n<div class=\"wp-block-group content-maillage has-global-padding is-layout-constrained wp-block-group-is-layout-constrained\">\n<p class=\"maillage-title has-base-2-color has-text-color has-link-color has-josefin-sans-font-family wp-elements-939842b9118177581784f7034ceeec07\" style=\"border-style:none;border-width:0px;border-radius:0px;font-size:clamp(0.875rem, 0.875rem + ((1vw - 0.2rem) * 0.576), 1.3rem);letter-spacing:1px;text-transform:uppercase\">Kampeerplaats Douarnenez<\/p>\n<\/div>\n\n\n<a class=\"is-style-lien-cover wp-block-read-more\" href=\"https:\/\/www.le-cabellou-plage.com\/nl\/kampeerplaats-douarnenez\/\" target=\"_self\">Read more<span class=\"screen-reader-text\">: Kampeerplaats Douarnenez<\/span><\/a>\n<\/li><li class=\"wp-block-post post-20970 page type-page status-publish has-post-thumbnail hentry\">\n\n<figure class=\"wp-block-image maillage-img\"><img decoding=\"async\" src=\"https:\/\/www.le-cabellou-plage.com\/wp-content\/uploads\/2025\/01\/camping-nevez-cabellou-plage-resort-5-etoiles-cta.webp\" alt=\"kampeerplaats nevez cabellou plage resort 5 sterren\"\/><\/figure>\n\n\n\n<div class=\"wp-block-group content-maillage has-global-padding is-layout-constrained wp-block-group-is-layout-constrained\">\n<p class=\"maillage-title has-base-2-color has-text-color has-link-color has-josefin-sans-font-family wp-elements-939842b9118177581784f7034ceeec07\" style=\"border-style:none;border-width:0px;border-radius:0px;font-size:clamp(0.875rem, 0.875rem + ((1vw - 0.2rem) * 0.576), 1.3rem);letter-spacing:1px;text-transform:uppercase\">Kampeerplaats Nevez<\/p>\n<\/div>\n\n\n<a class=\"is-style-lien-cover wp-block-read-more\" href=\"https:\/\/www.le-cabellou-plage.com\/nl\/kampeerplaats-nevez\/\" target=\"_self\">Read more<span class=\"screen-reader-text\">: Kampeerplaats Nevez<\/span><\/a>\n<\/li><li class=\"wp-block-post post-20951 page type-page status-publish has-post-thumbnail hentry\">\n\n<figure class=\"wp-block-image maillage-img\"><img decoding=\"async\" src=\"https:\/\/www.le-cabellou-plage.com\/wp-content\/uploads\/2025\/01\/camping-pointe-de-trevignon-cabellou-plage-resort-5-etoiles-cta.webp\" alt=\"kampeerplaats pointe de trevignon cabellou plage resort 5 sterren\"\/><\/figure>\n\n\n\n<div class=\"wp-block-group content-maillage has-global-padding is-layout-constrained wp-block-group-is-layout-constrained\">\n<p class=\"maillage-title has-base-2-color has-text-color has-link-color has-josefin-sans-font-family wp-elements-939842b9118177581784f7034ceeec07\" style=\"border-style:none;border-width:0px;border-radius:0px;font-size:clamp(0.875rem, 0.875rem + ((1vw - 0.2rem) * 0.576), 1.3rem);letter-spacing:1px;text-transform:uppercase\">Kampeerplaats Pointe de Tr\u00e9vignon<\/p>\n<\/div>\n\n\n<a class=\"is-style-lien-cover wp-block-read-more\" href=\"https:\/\/www.le-cabellou-plage.com\/nl\/kampeerplaats-pointe-de-trevignon\/\" target=\"_self\">Read more<span class=\"screen-reader-text\">: Kampeerplaats Pointe de Trevignon<\/span><\/a>\n<\/li><\/ul><\/div>\n<\/section>\n","protected":false},"excerpt":{"rendered":"<p>Kampeerplaats op 10 km van la For\u00eat Fouesnant in Zuid-Bretagne Als je op zoek bent naar een kampeervakantie in de gemeente La For\u00eat Fouesnant, dan zit je goed op camping Concarneau le Cabellou Plage. 5 sterren campingin de buurt van La For\u00eat Fouesnant Kom naar onze camping in Concarneau voor een onvergetelijke vakantie op onze [&hellip;]<\/p>\n","protected":false},"author":1,"featured_media":16547,"parent":0,"menu_order":0,"comment_status":"closed","ping_status":"closed","template":"","meta":{"_acf_changed":false,"_seopress_robots_primary_cat":"","_seopress_titles_title":"Kampeerplaats La For\u00eat Fouesnant - 5-sterren camping Le Cabellou plage in Concarneau, Zuid-Bretagne","_seopress_titles_desc":"Ontdek onze camping in Concarneau bij La For\u00eat Fouesnant in het zuiden van Finist\u00e8re Bretagne.","_seopress_robots_index":"","inline_featured_image":false,"gt_fse_maillage_image":"https:\/\/www.le-cabellou-plage.com\/wp-content\/uploads\/2025\/01\/camping-la-foret-fouesnant-cabellou-plage-resort-5-etoiles-cta.webp","gt_fse_maillage_titre":"Kampeerplaats La For\u00eat Fouesnant","gt_fse_maillage_alt":"kampeerplaats la foret fouesnant cabellou plage resort 5 sterren","gt_fse_maillage_resume":"","footnotes":""},"categories":[],"tags":[],"class_list":["post-20980","page","type-page","status-publish","has-post-thumbnail","hentry"],"acf":[],"_links":{"self":[{"href":"https:\/\/www.le-cabellou-plage.com\/nl\/wp-json\/wp\/v2\/pages\/20980","targetHints":{"allow":["GET"]}}],"collection":[{"href":"https:\/\/www.le-cabellou-plage.com\/nl\/wp-json\/wp\/v2\/pages"}],"about":[{"href":"https:\/\/www.le-cabellou-plage.com\/nl\/wp-json\/wp\/v2\/types\/page"}],"author":[{"embeddable":true,"href":"https:\/\/www.le-cabellou-plage.com\/nl\/wp-json\/wp\/v2\/users\/1"}],"replies":[{"embeddable":true,"href":"https:\/\/www.le-cabellou-plage.com\/nl\/wp-json\/wp\/v2\/comments?post=20980"}],"version-history":[{"count":9,"href":"https:\/\/www.le-cabellou-plage.com\/nl\/wp-json\/wp\/v2\/pages\/20980\/revisions"}],"predecessor-version":[{"id":23105,"href":"https:\/\/www.le-cabellou-plage.com\/nl\/wp-json\/wp\/v2\/pages\/20980\/revisions\/23105"}],"wp:featuredmedia":[{"embeddable":true,"href":"https:\/\/www.le-cabellou-plage.com\/nl\/wp-json\/wp\/v2\/media\/16547"}],"wp:attachment":[{"href":"https:\/\/www.le-cabellou-plage.com\/nl\/wp-json\/wp\/v2\/media?parent=20980"}],"wp:term":[{"taxonomy":"category","embeddable":true,"href":"https:\/\/www.le-cabellou-plage.com\/nl\/wp-json\/wp\/v2\/categories?post=20980"},{"taxonomy":"post_tag","embeddable":true,"href":"https:\/\/www.le-cabellou-plage.com\/nl\/wp-json\/wp\/v2\/tags?post=20980"}],"curies":[{"name":"wp","href":"https:\/\/api.w.org\/{rel}","templated":true}]}}