{"id":14132,"date":"2025-03-04T04:00:07","date_gmt":"2025-03-04T03:00:07","guid":{"rendered":"https:\/\/www.le-cabellou-plage.com\/hebergement\/prestige-cabellou-pieton-6-8p-3ch-2sde-40m2\/"},"modified":"2026-05-01T05:01:17","modified_gmt":"2026-05-01T03:01:17","slug":"prestige-cabellou-pieton-6-8p-3ch-2sde-40m2","status":"publish","type":"hebergement","link":"https:\/\/www.le-cabellou-plage.com\/nl\/hebergement\/prestige-cabellou-pieton-6-8p-3ch-2sde-40m2\/","title":{"rendered":"Prestige Cabellou &#8211; Pi\u00e9ton &#8211; 6\/8P 3Ch 2Sde 40m2"},"content":{"rendered":"\n<main style=\"background-image:url(&apos;\/wp-content\/uploads\/2024\/10\/image-1.png&apos;);background-position:0% 80%;background-repeat:no-repeat;background-size:25rem;\" class=\"wp-block-group alignfull has-custom-color-2-background-color has-background has-global-padding is-layout-constrained wp-container-core-group-is-layout-0b40682b wp-block-group-is-layout-constrained\">\n<div class=\"wp-block-group alignwide has-global-padding is-content-justification-left is-layout-constrained wp-container-core-group-is-layout-7ca9ea7d wp-block-group-is-layout-constrained\">\n<p class=\"return-btn has-base-2-color has-text-color has-link-color wp-elements-cb449ff319595463b088971bac9985b9\" style=\"font-style:normal;font-weight:600\"><a href=\"https:\/\/www.le-cabellou-plage.com\/nl\/een-verblijf-zoeken\/\" data-type=\"page\" data-id=\"1663\"><i class=\"fas fa-arrow-left\"><\/i>  Accommodatie<\/a><\/p>\n\n\n\n<div style=\"height:16px\" aria-hidden=\"true\" class=\"wp-block-spacer gt-hide-mobile\"><\/div>\n<\/div>\n\n\n\n<div class=\"wp-block-columns gt-single-hebergement-columns is-layout-flex wp-container-core-columns-is-layout-28f84493 wp-block-columns-is-layout-flex\">\n<div class=\"wp-block-column is-layout-flow wp-block-column-is-layout-flow\" style=\"flex-basis:66.66%\">\n<div class=\"wp-block-columns is-layout-flex wp-container-core-columns-is-layout-28f84493 wp-block-columns-is-layout-flex\">\n<div class=\"wp-block-column is-layout-flow wp-block-column-is-layout-flow\" style=\"flex-basis:66.66%\">\n<div \n    class=\"left-slider wp-block-gt-gt-ws-thelis-product-images\"    data-wp-interactive=\"gt\/thelis\/hebergement\/image\"\n    data-gallery-images='[&quot;https:\\\/\\\/www.le-cabellou-plage.com\\\/wp-content\\\/uploads\\\/gt-ws-thelis\\\/site-1\\\/images\\\/527\\\/pict_20_6.jpg&quot;,&quot;https:\\\/\\\/www.le-cabellou-plage.com\\\/wp-content\\\/uploads\\\/gt-ws-thelis\\\/site-1\\\/images\\\/527\\\/pict_20_5.jpg&quot;,&quot;https:\\\/\\\/www.le-cabellou-plage.com\\\/wp-content\\\/uploads\\\/gt-ws-thelis\\\/site-1\\\/images\\\/527\\\/pict_20_1.jpg&quot;,&quot;https:\\\/\\\/www.le-cabellou-plage.com\\\/wp-content\\\/uploads\\\/gt-ws-thelis\\\/site-1\\\/images\\\/527\\\/pict_20_2.jpg&quot;,&quot;https:\\\/\\\/www.le-cabellou-plage.com\\\/wp-content\\\/uploads\\\/gt-ws-thelis\\\/site-1\\\/images\\\/527\\\/pict_20_4.jpg&quot;,&quot;https:\\\/\\\/www.le-cabellou-plage.com\\\/wp-content\\\/uploads\\\/gt-ws-thelis\\\/site-1\\\/images\\\/527\\\/pict_20_3.jpg&quot;,&quot;https:\\\/\\\/www.le-cabellou-plage.com\\\/wp-content\\\/uploads\\\/gt-ws-thelis\\\/site-1\\\/images\\\/527\\\/pict_20_7.jpg&quot;]'\n    data-wp-context='{\"images\":[\"https:\\\/\\\/www.le-cabellou-plage.com\\\/wp-content\\\/uploads\\\/gt-ws-thelis\\\/site-1\\\/images\\\/527\\\/pict_20_6.jpg\",\"https:\\\/\\\/www.le-cabellou-plage.com\\\/wp-content\\\/uploads\\\/gt-ws-thelis\\\/site-1\\\/images\\\/527\\\/pict_20_5.jpg\",\"https:\\\/\\\/www.le-cabellou-plage.com\\\/wp-content\\\/uploads\\\/gt-ws-thelis\\\/site-1\\\/images\\\/527\\\/pict_20_1.jpg\",\"https:\\\/\\\/www.le-cabellou-plage.com\\\/wp-content\\\/uploads\\\/gt-ws-thelis\\\/site-1\\\/images\\\/527\\\/pict_20_2.jpg\",\"https:\\\/\\\/www.le-cabellou-plage.com\\\/wp-content\\\/uploads\\\/gt-ws-thelis\\\/site-1\\\/images\\\/527\\\/pict_20_4.jpg\",\"https:\\\/\\\/www.le-cabellou-plage.com\\\/wp-content\\\/uploads\\\/gt-ws-thelis\\\/site-1\\\/images\\\/527\\\/pict_20_3.jpg\",\"https:\\\/\\\/www.le-cabellou-plage.com\\\/wp-content\\\/uploads\\\/gt-ws-thelis\\\/site-1\\\/images\\\/527\\\/pict_20_7.jpg\"],\"jsonConfig\":{\"speed\":400,\"spaceBetween\":16,\"slidesPerView\":1,\"loop\":true,\"breakpoints\":[{\"slidesPerView\":1}],\"effect\":\"fade\",\"pagination\":false},\"sliderId\":\"69f489e8d1576\"}'>\n            <div \n            id=\"69f489e8d1576\"\n            class=\"gt-ws-thelis-is-slider swiper\" \n            data-swiper='{\"speed\":400,\"spaceBetween\":16,\"slidesPerView\":1,\"loop\":true,\"breakpoints\":[{\"slidesPerView\":1}],\"effect\":\"fade\",\"pagination\":false}'\n            data-wp-key=\"141323e20e1cb6ce67ced7a6693051072a477\"\n            data-wp-run=\"callbacks.resetSwiper\"\n            data-wp-on--mouseover=\"callbacks.resetSwiper\"\n        >\n        <div class=\"swiper-wrapper\">\n                \n            \n                        <button\n                data-wp-on--click=\"actions.openLightbox\"\n                data-image-index=\"0\"\n                class=\"gt-ws-ctv-image-button\"\n                aria-label=\"Ouvrir l&#039;image 1 sur 7 pour Prestige Cabellou &#8211; Pi\u00e9ton &#8211; 6\/8P 3Ch 2Sde 40m2\">\n            \n\n            <figure \n                class=\"wp-block-image swiper-slide\" \n                data-image-index=\"0\"\n            >\n                                    <a href=\"https:\/\/www.le-cabellou-plage.com\/wp-content\/uploads\/gt-ws-thelis\/site-1\/images\/527\/pict_20_1.jpg\" class=\"glightbox\" data-gallery=\"gallery\">\n                                        <img decoding=\"async\" \n                                                    style=\"aspect-ratio: 16\/9\" \n                                                src=\"https:\/\/www.le-cabellou-plage.com\/wp-content\/uploads\/gt-ws-thelis\/site-1\/images\/527\/pict_20_1.jpg\" \n                        alt=\"Prestige Cabellou &#8211; Pi\u00e9ton &#8211; 6\/8P 3Ch 2Sde 40m2\"\n                        loading=\"lazy\"\n                    >\n                                        <\/a>\n                            <\/figure>\n\n            \n        \n            \n                        <button\n                data-wp-on--click=\"actions.openLightbox\"\n                data-image-index=\"1\"\n                class=\"gt-ws-ctv-image-button\"\n                aria-label=\"Ouvrir l&#039;image 2 sur 7 pour Prestige Cabellou &#8211; Pi\u00e9ton &#8211; 6\/8P 3Ch 2Sde 40m2\">\n            \n\n            <figure \n                class=\"wp-block-image swiper-slide\" \n                data-image-index=\"1\"\n            >\n                                    <a href=\"https:\/\/www.le-cabellou-plage.com\/wp-content\/uploads\/gt-ws-thelis\/site-1\/images\/527\/pict_20_2.jpg\" class=\"glightbox\" data-gallery=\"gallery\">\n                                        <img decoding=\"async\" \n                                                    style=\"aspect-ratio: 16\/9\" \n                                                src=\"https:\/\/www.le-cabellou-plage.com\/wp-content\/uploads\/gt-ws-thelis\/site-1\/images\/527\/pict_20_2.jpg\" \n                        alt=\"Prestige Cabellou &#8211; Pi\u00e9ton &#8211; 6\/8P 3Ch 2Sde 40m2\"\n                        loading=\"lazy\"\n                    >\n                                        <\/a>\n                            <\/figure>\n\n            \n        \n            \n                        <button\n                data-wp-on--click=\"actions.openLightbox\"\n                data-image-index=\"2\"\n                class=\"gt-ws-ctv-image-button\"\n                aria-label=\"Ouvrir l&#039;image 3 sur 7 pour Prestige Cabellou &#8211; Pi\u00e9ton &#8211; 6\/8P 3Ch 2Sde 40m2\">\n            \n\n            <figure \n                class=\"wp-block-image swiper-slide\" \n                data-image-index=\"2\"\n            >\n                                    <a href=\"https:\/\/www.le-cabellou-plage.com\/wp-content\/uploads\/gt-ws-thelis\/site-1\/images\/527\/pict_20_3.jpg\" class=\"glightbox\" data-gallery=\"gallery\">\n                                        <img decoding=\"async\" \n                                                    style=\"aspect-ratio: 16\/9\" \n                                                src=\"https:\/\/www.le-cabellou-plage.com\/wp-content\/uploads\/gt-ws-thelis\/site-1\/images\/527\/pict_20_3.jpg\" \n                        alt=\"Prestige Cabellou &#8211; Pi\u00e9ton &#8211; 6\/8P 3Ch 2Sde 40m2\"\n                        loading=\"lazy\"\n                    >\n                                        <\/a>\n                            <\/figure>\n\n            \n        \n            \n                        <button\n                data-wp-on--click=\"actions.openLightbox\"\n                data-image-index=\"3\"\n                class=\"gt-ws-ctv-image-button\"\n                aria-label=\"Ouvrir l&#039;image 4 sur 7 pour Prestige Cabellou &#8211; Pi\u00e9ton &#8211; 6\/8P 3Ch 2Sde 40m2\">\n            \n\n            <figure \n                class=\"wp-block-image swiper-slide\" \n                data-image-index=\"3\"\n            >\n                                    <a href=\"https:\/\/www.le-cabellou-plage.com\/wp-content\/uploads\/gt-ws-thelis\/site-1\/images\/527\/pict_20_4.jpg\" class=\"glightbox\" data-gallery=\"gallery\">\n                                        <img decoding=\"async\" \n                                                    style=\"aspect-ratio: 16\/9\" \n                                                src=\"https:\/\/www.le-cabellou-plage.com\/wp-content\/uploads\/gt-ws-thelis\/site-1\/images\/527\/pict_20_4.jpg\" \n                        alt=\"Prestige Cabellou &#8211; Pi\u00e9ton &#8211; 6\/8P 3Ch 2Sde 40m2\"\n                        loading=\"lazy\"\n                    >\n                                        <\/a>\n                            <\/figure>\n\n            \n        \n            \n                        <button\n                data-wp-on--click=\"actions.openLightbox\"\n                data-image-index=\"4\"\n                class=\"gt-ws-ctv-image-button\"\n                aria-label=\"Ouvrir l&#039;image 5 sur 7 pour Prestige Cabellou &#8211; Pi\u00e9ton &#8211; 6\/8P 3Ch 2Sde 40m2\">\n            \n\n            <figure \n                class=\"wp-block-image swiper-slide\" \n                data-image-index=\"4\"\n            >\n                                    <a href=\"https:\/\/www.le-cabellou-plage.com\/wp-content\/uploads\/gt-ws-thelis\/site-1\/images\/527\/pict_20_5.jpg\" class=\"glightbox\" data-gallery=\"gallery\">\n                                        <img decoding=\"async\" \n                                                    style=\"aspect-ratio: 16\/9\" \n                                                src=\"https:\/\/www.le-cabellou-plage.com\/wp-content\/uploads\/gt-ws-thelis\/site-1\/images\/527\/pict_20_5.jpg\" \n                        alt=\"Prestige Cabellou &#8211; Pi\u00e9ton &#8211; 6\/8P 3Ch 2Sde 40m2\"\n                        loading=\"lazy\"\n                    >\n                                        <\/a>\n                            <\/figure>\n\n            \n        \n            \n                        <button\n                data-wp-on--click=\"actions.openLightbox\"\n                data-image-index=\"5\"\n                class=\"gt-ws-ctv-image-button\"\n                aria-label=\"Ouvrir l&#039;image 6 sur 7 pour Prestige Cabellou &#8211; Pi\u00e9ton &#8211; 6\/8P 3Ch 2Sde 40m2\">\n            \n\n            <figure \n                class=\"wp-block-image swiper-slide\" \n                data-image-index=\"5\"\n            >\n                                    <a href=\"https:\/\/www.le-cabellou-plage.com\/wp-content\/uploads\/gt-ws-thelis\/site-1\/images\/527\/pict_20_6.jpg\" class=\"glightbox\" data-gallery=\"gallery\">\n                                        <img decoding=\"async\" \n                                                    style=\"aspect-ratio: 16\/9\" \n                                                src=\"https:\/\/www.le-cabellou-plage.com\/wp-content\/uploads\/gt-ws-thelis\/site-1\/images\/527\/pict_20_6.jpg\" \n                        alt=\"Prestige Cabellou &#8211; Pi\u00e9ton &#8211; 6\/8P 3Ch 2Sde 40m2\"\n                        loading=\"lazy\"\n                    >\n                                        <\/a>\n                            <\/figure>\n\n            \n        \n            \n                        <button\n                data-wp-on--click=\"actions.openLightbox\"\n                data-image-index=\"6\"\n                class=\"gt-ws-ctv-image-button\"\n                aria-label=\"Ouvrir l&#039;image 7 sur 7 pour Prestige Cabellou &#8211; Pi\u00e9ton &#8211; 6\/8P 3Ch 2Sde 40m2\">\n            \n\n            <figure \n                class=\"wp-block-image swiper-slide\" \n                data-image-index=\"6\"\n            >\n                                    <a href=\"https:\/\/www.le-cabellou-plage.com\/wp-content\/uploads\/gt-ws-thelis\/site-1\/images\/527\/pict_20_7.jpg\" class=\"glightbox\" data-gallery=\"gallery\">\n                                        <img decoding=\"async\" \n                                                    style=\"aspect-ratio: 16\/9\" \n                                                src=\"https:\/\/www.le-cabellou-plage.com\/wp-content\/uploads\/gt-ws-thelis\/site-1\/images\/527\/pict_20_7.jpg\" \n                        alt=\"Prestige Cabellou &#8211; Pi\u00e9ton &#8211; 6\/8P 3Ch 2Sde 40m2\"\n                        loading=\"lazy\"\n                    >\n                                        <\/a>\n                            <\/figure>\n\n            \n        \n        \n            <\/div>\n            <div class=\"swiper-pagination\"><\/div>\n            <div class=\"swiper-button-prev\"><\/div>\n            <div class=\"swiper-button-next\"><\/div>\n        <\/div>\n        <\/div><\/div>\n\n\n\n<div class=\"wp-block-column is-layout-flow wp-block-column-is-layout-flow\" style=\"flex-basis:33.33%\">\n<div class=\"wp-block-group is-vertical is-layout-flex wp-container-core-group-is-layout-fe9cc265 wp-block-group-is-layout-flex\">\n<div \n    class=\"right-img wp-block-gt-gt-ws-thelis-product-images\"    data-wp-interactive=\"gt\/thelis\/hebergement\/image\"\n    data-gallery-images='[&quot;https:\\\/\\\/www.le-cabellou-plage.com\\\/wp-content\\\/uploads\\\/gt-ws-thelis\\\/site-1\\\/images\\\/527\\\/pict_20_6.jpg&quot;,&quot;https:\\\/\\\/www.le-cabellou-plage.com\\\/wp-content\\\/uploads\\\/gt-ws-thelis\\\/site-1\\\/images\\\/527\\\/pict_20_5.jpg&quot;,&quot;https:\\\/\\\/www.le-cabellou-plage.com\\\/wp-content\\\/uploads\\\/gt-ws-thelis\\\/site-1\\\/images\\\/527\\\/pict_20_1.jpg&quot;,&quot;https:\\\/\\\/www.le-cabellou-plage.com\\\/wp-content\\\/uploads\\\/gt-ws-thelis\\\/site-1\\\/images\\\/527\\\/pict_20_2.jpg&quot;,&quot;https:\\\/\\\/www.le-cabellou-plage.com\\\/wp-content\\\/uploads\\\/gt-ws-thelis\\\/site-1\\\/images\\\/527\\\/pict_20_4.jpg&quot;,&quot;https:\\\/\\\/www.le-cabellou-plage.com\\\/wp-content\\\/uploads\\\/gt-ws-thelis\\\/site-1\\\/images\\\/527\\\/pict_20_3.jpg&quot;,&quot;https:\\\/\\\/www.le-cabellou-plage.com\\\/wp-content\\\/uploads\\\/gt-ws-thelis\\\/site-1\\\/images\\\/527\\\/pict_20_7.jpg&quot;]'\n    data-wp-context='{\"images\":[\"https:\\\/\\\/www.le-cabellou-plage.com\\\/wp-content\\\/uploads\\\/gt-ws-thelis\\\/site-1\\\/images\\\/527\\\/pict_20_6.jpg\",\"https:\\\/\\\/www.le-cabellou-plage.com\\\/wp-content\\\/uploads\\\/gt-ws-thelis\\\/site-1\\\/images\\\/527\\\/pict_20_5.jpg\",\"https:\\\/\\\/www.le-cabellou-plage.com\\\/wp-content\\\/uploads\\\/gt-ws-thelis\\\/site-1\\\/images\\\/527\\\/pict_20_1.jpg\",\"https:\\\/\\\/www.le-cabellou-plage.com\\\/wp-content\\\/uploads\\\/gt-ws-thelis\\\/site-1\\\/images\\\/527\\\/pict_20_2.jpg\",\"https:\\\/\\\/www.le-cabellou-plage.com\\\/wp-content\\\/uploads\\\/gt-ws-thelis\\\/site-1\\\/images\\\/527\\\/pict_20_4.jpg\",\"https:\\\/\\\/www.le-cabellou-plage.com\\\/wp-content\\\/uploads\\\/gt-ws-thelis\\\/site-1\\\/images\\\/527\\\/pict_20_3.jpg\",\"https:\\\/\\\/www.le-cabellou-plage.com\\\/wp-content\\\/uploads\\\/gt-ws-thelis\\\/site-1\\\/images\\\/527\\\/pict_20_7.jpg\"],\"jsonConfig\":[],\"sliderId\":\"69f489e8d1a4e\"}'>\n            \n            \n                        <button\n                data-wp-on--click=\"actions.openLightbox\"\n                data-image-index=\"0\"\n                class=\"gt-ws-ctv-image-button\"\n                aria-label=\"Ouvrir l&#039;image 1 sur 7 pour Prestige Cabellou &#8211; Pi\u00e9ton &#8211; 6\/8P 3Ch 2Sde 40m2\">\n            \n\n            <figure \n                class=\"wp-block-image \" \n                data-image-index=\"0\"\n            >\n                                    <a href=\"https:\/\/www.le-cabellou-plage.com\/wp-content\/uploads\/gt-ws-thelis\/site-1\/images\/527\/pict_20_1.jpg\" class=\"glightbox\" data-gallery=\"gallery\">\n                                        <img decoding=\"async\" \n                                                    style=\"aspect-ratio: 16\/9\" \n                                                src=\"https:\/\/www.le-cabellou-plage.com\/wp-content\/uploads\/gt-ws-thelis\/site-1\/images\/527\/pict_20_1.jpg\" \n                        alt=\"Prestige Cabellou &#8211; Pi\u00e9ton &#8211; 6\/8P 3Ch 2Sde 40m2\"\n                        loading=\"lazy\"\n                    >\n                                        <\/a>\n                            <\/figure>\n\n            \n        \n            \n                        <button\n                data-wp-on--click=\"actions.openLightbox\"\n                data-image-index=\"1\"\n                class=\"gt-ws-ctv-image-button\"\n                aria-label=\"Ouvrir l&#039;image 2 sur 7 pour Prestige Cabellou &#8211; Pi\u00e9ton &#8211; 6\/8P 3Ch 2Sde 40m2\">\n            \n\n            <figure \n                class=\"wp-block-image \" \n                data-image-index=\"1\"\n            >\n                                    <a href=\"https:\/\/www.le-cabellou-plage.com\/wp-content\/uploads\/gt-ws-thelis\/site-1\/images\/527\/pict_20_5.jpg\" class=\"glightbox\" data-gallery=\"gallery\">\n                                        <img decoding=\"async\" \n                                                    style=\"aspect-ratio: 16\/9\" \n                                                src=\"https:\/\/www.le-cabellou-plage.com\/wp-content\/uploads\/gt-ws-thelis\/site-1\/images\/527\/pict_20_5.jpg\" \n                        alt=\"Prestige Cabellou &#8211; Pi\u00e9ton &#8211; 6\/8P 3Ch 2Sde 40m2\"\n                        loading=\"lazy\"\n                    >\n                                        <\/a>\n                            <\/figure>\n\n            \n        \n                    <button\n            class=\"gt-ws-thelis-camera-icon\" \n            data-wp-on--click=\"actions.openLightbox\"\n            aria-label=\"Ouvrir l&#039;image 1 sur 7 pour Prestige Cabellou &#8211; Pi\u00e9ton &#8211; 6\/8P 3Ch 2Sde 40m2\"\n        >\n            <span class=\"dashicons dashicons-camera\"><\/span> 7        <\/button>\n    <\/div><\/div>\n<\/div>\n<\/div>\n\n\n\n<div class=\"wp-block-group has-global-padding is-layout-constrained wp-block-group-is-layout-constrained\" style=\"margin-top:var(--wp--preset--spacing--40)\">\n<div class=\"wp-block-group hebergement-options is-layout-grid wp-container-core-group-is-layout-a5602edc wp-block-group-is-layout-grid\" style=\"font-style:normal;font-weight:600\">\n<div class=\"wp-block-gt-gt-ws-thelis-product-room\">\n            <img decoding=\"async\" src=\"https:\/\/www.le-cabellou-plage.com\/wp-content\/uploads\/2025\/01\/lit-double.svg\" alt=\"Icon\" class=\"gt-icon\" \/> \n        3                <\/div>\n\n\n\n\n<div class=\"wp-block-gt-gt-ws-thelis-product-capacity\">\n            <img decoding=\"async\" src=\"https:\/\/www.le-cabellou-plage.com\/wp-content\/uploads\/2025\/01\/groupe.svg\" alt=\"Icon\" class=\"gt-icon\" \/> \n        8                 <\/div>\n\n\n<div class=\"wp-block-gt-gt-ws-thelis-product-surface\">\n\n           <img decoding=\"async\" src=\"https:\/\/www.le-cabellou-plage.com\/wp-content\/uploads\/2025\/01\/surface-1.svg\" alt=\"Icon\" class=\"gt-icon\" \/> \n       \n        40m\u00b2\n<\/div><\/div>\n\n\n<p class=\"wp-elements-3b812bbe30c0c3925e1f18079e863a2b wp-block-gt-gt-ws-thelis-product-name has-text-color has-custom-color-3-color has-large-font-size has-josefin-sans-font-family\">\n    Prestige Cabellou &#8211; Pi\u00e9ton &#8211; 6\/8P 3Ch 2Sde 40m2<\/p>\n\n\n\n<div class=\"wp-block-group single-inventaire is-nowrap is-layout-flex wp-container-core-group-is-layout-f01a8a75 wp-block-group-is-layout-flex\">\n<div class=\"wp-block-group left is-vertical is-layout-flex wp-container-core-group-is-layout-fe9cc265 wp-block-group-is-layout-flex\">\n<div class=\"wp-block-group inventaire-item is-vertical is-layout-flex wp-container-core-group-is-layout-fe9cc265 wp-block-group-is-layout-flex\">\n<div class=\"wp-block-group is-nowrap is-layout-flex wp-container-core-group-is-layout-cd9ab148 wp-block-group-is-layout-flex\">\n<figure class=\"wp-block-image size-large\"><img decoding=\"async\" width=\"60\" height=\"60\" src=\"https:\/\/www.le-cabellou-plage.com\/wp-content\/uploads\/2025\/02\/house-1.svg\" alt=\"huis (1)\" class=\"wp-image-19318\" \/><\/figure>\n\n\n\n<p class=\"has-custom-color-3-color has-text-color has-link-color has-josefin-sans-font-family wp-elements-7c640e969a808a23b9c7932ac8e00ead\" style=\"font-size:clamp(0.875rem, 0.875rem + ((1vw - 0.2rem) * 0.576), 1.3rem);\">Type accommodatie<\/p>\n<\/div>\n\n\n\n<ul class=\"wp-block-list\">\n<li>Nieuwe stacaravan &#8211; modeljaar 2020<\/li>\n\n\n\n<li>Voetgangersgebied<\/li>\n<\/ul>\n<\/div>\n\n\n\n<div class=\"wp-block-group inventaire-item is-vertical is-layout-flex wp-container-core-group-is-layout-fe9cc265 wp-block-group-is-layout-flex\">\n<div class=\"wp-block-group is-nowrap is-layout-flex wp-container-core-group-is-layout-cd9ab148 wp-block-group-is-layout-flex\">\n<figure class=\"wp-block-image size-large\"><img decoding=\"async\" width=\"60\" height=\"60\" src=\"https:\/\/www.le-cabellou-plage.com\/wp-content\/uploads\/2025\/02\/terrace-1.svg\" alt=\"terras (1)\" class=\"wp-image-19322\" \/><\/figure>\n\n\n\n<p class=\"has-custom-color-3-color has-text-color has-link-color has-josefin-sans-font-family wp-elements-4493fac2cd2d520c1119d135b19ae5a4\" style=\"font-size:clamp(0.875rem, 0.875rem + ((1vw - 0.2rem) * 0.576), 1.3rem);\">Buitenkant<\/p>\n<\/div>\n\n\n\n<ul class=\"wp-block-list\">\n<li>Tuintafel en stoelen<\/li>\n\n\n\n<li>Ligstoelen<\/li>\n\n\n\n<li>Parasol<\/li>\n\n\n\n<li>Barbecues beschikbaar (\u20ac2\/dag, borg vereist)<\/li>\n\n\n\n<li>Halfoverdekt terras (15m\u00b2 waarvan 7,5m\u00b2 overdekt)<\/li>\n\n\n\n<li>Wasrek<\/li>\n<\/ul>\n<\/div>\n\n\n\n<div class=\"wp-block-group inventaire-item is-vertical is-layout-flex wp-container-core-group-is-layout-fe9cc265 wp-block-group-is-layout-flex\">\n<div class=\"wp-block-group is-nowrap is-layout-flex wp-container-core-group-is-layout-cd9ab148 wp-block-group-is-layout-flex\">\n<figure class=\"wp-block-image size-large\"><img decoding=\"async\" width=\"60\" height=\"60\" src=\"https:\/\/www.le-cabellou-plage.com\/wp-content\/uploads\/2025\/02\/pot-1.svg\" alt=\"pot (1)\" class=\"wp-image-19326\" \/><\/figure>\n\n\n\n<p class=\"has-custom-color-3-color has-text-color has-link-color has-josefin-sans-font-family wp-elements-e15a6afbc408d4baaa622a3d2010522a\" style=\"font-size:clamp(0.875rem, 0.875rem + ((1vw - 0.2rem) * 0.576), 1.3rem);\">C\u00f4t\u00e9 Keuken<\/p>\n<\/div>\n\n\n\n<ul class=\"wp-block-list\">\n<li>Bakplaten<\/li>\n\n\n\n<li>Magnetron<\/li>\n\n\n\n<li>Elektrisch koffiezetapparaat<\/li>\n\n\n\n<li>Ketel<\/li>\n\n\n\n<li>Broodrooster<\/li>\n\n\n\n<li>Koelkast + vriesvak<\/li>\n\n\n\n<li>Servies en keukenaccessoires<\/li>\n\n\n\n<li>Vaatwasser<\/li>\n\n\n\n<li>Kap<\/li>\n<\/ul>\n<\/div>\n\n\n\n<div class=\"wp-block-group inventaire-item is-vertical is-layout-flex wp-container-core-group-is-layout-fe9cc265 wp-block-group-is-layout-flex\">\n<div class=\"wp-block-group is-nowrap is-layout-flex wp-container-core-group-is-layout-cd9ab148 wp-block-group-is-layout-flex\">\n<figure class=\"wp-block-image size-large\"><img decoding=\"async\" width=\"60\" height=\"60\" src=\"https:\/\/www.le-cabellou-plage.com\/wp-content\/uploads\/2025\/02\/couch-1.svg\" alt=\"bank (1)\" class=\"wp-image-19330\" \/><\/figure>\n\n\n\n<p class=\"has-custom-color-3-color has-text-color has-link-color has-josefin-sans-font-family wp-elements-7e2384f78b97870ffb30eb583ee7c525\" style=\"font-size:clamp(0.875rem, 0.875rem + ((1vw - 0.2rem) * 0.576), 1.3rem);\">Salon C\u00f4t\u00e9<\/p>\n<\/div>\n\n\n\n<ul class=\"wp-block-list\">\n<li>Tafel en stoelen<\/li>\n\n\n\n<li>Radiator<\/li>\n\n\n\n<li>TV<\/li>\n\n\n\n<li>Lederen slaapbank: 140x190cm &#8211; 2 slaapplaatsen (7e en 8e persoon) &#8211; alleen geschikt voor kinderen<\/li>\n<\/ul>\n<\/div>\n<\/div>\n\n\n\n<div class=\"wp-block-group right is-vertical is-layout-flex wp-container-core-group-is-layout-fe9cc265 wp-block-group-is-layout-flex\">\n<div class=\"wp-block-group is-vertical is-layout-flex wp-container-core-group-is-layout-fe9cc265 wp-block-group-is-layout-flex\">\n<div class=\"wp-block-group inventaire-item is-nowrap is-layout-flex wp-container-core-group-is-layout-cd9ab148 wp-block-group-is-layout-flex\">\n<figure class=\"wp-block-image size-large\"><img decoding=\"async\" width=\"60\" height=\"60\" src=\"https:\/\/www.le-cabellou-plage.com\/wp-content\/uploads\/2025\/02\/bed-1.svg\" alt=\"bed (1)\" class=\"wp-image-19334\" \/><\/figure>\n\n\n\n<p class=\"has-custom-color-3-color has-text-color has-link-color has-josefin-sans-font-family wp-elements-f9b6f8bd88dd514dd723a1fe9d60e019\" style=\"font-size:clamp(0.875rem, 0.875rem + ((1vw - 0.2rem) * 0.576), 1.3rem);\">Slaapkamers<\/p>\n<\/div>\n\n\n\n<ul class=\"wp-block-list\">\n<li>1 slaapkamer 1 tweepersoonsbed: 160x200cm Label Belle Literie matras<\/li>\n\n\n\n<li>2 slaapkamers met 2 eenpersoonsbedden: 80x190cm<\/li>\n\n\n\n<li>Dekbedden en kussens aanwezig<\/li>\n\n\n\n<li>Radiator<\/li>\n<\/ul>\n<\/div>\n\n\n\n<div id=\"inventaire-item\" class=\"wp-block-group inventaire-item is-vertical is-layout-flex wp-container-core-group-is-layout-fe9cc265 wp-block-group-is-layout-flex\">\n<div class=\"wp-block-group is-nowrap is-layout-flex wp-container-core-group-is-layout-cd9ab148 wp-block-group-is-layout-flex\">\n<figure class=\"wp-block-image size-large\"><img decoding=\"async\" width=\"60\" height=\"60\" src=\"https:\/\/www.le-cabellou-plage.com\/wp-content\/uploads\/2025\/02\/shower-1.svg\" alt=\"douche (1)\" class=\"wp-image-19338\" \/><\/figure>\n\n\n\n<p class=\"has-custom-color-3-color has-text-color has-link-color has-josefin-sans-font-family wp-elements-e18b73fc175ae88ebd745a2718e7cd5e\" style=\"font-size:clamp(0.875rem, 0.875rem + ((1vw - 0.2rem) * 0.576), 1.3rem);\">Doucheruimte<\/p>\n<\/div>\n\n\n\n<ul class=\"wp-block-list\">\n<li>1 doucheruimte bij de ouderslaapkamer: douche, wastafel, WC<\/li>\n\n\n\n<li>1 gedeelde badkamer met douche en wastafel<\/li>\n\n\n\n<li>1 aparte WC<\/li>\n\n\n\n<li>Radiator<\/li>\n\n\n\n<li>Haardroger<\/li>\n<\/ul>\n<\/div>\n\n\n\n<div class=\"wp-block-group inventaire-item is-vertical is-layout-flex wp-container-core-group-is-layout-fe9cc265 wp-block-group-is-layout-flex\">\n<div class=\"wp-block-group is-nowrap is-layout-flex wp-container-core-group-is-layout-cd9ab148 wp-block-group-is-layout-flex\">\n<figure class=\"wp-block-image size-full\"><img decoding=\"async\" width=\"60\" height=\"59\" src=\"https:\/\/www.le-cabellou-plage.com\/wp-content\/uploads\/2025\/02\/cuisine-1.svg\" alt=\"keuken (1)\" class=\"wp-image-19342\" \/><\/figure>\n\n\n\n<p class=\"has-custom-color-3-color has-text-color has-link-color has-josefin-sans-font-family wp-elements-a0b38f15e8b7c02b3aba777465ba0e44\" style=\"font-size:clamp(0.875rem, 0.875rem + ((1vw - 0.2rem) * 0.576), 1.3rem);\">Diensten beschikbaar tegen extra betaling (per nacht)<\/p>\n<\/div>\n\n\n\n<ul class=\"wp-block-list\">\n<li>Huisdier toegestaan (behalve 1e en 2e categorie, inge\u00ebnt): \u20ac10\/dier<\/li>\n\n\n\n<li>Kinderstoel: \u20ac3<\/li>\n\n\n\n<li>Paraplubed (exclusief matras): \u20ac3<\/li>\n\n\n\n<li>Bad: \u20ac3<\/li>\n\n\n\n<li>Wandelwagen: \u20ac3<\/li>\n\n\n\n<li>Kleedkussen: \u20ac3<\/li>\n\n\n\n<li>Babypakket (5 artikelen): \u20ac9<\/li>\n\n\n\n<li>Extra voertuig: \u20ac4<\/li>\n\n\n\n<li>Barbecue: \u20ac2\/dag en borg vereist<\/li>\n\n\n\n<li>Kit tweepersoonsbeddengoed: \u20ac17\/kit<\/li>\n\n\n\n<li>Klein linnenpakket: \u20ac14\/kit<\/li>\n\n\n\n<li>Handdoekenset: \u20ac10\/kit<\/li>\n\n\n\n<li>Schoonmaakpakket aan het einde van het verblijf: \u20ac110<\/li>\n\n\n\n<li>Vroeg inchecken (tussen 13:00 en 17:00): \u20ac50<\/li>\n\n\n\n<li>Laat uitchecken (tussen 10u en 12u): \u20ac50<\/li>\n\n\n\n<li>Wifi extra<\/li>\n<\/ul>\n<\/div>\n<\/div>\n<\/div>\n\n\n\n<div class=\"wp-block-gt-gt-ws-thelis-product-criterions\">\n            <div class=\"product-criteria-container\">\n                            <div class=\"criteria-group\">\n                    <h3 class=\"criteria-family\">Divers<\/h3>\n                    <ul class=\"criteria-list\">\n                                                    <li class=\"criteria-item\">\n                                <strong>Huisdieren toegestaan<\/strong>\n                            <\/li>\n                                                    <li class=\"criteria-item\">\n                                <strong>Voetgangersgebied<\/strong>\n                            <\/li>\n                                                    <li class=\"criteria-item\">\n                                <strong>S\u00e8che-cheveux<\/strong>\n                            <\/li>\n                                            <\/ul>\n                <\/div>\n                            <div class=\"criteria-group\">\n                    <h3 class=\"criteria-family\">Buiten<\/h3>\n                    <ul class=\"criteria-list\">\n                                                    <li class=\"criteria-item\">\n                                <strong>Terrasse semi-couverte<\/strong>\n                            <\/li>\n                                            <\/ul>\n                <\/div>\n                            <div class=\"criteria-group\">\n                    <h3 class=\"criteria-family\">Binnen<\/h3>\n                    <ul class=\"criteria-list\">\n                                                    <li class=\"criteria-item\">\n                                <strong>Lave-vaisselle<\/strong>\n                            <\/li>\n                                                    <li class=\"criteria-item\">\n                                <strong>Lit 160x200cm<\/strong>\n                            <\/li>\n                                                    <li class=\"criteria-item\">\n                                <strong>2 Salles d&#039;eau<\/strong>\n                            <\/li>\n                                            <\/ul>\n                <\/div>\n                    <\/div>\n    <\/div><\/div>\n\n\n\n<p class=\"invent-loc\" style=\"margin-top:var(--wp--preset--spacing--40)\">Inventarislijst voor verhuur cottage : <a href=\"https:\/\/www.le-cabellou-plage.com\/wp-content\/uploads\/2025\/11\/inventaire-mh-2026-allemand-neerlandais.pdf\" target=\"_blank\" rel=\"noreferrer noopener\"><strong>inventaris verhuur<\/strong><\/a><\/p>\n<\/div>\n\n\n\n<div class=\"wp-block-column is-layout-flow wp-block-column-is-layout-flow\" style=\"flex-basis:400px\">\n<div id=\"gt-single-resa\" class=\"wp-block-group has-base-color has-custom-color-3-background-color has-text-color has-background has-link-color wp-elements-7a7d4b7aed5695a8473103b2d9a11421 has-global-padding is-layout-constrained wp-container-core-group-is-layout-9cfce747 wp-block-group-is-layout-constrained wp-container-3 is-position-sticky\" style=\"border-radius:16px;margin-top:var(--wp--preset--spacing--20);padding-top:var(--wp--preset--spacing--30);padding-right:var(--wp--preset--spacing--20);padding-bottom:var(--wp--preset--spacing--30);padding-left:var(--wp--preset--spacing--20);box-shadow:var(--wp--preset--shadow--natural)\">\n<p class=\"has-text-align-center has-josefin-sans-font-family has-large-font-size\">Uw verblijf<\/p>\n\n\n\n<div class=\"wp-block-group has-contrast-color has-text-color has-link-color has-large-font-size wp-elements-083c6e5df48a1f5e2c7806293edf1c98 has-global-padding is-layout-constrained wp-container-core-group-is-layout-13a671fb wp-block-group-is-layout-constrained\" style=\"padding-top:0rem;padding-right:0;padding-bottom:0rem;padding-left:0\">\n<form\n    style=\"background-color: ;\" class=\"gt-ws-thelis-form-resa single-resa wp-block-gt-gt-ws-thelis-form-resa\"    data-wp-interactive=\"gt\/thelis\"\n    data-wp-init=\"actions.sortHebergements\"\n    data-wp-on--submit=\"actions.submitForm\"\n    data-wp-on-document--scroll=\"actions.stickyForm\"\n    method=\"POST\"\n    action=\"https:\/\/www.le-cabellou-plage.com\/nl\/hebergement\/prestige-cabellou-pieton-6-8p-3ch-2sde-40m2\/\"\n    data-wp-context='{\"disponibilites\":[],\"gtArrival\":\"2026-05-01\",\"gtDeparture\":\"2026-05-08\",\"gtNbPers\":2,\"gtType\":[\"\"],\"openAllYear\":false,\"openingDate\":\"2026-04-03\",\"closingDate\":\"2026-09-20\",\"idsProduct\":\"20\",\"idSite\":\"527\",\"language\":\"nl\",\"destination\":false,\"titres\":{\"disponible\":\"Beschikbaar op\",\"contreproposition\":\"Beschikbaar op andere data\",\"indisponible\":\"Niet beschikbaar\",\"disponibles\":\"Beschikbaar op\",\"plusQue\":\"Meer dan\"},\"isLoading\":false,\"loaded\":false,\"baseUrl\":\"https:\\\/\\\/www.le-cabellou-plage.com\\\/wp-content\\\/plugins\\\/gt-ws-thelis\\\/ws\\\/\",\"siteId\":1,\"sort_order\":\"asc\",\"forceRedirection\":false,\"filterSearchCamping\":[],\"defaultDaysOffset\":7}'    class=\"gt-ws-thelis-form-resa\">\n\n    \n\n    <!-- Calendar Input -->\n            <div class=\"gt-form-field\">\n                            <label for=\"calendar-input\">Dates :<\/label>\n                        <input\n                data-wp-init=\"actions.setCaleran\"\n                style=\"color: ;\"\n                aria-controls=\"p-1\"\n                class=\"gt-input gt-caleran gt-caleran-merged\"\n                name=\"calendar-input\"\n                type=\"text\"\n                value=\"2026-05-01 - 2026-05-08\" \/>\n        <\/div>\n    \n    <!-- Conditionally display Dropdown for Nombre de personnes -->\n    \n    <!-- Conditionally display Dropdown for Campings -->\n    \n    <!-- Conditionally display Dropdown for Types d'h\u00e9bergement -->\n    \n    <!-- Submit Button -->\n    \n<\/form>\n\n<\/div>\n\n\n\n<hr class=\"wp-block-separator has-text-color has-alpha-channel-opacity has-background is-style-wide\" style=\"background-color:#1212121c;color:#1212121c\" \/>\n\n\n    \n\t<div\n\t\tclass=\"wp-block-gt-gt-ws-thelis-disponibilites\"\t\tdata-wp-interactive=\"gt\/thelis\"\n\t\tdata-wp-watch=\"actions.loadStays\"\n\t\tdata-wp-bind--data-gt-statut=\"state.statut\"\n\t\tdata-wp-key=\"20+527-69f489e8d4c0a\"\n\t\tdata-wp-context='{\"idsProduct\":\"20+527\",\"idProduct\":\"20\",\"campingKey\":\"527\",\"isIndisponible\":true}'\t>\n\n\t\t\t\t\t<div hidden class=\"gt-ws-thelis-spinner\" data-wp-bind--hidden=\"!state.isLoading\">\n\t\t\t\t<span class=\"loader\"><\/span>\n\t\t\t<\/div>\n\t\t\n\n\t\t<div data-wp-bind--hidden=\"state.isLoading\" class=\"gt-ws-thelis-disponibilite-wrap\">\n\n\t\t\t\t\t\t\t\t\t\t\t\t\t<div class=\"gt-ws-thelis-statut\" data-wp-text=\"state.titre\"><\/div>\n\t\t\t\t\t\t\t\t\n\t\t\t\t\t\n\t\t\t\t<div hidden \n\t\t\t\t\tclass=\"gt-ws-thelis__disponibilite__price\"\n\t\t\t\t\tdata-wp-bind--hidden=\"!state.price\"\n\t\t\t\t>\n\t\t\t\t\t<span>Vanaf <\/span>\n\t\t\t\t\t<span hidden class=\"gt-ws-thelis__disponibilite__price__original\" data-wp-bind--hidden=\"!state.hasPromo\">\n\t\t\t\t\t\t<strike><span data-wp-text=\"state.originalPrice\"><\/span>\u20ac<\/strike>\n\t\t\t\t\t<\/span>\n\t\t\t\t\t<span class=\"gt-ws-thelis__disponibilite__price__discounted\">\n\t\t\t\t\t\t<span data-wp-bind--data-gt-price=\"state.price\" class=\"gt-ws-thelis-data-price\" data-wp-text=\"state.price\"><\/span>\u20ac\n\t\t\t\t\t<\/span>\n\t\t\t\t<\/div>\n\t\t\t\n\t\t\t\n\t\t\t\n\t\t\t\t<ul hidden \n\t\t\t\t\tclass=\"gt-ws-thelis__disponibilites\"\n\t\t\t\t\tdata-wp-bind--hidden=\"!state.isContreproposition\"\n\t\t\t\t>\n\t\t\t\t\t<template\n\t\t\t\t\t\tdata-wp-each--stay=\"state.currentDisponibilites\"\n\t\t\t\t\t>\n\t\t\t\t\t\t<li class=\"gt-ws-thelis__disponibilites\">\n\t\t\t\t\t\t\t<label \n\t\t\t\t\t\t\t\tdata-wp-bind--for=\"context.stay.gt.uniqueStayId\"\n\t\t\t\t\t\t\t>\n\t\t\t\t\t\t\t\t<div class=\"gt-ws-thelis__disponibilite__input\">\n\t\t\t\t\t\t\t\t\t<input \n\t\t\t\t\t\t\t\t\t\ttype=\"radio\" \n\t\t\t\t\t\t\t\t\t\tname=\"stay\" \n\t\t\t\t\t\t\t\t\t\tdata-wp-bind--hidden=\"!state.isContreproposition\"\n\t\t\t\t\t\t\t\t\t\tdata-wp-bind--id=\"context.stay.gt.uniqueStayId\"\n\t\t\t\t\t\t\t\t\t\tdata-wp-on--click=\"actions.setMainStay\"\n\t\t\t\t\t\t\t\t\t\/>\n\t\t\t\t\t\t\t\t<\/div>\n\t\t\t\t\t\t\t\t<div class=\"gt-ws-thelis__disponibilite__dates\">\n\t\t\t\t\t\t\t\t\t<span>Du <span data-wp-text=\"context.stay.gt.beginDate\"><\/span> <\/span>\n\t\t\t\t\t\t\t\t\t<span>au <span data-wp-text=\"context.stay.gt.endDate\"><\/span><\/span>\n\t\t\t\t\t\t\t\t<\/div>\n\t\t\t\t\t\t\t\t<div class=\"gt-ws-thelis__disponibilite__nuits\">\n\t\t\t\t\t\t\t\t\t<span data-wp-text=\"context.stay.gt.duration\"><\/span> nuits\t\t\t\t\t\t\t\t<\/div>\n\t\t\t\t\t\t\t\t<div class=\"gt-ws-thelis__disponibilite__price\">\n\t\t\t\t\t\t\t\t\t<span>Vanaf <\/span>\n\t\t\t\t\t\t\t\t\t<span class=\"gt-ws-thelis__disponibilite__price__original\" data-wp-bind--hidden=\"!context.stay.promotion\">\n\t\t\t\t\t\t\t\t\t\t<strike><span data-wp-text=\"context.stay.gt.originalPrice\"><\/span>\u20ac<\/strike>\n\t\t\t\t\t\t\t\t\t<\/span>\n\t\t\t\t\t\t\t\t\t<span class=\"gt-ws-thelis__disponibilite__price__discounted\">\n\t\t\t\t\t\t\t\t\t\t<span data-wp-text=\"context.stay.price\" class=\"gt-ws-thelis-data-price\" data-wp-bind--data-gt-price=\"context.stay.price\"><\/span>\u20ac\n\t\t\t\t\t\t\t\t\t<\/span>\n\t\t\t\t\t\t\t\t<\/div>\n\t\t\t\t\t\t\t<\/label>\n\t\t\t\t\t\t<\/li>\n\n\t\t\t\t\t<\/template>\n\t\t\t\t<\/ul>\n\n\t\t\t\n\t\t\t\n\t\t<\/div>\n\n\t<\/div>\n\n    <\/div>\n<\/div>\n<\/div>\n\n\n\n<div class=\"wp-block-group alignwide gt-single-heberg-alternatives is-layout-flow wp-block-group-is-layout-flow\">\n<div style=\"height:var(--wp--preset--spacing--40)\" aria-hidden=\"true\" class=\"wp-block-spacer gt-hide-mobile\"><\/div>\n\n\n\n<h2 class=\"wp-block-heading has-base-color has-text-color has-link-color has-medium-font-size wp-elements-bbcb79912101f0cbb11c87e7ed2e0502\" style=\"margin-bottom:-32px\">Onze andere beschikbare accommodaties<\/h2>\n\n\n\n<div data-swiper=\"{&quot;speed&quot;:400,&quot;spaceBetween&quot;:16,&quot;slidesPerView&quot;:3,&quot;createElements&quot;:true,&quot;loop&quot;:true,&quot;freemode&quot;:true,&quot;breakpoints&quot;:{&quot;0&quot;:{&quot;slidesPerView&quot;:1},&quot;781&quot;:{&quot;slidesPerView&quot;:2},&quot;992&quot;:{&quot;slidesPerView&quot;:3}},&quot;pagination&quot;:false}\" data-wp-context=\"{}\" data-wp-interactive=\"core\/query\" data-wp-key=\"0\" data-wp-router-region=\"query-0\" class=\"wp-block-query alignfull gt-ws-thelis-disponibilites-query gt-is-slider gt-is-slider-desktop is-layout-flow wp-block-query-is-layout-flow\"><\/div>\n<\/div>\n<\/main>\n","protected":false},"featured_media":38154,"template":"","meta":{"_acf_changed":false,"_seopress_robots_primary_cat":"","_seopress_titles_title":"","_seopress_titles_desc":"","_seopress_robots_index":"","inline_featured_image":false,"gt_fse_maillage_image":"https:\/\/www.le-cabellou-plage.com\/wp-content\/uploads\/2025\/03\/prestige-cabellou-pieton-6-8p-3ch-2sde-40m2-camping-resort-5-etoiles-cabellou-plage-concarneau.webp","gt_fse_maillage_titre":"Prestige Cabellou - Voetganger - 6\/8P 3Ch 2Sde 40m2","gt_fse_maillage_alt":"Prestige Cabellou - Voetganger - 6\/8P 3Ch 2Sde 40m2","gt_fse_maillage_resume":"","gt_ws_thelis_idProduct":"20","gt_ws_thelis_idSite":"527","gt_ws_thelis_camping":"cabellou","gt_ws_thelis_name":"Prestige Cabellou - Pi\u00e9ton - 6\/8P 3Ch 2Sde 40m2","gt_ws_thelis_description":"PRESTIGE CABELLOU - 3 CHAMBRES &#8211; 2 SALLES D'EAU - 6\/8 PERSONNES - 40M\u00b2\n\t\nType d'h\u00e9bergement\n. Mobil-home neuf - ann\u00e9e mod\u00e8le 2020\n. Quartier pi\u00e9ton\n\t \nExt\u00e9rieur\n. Table et chaises de jardin\n. Transats\n. Possibilit\u00e9 de barbecue (2&#8364;\/jour + caution demand\u00e9e) \n. Terrasse semi-couverte\n. Etendoir \u00e0 linge\n\t \nC\u00f4t\u00e9 Cuisine\n. Plaques de cuisson\n. Micro-ondes\n. Cafeti\u00e8re \u00e9lectrique\n. Bouilloire\n. Grille-pain\n. R\u00e9frig\u00e9rateur + compartiment cong\u00e9lateur\n. Vaisselle et accessoires de cuisine\n. Lave-vaisselle\n. Hotte\n\t \nC\u00f4t\u00e9 Salon\n. Tables et chaises\n. Radiateur\n. TV\n. Canap\u00e9 touch\u00e9 cuir convertible : 140x190cm - 2 places (pour 7\u00e8me et 8\u00e8me personne) - convient aux enfants uniquement\n\t \nC\u00f4t\u00e9 Chambres\n. 1 chambre 1 lit double : 160x200cm matelas Label Belle Literie\n. 2 chambres 2 lits simples : 80x190cm\n. Couettes et oreillers fournis\n. Radiateur\n\t \nSalle d'eau\n. 1 salle d'eau avec la chambre parentale : douche, lavabo, WC\n. 1 salle d'eau commune avec douche et lavabo\n. 1 WC s\u00e9par\u00e9\n. Radiateur\n. S\u00e8che-cheveux\n\t \nServices disponibles avec suppl\u00e9ment (par nuit) : \nAnimal admis (hors 1\u00e8re et 2nde cat\u00e9gories) : 10&#8364;\/animal, \nChaise haute b\u00e9b\u00e9 : 3&#8364;, \nLit parapluie (hors matelas) : 3&#8364;, \nBaignoire : 3&#8364;, \nPoussette canne : 3&#8364;, \nMatelas \u00e0 langer : 3&#8364;, \nForfait b\u00e9b\u00e9 (5 \u00e9l\u00e9ments) : 9&#8364;, \nV\u00e9hicule suppl\u00e9mentaire ou remorque de +3m\u00e8tres : 4&#8364;, \nBarbecue : 2&#8364; et caution demand\u00e9e. \n\nServices disponibles avec suppl\u00e9ment (par s\u00e9jour) : \nM\u00e9nage fin de s\u00e9jour : 110&#8364;\nKits draps grand lit : 17&#8364;\/kit, \nKit draps petit lit : 14&#8364;\/kit, \nKit serviettes : 10&#8364;\/kit,\nArriv\u00e9e anticip\u00e9e (entre 13h et 17h) : 50&#8364;,\nD\u00e9part tardif (entre 10h et 12h) : 50&#8364;,\nWifi en suppl\u00e9ment sur place. \n\nVisuels non contractuels.","gt_ws_thelis_camping_name":"Camping Le Cabellou Plage","gt_ws_thelis_types":"[\"Stacaravan\",\"location\"]","gt_ws_thelis_rooms":"3","gt_ws_thelis_bathrooms":"2","gt_ws_thelis_capacity":"8","gt_ws_thelis_surface":"40","gt_ws_thelis_criterions_array_fr":"","gt_ws_thelis_pictures":"","footnotes":""},"categories":[],"tags":[],"gamme":[],"class_list":["post-14132","hebergement","type-hebergement","status-publish","has-post-thumbnail","hentry"],"acf":[],"_links":{"self":[{"href":"https:\/\/www.le-cabellou-plage.com\/nl\/wp-json\/wp\/v2\/hebergement\/14132","targetHints":{"allow":["GET"]}}],"collection":[{"href":"https:\/\/www.le-cabellou-plage.com\/nl\/wp-json\/wp\/v2\/hebergement"}],"about":[{"href":"https:\/\/www.le-cabellou-plage.com\/nl\/wp-json\/wp\/v2\/types\/hebergement"}],"version-history":[{"count":197,"href":"https:\/\/www.le-cabellou-plage.com\/nl\/wp-json\/wp\/v2\/hebergement\/14132\/revisions"}],"predecessor-version":[{"id":37878,"href":"https:\/\/www.le-cabellou-plage.com\/nl\/wp-json\/wp\/v2\/hebergement\/14132\/revisions\/37878"}],"wp:featuredmedia":[{"embeddable":true,"href":"https:\/\/www.le-cabellou-plage.com\/nl\/wp-json\/wp\/v2\/media\/38154"}],"wp:attachment":[{"href":"https:\/\/www.le-cabellou-plage.com\/nl\/wp-json\/wp\/v2\/media?parent=14132"}],"wp:term":[{"taxonomy":"category","embeddable":true,"href":"https:\/\/www.le-cabellou-plage.com\/nl\/wp-json\/wp\/v2\/categories?post=14132"},{"taxonomy":"post_tag","embeddable":true,"href":"https:\/\/www.le-cabellou-plage.com\/nl\/wp-json\/wp\/v2\/tags?post=14132"},{"taxonomy":"gamme","embeddable":true,"href":"https:\/\/www.le-cabellou-plage.com\/nl\/wp-json\/wp\/v2\/gamme?post=14132"}],"curies":[{"name":"wp","href":"https:\/\/api.w.org\/{rel}","templated":true}]}}