{"id":14128,"date":"2025-03-04T04:00:07","date_gmt":"2025-03-04T03:00:07","guid":{"rendered":"https:\/\/www.le-cabellou-plage.com\/hebergement\/emplacement-camping-confort\/"},"modified":"2026-05-01T05:01:17","modified_gmt":"2026-05-01T03:01:17","slug":"emplacement-camping-confort","status":"publish","type":"hebergement","link":"https:\/\/www.le-cabellou-plage.com\/nl\/hebergement\/emplacement-camping-confort\/","title":{"rendered":"Emplacement Camping Confort"},"content":{"rendered":"\n<main style=\"background-image:url(&apos;\/wp-content\/uploads\/2024\/10\/image-1.png&apos;);background-position:0% 80%;background-repeat:no-repeat;background-size:25rem;\" class=\"wp-block-group alignfull has-custom-color-2-background-color has-background has-global-padding is-layout-constrained wp-container-core-group-is-layout-0b40682b wp-block-group-is-layout-constrained\">\n<div class=\"wp-block-group alignwide has-global-padding is-content-justification-left is-layout-constrained wp-container-core-group-is-layout-7ca9ea7d wp-block-group-is-layout-constrained\">\n<p class=\"return-btn has-base-2-color has-text-color has-link-color wp-elements-3eab186bf4b9d81d39618d9e116d9da0\" style=\"font-style:normal;font-weight:600\"><a href=\"https:\/\/www.le-cabellou-plage.com\/nl\/een-verblijf-zoeken\/\" data-type=\"page\" data-id=\"1663\"><i class=\"fas fa-arrow-left\"><\/i>  Accommodatie<\/a><\/p>\n\n\n\n<div style=\"height:16px\" aria-hidden=\"true\" class=\"wp-block-spacer gt-hide-mobile\"><\/div>\n<\/div>\n\n\n\n<div class=\"wp-block-columns gt-single-hebergement-columns is-layout-flex wp-container-core-columns-is-layout-28f84493 wp-block-columns-is-layout-flex\">\n<div class=\"wp-block-column is-layout-flow wp-block-column-is-layout-flow\" style=\"flex-basis:66.66%\">\n<div class=\"wp-block-columns is-layout-flex wp-container-core-columns-is-layout-28f84493 wp-block-columns-is-layout-flex\">\n<div class=\"wp-block-column is-layout-flow wp-block-column-is-layout-flow\" style=\"flex-basis:66.66%\">\n<div \n    class=\"left-slider wp-block-gt-gt-ws-thelis-product-images\"    data-wp-interactive=\"gt\/thelis\/hebergement\/image\"\n    data-gallery-images='[&quot;https:\\\/\\\/www.le-cabellou-plage.com\\\/wp-content\\\/uploads\\\/gt-ws-thelis\\\/site-1\\\/images\\\/527\\\/pict_22_3.jpg&quot;,&quot;https:\\\/\\\/www.le-cabellou-plage.com\\\/wp-content\\\/uploads\\\/gt-ws-thelis\\\/site-1\\\/images\\\/527\\\/pict_22_1.jpg&quot;,&quot;https:\\\/\\\/www.le-cabellou-plage.com\\\/wp-content\\\/uploads\\\/gt-ws-thelis\\\/site-1\\\/images\\\/527\\\/pict_22_2.jpg&quot;]'\n    data-wp-context='{\"images\":[\"https:\\\/\\\/www.le-cabellou-plage.com\\\/wp-content\\\/uploads\\\/gt-ws-thelis\\\/site-1\\\/images\\\/527\\\/pict_22_3.jpg\",\"https:\\\/\\\/www.le-cabellou-plage.com\\\/wp-content\\\/uploads\\\/gt-ws-thelis\\\/site-1\\\/images\\\/527\\\/pict_22_1.jpg\",\"https:\\\/\\\/www.le-cabellou-plage.com\\\/wp-content\\\/uploads\\\/gt-ws-thelis\\\/site-1\\\/images\\\/527\\\/pict_22_2.jpg\"],\"jsonConfig\":{\"speed\":400,\"spaceBetween\":16,\"slidesPerView\":1,\"loop\":true,\"breakpoints\":[{\"slidesPerView\":1}],\"effect\":\"fade\",\"pagination\":false},\"sliderId\":\"69f485f57e357\"}'>\n            <div \n            id=\"69f485f57e357\"\n            class=\"gt-ws-thelis-is-slider swiper\" \n            data-swiper='{\"speed\":400,\"spaceBetween\":16,\"slidesPerView\":1,\"loop\":true,\"breakpoints\":[{\"slidesPerView\":1}],\"effect\":\"fade\",\"pagination\":false}'\n            data-wp-key=\"141283e20e1cb6ce67ced7a6693051072a477\"\n            data-wp-run=\"callbacks.resetSwiper\"\n            data-wp-on--mouseover=\"callbacks.resetSwiper\"\n        >\n        <div class=\"swiper-wrapper\">\n                \n            \n                        <button\n                data-wp-on--click=\"actions.openLightbox\"\n                data-image-index=\"0\"\n                class=\"gt-ws-ctv-image-button\"\n                aria-label=\"Ouvrir l&#039;image 1 sur 3 pour Emplacement Camping Confort\">\n            \n\n            <figure \n                class=\"wp-block-image swiper-slide\" \n                data-image-index=\"0\"\n            >\n                                    <a href=\"https:\/\/www.le-cabellou-plage.com\/wp-content\/uploads\/gt-ws-thelis\/site-1\/images\/527\/pict_22_1.jpg\" class=\"glightbox\" data-gallery=\"gallery\">\n                                        <img decoding=\"async\" \n                                                    style=\"aspect-ratio: 16\/9\" \n                                                src=\"https:\/\/www.le-cabellou-plage.com\/wp-content\/uploads\/gt-ws-thelis\/site-1\/images\/527\/pict_22_1.jpg\" \n                        alt=\"Emplacement Camping Confort\"\n                        loading=\"lazy\"\n                    >\n                                        <\/a>\n                            <\/figure>\n\n            \n        \n            \n                        <button\n                data-wp-on--click=\"actions.openLightbox\"\n                data-image-index=\"1\"\n                class=\"gt-ws-ctv-image-button\"\n                aria-label=\"Ouvrir l&#039;image 2 sur 3 pour Emplacement Camping Confort\">\n            \n\n            <figure \n                class=\"wp-block-image swiper-slide\" \n                data-image-index=\"1\"\n            >\n                                    <a href=\"https:\/\/www.le-cabellou-plage.com\/wp-content\/uploads\/gt-ws-thelis\/site-1\/images\/527\/pict_22_2.jpg\" class=\"glightbox\" data-gallery=\"gallery\">\n                                        <img decoding=\"async\" \n                                                    style=\"aspect-ratio: 16\/9\" \n                                                src=\"https:\/\/www.le-cabellou-plage.com\/wp-content\/uploads\/gt-ws-thelis\/site-1\/images\/527\/pict_22_2.jpg\" \n                        alt=\"Emplacement Camping Confort\"\n                        loading=\"lazy\"\n                    >\n                                        <\/a>\n                            <\/figure>\n\n            \n        \n            \n                        <button\n                data-wp-on--click=\"actions.openLightbox\"\n                data-image-index=\"2\"\n                class=\"gt-ws-ctv-image-button\"\n                aria-label=\"Ouvrir l&#039;image 3 sur 3 pour Emplacement Camping Confort\">\n            \n\n            <figure \n                class=\"wp-block-image swiper-slide\" \n                data-image-index=\"2\"\n            >\n                                    <a href=\"https:\/\/www.le-cabellou-plage.com\/wp-content\/uploads\/gt-ws-thelis\/site-1\/images\/527\/pict_22_3.jpg\" class=\"glightbox\" data-gallery=\"gallery\">\n                                        <img decoding=\"async\" \n                                                    style=\"aspect-ratio: 16\/9\" \n                                                src=\"https:\/\/www.le-cabellou-plage.com\/wp-content\/uploads\/gt-ws-thelis\/site-1\/images\/527\/pict_22_3.jpg\" \n                        alt=\"Emplacement Camping Confort\"\n                        loading=\"lazy\"\n                    >\n                                        <\/a>\n                            <\/figure>\n\n            \n        \n        \n            <\/div>\n            <div class=\"swiper-pagination\"><\/div>\n            <div class=\"swiper-button-prev\"><\/div>\n            <div class=\"swiper-button-next\"><\/div>\n        <\/div>\n        <\/div><\/div>\n\n\n\n<div class=\"wp-block-column is-layout-flow wp-block-column-is-layout-flow\" style=\"flex-basis:33.33%\">\n<div class=\"wp-block-group is-vertical is-layout-flex wp-container-core-group-is-layout-fe9cc265 wp-block-group-is-layout-flex\">\n<div \n    class=\"right-img wp-block-gt-gt-ws-thelis-product-images\"    data-wp-interactive=\"gt\/thelis\/hebergement\/image\"\n    data-gallery-images='[&quot;https:\\\/\\\/www.le-cabellou-plage.com\\\/wp-content\\\/uploads\\\/gt-ws-thelis\\\/site-1\\\/images\\\/527\\\/pict_22_3.jpg&quot;,&quot;https:\\\/\\\/www.le-cabellou-plage.com\\\/wp-content\\\/uploads\\\/gt-ws-thelis\\\/site-1\\\/images\\\/527\\\/pict_22_1.jpg&quot;,&quot;https:\\\/\\\/www.le-cabellou-plage.com\\\/wp-content\\\/uploads\\\/gt-ws-thelis\\\/site-1\\\/images\\\/527\\\/pict_22_2.jpg&quot;]'\n    data-wp-context='{\"images\":[\"https:\\\/\\\/www.le-cabellou-plage.com\\\/wp-content\\\/uploads\\\/gt-ws-thelis\\\/site-1\\\/images\\\/527\\\/pict_22_3.jpg\",\"https:\\\/\\\/www.le-cabellou-plage.com\\\/wp-content\\\/uploads\\\/gt-ws-thelis\\\/site-1\\\/images\\\/527\\\/pict_22_1.jpg\",\"https:\\\/\\\/www.le-cabellou-plage.com\\\/wp-content\\\/uploads\\\/gt-ws-thelis\\\/site-1\\\/images\\\/527\\\/pict_22_2.jpg\"],\"jsonConfig\":[],\"sliderId\":\"69f485f57e625\"}'>\n            \n            \n                        <button\n                data-wp-on--click=\"actions.openLightbox\"\n                data-image-index=\"0\"\n                class=\"gt-ws-ctv-image-button\"\n                aria-label=\"Ouvrir l&#039;image 1 sur 3 pour Emplacement Camping Confort\">\n            \n\n            <figure \n                class=\"wp-block-image \" \n                data-image-index=\"0\"\n            >\n                                    <a href=\"https:\/\/www.le-cabellou-plage.com\/wp-content\/uploads\/gt-ws-thelis\/site-1\/images\/527\/pict_22_1.jpg\" class=\"glightbox\" data-gallery=\"gallery\">\n                                        <img decoding=\"async\" \n                                                    style=\"aspect-ratio: 16\/9\" \n                                                src=\"https:\/\/www.le-cabellou-plage.com\/wp-content\/uploads\/gt-ws-thelis\/site-1\/images\/527\/pict_22_1.jpg\" \n                        alt=\"Emplacement Camping Confort\"\n                        loading=\"lazy\"\n                    >\n                                        <\/a>\n                            <\/figure>\n\n            \n        \n            \n                        <button\n                data-wp-on--click=\"actions.openLightbox\"\n                data-image-index=\"1\"\n                class=\"gt-ws-ctv-image-button\"\n                aria-label=\"Ouvrir l&#039;image 2 sur 3 pour Emplacement Camping Confort\">\n            \n\n            <figure \n                class=\"wp-block-image \" \n                data-image-index=\"1\"\n            >\n                                    <a href=\"https:\/\/www.le-cabellou-plage.com\/wp-content\/uploads\/gt-ws-thelis\/site-1\/images\/527\/pict_22_2.jpg\" class=\"glightbox\" data-gallery=\"gallery\">\n                                        <img decoding=\"async\" \n                                                    style=\"aspect-ratio: 16\/9\" \n                                                src=\"https:\/\/www.le-cabellou-plage.com\/wp-content\/uploads\/gt-ws-thelis\/site-1\/images\/527\/pict_22_2.jpg\" \n                        alt=\"Emplacement Camping Confort\"\n                        loading=\"lazy\"\n                    >\n                                        <\/a>\n                            <\/figure>\n\n            \n        \n                    <button\n            class=\"gt-ws-thelis-camera-icon\" \n            data-wp-on--click=\"actions.openLightbox\"\n            aria-label=\"Ouvrir l&#039;image 1 sur 3 pour Emplacement Camping Confort\"\n        >\n            <span class=\"dashicons dashicons-camera\"><\/span> 3        <\/button>\n    <\/div><\/div>\n<\/div>\n<\/div>\n\n\n\n<div class=\"wp-block-group has-global-padding is-layout-constrained wp-block-group-is-layout-constrained\" style=\"margin-top:var(--wp--preset--spacing--40)\">\n<div class=\"wp-block-group hebergement-options is-layout-grid wp-container-core-group-is-layout-a5602edc wp-block-group-is-layout-grid\" style=\"font-style:normal;font-weight:600\">\n\n\n\n\n<div class=\"wp-block-gt-gt-ws-thelis-product-capacity\">\n            <img decoding=\"async\" src=\"https:\/\/www.le-cabellou-plage.com\/wp-content\/uploads\/2025\/01\/groupe.svg\" alt=\"Icon\" class=\"gt-icon\" \/> \n        6                 <\/div>\n\n<\/div>\n\n\n<p class=\"wp-elements-3b812bbe30c0c3925e1f18079e863a2b wp-block-gt-gt-ws-thelis-product-name has-text-color has-custom-color-3-color has-large-font-size has-josefin-sans-font-family\">\n    Emplacement Camping Confort<\/p>\n\n\n\n<p>Het<strong> campingarrangement<\/strong> voor de <a href=\"https:\/\/www.le-cabellou-plage.com\/\">camping in Concarneau<\/a> omvat een staanplaats voor twee of vier personen (afhankelijk van de periode) met elektriciteit (10 amp\u00e8re), een voertuig en een watertappunt in de buurt. De staanplaatsen zijn grasrijk. De grootte van de staanplaatsen varieert afhankelijk van de locatie, maar de gemiddelde grootte is ongeveer <strong>100M2<\/strong>.  <\/p>\n\n\n\n<p>We bieden 2 soorten kampeerplaatsen aan. Onze <strong>comfortplaatsen<\/strong> liggen aan de rand van de oprijlaan en de rand van de camping. In dit gedeelte loopt een weg langs het strand buiten de camping. Je kunt de nummers van de betreffende kampeerplaatsen zien op onze plattegrond (75, 82, 83, 87, 88, 89, 90). <br \/>Onze <strong>Confort Plus kampeerplaatsen<\/strong> liggen in het midden van de camping, iets van de oprit en de weg af.   <\/p>\n\n\n\n<p>De sanitaire voorzieningen, op 150 tot 200 meter, bieden alle comfort: babyruimte, douche en toilet voor mensen met een beperkte mobiliteit, haardroger, stopcontact, vaatwasser, hondendouche, vissenkom. Een professionele wasserij met 3 wasmachines, 2 droogtrommels en een strijkijzer. <\/p>\n\n\n\n<div class=\"wp-block-gt-gt-ws-thelis-product-criterions\">\n            <div class=\"product-criteria-container\">\n                            <div class=\"criteria-group\">\n                    <h3 class=\"criteria-family\">Divers<\/h3>\n                    <ul class=\"criteria-list\">\n                                                    <li class=\"criteria-item\">\n                                <strong>Huisdieren toegestaan<\/strong>\n                            <\/li>\n                                                    <li class=\"criteria-item\">\n                                <strong>Stationnement sur emplacement<\/strong>\n                            <\/li>\n                                            <\/ul>\n                <\/div>\n                    <\/div>\n    <\/div><\/div>\n<\/div>\n\n\n\n<div class=\"wp-block-column is-layout-flow wp-block-column-is-layout-flow\" style=\"flex-basis:400px\">\n<div id=\"gt-single-resa\" class=\"wp-block-group has-base-color has-custom-color-3-background-color has-text-color has-background has-link-color wp-elements-bc3b80740797f602a0b36dbef4f48091 has-global-padding is-layout-constrained wp-container-core-group-is-layout-9cfce747 wp-block-group-is-layout-constrained wp-container-3 is-position-sticky\" style=\"border-radius:16px;margin-top:var(--wp--preset--spacing--20);padding-top:var(--wp--preset--spacing--30);padding-right:var(--wp--preset--spacing--20);padding-bottom:var(--wp--preset--spacing--30);padding-left:var(--wp--preset--spacing--20);box-shadow:var(--wp--preset--shadow--natural)\">\n<p class=\"has-text-align-center has-josefin-sans-font-family has-large-font-size\">Uw verblijf<\/p>\n\n\n\n<div class=\"wp-block-group has-contrast-color has-text-color has-link-color has-large-font-size wp-elements-083c6e5df48a1f5e2c7806293edf1c98 has-global-padding is-layout-constrained wp-container-core-group-is-layout-13a671fb wp-block-group-is-layout-constrained\" style=\"padding-top:0rem;padding-right:0;padding-bottom:0rem;padding-left:0\">\n<form\n    style=\"background-color: ;\" class=\"gt-ws-thelis-form-resa single-resa wp-block-gt-gt-ws-thelis-form-resa\"    data-wp-interactive=\"gt\/thelis\"\n    data-wp-init=\"actions.sortHebergements\"\n    data-wp-on--submit=\"actions.submitForm\"\n    data-wp-on-document--scroll=\"actions.stickyForm\"\n    method=\"POST\"\n    action=\"https:\/\/www.le-cabellou-plage.com\/nl\/hebergement\/emplacement-camping-confort\/\"\n    data-wp-context='{\"disponibilites\":[],\"gtArrival\":\"2026-05-01\",\"gtDeparture\":\"2026-05-08\",\"gtNbPers\":2,\"gtType\":[\"\"],\"openAllYear\":false,\"openingDate\":\"2026-04-03\",\"closingDate\":\"2026-09-20\",\"idsProduct\":\"22\",\"idSite\":\"527\",\"language\":\"nl\",\"destination\":false,\"titres\":{\"disponible\":\"Beschikbaar op\",\"contreproposition\":\"Beschikbaar op andere data\",\"indisponible\":\"Niet beschikbaar\",\"disponibles\":\"Beschikbaar op\",\"plusQue\":\"Meer dan\"},\"isLoading\":false,\"loaded\":false,\"baseUrl\":\"https:\\\/\\\/www.le-cabellou-plage.com\\\/wp-content\\\/plugins\\\/gt-ws-thelis\\\/ws\\\/\",\"siteId\":1,\"sort_order\":\"asc\",\"forceRedirection\":false,\"filterSearchCamping\":[],\"defaultDaysOffset\":7}'    class=\"gt-ws-thelis-form-resa\">\n\n    \n\n    <!-- Calendar Input -->\n            <div class=\"gt-form-field\">\n                            <label for=\"calendar-input\">Dates :<\/label>\n                        <input\n                data-wp-init=\"actions.setCaleran\"\n                style=\"color: ;\"\n                aria-controls=\"p-1\"\n                class=\"gt-input gt-caleran gt-caleran-merged\"\n                name=\"calendar-input\"\n                type=\"text\"\n                value=\"2026-05-01 - 2026-05-08\" \/>\n        <\/div>\n    \n    <!-- Conditionally display Dropdown for Nombre de personnes -->\n    \n    <!-- Conditionally display Dropdown for Campings -->\n    \n    <!-- Conditionally display Dropdown for Types d'h\u00e9bergement -->\n    \n    <!-- Submit Button -->\n    \n<\/form>\n\n<\/div>\n\n\n\n<hr class=\"wp-block-separator has-text-color has-alpha-channel-opacity has-background is-style-wide\" style=\"background-color:#1212121c;color:#1212121c\" \/>\n\n\n    \n\t<div\n\t\tclass=\"wp-block-gt-gt-ws-thelis-disponibilites\"\t\tdata-wp-interactive=\"gt\/thelis\"\n\t\tdata-wp-watch=\"actions.loadStays\"\n\t\tdata-wp-bind--data-gt-statut=\"state.statut\"\n\t\tdata-wp-key=\"22+527-69f485f57f97e\"\n\t\tdata-wp-context='{\"idsProduct\":\"22+527\",\"idProduct\":\"22\",\"campingKey\":\"527\",\"isIndisponible\":true}'\t>\n\n\t\t\t\t\t<div hidden class=\"gt-ws-thelis-spinner\" data-wp-bind--hidden=\"!state.isLoading\">\n\t\t\t\t<span class=\"loader\"><\/span>\n\t\t\t<\/div>\n\t\t\n\n\t\t<div data-wp-bind--hidden=\"state.isLoading\" class=\"gt-ws-thelis-disponibilite-wrap\">\n\n\t\t\t\t\t\t\t\t\t\t\t\t\t<div class=\"gt-ws-thelis-statut\" data-wp-text=\"state.titre\"><\/div>\n\t\t\t\t\t\t\t\t\n\t\t\t\t\t\n\t\t\t\t<div hidden \n\t\t\t\t\tclass=\"gt-ws-thelis__disponibilite__price\"\n\t\t\t\t\tdata-wp-bind--hidden=\"!state.price\"\n\t\t\t\t>\n\t\t\t\t\t<span>Vanaf <\/span>\n\t\t\t\t\t<span hidden class=\"gt-ws-thelis__disponibilite__price__original\" data-wp-bind--hidden=\"!state.hasPromo\">\n\t\t\t\t\t\t<strike><span data-wp-text=\"state.originalPrice\"><\/span>\u20ac<\/strike>\n\t\t\t\t\t<\/span>\n\t\t\t\t\t<span class=\"gt-ws-thelis__disponibilite__price__discounted\">\n\t\t\t\t\t\t<span data-wp-bind--data-gt-price=\"state.price\" class=\"gt-ws-thelis-data-price\" data-wp-text=\"state.price\"><\/span>\u20ac\n\t\t\t\t\t<\/span>\n\t\t\t\t<\/div>\n\t\t\t\n\t\t\t\n\t\t\t\n\t\t\t\t<ul hidden \n\t\t\t\t\tclass=\"gt-ws-thelis__disponibilites\"\n\t\t\t\t\tdata-wp-bind--hidden=\"!state.isContreproposition\"\n\t\t\t\t>\n\t\t\t\t\t<template\n\t\t\t\t\t\tdata-wp-each--stay=\"state.currentDisponibilites\"\n\t\t\t\t\t>\n\t\t\t\t\t\t<li class=\"gt-ws-thelis__disponibilites\">\n\t\t\t\t\t\t\t<label \n\t\t\t\t\t\t\t\tdata-wp-bind--for=\"context.stay.gt.uniqueStayId\"\n\t\t\t\t\t\t\t>\n\t\t\t\t\t\t\t\t<div class=\"gt-ws-thelis__disponibilite__input\">\n\t\t\t\t\t\t\t\t\t<input \n\t\t\t\t\t\t\t\t\t\ttype=\"radio\" \n\t\t\t\t\t\t\t\t\t\tname=\"stay\" \n\t\t\t\t\t\t\t\t\t\tdata-wp-bind--hidden=\"!state.isContreproposition\"\n\t\t\t\t\t\t\t\t\t\tdata-wp-bind--id=\"context.stay.gt.uniqueStayId\"\n\t\t\t\t\t\t\t\t\t\tdata-wp-on--click=\"actions.setMainStay\"\n\t\t\t\t\t\t\t\t\t\/>\n\t\t\t\t\t\t\t\t<\/div>\n\t\t\t\t\t\t\t\t<div class=\"gt-ws-thelis__disponibilite__dates\">\n\t\t\t\t\t\t\t\t\t<span>Du <span data-wp-text=\"context.stay.gt.beginDate\"><\/span> <\/span>\n\t\t\t\t\t\t\t\t\t<span>au <span data-wp-text=\"context.stay.gt.endDate\"><\/span><\/span>\n\t\t\t\t\t\t\t\t<\/div>\n\t\t\t\t\t\t\t\t<div class=\"gt-ws-thelis__disponibilite__nuits\">\n\t\t\t\t\t\t\t\t\t<span data-wp-text=\"context.stay.gt.duration\"><\/span> nuits\t\t\t\t\t\t\t\t<\/div>\n\t\t\t\t\t\t\t\t<div class=\"gt-ws-thelis__disponibilite__price\">\n\t\t\t\t\t\t\t\t\t<span>Vanaf <\/span>\n\t\t\t\t\t\t\t\t\t<span class=\"gt-ws-thelis__disponibilite__price__original\" data-wp-bind--hidden=\"!context.stay.promotion\">\n\t\t\t\t\t\t\t\t\t\t<strike><span data-wp-text=\"context.stay.gt.originalPrice\"><\/span>\u20ac<\/strike>\n\t\t\t\t\t\t\t\t\t<\/span>\n\t\t\t\t\t\t\t\t\t<span class=\"gt-ws-thelis__disponibilite__price__discounted\">\n\t\t\t\t\t\t\t\t\t\t<span data-wp-text=\"context.stay.price\" class=\"gt-ws-thelis-data-price\" data-wp-bind--data-gt-price=\"context.stay.price\"><\/span>\u20ac\n\t\t\t\t\t\t\t\t\t<\/span>\n\t\t\t\t\t\t\t\t<\/div>\n\t\t\t\t\t\t\t<\/label>\n\t\t\t\t\t\t<\/li>\n\n\t\t\t\t\t<\/template>\n\t\t\t\t<\/ul>\n\n\t\t\t\n\t\t\t\n\t\t<\/div>\n\n\t<\/div>\n\n    <\/div>\n<\/div>\n<\/div>\n\n\n\n<div class=\"wp-block-group alignwide gt-single-heberg-alternatives is-layout-flow wp-block-group-is-layout-flow\">\n<div style=\"height:var(--wp--preset--spacing--40)\" aria-hidden=\"true\" class=\"wp-block-spacer gt-hide-mobile\"><\/div>\n\n\n\n<h2 class=\"wp-block-heading has-base-color has-text-color has-link-color has-medium-font-size wp-elements-795194b8788c6812c364c73c931948b7\" style=\"margin-bottom:-32px\">Onze andere beschikbare accommodaties<\/h2>\n\n\n\n<div data-swiper=\"{&quot;speed&quot;:400,&quot;spaceBetween&quot;:16,&quot;slidesPerView&quot;:3,&quot;createElements&quot;:true,&quot;loop&quot;:true,&quot;freemode&quot;:true,&quot;breakpoints&quot;:{&quot;0&quot;:{&quot;slidesPerView&quot;:1},&quot;781&quot;:{&quot;slidesPerView&quot;:2},&quot;992&quot;:{&quot;slidesPerView&quot;:3}},&quot;pagination&quot;:false}\" data-wp-context=\"{}\" data-wp-interactive=\"core\/query\" data-wp-key=\"0\" data-wp-router-region=\"query-0\" class=\"wp-block-query alignfull gt-ws-thelis-disponibilites-query gt-is-slider gt-is-slider-desktop is-layout-flow wp-block-query-is-layout-flow\"><\/div>\n<\/div>\n<\/main>\n","protected":false},"featured_media":26896,"template":"","meta":{"_acf_changed":false,"_seopress_robots_primary_cat":"","_seopress_titles_title":"","_seopress_titles_desc":"","_seopress_robots_index":"","inline_featured_image":false,"gt_fse_maillage_image":"https:\/\/www.le-cabellou-plage.com\/wp-content\/uploads\/2025\/03\/emplacement-camping-confort-camping-resort-5-etoiles-cabellou-plage-concarneau.webp","gt_fse_maillage_titre":"Kampeerplaats Camping Confort","gt_fse_maillage_alt":"Kampeerplaats Camping Confort","gt_fse_maillage_resume":"","gt_ws_thelis_idProduct":"22","gt_ws_thelis_idSite":"527","gt_ws_thelis_camping":"cabellou","gt_ws_thelis_name":"Emplacement Camping Confort","gt_ws_thelis_description":"Le forfait camping comprend l'emplacement pour deux ou quatre personnes (selon la p\u00e9riode) avec \u00e9lectricit\u00e9 (10 amp\u00e8res), un v\u00e9hicule et un point d'eau \u00e0 proximit\u00e9. Pensez \u00e0 pr\u00e9voir une prise P17 (norme europ\u00e9enne) ainsi qu'une rallonge de 10 \u00e0 25 m\u00e8tres.\nNos emplacements camping confort sont situ\u00e9s en bordure d'all\u00e9e et bordure du camping. Une route longe la plage \u00e0 l'ext\u00e9rieur du camping dans cette zone. Vous visualiserez sur notre plan les num\u00e9ros d'emplacements concern\u00e9s (75, 82, 83, 87, 88, 89, 90).\n","gt_ws_thelis_camping_name":"Camping Le Cabellou Plage","gt_ws_thelis_types":"[\"camping\",\"Verplaatsing\"]","gt_ws_thelis_rooms":"0","gt_ws_thelis_bathrooms":"0","gt_ws_thelis_capacity":"6","gt_ws_thelis_surface":"0","gt_ws_thelis_criterions_array_fr":"","gt_ws_thelis_pictures":"","footnotes":""},"categories":[],"tags":[],"gamme":[],"class_list":["post-14128","hebergement","type-hebergement","status-publish","has-post-thumbnail","hentry"],"acf":[],"_links":{"self":[{"href":"https:\/\/www.le-cabellou-plage.com\/nl\/wp-json\/wp\/v2\/hebergement\/14128","targetHints":{"allow":["GET"]}}],"collection":[{"href":"https:\/\/www.le-cabellou-plage.com\/nl\/wp-json\/wp\/v2\/hebergement"}],"about":[{"href":"https:\/\/www.le-cabellou-plage.com\/nl\/wp-json\/wp\/v2\/types\/hebergement"}],"version-history":[{"count":191,"href":"https:\/\/www.le-cabellou-plage.com\/nl\/wp-json\/wp\/v2\/hebergement\/14128\/revisions"}],"predecessor-version":[{"id":28657,"href":"https:\/\/www.le-cabellou-plage.com\/nl\/wp-json\/wp\/v2\/hebergement\/14128\/revisions\/28657"}],"wp:featuredmedia":[{"embeddable":true,"href":"https:\/\/www.le-cabellou-plage.com\/nl\/wp-json\/wp\/v2\/media\/26896"}],"wp:attachment":[{"href":"https:\/\/www.le-cabellou-plage.com\/nl\/wp-json\/wp\/v2\/media?parent=14128"}],"wp:term":[{"taxonomy":"category","embeddable":true,"href":"https:\/\/www.le-cabellou-plage.com\/nl\/wp-json\/wp\/v2\/categories?post=14128"},{"taxonomy":"post_tag","embeddable":true,"href":"https:\/\/www.le-cabellou-plage.com\/nl\/wp-json\/wp\/v2\/tags?post=14128"},{"taxonomy":"gamme","embeddable":true,"href":"https:\/\/www.le-cabellou-plage.com\/nl\/wp-json\/wp\/v2\/gamme?post=14128"}],"curies":[{"name":"wp","href":"https:\/\/api.w.org\/{rel}","templated":true}]}}