{"id":20859,"date":"2025-01-20T10:04:42","date_gmt":"2025-01-20T09:04:42","guid":{"rendered":"https:\/\/www.le-cabellou-plage.com\/camping-finistere-sud-cabellou-plage\/"},"modified":"2025-03-07T13:12:03","modified_gmt":"2025-03-07T12:12:03","slug":"campsite-southern-finistere-cabellou-plage","status":"publish","type":"page","link":"https:\/\/www.le-cabellou-plage.com\/en\/campsite-southern-finistere-cabellou-plage\/","title":{"rendered":"Campsite southern Finist\u00e8re Cabellou Plage"},"content":{"rendered":"\n<section class=\"wp-block-group home-intro page-one has-custom-color-2-background-color has-background is-layout-flow wp-block-group-is-layout-flow\" style=\"padding-top:var(--wp--preset--spacing--40);padding-bottom:var(--wp--preset--spacing--30)\">\n<div class=\"wp-block-columns is-layout-flex wp-container-core-columns-is-layout-b0eedf20 wp-block-columns-is-layout-flex\" style=\"margin-top:1rem;margin-bottom:0\">\n<div class=\"wp-block-column is-layout-flow wp-block-column-is-layout-flow\" style=\"padding-right:2rem;padding-left:2rem;flex-basis:60%\">\n<div class=\"wp-block-group gt-no-padding-mobile is-layout-flow wp-block-group-is-layout-flow\" style=\"padding-right:10rem;padding-left:15rem\">\n<h1 class=\"wp-block-heading\"><strong>Campsite southern finist\u00e8re<\/strong><br\/>Le Cabellou Plage<\/h1>\n\n\n\n<h2 class=\"wp-block-heading\" style=\"padding-top:var(--wp--preset--spacing--30);text-transform:uppercase\">Campsite southern Finist\u00e8re<br\/><strong>for sports enthusiasts<\/strong><\/h2>\n\n\n\n<p>Enjoy a variety of activities throughout your <strong><a href=\"https:\/\/www.le-cabellou-plage.com\/en\/tourism-south-finistere\/\">your stay at a South Finist\u00e8re campsite<\/a><\/strong>. We offer <strong>paddle and kayak rental<\/strong> from the campsite for <strong>an outing along the Pointe du Cabellou<\/strong>. The rowing club also offers introductory courses departing from the <a href=\"https:\/\/www.le-cabellou-plage.com\/en\/seaside-campsite-brittany\/\">Plage de la Belle Etoile, opposite the campsite<\/a>.  <\/p>\n\n\n\n<p><strong>New for 2019, a multisport pitch<\/strong> is available opposite the <a href=\"https:\/\/www.le-cabellou-plage.com\/en\/campsite-water-park-brittany\/\">pool<\/a>. Let yourself be tempted by a game of soccer, basketball, volleyball&#8230; <\/p>\n\n\n\n<p>Fancy a ride? <strong>Why not rent bicycles at your campsite reception and discover the Pointe du Cabellou at your own pace<\/strong>. Or discover the Pouldohan cove on foot along the coastal path, the famous GR34, where you&#8217;ll see the old water mill. <\/p>\n\n\n\n<h2 class=\"wp-block-heading\" style=\"padding-top:var(--wp--preset--spacing--30);text-transform:uppercase\">Campsite southern Finist\u00e8re for <strong>gourmands<\/strong><\/h2>\n\n\n    <div id=\"gt-fse-lire-plus-69f4e0c0b65cb\" class=\"gt-fse-lire-plus\" data-min-height=\"130\" style=\"background-color: #3a4156;\">\n        <input id=\"gt-fse-lire-plus-69f4e0c0b65cb-toggle\" type=\"checkbox\" class=\"gt-fse-lire-plus__toggle\" \/>\n        <label for=\"gt-fse-lire-plus-69f4e0c0b65cb-toggle\" class=\"gt-fse-lire-plus__toggle-label\">\n            <span>Lire plus<\/span>\n            <span>Lire moins<\/span>\n        <\/label>\n        <div class=\"gt-fse-lire-plus__content\" style=\"height: 130px;\">\n            \n\n<p>Everyone knows the cr\u00eapes Bretonnes, but <strong>Brittany has many other &#8220;lichouseries&#8221; (delicacies) in store for you<\/strong>.<\/p>\n\n\n\n<p><strong>The Concarneau cookie factory<\/strong>, located 1km from your South Finist\u00e8re campsite, will introduce you to Kouign Amann! This pastry, whose name means &#8220;buttered bread&#8221;, will also show you how it&#8217;s made during guided tours. <\/p>\n\n\n\n<p>Finist\u00e8re is also a land of fishermen, and <strong>many restaurants in and around the Ville Close de Concarneau<\/strong> offer fresh fish from the market. If you too would like to cook fresh fish, we invite you to visit the port of <strong>Tr\u00e9vignon<\/strong>. Just 10 minutes from the campsite, you&#8217;ll meet the fishermen as they return to port twice a day, and enjoy the local catch.  <\/p>\n\n            <div class=\"gt-fse-lire-plus__gradient\" style=\"background: linear-gradient(to bottom,rgba(58,65,86,0) 0%,rgba(58,65,86,1) 100%);\"><\/div>\n        <\/div>\n    <\/div>\n    <\/div>\n<\/div>\n\n\n\n<div class=\"wp-block-column animated fadeIn delay-100ms slow is-layout-flow wp-block-column-is-layout-flow\" style=\"padding-top:0em;flex-basis:40%\">\n<div data-swiper=\"{&quot;speed&quot;:400,&quot;spaceBetween&quot;:16,&quot;slidesPerView&quot;:1,&quot;createElements&quot;:true,&quot;loop&quot;:true,&quot;freemode&quot;:true,&quot;pagination&quot;:{&quot;el&quot;:&quot;.swiper-pagination&quot;,&quot;dynamicBullets&quot;:false},&quot;breakpoints&quot;:{&quot;0&quot;:{&quot;slidesPerView&quot;:1},&quot;380&quot;:[],&quot;1024&quot;:[]},&quot;navigation&quot;:false,&quot;effect&quot;:&quot;fade&quot;}\" class=\"wp-block-group gt-is-slider gt-is-slider-desktop has-global-padding is-layout-constrained wp-block-group-is-layout-constrained\">\n<figure class=\"wp-block-image size-full\"><img decoding=\"async\" width=\"686\" height=\"660\" src=\"https:\/\/www.le-cabellou-plage.com\/wp-content\/uploads\/2025\/02\/camping-finistere-sud-le-cabellou-plage.webp\" alt=\"campsite southern finistere le cabellou plage\" class=\"wp-image-17087\" srcset=\"https:\/\/www.le-cabellou-plage.com\/wp-content\/uploads\/2025\/02\/camping-finistere-sud-le-cabellou-plage.webp 686w, https:\/\/www.le-cabellou-plage.com\/wp-content\/uploads\/2025\/02\/camping-finistere-sud-le-cabellou-plage-300x289.webp 300w\" sizes=\"(max-width: 686px) 100vw, 686px\" \/><\/figure>\n\n\n\n<figure class=\"wp-block-image size-full\"><img decoding=\"async\" width=\"686\" height=\"660\" src=\"https:\/\/www.le-cabellou-plage.com\/wp-content\/uploads\/2025\/02\/le-camping-finistere-sud-pour-les-sportifs.webp\" alt=\"southern finistere campsite for sports enthusiasts\" class=\"wp-image-17091\" srcset=\"https:\/\/www.le-cabellou-plage.com\/wp-content\/uploads\/2025\/02\/le-camping-finistere-sud-pour-les-sportifs.webp 686w, https:\/\/www.le-cabellou-plage.com\/wp-content\/uploads\/2025\/02\/le-camping-finistere-sud-pour-les-sportifs-300x289.webp 300w\" sizes=\"(max-width: 686px) 100vw, 686px\" \/><\/figure>\n\n\n\n<figure class=\"wp-block-image size-full\"><img decoding=\"async\" width=\"686\" height=\"660\" src=\"https:\/\/www.le-cabellou-plage.com\/wp-content\/uploads\/2025\/02\/le-camping-finistere-sud-des-gourmands.webp\" alt=\"south finistere campsite for gourmands\" class=\"wp-image-17095\" srcset=\"https:\/\/www.le-cabellou-plage.com\/wp-content\/uploads\/2025\/02\/le-camping-finistere-sud-des-gourmands.webp 686w, https:\/\/www.le-cabellou-plage.com\/wp-content\/uploads\/2025\/02\/le-camping-finistere-sud-des-gourmands-300x289.webp 300w\" sizes=\"(max-width: 686px) 100vw, 686px\" \/><\/figure>\n<\/div>\n<\/div>\n<\/div>\n<\/section>\n\n<section class=\"wp-block-group page-fourth has-custom-color-3-background-color has-background is-layout-flow wp-block-group-is-layout-flow\" style=\"margin-top:0;padding-top:var(--wp--preset--spacing--30);padding-bottom:3rem\">\n<div class=\"wp-block-columns is-layout-flex wp-container-core-columns-is-layout-28f84493 wp-block-columns-is-layout-flex\">\n<div class=\"wp-block-column is-layout-flow wp-block-column-is-layout-flow\" style=\"flex-basis:40%\">\n<figure class=\"wp-block-image size-full animated fadeIn delay-100ms slow\"><img decoding=\"async\" width=\"688\" height=\"639\" src=\"https:\/\/www.le-cabellou-plage.com\/wp-content\/uploads\/2025\/02\/balade-sur-les-remparts-de-la-ville-close-de-concarneau.webp\" alt=\"a walk on the ramparts of concarneau's walled city\" class=\"wp-image-17099\" srcset=\"https:\/\/www.le-cabellou-plage.com\/wp-content\/uploads\/2025\/02\/balade-sur-les-remparts-de-la-ville-close-de-concarneau.webp 688w, https:\/\/www.le-cabellou-plage.com\/wp-content\/uploads\/2025\/02\/balade-sur-les-remparts-de-la-ville-close-de-concarneau-300x279.webp 300w\" sizes=\"(max-width: 688px) 100vw, 688px\" \/><\/figure>\n<\/div>\n\n\n\n<div class=\"wp-block-column is-vertically-aligned-center is-layout-flow wp-block-column-is-layout-flow\" style=\"padding-right:2rem;padding-left:2rem;flex-basis:60%\">\n<div class=\"wp-block-group gt-no-padding-mobile is-layout-flow wp-block-group-is-layout-flow\" style=\"padding-right:15rem;padding-left:10rem\">\n<h2 class=\"wp-block-heading has-base-2-color has-text-color has-link-color wp-elements-2a93e9014728b00b8d8b125a805c032c\" style=\"margin-bottom:var(--wp--preset--spacing--30)\">Campsite southern Finist\u00e8re for <strong>curious people<\/strong><\/h2>\n\n\n\n<p>Numerous sites open their doors to you all around your <strong><a href=\"https:\/\/www.le-cabellou-plage.com\/en\/\">South Finist\u00e8re campsite<\/a><\/strong>. Take a <strong>walk along the ramparts of the walled town of Concarneau to discover the history of this stronghold<\/strong>. <\/p>\n\n\n\n<p>In the <strong>fishing museum<\/strong>, you&#8217;ll discover the evolution of this ancestral practice, and marvel at its reproductions. As for the marinarium, it will <strong>introduce you to the species that inhabit the South Finist\u00e8re coastline<\/strong> and much more besides. <\/p>\n\n\n\n<p>And don&#8217;t forget the <strong>painters&#8217; town of Pont Aven<\/strong> and its fine arts museum. This charming little town is just a few minutes from Le Cabellou. <\/p>\n<\/div>\n<\/div>\n<\/div>\n<\/section>\n\n<section class=\"wp-block-group page-maillage has-custom-color-2-background-color has-background has-global-padding is-layout-constrained wp-block-group-is-layout-constrained\" style=\"margin-top:0;margin-bottom:0;padding-top:var(--wp--preset--spacing--40);padding-bottom:var(--wp--preset--spacing--40)\">\n<div class=\"wp-block-group h1-like is-layout-flow wp-block-group-is-layout-flow\" style=\"margin-bottom:var(--wp--preset--spacing--50)\">\n<p class=\"has-bodidota-font-family\" style=\"font-size:clamp(47.79px, 2.987rem + ((1vw - 3.2px) * 3.916), 94px);line-height:0.8\">Come and discover<\/p>\n\n\n\n<p class=\"has-custom-color-3-color has-text-color has-link-color has-north-wave-font-family wp-elements-9d4f96155c275bfd27938d7045235bbc\" style=\"padding-left:var(--wp--preset--spacing--60);font-size:clamp(52.125px, 3.258rem + ((1vw - 3.2px) * 4.481), 105px);line-height:0.1\">Brittany<\/p>\n<\/div>\n\n\n\n<div class=\"wp-block-query is-layout-flow wp-block-query-is-layout-flow\"><ul class=\"columns-3 wp-block-post-template has-medium-font-size is-layout-grid wp-container-core-post-template-is-layout-572542b5 wp-block-post-template-is-layout-grid\"><li class=\"wp-block-post post-20830 page type-page status-publish has-post-thumbnail hentry\">\n\n<figure class=\"wp-block-image maillage-img\"><img decoding=\"async\" src=\"https:\/\/www.le-cabellou-plage.com\/wp-content\/uploads\/2025\/01\/camping-bretagne-sud-chien-resort-5-etoiles-le-cabellou-plage-concarneau-cta.webp\" alt=\"campsite south bretagne sud dog resort 5 stars le cabellou plage concarneau\"\/><\/figure>\n\n\n\n<div class=\"wp-block-group content-maillage has-global-padding is-layout-constrained wp-block-group-is-layout-constrained\">\n<p class=\"maillage-title has-base-2-color has-text-color has-link-color has-josefin-sans-font-family wp-elements-939842b9118177581784f7034ceeec07\" style=\"border-style:none;border-width:0px;border-radius:0px;font-size:clamp(0.875rem, 0.875rem + ((1vw - 0.2rem) * 0.576), 1.3rem);letter-spacing:1px;text-transform:uppercase\">Campsite South Brittany dog<\/p>\n<\/div>\n\n\n<a class=\"is-style-lien-cover wp-block-read-more\" href=\"https:\/\/www.le-cabellou-plage.com\/en\/campsite-south-brittany-dog\/\" target=\"_self\">Read more<span class=\"screen-reader-text\">: Campsite South Brittany dog<\/span><\/a>\n<\/li><li class=\"wp-block-post post-20851 page type-page status-publish has-post-thumbnail hentry\">\n\n<figure class=\"wp-block-image maillage-img\"><img decoding=\"async\" src=\"https:\/\/www.le-cabellou-plage.com\/wp-content\/uploads\/2025\/01\/camping-concarneau-tout-confort-resort-5-etoiles-le-cabellou-plage-cta.webp\" alt=\"campsite concarneau all comfort resort 5 stars le cabellou plage\"\/><\/figure>\n\n\n\n<div class=\"wp-block-group content-maillage has-global-padding is-layout-constrained wp-block-group-is-layout-constrained\">\n<p class=\"maillage-title has-base-2-color has-text-color has-link-color has-josefin-sans-font-family wp-elements-939842b9118177581784f7034ceeec07\" style=\"border-style:none;border-width:0px;border-radius:0px;font-size:clamp(0.875rem, 0.875rem + ((1vw - 0.2rem) * 0.576), 1.3rem);letter-spacing:1px;text-transform:uppercase\">Campsite Concarneau All Comfort<\/p>\n<\/div>\n\n\n<a class=\"is-style-lien-cover wp-block-read-more\" href=\"https:\/\/www.le-cabellou-plage.com\/en\/campsite-concarneau-all-comfort\/\" target=\"_self\">Read more<span class=\"screen-reader-text\">: Campsite Concarneau All Comfort<\/span><\/a>\n<\/li><li class=\"wp-block-post post-20834 page type-page status-publish has-post-thumbnail hentry\">\n\n<figure class=\"wp-block-image maillage-img\"><img decoding=\"async\" src=\"https:\/\/www.le-cabellou-plage.com\/wp-content\/uploads\/2025\/01\/camping-quimper-resort-5-etoiles-le-cabellou-plage-cta.webp\" alt=\"campsite quimper resort 5 stars le cabellou plage\"\/><\/figure>\n\n\n\n<div class=\"wp-block-group content-maillage has-global-padding is-layout-constrained wp-block-group-is-layout-constrained\">\n<p class=\"maillage-title has-base-2-color has-text-color has-link-color has-josefin-sans-font-family wp-elements-939842b9118177581784f7034ceeec07\" style=\"border-style:none;border-width:0px;border-radius:0px;font-size:clamp(0.875rem, 0.875rem + ((1vw - 0.2rem) * 0.576), 1.3rem);letter-spacing:1px;text-transform:uppercase\">Campsite Quimper<\/p>\n<\/div>\n\n\n<a class=\"is-style-lien-cover wp-block-read-more\" href=\"https:\/\/www.le-cabellou-plage.com\/en\/campsite-quimper\/\" target=\"_self\">Read more<span class=\"screen-reader-text\">: Campsite Quimper<\/span><\/a>\n<\/li><\/ul><\/div>\n<\/section>\n","protected":false},"excerpt":{"rendered":"<p>Campsite southern finist\u00e8reLe Cabellou Plage Campsite southern Finist\u00e8refor sports enthusiasts Enjoy a variety of activities throughout your your stay at a South Finist\u00e8re campsite. We offer paddle and kayak rental from the campsite for an outing along the Pointe du Cabellou. The rowing club also offers introductory courses departing from the Plage de la Belle [&hellip;]<\/p>\n","protected":false},"author":1,"featured_media":16530,"parent":0,"menu_order":0,"comment_status":"closed","ping_status":"closed","template":"","meta":{"_acf_changed":false,"_seopress_robots_primary_cat":"","_seopress_titles_title":"South Finist\u00e8re campsite Le Cabellou plage 5 stars","_seopress_titles_desc":"The 5-star Le Cabellou plage campsite in southern Finist\u00e8re, part of the Flower campings chain, is located close to the Belle \u00e9toiles page in Concarneau, allowing campers to benefit from this proximity.","_seopress_robots_index":"","inline_featured_image":false,"gt_fse_maillage_image":"https:\/\/www.le-cabellou-plage.com\/wp-content\/uploads\/2025\/01\/camping-finistere-sud-cabellou-plage-resort-5-etoiles-concarneau-cta.webp","gt_fse_maillage_titre":"Campsite southern Finist\u00e8re Cabellou Plage","gt_fse_maillage_alt":"campsite southern Finist\u00e8re cabellou plage resort 5 stars concarneau","gt_fse_maillage_resume":"","footnotes":""},"categories":[],"tags":[],"class_list":["post-20859","page","type-page","status-publish","has-post-thumbnail","hentry"],"acf":[],"_links":{"self":[{"href":"https:\/\/www.le-cabellou-plage.com\/en\/wp-json\/wp\/v2\/pages\/20859","targetHints":{"allow":["GET"]}}],"collection":[{"href":"https:\/\/www.le-cabellou-plage.com\/en\/wp-json\/wp\/v2\/pages"}],"about":[{"href":"https:\/\/www.le-cabellou-plage.com\/en\/wp-json\/wp\/v2\/types\/page"}],"author":[{"embeddable":true,"href":"https:\/\/www.le-cabellou-plage.com\/en\/wp-json\/wp\/v2\/users\/1"}],"replies":[{"embeddable":true,"href":"https:\/\/www.le-cabellou-plage.com\/en\/wp-json\/wp\/v2\/comments?post=20859"}],"version-history":[{"count":9,"href":"https:\/\/www.le-cabellou-plage.com\/en\/wp-json\/wp\/v2\/pages\/20859\/revisions"}],"predecessor-version":[{"id":23115,"href":"https:\/\/www.le-cabellou-plage.com\/en\/wp-json\/wp\/v2\/pages\/20859\/revisions\/23115"}],"wp:featuredmedia":[{"embeddable":true,"href":"https:\/\/www.le-cabellou-plage.com\/en\/wp-json\/wp\/v2\/media\/16530"}],"wp:attachment":[{"href":"https:\/\/www.le-cabellou-plage.com\/en\/wp-json\/wp\/v2\/media?parent=20859"}],"wp:term":[{"taxonomy":"category","embeddable":true,"href":"https:\/\/www.le-cabellou-plage.com\/en\/wp-json\/wp\/v2\/categories?post=20859"},{"taxonomy":"post_tag","embeddable":true,"href":"https:\/\/www.le-cabellou-plage.com\/en\/wp-json\/wp\/v2\/tags?post=20859"}],"curies":[{"name":"wp","href":"https:\/\/api.w.org\/{rel}","templated":true}]}}