{"id":20965,"date":"2025-01-20T08:34:02","date_gmt":"2025-01-20T07:34:02","guid":{"rendered":"https:\/\/www.le-cabellou-plage.com\/camping-nevez\/"},"modified":"2025-03-07T12:05:03","modified_gmt":"2025-03-07T11:05:03","slug":"campingplatz-nevez","status":"publish","type":"page","link":"https:\/\/www.le-cabellou-plage.com\/de\/campingplatz-nevez\/","title":{"rendered":"Campingplatz Nevez"},"content":{"rendered":"\n<section class=\"wp-block-group home-intro page-one has-custom-color-2-background-color has-background is-layout-flow wp-block-group-is-layout-flow\" style=\"padding-top:var(--wp--preset--spacing--40);padding-bottom:var(--wp--preset--spacing--30)\">\n<div class=\"wp-block-columns is-layout-flex wp-container-core-columns-is-layout-b0eedf20 wp-block-columns-is-layout-flex\" style=\"margin-top:1rem;margin-bottom:0\">\n<div class=\"wp-block-column is-layout-flow wp-block-column-is-layout-flow\" style=\"padding-right:2rem;padding-left:2rem;flex-basis:60%\">\n<div class=\"wp-block-group gt-no-padding-mobile is-layout-flow wp-block-group-is-layout-flow\" style=\"padding-right:10rem;padding-left:15rem\">\n<h1 class=\"wp-block-heading\">Campingplatz 10 km von <br\/><strong>N\u00e9vez in der s\u00fcdlichen Bretagne<\/strong><\/h1>\n\n\n\n<p>M\u00f6chten Sie Ihren Urlaub auf einem <strong>Campingplatz in N\u00e9vez <\/strong> verbringen? Der <a href=\"https:\/\/www.le-cabellou-plage.com\/de\/\">Campingplatz Concarneau<\/a><strong> le Cabellou Plage<\/strong> empf\u00e4ngt Sie gerne w\u00e4hrend Ihres <strong>Aufenthalts auf bretonischem Boden<\/strong>. <\/p>\n\n\n\n<p>Wir befinden uns etwa <strong>zehn Kilometer<\/strong> von dem sympathischen <strong>Badeort N\u00e9vez<\/strong> entfernt. Unser Campingplatz liegt in einer gesch\u00fctzten Naturlandschaft und bietet Ihnen <strong>einen idyllischen Rahmen<\/strong>, um sich zu erholen und <strong>einen ruhigen Urlaub in der N\u00e4he von N\u00e9vez zu genie\u00dfen<\/strong>. <\/p>\n\n\n\n<p>Mit einer erstklassigen Lage und einer <a href=\"https:\/\/www.le-cabellou-plage.com\/de\/was-tun-concarneau\/\">Vielzahl von Aktivit\u00e4ten in der Umgebung<\/a> sind wir der ideale Ort f\u00fcr <strong>Outdoor-Fans<\/strong> und <strong>Familien, die auf Entdeckungsreise<\/strong> sind.<\/p>\n\n\n    <div id=\"gt-fse-lire-plus-69f3dd7dd4f7c\" class=\"gt-fse-lire-plus\" data-min-height=\"130\" style=\"background-color: #3a4156;\">\n        <input id=\"gt-fse-lire-plus-69f3dd7dd4f7c-toggle\" type=\"checkbox\" class=\"gt-fse-lire-plus__toggle\" \/>\n        <label for=\"gt-fse-lire-plus-69f3dd7dd4f7c-toggle\" class=\"gt-fse-lire-plus__toggle-label\">\n            <span>Lire plus<\/span>\n            <span>Lire moins<\/span>\n        <\/label>\n        <div class=\"gt-fse-lire-plus__content\" style=\"height: 130px;\">\n            \n\n<p>In der <strong>N\u00e4he von N\u00e9vez<\/strong> und seinen <a href=\"https:\/\/www.le-cabellou-plage.com\/de\/willkommen-auf-dem-blog-von-le-cabellou-plage\/concarneau-de\/les-plages-de-concarneau\/\">wei\u00dfen Sandstr\u00e4nden<\/a> k\u00f6nnen Sie auch <strong>das reiche Erbe der Region entdecken<\/strong> und in die lokale Kultur eintauchen.<\/p>\n\n\n\n<h2 class=\"wp-block-heading\" style=\"padding-top:var(--wp--preset--spacing--30);text-transform:uppercase\"><strong>5-Sterne-Campingplatz<\/strong> in der N\u00e4he von N\u00e9vez<\/h2>\n\n\n\n<p>Entdecken Sie den <strong>Charme der Basse-Cornouaille<\/strong> und verbringen Sie Ihren Urlaub auf unserem <a href=\"https:\/\/www.le-cabellou-plage.com\/de\/campingplatz-dienstleistungen-bretagne\/\">5-Sterne-Campingplatz<\/a> in<strong> der N\u00e4he der Stadt N\u00e9vez<\/strong>.<\/p>\n\n\n\n<p>Wir bieten Ihnen ger\u00e4umige, moderne und komfortable Mobilheime, einen herzlichen Empfang und qualitativ hochwertige Dienstleistungen in der <strong>N\u00e4he des sch\u00f6nen Badeortes N\u00e9vez<\/strong>.<\/p>\n\n\n\n<p>Der 5-Sterne-Campingplatz Cabellou Plage ist <strong>nur 15 Autominuten von N\u00e9vez<\/strong> entfernt und bietet einen Service, der einem Sterne-Urlaub in der Region w\u00fcrdig ist.<\/p>\n\n\n\n<p>Genie\u00dfen Sie das Schwimmen und <strong>Sonnenbaden an den wei\u00dfen Sandstr\u00e4nden<\/strong>, entdecken Sie <a href=\"https:\/\/www.le-cabellou-plage.com\/de\/willkommen-auf-dem-blog-von-le-cabellou-plage\/concarneau-de\/ville-close-de-concarneau\/\">die steinerne Altstadt<\/a> und erkunden Sie die <strong>Orte in der Umgebung von N\u00e9vez<\/strong> und das reiche <strong>Kulturerbe des Pays de l&#8217;Aven<\/strong>.<\/p>\n\n            <div class=\"gt-fse-lire-plus__gradient\" style=\"background: linear-gradient(to bottom,rgba(58,65,86,0) 0%,rgba(58,65,86,1) 100%);\"><\/div>\n        <\/div>\n    <\/div>\n    \n\n\n<div class=\"wp-block-buttons is-content-justification-center is-layout-flex wp-container-core-buttons-is-layout-3b2eff7d wp-block-buttons-is-layout-flex\" style=\"margin-top:var(--wp--preset--spacing--30);margin-bottom:var(--wp--preset--spacing--30);padding-left:0\">\n<div class=\"wp-block-button\"><a class=\"wp-block-button__link wp-element-button\" href=\"https:\/\/www.le-cabellou-plage.com\/de\/campingplatz-dienstleistungen-bretagne\/\">Entdecken Sie unsere Dienstleistungen<\/a><\/div>\n<\/div>\n<\/div>\n<\/div>\n\n\n\n<div class=\"wp-block-column animated fadeIn delay-100ms slow is-layout-flow wp-block-column-is-layout-flow\" style=\"padding-top:0em;flex-basis:40%\">\n<div data-swiper=\"{&quot;speed&quot;:400,&quot;spaceBetween&quot;:16,&quot;slidesPerView&quot;:1,&quot;createElements&quot;:true,&quot;loop&quot;:true,&quot;freemode&quot;:true,&quot;pagination&quot;:{&quot;el&quot;:&quot;.swiper-pagination&quot;,&quot;dynamicBullets&quot;:false},&quot;breakpoints&quot;:{&quot;0&quot;:{&quot;slidesPerView&quot;:1},&quot;380&quot;:[],&quot;1024&quot;:[]},&quot;navigation&quot;:false,&quot;effect&quot;:&quot;fade&quot;}\" class=\"wp-block-group gt-is-slider gt-is-slider-desktop has-global-padding is-layout-constrained wp-block-group-is-layout-constrained\">\n<figure class=\"wp-block-image size-full\"><img decoding=\"async\" width=\"686\" height=\"660\" src=\"https:\/\/www.le-cabellou-plage.com\/wp-content\/uploads\/2025\/01\/camping-a-10km-de-nevez-en-bretagne-sud.webp\" alt=\"Campingplatz 10 km von Nevez entfernt in der s&#xFC;dlichen Bretagne\" class=\"wp-image-14985\" srcset=\"https:\/\/www.le-cabellou-plage.com\/wp-content\/uploads\/2025\/01\/camping-a-10km-de-nevez-en-bretagne-sud.webp 686w, https:\/\/www.le-cabellou-plage.com\/wp-content\/uploads\/2025\/01\/camping-a-10km-de-nevez-en-bretagne-sud-300x289.webp 300w\" sizes=\"(max-width: 686px) 100vw, 686px\" \/><\/figure>\n\n\n\n<figure class=\"wp-block-image size-full\"><img decoding=\"async\" width=\"686\" height=\"660\" src=\"https:\/\/www.le-cabellou-plage.com\/wp-content\/uploads\/2025\/01\/camping-5-etoiles-proche-de-nevez.webp\" alt=\"5-Sterne-Campingplatz in der N&#xE4;he von Nevez\" class=\"wp-image-14989\" srcset=\"https:\/\/www.le-cabellou-plage.com\/wp-content\/uploads\/2025\/01\/camping-5-etoiles-proche-de-nevez.webp 686w, https:\/\/www.le-cabellou-plage.com\/wp-content\/uploads\/2025\/01\/camping-5-etoiles-proche-de-nevez-300x289.webp 300w\" sizes=\"(max-width: 686px) 100vw, 686px\" \/><\/figure>\n\n\n\n<figure class=\"wp-block-image size-full\"><img decoding=\"async\" width=\"686\" height=\"660\" src=\"https:\/\/www.le-cabellou-plage.com\/wp-content\/uploads\/2025\/01\/bronzer-sur-les-plages-de-sable-blanc.webp\" alt=\"Sonnenbaden an wei&#xDF;en Sandstr&#xE4;nden\" class=\"wp-image-14993\" srcset=\"https:\/\/www.le-cabellou-plage.com\/wp-content\/uploads\/2025\/01\/bronzer-sur-les-plages-de-sable-blanc.webp 686w, https:\/\/www.le-cabellou-plage.com\/wp-content\/uploads\/2025\/01\/bronzer-sur-les-plages-de-sable-blanc-300x289.webp 300w\" sizes=\"(max-width: 686px) 100vw, 686px\" \/><\/figure>\n<\/div>\n<\/div>\n<\/div>\n<\/section>\n\n<section class=\"wp-block-group home-third has-custom-color-2-background-color has-background is-layout-flow wp-block-group-is-layout-flow\" style=\"margin-top:0;padding-bottom:var(--wp--preset--spacing--40)\">\n<div data-swiper=\"{&quot;speed&quot;:1000,&quot;autoplay&quot;:{&quot;delay&quot;:5000,&quot;disableOnInteraction&quot;:false},&quot;spaceBetween&quot;:0,&quot;slidesPerView&quot;:1,&quot;pagination&quot;:{&quot;el&quot;:&quot;.swiper-pagination&quot;,&quot;dynamicBullets&quot;:true,&quot;clickable&quot;:true,&quot;type&quot;:&quot;bullets&quot;},&quot;navigation&quot;:{&quot;nextEl&quot;:&quot;.swiper-button-next&quot;,&quot;prevEl&quot;:&quot;.swiper-button-prev&quot;},&quot;breakpoints&quot;:[{&quot;slidesPerView&quot;:1}]}\" class=\"wp-block-cover has-parallax has-custom-content-position is-position-bottom-right\" style=\"min-height:825px;aspect-ratio:unset;\"><span aria-hidden=\"true\" class=\"wp-block-cover__background has-contrast-background-color has-background-dim-30 has-background-dim\"><\/span><div role=\"img\" aria-label=\"location de mobil homes pres de nevez dans le finistere sud\" class=\"wp-block-cover__image-background wp-image-14998 has-parallax\" style=\"background-position:50% 50%;background-image:url(https:\/\/www.le-cabellou-plage.com\/wp-content\/uploads\/2025\/01\/location-de-mobil-homes-pres-de-nevez-dans-le-finistere-sud.webp)\"><\/div><div class=\"wp-block-cover__inner-container has-global-padding is-layout-constrained wp-block-cover-is-layout-constrained\">\n<p class=\"has-text-align-center has-base-2-color has-text-color has-link-color has-bodidota-font-family wp-elements-35d4bded8f782cf183e42d31d0ec725d\" style=\"padding-right:35rem;padding-bottom:var(--wp--preset--spacing--40);font-size:clamp(39.963px, 2.498rem + ((1vw - 3.2px) * 2.969), 75px);text-transform:uppercase\"><strong>Angenehmer Aufenthalt<\/strong><\/p>\n<\/div><\/div>\n\n\n\n<div class=\"wp-block-columns is-layout-flex wp-container-core-columns-is-layout-b674b79b wp-block-columns-is-layout-flex\" style=\"padding-top:var(--wp--preset--spacing--10);padding-right:var(--wp--preset--spacing--50);padding-bottom:var(--wp--preset--spacing--10);padding-left:var(--wp--preset--spacing--50)\">\n<div class=\"wp-block-column right is-layout-flow wp-block-column-is-layout-flow\" style=\"padding-top:var(--wp--preset--spacing--40);flex-basis:60%\">\n<div class=\"wp-block-group gt-no-padding-mobile is-layout-flow wp-block-group-is-layout-flow\" style=\"padding-right:15rem;padding-left:10rem\">\n<h2 class=\"wp-block-heading\" style=\"margin-bottom:var(--wp--preset--spacing--30)\"><strong>Vermietung von Mobilheimen<\/strong> <br\/>in der N\u00e4he von N\u00e9vez im S\u00fcd-Finist\u00e8re<\/h2>\n\n\n    <div id=\"gt-fse-lire-plus-69f3dd7dd70f6\" class=\"gt-fse-lire-plus\" data-min-height=\"130\" style=\"background-color: #3a4156;\">\n        <input id=\"gt-fse-lire-plus-69f3dd7dd70f6-toggle\" type=\"checkbox\" class=\"gt-fse-lire-plus__toggle\" \/>\n        <label for=\"gt-fse-lire-plus-69f3dd7dd70f6-toggle\" class=\"gt-fse-lire-plus__toggle-label\">\n            <span>Lire plus<\/span>\n            <span>Lire moins<\/span>\n        <\/label>\n        <div class=\"gt-fse-lire-plus__content\" style=\"height: 130px;\">\n            \n\n<p>Planen Sie einen <strong>idealen Urlaub<\/strong> in der <strong>N\u00e4he von N\u00e9vez<\/strong> in der <a href=\"https:\/\/www.le-cabellou-plage.com\/de\/tourismus-bretagne-sued\/\">s\u00fcdlichen Bretagne<\/a> und w\u00e4hlen Sie unseren <strong>Campingplatz Le Cabellou Plage<\/strong>. Wir vermieten <a href=\"https:\/\/www.le-cabellou-plage.com\/de\/vermietung-mobilheime-bretagne\/\">komfortable und gut ausgestattete Mobilheime<\/a> f\u00fcr einen <strong>erholsamen Urlaub<\/strong> in der Umgebung. Die <strong>Mobilheime<\/strong> verf\u00fcgen \u00fcber <strong>moderne Annehmlichkeiten<\/strong> wie eine voll ausgestattete K\u00fcche, ein Wohnzimmer, separate Schlafzimmer f\u00fcr mehr Privatsph\u00e4re und private Badezimmer. Alle notwendigen K\u00fcchenutensilien und Haushaltsger\u00e4te sind vorhanden, um Ihren <strong>Aufenthalt angenehm<\/strong> zu gestalten. Einige unserer Mobilheim-Optionen sind sogar mit einem Geschirrsp\u00fcler ausgestattet, um den Komfort zu erh\u00f6hen.    <\/p>\n\n            <div class=\"gt-fse-lire-plus__gradient\" style=\"background: linear-gradient(to bottom,rgba(58,65,86,0) 0%,rgba(58,65,86,1) 100%);\"><\/div>\n        <\/div>\n    <\/div>\n    <\/div>\n<\/div>\n\n\n\n<div class=\"wp-block-column left is-layout-flow wp-block-column-is-layout-flow\" style=\"flex-basis:40%\">\n<div class=\"wp-block-group gt-no-padding-mobile is-layout-flow wp-block-group-is-layout-flow\" style=\"padding-right:13rem;padding-left:2rem\">\n<p class=\"has-custom-color-3-color has-text-color has-link-color has-josefin-sans-font-family has-small-font-size wp-elements-15149e2739ab4cba07eab92a2b9e2c61\" style=\"margin-bottom:var(--wp--preset--spacing--30);letter-spacing:3px;line-height:1.5;text-transform:uppercase\">Komfortable Mobilheime<\/p>\n\n\n\n<div class=\"wp-block-group h1-like is-layout-flow wp-block-group-is-layout-flow\">\n<p class=\"has-bodidota-font-family\" style=\"font-size:clamp(47.79px, 2.987rem + ((1vw - 3.2px) * 3.916), 94px);line-height:0.8\">Erholsame Ferien in der<\/p>\n\n\n\n<p class=\"has-custom-color-3-color has-text-color has-link-color has-north-wave-font-family wp-elements-04302277269e06c9ce1de02af20ea3f7\" style=\"padding-left:var(--wp--preset--spacing--40);font-size:clamp(52.125px, 3.258rem + ((1vw - 3.2px) * 4.481), 105px);line-height:0.1\">Bretagne<\/p>\n<\/div>\n<\/div>\n<\/div>\n<\/div>\n\n\n\n<div class=\"wp-block-group alignwide has-global-padding is-layout-constrained wp-block-group-is-layout-constrained\">\n<div class=\"wp-block-group alignwide is-nowrap is-layout-flex wp-container-core-group-is-layout-6c531013 wp-block-group-is-layout-flex\">\n<div class=\"wp-block-group alignwide has-global-padding is-layout-constrained wp-container-core-group-is-layout-fd9b688b wp-block-group-is-layout-constrained\" style=\"padding-left:0\">\n<div class=\"wp-block-group alignwide has-global-padding is-layout-constrained wp-block-group-is-layout-constrained\">\n<div data-wp-context=\"{}\" data-wp-interactive=\"core\/query\" data-wp-key=\"1\" data-wp-router-region=\"query-1\" class=\"wp-block-query alignwide gt-ws-thelis-hebergements-query is-layout-flow wp-block-query-is-layout-flow\"><ul class=\"columns-4 wp-block-post-template is-layout-grid wp-container-core-post-template-is-layout-e7fd85f5 wp-block-post-template-is-layout-grid\"><li data-gt-bathrooms=\"1\" data-gt-camping=\"527\" data-gt-capacity=\"6\" data-gt-criterions=\"&quot;[17,4131,7631]&quot;\" data-gt-post-id=\"21111\" data-gt-rooms=\"3\" data-gt-surfaces=\"32\" data-gt-types=\"Mobilheime,location\" data-gt-ws-camping=\"527\" data-wp-key=\"69f3dd7ddd25b\" class=\"wp-block-post post-21111 hebergement type-hebergement status-publish has-post-thumbnail hentry\">\n\n<div \n    class=\"wp-block-gt-gt-ws-thelis-product-images\"    data-wp-interactive=\"gt\/thelis\/hebergement\/image\"\n    data-gallery-images='[&quot;https:\\\/\\\/www.le-cabellou-plage.com\\\/wp-content\\\/uploads\\\/gt-ws-thelis\\\/site-1\\\/images\\\/527\\\/pict_8_2.jpg&quot;,&quot;https:\\\/\\\/www.le-cabellou-plage.com\\\/wp-content\\\/uploads\\\/gt-ws-thelis\\\/site-1\\\/images\\\/527\\\/pict_8_3.jpg&quot;,&quot;https:\\\/\\\/www.le-cabellou-plage.com\\\/wp-content\\\/uploads\\\/gt-ws-thelis\\\/site-1\\\/images\\\/527\\\/pict_8_6.jpg&quot;,&quot;https:\\\/\\\/www.le-cabellou-plage.com\\\/wp-content\\\/uploads\\\/gt-ws-thelis\\\/site-1\\\/images\\\/527\\\/pict_8_1.jpg&quot;,&quot;https:\\\/\\\/www.le-cabellou-plage.com\\\/wp-content\\\/uploads\\\/gt-ws-thelis\\\/site-1\\\/images\\\/527\\\/pict_8_5.jpg&quot;,&quot;https:\\\/\\\/www.le-cabellou-plage.com\\\/wp-content\\\/uploads\\\/gt-ws-thelis\\\/site-1\\\/images\\\/527\\\/pict_8_4.jpg&quot;,&quot;https:\\\/\\\/www.le-cabellou-plage.com\\\/wp-content\\\/uploads\\\/gt-ws-thelis\\\/site-1\\\/images\\\/527\\\/pict_8_7.jpg&quot;]'\n    data-wp-context='{\"images\":[\"https:\\\/\\\/www.le-cabellou-plage.com\\\/wp-content\\\/uploads\\\/gt-ws-thelis\\\/site-1\\\/images\\\/527\\\/pict_8_2.jpg\",\"https:\\\/\\\/www.le-cabellou-plage.com\\\/wp-content\\\/uploads\\\/gt-ws-thelis\\\/site-1\\\/images\\\/527\\\/pict_8_3.jpg\",\"https:\\\/\\\/www.le-cabellou-plage.com\\\/wp-content\\\/uploads\\\/gt-ws-thelis\\\/site-1\\\/images\\\/527\\\/pict_8_6.jpg\",\"https:\\\/\\\/www.le-cabellou-plage.com\\\/wp-content\\\/uploads\\\/gt-ws-thelis\\\/site-1\\\/images\\\/527\\\/pict_8_1.jpg\",\"https:\\\/\\\/www.le-cabellou-plage.com\\\/wp-content\\\/uploads\\\/gt-ws-thelis\\\/site-1\\\/images\\\/527\\\/pict_8_5.jpg\",\"https:\\\/\\\/www.le-cabellou-plage.com\\\/wp-content\\\/uploads\\\/gt-ws-thelis\\\/site-1\\\/images\\\/527\\\/pict_8_4.jpg\",\"https:\\\/\\\/www.le-cabellou-plage.com\\\/wp-content\\\/uploads\\\/gt-ws-thelis\\\/site-1\\\/images\\\/527\\\/pict_8_7.jpg\"],\"jsonConfig\":{\"speed\":400,\"spaceBetween\":16,\"slidesPerView\":1,\"loop\":true,\"breakpoints\":[{\"slidesPerView\":1}],\"pagination\":false,\"effect\":\"fade\",\"autoplay\":{\"delay\":2500}},\"sliderId\":\"69f3dd7dd7e71\"}'>\n            <div \n            id=\"69f3dd7dd7e71\"\n            class=\"gt-ws-thelis-is-slider swiper\" \n            data-swiper='{\"speed\":400,\"spaceBetween\":16,\"slidesPerView\":1,\"loop\":true,\"breakpoints\":[{\"slidesPerView\":1}],\"pagination\":false,\"effect\":\"fade\",\"autoplay\":{\"delay\":2500}}'\n            data-wp-key=\"21111660ce1da78d7ac15e03706f31ece0088\"\n            data-wp-run=\"callbacks.resetSwiper\"\n            data-wp-on--mouseover=\"callbacks.resetSwiper\"\n        >\n        <div class=\"swiper-wrapper\">\n                \n            \n            \n\n            <figure \n                class=\"wp-block-image swiper-slide\" \n                data-image-index=\"0\"\n            >\n                                    <img decoding=\"async\" \n                                                src=\"https:\/\/www.le-cabellou-plage.com\/wp-content\/uploads\/gt-ws-thelis\/site-1\/images\/527\/pict_8_1.jpg\" \n                        alt=\"Confort+ Gl\u00e9nan &#8211; 6Pers 3Ch  32m2\"\n                        loading=\"lazy\"\n                    >\n                                <\/figure>\n\n            \n        \n            \n            \n\n            <figure \n                class=\"wp-block-image swiper-slide\" \n                data-image-index=\"1\"\n            >\n                                    <img decoding=\"async\" \n                                                src=\"https:\/\/www.le-cabellou-plage.com\/wp-content\/uploads\/gt-ws-thelis\/site-1\/images\/527\/pict_8_2.jpg\" \n                        alt=\"Confort+ Gl\u00e9nan &#8211; 6Pers 3Ch  32m2\"\n                        loading=\"lazy\"\n                    >\n                                <\/figure>\n\n            \n        \n            \n            \n\n            <figure \n                class=\"wp-block-image swiper-slide\" \n                data-image-index=\"2\"\n            >\n                                    <img decoding=\"async\" \n                                                src=\"https:\/\/www.le-cabellou-plage.com\/wp-content\/uploads\/gt-ws-thelis\/site-1\/images\/527\/pict_8_3.jpg\" \n                        alt=\"Confort+ Gl\u00e9nan &#8211; 6Pers 3Ch  32m2\"\n                        loading=\"lazy\"\n                    >\n                                <\/figure>\n\n            \n        \n            \n            \n\n            <figure \n                class=\"wp-block-image swiper-slide\" \n                data-image-index=\"3\"\n            >\n                                    <img decoding=\"async\" \n                                                src=\"https:\/\/www.le-cabellou-plage.com\/wp-content\/uploads\/gt-ws-thelis\/site-1\/images\/527\/pict_8_4.jpg\" \n                        alt=\"Confort+ Gl\u00e9nan &#8211; 6Pers 3Ch  32m2\"\n                        loading=\"lazy\"\n                    >\n                                <\/figure>\n\n            \n        \n            \n            \n\n            <figure \n                class=\"wp-block-image swiper-slide\" \n                data-image-index=\"4\"\n            >\n                                    <img decoding=\"async\" \n                                                src=\"https:\/\/www.le-cabellou-plage.com\/wp-content\/uploads\/gt-ws-thelis\/site-1\/images\/527\/pict_8_5.jpg\" \n                        alt=\"Confort+ Gl\u00e9nan &#8211; 6Pers 3Ch  32m2\"\n                        loading=\"lazy\"\n                    >\n                                <\/figure>\n\n            \n        \n            \n            \n\n            <figure \n                class=\"wp-block-image swiper-slide\" \n                data-image-index=\"5\"\n            >\n                                    <img decoding=\"async\" \n                                                src=\"https:\/\/www.le-cabellou-plage.com\/wp-content\/uploads\/gt-ws-thelis\/site-1\/images\/527\/pict_8_6.jpg\" \n                        alt=\"Confort+ Gl\u00e9nan &#8211; 6Pers 3Ch  32m2\"\n                        loading=\"lazy\"\n                    >\n                                <\/figure>\n\n            \n        \n            \n            \n\n            <figure \n                class=\"wp-block-image swiper-slide\" \n                data-image-index=\"6\"\n            >\n                                    <img decoding=\"async\" \n                                                src=\"https:\/\/www.le-cabellou-plage.com\/wp-content\/uploads\/gt-ws-thelis\/site-1\/images\/527\/pict_8_7.jpg\" \n                        alt=\"Confort+ Gl\u00e9nan &#8211; 6Pers 3Ch  32m2\"\n                        loading=\"lazy\"\n                    >\n                                <\/figure>\n\n            \n        \n        \n            <\/div>\n            <div class=\"swiper-pagination\"><\/div>\n            <div class=\"swiper-button-prev\"><\/div>\n            <div class=\"swiper-button-next\"><\/div>\n        <\/div>\n        <\/div>\n\n\n<div class=\"wp-block-group bottom-card has-global-padding is-layout-constrained wp-container-core-group-is-layout-306daf7c wp-block-group-is-layout-constrained\" style=\"padding-top:0;padding-right:var(--wp--preset--spacing--10);padding-bottom:0;padding-left:var(--wp--preset--spacing--10)\">\n<p><\/p>\n\n\n\n<div class=\"wp-block-group gt-hebergement-foot is-layout-flow wp-container-core-group-is-layout-a77db08e wp-block-group-is-layout-flow\">\n<div class=\"wp-block-group is-content-justification-right is-layout-flex wp-container-core-group-is-layout-2c452c4e wp-block-group-is-layout-flex\" style=\"margin-top:0;margin-bottom:var(--wp--preset--spacing--20)\">\n<div class=\"wp-block-group hebergement-info is-vertical is-nowrap is-layout-flex wp-container-core-group-is-layout-3536e24b wp-block-group-is-layout-flex\">\n\n\n<div class=\"wp-block-gt-gt-ws-thelis-product-capacity\">\n            <img decoding=\"async\" src=\"https:\/\/www.le-cabellou-plage.com\/wp-content\/uploads\/2025\/01\/groupe.svg\" alt=\"Icon\" class=\"gt-icon\" \/> \n        6                 <\/div><\/div>\n\n\n\n<div class=\"wp-block-group hebergement-info is-vertical is-nowrap is-layout-flex wp-container-core-group-is-layout-3536e24b wp-block-group-is-layout-flex\">\n<div class=\"wp-block-gt-gt-ws-thelis-product-room\">\n            <img decoding=\"async\" src=\"https:\/\/www.le-cabellou-plage.com\/wp-content\/uploads\/2025\/02\/bed-1.svg\" alt=\"Icon\" class=\"gt-icon\" \/> \n        3                <\/div><\/div>\n\n\n\n<div class=\"wp-block-group hebergement-info is-vertical is-nowrap is-layout-flex wp-container-core-group-is-layout-3536e24b wp-block-group-is-layout-flex\">\n<div class=\"wp-block-gt-gt-ws-thelis-product-surface\">\n\n           <img decoding=\"async\" src=\"https:\/\/www.le-cabellou-plage.com\/wp-content\/uploads\/2025\/01\/surface-1.svg\" alt=\"Icon\" class=\"gt-icon\" \/> \n       \n        32m\u00b2\n<\/div><\/div>\n\n\n\n<div class=\"wp-block-group hebergement-info is-vertical is-nowrap is-layout-flex wp-container-core-group-is-layout-3536e24b wp-block-group-is-layout-flex\">\n<div class=\"wp-block-gt-gt-ws-thelis-product-bathroom\">\n            <img decoding=\"async\" src=\"https:\/\/www.le-cabellou-plage.com\/wp-content\/uploads\/2025\/03\/shower-2.svg\" alt=\"Icon\" class=\"gt-icon\" \/>\n        1                 <\/div><\/div>\n<\/div>\n<\/div>\n\n\n\n<div class=\"wp-block-group gt-hebergement-content has-base-2-color has-text-color has-link-color has-josefin-sans-font-family wp-elements-1dc5fd54dc8763551e0a213ad89aa8e4 is-content-justification-center is-nowrap is-layout-flex wp-container-core-group-is-layout-9c5e87ae wp-block-group-is-layout-flex\" style=\"padding-top:var(--wp--preset--spacing--10);padding-right:0;padding-bottom:var(--wp--preset--spacing--10);padding-left:var(--wp--preset--spacing--10);font-size:clamp(0.875rem, 0.875rem + ((1vw - 0.2rem) * 0.305), 1.1rem);\">\n<div class=\"wp-block-group has-global-padding is-content-justification-left is-layout-constrained wp-container-core-group-is-layout-12dd3699 wp-block-group-is-layout-constrained\"><p style=\"font-size:clamp(0.984rem, 0.984rem + ((1vw - 0.2rem) * 0.7), 1.5rem);\" class=\"wp-elements-8408685baa51903f439fde5025ccd007 wp-block-gt-gt-ws-thelis-product-name has-text-color has-base-2-color\">\n    Confort+ Gl\u00e9nan &#8211; 6Pers 3Ch  32m2<\/p>\n<\/div>\n\n\n\n<div class=\"wp-block-group link-hebergement has-global-padding is-layout-constrained wp-container-core-group-is-layout-f078265f wp-block-group-is-layout-constrained\" style=\"padding-right:0\"><a class=\"wp-elements-f3cb0fc3943cf1d9a6f084690632ba68 wp-block-read-more has-text-color has-custom-color-2-color\" href=\"https:\/\/www.le-cabellou-plage.com\/de\/hebergement\/confort-glenan-6pers-3ch-32m2\/\" target=\"_blank\">D\u00e9couvrir<span class=\"screen-reader-text\">: Confort+ Gl\u00e9nan &#8211; 6Pers 3Ch  32m2<\/span><\/a><\/div>\n<\/div>\n\n\n\n<div class=\"wp-block-group is-horizontal is-content-justification-space-between is-nowrap is-layout-flex wp-container-core-group-is-layout-f5091a2d wp-block-group-is-layout-flex\" style=\"padding-right:var(--wp--preset--spacing--20);padding-left:var(--wp--preset--spacing--20)\">    \n\t<div\n\t\tclass=\"wp-block-gt-gt-ws-thelis-disponibilites\"\t\tdata-wp-interactive=\"gt\/thelis\"\n\t\tdata-wp-watch=\"actions.loadStays\"\n\t\tdata-wp-bind--data-gt-statut=\"state.statut\"\n\t\tdata-wp-key=\"8+527-69f3dd7dd8f6c\"\n\t\tdata-wp-context='{\"idsProduct\":\"8+527\",\"idProduct\":\"8\",\"campingKey\":\"527\",\"isIndisponible\":true}'\t>\n\n\t\t\t\t\t<div hidden class=\"gt-ws-thelis-spinner\" data-wp-bind--hidden=\"!state.isLoading\">\n\t\t\t\t<span class=\"loader\"><\/span>\n\t\t\t<\/div>\n\t\t\n\n\t\t<div data-wp-bind--hidden=\"state.isLoading\" class=\"gt-ws-thelis-disponibilite-wrap\">\n\n\t\t\t\n\t\t\t\t\t\n\t\t\t\t<div hidden \n\t\t\t\t\tclass=\"gt-ws-thelis__disponibilite__price\"\n\t\t\t\t\tdata-wp-bind--hidden=\"!state.price\"\n\t\t\t\t>\n\t\t\t\t\t<span>\u00c0 partir de <\/span>\n\t\t\t\t\t<span hidden class=\"gt-ws-thelis__disponibilite__price__original\" data-wp-bind--hidden=\"!state.hasPromo\">\n\t\t\t\t\t\t<strike><span data-wp-text=\"state.originalPrice\"><\/span>\u20ac<\/strike>\n\t\t\t\t\t<\/span>\n\t\t\t\t\t<span class=\"gt-ws-thelis__disponibilite__price__discounted\">\n\t\t\t\t\t\t<span data-wp-bind--data-gt-price=\"state.price\" class=\"gt-ws-thelis-data-price\" data-wp-text=\"state.price\"><\/span>\u20ac\n\t\t\t\t\t<\/span>\n\t\t\t\t<\/div>\n\t\t\t\n\t\t\t\n\t\t\t\n\t\t\t\n\t\t<\/div>\n\n\t<\/div>\n\n    \n\n    \n\t<div\n\t\tclass=\"statut-dispo wp-block-gt-gt-ws-thelis-disponibilites\"\t\tdata-wp-interactive=\"gt\/thelis\"\n\t\tdata-wp-watch=\"actions.loadStays\"\n\t\tdata-wp-bind--data-gt-statut=\"state.statut\"\n\t\tdata-wp-key=\"8+527-69f3dd7dd9004\"\n\t\tdata-wp-context='{\"idsProduct\":\"8+527\",\"idProduct\":\"8\",\"campingKey\":\"527\",\"isIndisponible\":true}'\t>\n\n\t\t\t\t\t<div hidden class=\"gt-ws-thelis-spinner\" data-wp-bind--hidden=\"!state.isLoading\">\n\t\t\t\t<span class=\"loader\"><\/span>\n\t\t\t<\/div>\n\t\t\n\n\t\t<div data-wp-bind--hidden=\"state.isLoading\" class=\"gt-ws-thelis-disponibilite-wrap\">\n\n\t\t\t\t\t\t\t\t\t\t\t\t\t<div class=\"gt-ws-thelis-statut\" data-wp-text=\"state.titre\"><\/div>\n\t\t\t\t\t\t\t\t\n\t\t\t\n\t\t\t\n\t\t\t\n\t\t\t\n\t\t<\/div>\n\n\t<\/div>\n\n    <\/div>\n<\/div>\n\n<\/li><li data-gt-camping=\"527\" data-gt-capacity=\"6\" data-gt-criterions=\"&quot;[17,7631]&quot;\" data-gt-post-id=\"21104\" data-gt-types=\"camping,Platzierung\" data-gt-ws-camping=\"527\" data-wp-key=\"69f3dd7ddd39a\" class=\"wp-block-post post-21104 hebergement type-hebergement status-publish has-post-thumbnail hentry\">\n\n<div \n    class=\"wp-block-gt-gt-ws-thelis-product-images\"    data-wp-interactive=\"gt\/thelis\/hebergement\/image\"\n    data-gallery-images='[&quot;https:\\\/\\\/www.le-cabellou-plage.com\\\/wp-content\\\/uploads\\\/gt-ws-thelis\\\/site-1\\\/images\\\/527\\\/pict_22_1.jpg&quot;,&quot;https:\\\/\\\/www.le-cabellou-plage.com\\\/wp-content\\\/uploads\\\/gt-ws-thelis\\\/site-1\\\/images\\\/527\\\/pict_22_2.jpg&quot;,&quot;https:\\\/\\\/www.le-cabellou-plage.com\\\/wp-content\\\/uploads\\\/gt-ws-thelis\\\/site-1\\\/images\\\/527\\\/pict_22_3.jpg&quot;]'\n    data-wp-context='{\"images\":[\"https:\\\/\\\/www.le-cabellou-plage.com\\\/wp-content\\\/uploads\\\/gt-ws-thelis\\\/site-1\\\/images\\\/527\\\/pict_22_1.jpg\",\"https:\\\/\\\/www.le-cabellou-plage.com\\\/wp-content\\\/uploads\\\/gt-ws-thelis\\\/site-1\\\/images\\\/527\\\/pict_22_2.jpg\",\"https:\\\/\\\/www.le-cabellou-plage.com\\\/wp-content\\\/uploads\\\/gt-ws-thelis\\\/site-1\\\/images\\\/527\\\/pict_22_3.jpg\"],\"jsonConfig\":{\"speed\":400,\"spaceBetween\":16,\"slidesPerView\":1,\"loop\":true,\"breakpoints\":[{\"slidesPerView\":1}],\"pagination\":false,\"effect\":\"fade\",\"autoplay\":{\"delay\":2500}},\"sliderId\":\"69f3dd7dd93d8\"}'>\n            <div \n            id=\"69f3dd7dd93d8\"\n            class=\"gt-ws-thelis-is-slider swiper\" \n            data-swiper='{\"speed\":400,\"spaceBetween\":16,\"slidesPerView\":1,\"loop\":true,\"breakpoints\":[{\"slidesPerView\":1}],\"pagination\":false,\"effect\":\"fade\",\"autoplay\":{\"delay\":2500}}'\n            data-wp-key=\"21104660ce1da78d7ac15e03706f31ece0088\"\n            data-wp-run=\"callbacks.resetSwiper\"\n            data-wp-on--mouseover=\"callbacks.resetSwiper\"\n        >\n        <div class=\"swiper-wrapper\">\n                \n            \n            \n\n            <figure \n                class=\"wp-block-image swiper-slide\" \n                data-image-index=\"0\"\n            >\n                                    <img decoding=\"async\" \n                                                src=\"https:\/\/www.le-cabellou-plage.com\/wp-content\/uploads\/gt-ws-thelis\/site-1\/images\/527\/pict_22_1.jpg\" \n                        alt=\"Emplacement Camping Confort\"\n                        loading=\"lazy\"\n                    >\n                                <\/figure>\n\n            \n        \n            \n            \n\n            <figure \n                class=\"wp-block-image swiper-slide\" \n                data-image-index=\"1\"\n            >\n                                    <img decoding=\"async\" \n                                                src=\"https:\/\/www.le-cabellou-plage.com\/wp-content\/uploads\/gt-ws-thelis\/site-1\/images\/527\/pict_22_2.jpg\" \n                        alt=\"Emplacement Camping Confort\"\n                        loading=\"lazy\"\n                    >\n                                <\/figure>\n\n            \n        \n            \n            \n\n            <figure \n                class=\"wp-block-image swiper-slide\" \n                data-image-index=\"2\"\n            >\n                                    <img decoding=\"async\" \n                                                src=\"https:\/\/www.le-cabellou-plage.com\/wp-content\/uploads\/gt-ws-thelis\/site-1\/images\/527\/pict_22_3.jpg\" \n                        alt=\"Emplacement Camping Confort\"\n                        loading=\"lazy\"\n                    >\n                                <\/figure>\n\n            \n        \n        \n            <\/div>\n            <div class=\"swiper-pagination\"><\/div>\n            <div class=\"swiper-button-prev\"><\/div>\n            <div class=\"swiper-button-next\"><\/div>\n        <\/div>\n        <\/div>\n\n\n<div class=\"wp-block-group bottom-card has-global-padding is-layout-constrained wp-container-core-group-is-layout-306daf7c wp-block-group-is-layout-constrained\" style=\"padding-top:0;padding-right:var(--wp--preset--spacing--10);padding-bottom:0;padding-left:var(--wp--preset--spacing--10)\">\n<p><\/p>\n\n\n\n<div class=\"wp-block-group gt-hebergement-foot is-layout-flow wp-container-core-group-is-layout-a77db08e wp-block-group-is-layout-flow\">\n<div class=\"wp-block-group is-content-justification-right is-layout-flex wp-container-core-group-is-layout-2c452c4e wp-block-group-is-layout-flex\" style=\"margin-top:0;margin-bottom:var(--wp--preset--spacing--20)\">\n<div class=\"wp-block-group hebergement-info is-vertical is-nowrap is-layout-flex wp-container-core-group-is-layout-3536e24b wp-block-group-is-layout-flex\">\n\n\n<div class=\"wp-block-gt-gt-ws-thelis-product-capacity\">\n            <img decoding=\"async\" src=\"https:\/\/www.le-cabellou-plage.com\/wp-content\/uploads\/2025\/01\/groupe.svg\" alt=\"Icon\" class=\"gt-icon\" \/> \n        6                 <\/div><\/div>\n\n\n\n<div class=\"wp-block-group hebergement-info is-vertical is-nowrap is-layout-flex wp-container-core-group-is-layout-3536e24b wp-block-group-is-layout-flex\"><\/div>\n\n\n\n<div class=\"wp-block-group hebergement-info is-vertical is-nowrap is-layout-flex wp-container-core-group-is-layout-3536e24b wp-block-group-is-layout-flex\"><\/div>\n\n\n\n<div class=\"wp-block-group hebergement-info is-vertical is-nowrap is-layout-flex wp-container-core-group-is-layout-3536e24b wp-block-group-is-layout-flex\"><\/div>\n<\/div>\n<\/div>\n\n\n\n<div class=\"wp-block-group gt-hebergement-content has-base-2-color has-text-color has-link-color has-josefin-sans-font-family wp-elements-1dc5fd54dc8763551e0a213ad89aa8e4 is-content-justification-center is-nowrap is-layout-flex wp-container-core-group-is-layout-9c5e87ae wp-block-group-is-layout-flex\" style=\"padding-top:var(--wp--preset--spacing--10);padding-right:0;padding-bottom:var(--wp--preset--spacing--10);padding-left:var(--wp--preset--spacing--10);font-size:clamp(0.875rem, 0.875rem + ((1vw - 0.2rem) * 0.305), 1.1rem);\">\n<div class=\"wp-block-group has-global-padding is-content-justification-left is-layout-constrained wp-container-core-group-is-layout-12dd3699 wp-block-group-is-layout-constrained\"><p style=\"font-size:clamp(0.984rem, 0.984rem + ((1vw - 0.2rem) * 0.7), 1.5rem);\" class=\"wp-elements-8408685baa51903f439fde5025ccd007 wp-block-gt-gt-ws-thelis-product-name has-text-color has-base-2-color\">\n    Emplacement Camping Confort<\/p>\n<\/div>\n\n\n\n<div class=\"wp-block-group link-hebergement has-global-padding is-layout-constrained wp-container-core-group-is-layout-f078265f wp-block-group-is-layout-constrained\" style=\"padding-right:0\"><a class=\"wp-elements-f3cb0fc3943cf1d9a6f084690632ba68 wp-block-read-more has-text-color has-custom-color-2-color\" href=\"https:\/\/www.le-cabellou-plage.com\/de\/hebergement\/emplacement-camping-confort\/\" target=\"_blank\">D\u00e9couvrir<span class=\"screen-reader-text\">: Emplacement Camping Confort<\/span><\/a><\/div>\n<\/div>\n\n\n\n<div class=\"wp-block-group is-horizontal is-content-justification-space-between is-nowrap is-layout-flex wp-container-core-group-is-layout-f5091a2d wp-block-group-is-layout-flex\" style=\"padding-right:var(--wp--preset--spacing--20);padding-left:var(--wp--preset--spacing--20)\">    \n\t<div\n\t\tclass=\"wp-block-gt-gt-ws-thelis-disponibilites\"\t\tdata-wp-interactive=\"gt\/thelis\"\n\t\tdata-wp-watch=\"actions.loadStays\"\n\t\tdata-wp-bind--data-gt-statut=\"state.statut\"\n\t\tdata-wp-key=\"22+527-69f3dd7dd9e6f\"\n\t\tdata-wp-context='{\"idsProduct\":\"22+527\",\"idProduct\":\"22\",\"campingKey\":\"527\",\"isIndisponible\":true}'\t>\n\n\t\t\t\t\t<div hidden class=\"gt-ws-thelis-spinner\" data-wp-bind--hidden=\"!state.isLoading\">\n\t\t\t\t<span class=\"loader\"><\/span>\n\t\t\t<\/div>\n\t\t\n\n\t\t<div data-wp-bind--hidden=\"state.isLoading\" class=\"gt-ws-thelis-disponibilite-wrap\">\n\n\t\t\t\n\t\t\t\t\t\n\t\t\t\t<div hidden \n\t\t\t\t\tclass=\"gt-ws-thelis__disponibilite__price\"\n\t\t\t\t\tdata-wp-bind--hidden=\"!state.price\"\n\t\t\t\t>\n\t\t\t\t\t<span>\u00c0 partir de <\/span>\n\t\t\t\t\t<span hidden class=\"gt-ws-thelis__disponibilite__price__original\" data-wp-bind--hidden=\"!state.hasPromo\">\n\t\t\t\t\t\t<strike><span data-wp-text=\"state.originalPrice\"><\/span>\u20ac<\/strike>\n\t\t\t\t\t<\/span>\n\t\t\t\t\t<span class=\"gt-ws-thelis__disponibilite__price__discounted\">\n\t\t\t\t\t\t<span data-wp-bind--data-gt-price=\"state.price\" class=\"gt-ws-thelis-data-price\" data-wp-text=\"state.price\"><\/span>\u20ac\n\t\t\t\t\t<\/span>\n\t\t\t\t<\/div>\n\t\t\t\n\t\t\t\n\t\t\t\n\t\t\t\n\t\t<\/div>\n\n\t<\/div>\n\n    \n\n    \n\t<div\n\t\tclass=\"statut-dispo wp-block-gt-gt-ws-thelis-disponibilites\"\t\tdata-wp-interactive=\"gt\/thelis\"\n\t\tdata-wp-watch=\"actions.loadStays\"\n\t\tdata-wp-bind--data-gt-statut=\"state.statut\"\n\t\tdata-wp-key=\"22+527-69f3dd7dd9f01\"\n\t\tdata-wp-context='{\"idsProduct\":\"22+527\",\"idProduct\":\"22\",\"campingKey\":\"527\",\"isIndisponible\":true}'\t>\n\n\t\t\t\t\t<div hidden class=\"gt-ws-thelis-spinner\" data-wp-bind--hidden=\"!state.isLoading\">\n\t\t\t\t<span class=\"loader\"><\/span>\n\t\t\t<\/div>\n\t\t\n\n\t\t<div data-wp-bind--hidden=\"state.isLoading\" class=\"gt-ws-thelis-disponibilite-wrap\">\n\n\t\t\t\t\t\t\t\t\t\t\t\t\t<div class=\"gt-ws-thelis-statut\" data-wp-text=\"state.titre\"><\/div>\n\t\t\t\t\t\t\t\t\n\t\t\t\n\t\t\t\n\t\t\t\n\t\t\t\n\t\t<\/div>\n\n\t<\/div>\n\n    <\/div>\n<\/div>\n\n<\/li><li data-gt-bathrooms=\"1\" data-gt-camping=\"527\" data-gt-capacity=\"6\" data-gt-criterions=\"&quot;[17,3222,3223,3225,3230,7631]&quot;\" data-gt-post-id=\"21121\" data-gt-rooms=\"3\" data-gt-surfaces=\"36\" data-gt-types=\"Mobilheime,location\" data-gt-ws-camping=\"527\" data-wp-key=\"69f3dd7ddd4b2\" class=\"wp-block-post post-21121 hebergement type-hebergement status-publish has-post-thumbnail hentry\">\n\n<div \n    class=\"wp-block-gt-gt-ws-thelis-product-images\"    data-wp-interactive=\"gt\/thelis\/hebergement\/image\"\n    data-gallery-images='[&quot;https:\\\/\\\/www.le-cabellou-plage.com\\\/wp-content\\\/uploads\\\/gt-ws-thelis\\\/site-1\\\/images\\\/527\\\/pict_11_5.jpg&quot;,&quot;https:\\\/\\\/www.le-cabellou-plage.com\\\/wp-content\\\/uploads\\\/gt-ws-thelis\\\/site-1\\\/images\\\/527\\\/pict_11_1.jpg&quot;,&quot;https:\\\/\\\/www.le-cabellou-plage.com\\\/wp-content\\\/uploads\\\/gt-ws-thelis\\\/site-1\\\/images\\\/527\\\/pict_11_2.jpg&quot;,&quot;https:\\\/\\\/www.le-cabellou-plage.com\\\/wp-content\\\/uploads\\\/gt-ws-thelis\\\/site-1\\\/images\\\/527\\\/pict_11_3.jpg&quot;,&quot;https:\\\/\\\/www.le-cabellou-plage.com\\\/wp-content\\\/uploads\\\/gt-ws-thelis\\\/site-1\\\/images\\\/527\\\/pict_11_7.jpg&quot;,&quot;https:\\\/\\\/www.le-cabellou-plage.com\\\/wp-content\\\/uploads\\\/gt-ws-thelis\\\/site-1\\\/images\\\/527\\\/pict_11_4.jpg&quot;,&quot;https:\\\/\\\/www.le-cabellou-plage.com\\\/wp-content\\\/uploads\\\/gt-ws-thelis\\\/site-1\\\/images\\\/527\\\/pict_11_6.jpg&quot;]'\n    data-wp-context='{\"images\":[\"https:\\\/\\\/www.le-cabellou-plage.com\\\/wp-content\\\/uploads\\\/gt-ws-thelis\\\/site-1\\\/images\\\/527\\\/pict_11_5.jpg\",\"https:\\\/\\\/www.le-cabellou-plage.com\\\/wp-content\\\/uploads\\\/gt-ws-thelis\\\/site-1\\\/images\\\/527\\\/pict_11_1.jpg\",\"https:\\\/\\\/www.le-cabellou-plage.com\\\/wp-content\\\/uploads\\\/gt-ws-thelis\\\/site-1\\\/images\\\/527\\\/pict_11_2.jpg\",\"https:\\\/\\\/www.le-cabellou-plage.com\\\/wp-content\\\/uploads\\\/gt-ws-thelis\\\/site-1\\\/images\\\/527\\\/pict_11_3.jpg\",\"https:\\\/\\\/www.le-cabellou-plage.com\\\/wp-content\\\/uploads\\\/gt-ws-thelis\\\/site-1\\\/images\\\/527\\\/pict_11_7.jpg\",\"https:\\\/\\\/www.le-cabellou-plage.com\\\/wp-content\\\/uploads\\\/gt-ws-thelis\\\/site-1\\\/images\\\/527\\\/pict_11_4.jpg\",\"https:\\\/\\\/www.le-cabellou-plage.com\\\/wp-content\\\/uploads\\\/gt-ws-thelis\\\/site-1\\\/images\\\/527\\\/pict_11_6.jpg\"],\"jsonConfig\":{\"speed\":400,\"spaceBetween\":16,\"slidesPerView\":1,\"loop\":true,\"breakpoints\":[{\"slidesPerView\":1}],\"pagination\":false,\"effect\":\"fade\",\"autoplay\":{\"delay\":2500}},\"sliderId\":\"69f3dd7dda2a9\"}'>\n            <div \n            id=\"69f3dd7dda2a9\"\n            class=\"gt-ws-thelis-is-slider swiper\" \n            data-swiper='{\"speed\":400,\"spaceBetween\":16,\"slidesPerView\":1,\"loop\":true,\"breakpoints\":[{\"slidesPerView\":1}],\"pagination\":false,\"effect\":\"fade\",\"autoplay\":{\"delay\":2500}}'\n            data-wp-key=\"21121660ce1da78d7ac15e03706f31ece0088\"\n            data-wp-run=\"callbacks.resetSwiper\"\n            data-wp-on--mouseover=\"callbacks.resetSwiper\"\n        >\n        <div class=\"swiper-wrapper\">\n                \n            \n            \n\n            <figure \n                class=\"wp-block-image swiper-slide\" \n                data-image-index=\"0\"\n            >\n                                    <img decoding=\"async\" \n                                                src=\"https:\/\/www.le-cabellou-plage.com\/wp-content\/uploads\/gt-ws-thelis\/site-1\/images\/527\/pict_11_1.jpg\" \n                        alt=\"Premium Corail &#8211; 6 Pers 3 Ch &#8211; 36m2\"\n                        loading=\"lazy\"\n                    >\n                                <\/figure>\n\n            \n        \n            \n            \n\n            <figure \n                class=\"wp-block-image swiper-slide\" \n                data-image-index=\"1\"\n            >\n                                    <img decoding=\"async\" \n                                                src=\"https:\/\/www.le-cabellou-plage.com\/wp-content\/uploads\/gt-ws-thelis\/site-1\/images\/527\/pict_11_2.jpg\" \n                        alt=\"Premium Corail &#8211; 6 Pers 3 Ch &#8211; 36m2\"\n                        loading=\"lazy\"\n                    >\n                                <\/figure>\n\n            \n        \n            \n            \n\n            <figure \n                class=\"wp-block-image swiper-slide\" \n                data-image-index=\"2\"\n            >\n                                    <img decoding=\"async\" \n                                                src=\"https:\/\/www.le-cabellou-plage.com\/wp-content\/uploads\/gt-ws-thelis\/site-1\/images\/527\/pict_11_3.jpg\" \n                        alt=\"Premium Corail &#8211; 6 Pers 3 Ch &#8211; 36m2\"\n                        loading=\"lazy\"\n                    >\n                                <\/figure>\n\n            \n        \n            \n            \n\n            <figure \n                class=\"wp-block-image swiper-slide\" \n                data-image-index=\"3\"\n            >\n                                    <img decoding=\"async\" \n                                                src=\"https:\/\/www.le-cabellou-plage.com\/wp-content\/uploads\/gt-ws-thelis\/site-1\/images\/527\/pict_11_4.jpg\" \n                        alt=\"Premium Corail &#8211; 6 Pers 3 Ch &#8211; 36m2\"\n                        loading=\"lazy\"\n                    >\n                                <\/figure>\n\n            \n        \n            \n            \n\n            <figure \n                class=\"wp-block-image swiper-slide\" \n                data-image-index=\"4\"\n            >\n                                    <img decoding=\"async\" \n                                                src=\"https:\/\/www.le-cabellou-plage.com\/wp-content\/uploads\/gt-ws-thelis\/site-1\/images\/527\/pict_11_5.jpg\" \n                        alt=\"Premium Corail &#8211; 6 Pers 3 Ch &#8211; 36m2\"\n                        loading=\"lazy\"\n                    >\n                                <\/figure>\n\n            \n        \n            \n            \n\n            <figure \n                class=\"wp-block-image swiper-slide\" \n                data-image-index=\"5\"\n            >\n                                    <img decoding=\"async\" \n                                                src=\"https:\/\/www.le-cabellou-plage.com\/wp-content\/uploads\/gt-ws-thelis\/site-1\/images\/527\/pict_11_6.jpg\" \n                        alt=\"Premium Corail &#8211; 6 Pers 3 Ch &#8211; 36m2\"\n                        loading=\"lazy\"\n                    >\n                                <\/figure>\n\n            \n        \n            \n            \n\n            <figure \n                class=\"wp-block-image swiper-slide\" \n                data-image-index=\"6\"\n            >\n                                    <img decoding=\"async\" \n                                                src=\"https:\/\/www.le-cabellou-plage.com\/wp-content\/uploads\/gt-ws-thelis\/site-1\/images\/527\/pict_11_7.jpg\" \n                        alt=\"Premium Corail &#8211; 6 Pers 3 Ch &#8211; 36m2\"\n                        loading=\"lazy\"\n                    >\n                                <\/figure>\n\n            \n        \n        \n            <\/div>\n            <div class=\"swiper-pagination\"><\/div>\n            <div class=\"swiper-button-prev\"><\/div>\n            <div class=\"swiper-button-next\"><\/div>\n        <\/div>\n        <\/div>\n\n\n<div class=\"wp-block-group bottom-card has-global-padding is-layout-constrained wp-container-core-group-is-layout-306daf7c wp-block-group-is-layout-constrained\" style=\"padding-top:0;padding-right:var(--wp--preset--spacing--10);padding-bottom:0;padding-left:var(--wp--preset--spacing--10)\">\n<p><\/p>\n\n\n\n<div class=\"wp-block-group gt-hebergement-foot is-layout-flow wp-container-core-group-is-layout-a77db08e wp-block-group-is-layout-flow\">\n<div class=\"wp-block-group is-content-justification-right is-layout-flex wp-container-core-group-is-layout-2c452c4e wp-block-group-is-layout-flex\" style=\"margin-top:0;margin-bottom:var(--wp--preset--spacing--20)\">\n<div class=\"wp-block-group hebergement-info is-vertical is-nowrap is-layout-flex wp-container-core-group-is-layout-3536e24b wp-block-group-is-layout-flex\">\n\n\n<div class=\"wp-block-gt-gt-ws-thelis-product-capacity\">\n            <img decoding=\"async\" src=\"https:\/\/www.le-cabellou-plage.com\/wp-content\/uploads\/2025\/01\/groupe.svg\" alt=\"Icon\" class=\"gt-icon\" \/> \n        6                 <\/div><\/div>\n\n\n\n<div class=\"wp-block-group hebergement-info is-vertical is-nowrap is-layout-flex wp-container-core-group-is-layout-3536e24b wp-block-group-is-layout-flex\">\n<div class=\"wp-block-gt-gt-ws-thelis-product-room\">\n            <img decoding=\"async\" src=\"https:\/\/www.le-cabellou-plage.com\/wp-content\/uploads\/2025\/02\/bed-1.svg\" alt=\"Icon\" class=\"gt-icon\" \/> \n        3                <\/div><\/div>\n\n\n\n<div class=\"wp-block-group hebergement-info is-vertical is-nowrap is-layout-flex wp-container-core-group-is-layout-3536e24b wp-block-group-is-layout-flex\">\n<div class=\"wp-block-gt-gt-ws-thelis-product-surface\">\n\n           <img decoding=\"async\" src=\"https:\/\/www.le-cabellou-plage.com\/wp-content\/uploads\/2025\/01\/surface-1.svg\" alt=\"Icon\" class=\"gt-icon\" \/> \n       \n        36m\u00b2\n<\/div><\/div>\n\n\n\n<div class=\"wp-block-group hebergement-info is-vertical is-nowrap is-layout-flex wp-container-core-group-is-layout-3536e24b wp-block-group-is-layout-flex\">\n<div class=\"wp-block-gt-gt-ws-thelis-product-bathroom\">\n            <img decoding=\"async\" src=\"https:\/\/www.le-cabellou-plage.com\/wp-content\/uploads\/2025\/03\/shower-2.svg\" alt=\"Icon\" class=\"gt-icon\" \/>\n        1                 <\/div><\/div>\n<\/div>\n<\/div>\n\n\n\n<div class=\"wp-block-group gt-hebergement-content has-base-2-color has-text-color has-link-color has-josefin-sans-font-family wp-elements-1dc5fd54dc8763551e0a213ad89aa8e4 is-content-justification-center is-nowrap is-layout-flex wp-container-core-group-is-layout-9c5e87ae wp-block-group-is-layout-flex\" style=\"padding-top:var(--wp--preset--spacing--10);padding-right:0;padding-bottom:var(--wp--preset--spacing--10);padding-left:var(--wp--preset--spacing--10);font-size:clamp(0.875rem, 0.875rem + ((1vw - 0.2rem) * 0.305), 1.1rem);\">\n<div class=\"wp-block-group has-global-padding is-content-justification-left is-layout-constrained wp-container-core-group-is-layout-12dd3699 wp-block-group-is-layout-constrained\"><p style=\"font-size:clamp(0.984rem, 0.984rem + ((1vw - 0.2rem) * 0.7), 1.5rem);\" class=\"wp-elements-8408685baa51903f439fde5025ccd007 wp-block-gt-gt-ws-thelis-product-name has-text-color has-base-2-color\">\n    Premium Corail &#8211; 6 Pers 3 Ch &#8211; 36m2<\/p>\n<\/div>\n\n\n\n<div class=\"wp-block-group link-hebergement has-global-padding is-layout-constrained wp-container-core-group-is-layout-f078265f wp-block-group-is-layout-constrained\" style=\"padding-right:0\"><a class=\"wp-elements-f3cb0fc3943cf1d9a6f084690632ba68 wp-block-read-more has-text-color has-custom-color-2-color\" href=\"https:\/\/www.le-cabellou-plage.com\/de\/hebergement\/premium-corail-6-pers-3-ch-36m2\/\" target=\"_blank\">D\u00e9couvrir<span class=\"screen-reader-text\">: Premium Corail &#8211; 6 Pers 3 Ch &#8211; 36m2<\/span><\/a><\/div>\n<\/div>\n\n\n\n<div class=\"wp-block-group is-horizontal is-content-justification-space-between is-nowrap is-layout-flex wp-container-core-group-is-layout-f5091a2d wp-block-group-is-layout-flex\" style=\"padding-right:var(--wp--preset--spacing--20);padding-left:var(--wp--preset--spacing--20)\">    \n\t<div\n\t\tclass=\"wp-block-gt-gt-ws-thelis-disponibilites\"\t\tdata-wp-interactive=\"gt\/thelis\"\n\t\tdata-wp-watch=\"actions.loadStays\"\n\t\tdata-wp-bind--data-gt-statut=\"state.statut\"\n\t\tdata-wp-key=\"11+527-69f3dd7ddaf40\"\n\t\tdata-wp-context='{\"idsProduct\":\"11+527\",\"idProduct\":\"11\",\"campingKey\":\"527\",\"isIndisponible\":true}'\t>\n\n\t\t\t\t\t<div hidden class=\"gt-ws-thelis-spinner\" data-wp-bind--hidden=\"!state.isLoading\">\n\t\t\t\t<span class=\"loader\"><\/span>\n\t\t\t<\/div>\n\t\t\n\n\t\t<div data-wp-bind--hidden=\"state.isLoading\" class=\"gt-ws-thelis-disponibilite-wrap\">\n\n\t\t\t\n\t\t\t\t\t\n\t\t\t\t<div hidden \n\t\t\t\t\tclass=\"gt-ws-thelis__disponibilite__price\"\n\t\t\t\t\tdata-wp-bind--hidden=\"!state.price\"\n\t\t\t\t>\n\t\t\t\t\t<span>\u00c0 partir de <\/span>\n\t\t\t\t\t<span hidden class=\"gt-ws-thelis__disponibilite__price__original\" data-wp-bind--hidden=\"!state.hasPromo\">\n\t\t\t\t\t\t<strike><span data-wp-text=\"state.originalPrice\"><\/span>\u20ac<\/strike>\n\t\t\t\t\t<\/span>\n\t\t\t\t\t<span class=\"gt-ws-thelis__disponibilite__price__discounted\">\n\t\t\t\t\t\t<span data-wp-bind--data-gt-price=\"state.price\" class=\"gt-ws-thelis-data-price\" data-wp-text=\"state.price\"><\/span>\u20ac\n\t\t\t\t\t<\/span>\n\t\t\t\t<\/div>\n\t\t\t\n\t\t\t\n\t\t\t\n\t\t\t\n\t\t<\/div>\n\n\t<\/div>\n\n    \n\n    \n\t<div\n\t\tclass=\"statut-dispo wp-block-gt-gt-ws-thelis-disponibilites\"\t\tdata-wp-interactive=\"gt\/thelis\"\n\t\tdata-wp-watch=\"actions.loadStays\"\n\t\tdata-wp-bind--data-gt-statut=\"state.statut\"\n\t\tdata-wp-key=\"11+527-69f3dd7ddafd3\"\n\t\tdata-wp-context='{\"idsProduct\":\"11+527\",\"idProduct\":\"11\",\"campingKey\":\"527\",\"isIndisponible\":true}'\t>\n\n\t\t\t\t\t<div hidden class=\"gt-ws-thelis-spinner\" data-wp-bind--hidden=\"!state.isLoading\">\n\t\t\t\t<span class=\"loader\"><\/span>\n\t\t\t<\/div>\n\t\t\n\n\t\t<div data-wp-bind--hidden=\"state.isLoading\" class=\"gt-ws-thelis-disponibilite-wrap\">\n\n\t\t\t\t\t\t\t\t\t\t\t\t\t<div class=\"gt-ws-thelis-statut\" data-wp-text=\"state.titre\"><\/div>\n\t\t\t\t\t\t\t\t\n\t\t\t\n\t\t\t\n\t\t\t\n\t\t\t\n\t\t<\/div>\n\n\t<\/div>\n\n    <\/div>\n<\/div>\n\n<\/li><li data-gt-bathrooms=\"1\" data-gt-camping=\"527\" data-gt-capacity=\"6\" data-gt-criterions=\"&quot;[17,4517,3222,3223,3225,3230]&quot;\" data-gt-post-id=\"21109\" data-gt-rooms=\"3\" data-gt-surfaces=\"36\" data-gt-types=\"Mobilheime,location\" data-gt-ws-camping=\"527\" data-wp-key=\"69f3dd7ddd645\" class=\"wp-block-post post-21109 hebergement type-hebergement status-publish has-post-thumbnail hentry\">\n\n<div \n    class=\"wp-block-gt-gt-ws-thelis-product-images\"    data-wp-interactive=\"gt\/thelis\/hebergement\/image\"\n    data-gallery-images='[&quot;https:\\\/\\\/www.le-cabellou-plage.com\\\/wp-content\\\/uploads\\\/gt-ws-thelis\\\/site-1\\\/images\\\/527\\\/pict_19_7.jpg&quot;,&quot;https:\\\/\\\/www.le-cabellou-plage.com\\\/wp-content\\\/uploads\\\/gt-ws-thelis\\\/site-1\\\/images\\\/527\\\/pict_19_1.jpg&quot;,&quot;https:\\\/\\\/www.le-cabellou-plage.com\\\/wp-content\\\/uploads\\\/gt-ws-thelis\\\/site-1\\\/images\\\/527\\\/pict_19_2.jpg&quot;,&quot;https:\\\/\\\/www.le-cabellou-plage.com\\\/wp-content\\\/uploads\\\/gt-ws-thelis\\\/site-1\\\/images\\\/527\\\/pict_19_3.jpg&quot;,&quot;https:\\\/\\\/www.le-cabellou-plage.com\\\/wp-content\\\/uploads\\\/gt-ws-thelis\\\/site-1\\\/images\\\/527\\\/pict_19_5.jpg&quot;,&quot;https:\\\/\\\/www.le-cabellou-plage.com\\\/wp-content\\\/uploads\\\/gt-ws-thelis\\\/site-1\\\/images\\\/527\\\/pict_19_6.jpg&quot;,&quot;https:\\\/\\\/www.le-cabellou-plage.com\\\/wp-content\\\/uploads\\\/gt-ws-thelis\\\/site-1\\\/images\\\/527\\\/pict_19_4.jpg&quot;]'\n    data-wp-context='{\"images\":[\"https:\\\/\\\/www.le-cabellou-plage.com\\\/wp-content\\\/uploads\\\/gt-ws-thelis\\\/site-1\\\/images\\\/527\\\/pict_19_7.jpg\",\"https:\\\/\\\/www.le-cabellou-plage.com\\\/wp-content\\\/uploads\\\/gt-ws-thelis\\\/site-1\\\/images\\\/527\\\/pict_19_1.jpg\",\"https:\\\/\\\/www.le-cabellou-plage.com\\\/wp-content\\\/uploads\\\/gt-ws-thelis\\\/site-1\\\/images\\\/527\\\/pict_19_2.jpg\",\"https:\\\/\\\/www.le-cabellou-plage.com\\\/wp-content\\\/uploads\\\/gt-ws-thelis\\\/site-1\\\/images\\\/527\\\/pict_19_3.jpg\",\"https:\\\/\\\/www.le-cabellou-plage.com\\\/wp-content\\\/uploads\\\/gt-ws-thelis\\\/site-1\\\/images\\\/527\\\/pict_19_5.jpg\",\"https:\\\/\\\/www.le-cabellou-plage.com\\\/wp-content\\\/uploads\\\/gt-ws-thelis\\\/site-1\\\/images\\\/527\\\/pict_19_6.jpg\",\"https:\\\/\\\/www.le-cabellou-plage.com\\\/wp-content\\\/uploads\\\/gt-ws-thelis\\\/site-1\\\/images\\\/527\\\/pict_19_4.jpg\"],\"jsonConfig\":{\"speed\":400,\"spaceBetween\":16,\"slidesPerView\":1,\"loop\":true,\"breakpoints\":[{\"slidesPerView\":1}],\"pagination\":false,\"effect\":\"fade\",\"autoplay\":{\"delay\":2500}},\"sliderId\":\"69f3dd7ddb383\"}'>\n            <div \n            id=\"69f3dd7ddb383\"\n            class=\"gt-ws-thelis-is-slider swiper\" \n            data-swiper='{\"speed\":400,\"spaceBetween\":16,\"slidesPerView\":1,\"loop\":true,\"breakpoints\":[{\"slidesPerView\":1}],\"pagination\":false,\"effect\":\"fade\",\"autoplay\":{\"delay\":2500}}'\n            data-wp-key=\"21109660ce1da78d7ac15e03706f31ece0088\"\n            data-wp-run=\"callbacks.resetSwiper\"\n            data-wp-on--mouseover=\"callbacks.resetSwiper\"\n        >\n        <div class=\"swiper-wrapper\">\n                \n            \n            \n\n            <figure \n                class=\"wp-block-image swiper-slide\" \n                data-image-index=\"0\"\n            >\n                                    <img decoding=\"async\" \n                                                src=\"https:\/\/www.le-cabellou-plage.com\/wp-content\/uploads\/gt-ws-thelis\/site-1\/images\/527\/pict_19_1.jpg\" \n                        alt=\"Prestige Lagoon- Pi\u00e9ton- 6P 3Ch &#8211; 36m2\"\n                        loading=\"lazy\"\n                    >\n                                <\/figure>\n\n            \n        \n            \n            \n\n            <figure \n                class=\"wp-block-image swiper-slide\" \n                data-image-index=\"1\"\n            >\n                                    <img decoding=\"async\" \n                                                src=\"https:\/\/www.le-cabellou-plage.com\/wp-content\/uploads\/gt-ws-thelis\/site-1\/images\/527\/pict_19_2.jpg\" \n                        alt=\"Prestige Lagoon- Pi\u00e9ton- 6P 3Ch &#8211; 36m2\"\n                        loading=\"lazy\"\n                    >\n                                <\/figure>\n\n            \n        \n            \n            \n\n            <figure \n                class=\"wp-block-image swiper-slide\" \n                data-image-index=\"2\"\n            >\n                                    <img decoding=\"async\" \n                                                src=\"https:\/\/www.le-cabellou-plage.com\/wp-content\/uploads\/gt-ws-thelis\/site-1\/images\/527\/pict_19_3.jpg\" \n                        alt=\"Prestige Lagoon- Pi\u00e9ton- 6P 3Ch &#8211; 36m2\"\n                        loading=\"lazy\"\n                    >\n                                <\/figure>\n\n            \n        \n            \n            \n\n            <figure \n                class=\"wp-block-image swiper-slide\" \n                data-image-index=\"3\"\n            >\n                                    <img decoding=\"async\" \n                                                src=\"https:\/\/www.le-cabellou-plage.com\/wp-content\/uploads\/gt-ws-thelis\/site-1\/images\/527\/pict_19_4.jpg\" \n                        alt=\"Prestige Lagoon- Pi\u00e9ton- 6P 3Ch &#8211; 36m2\"\n                        loading=\"lazy\"\n                    >\n                                <\/figure>\n\n            \n        \n            \n            \n\n            <figure \n                class=\"wp-block-image swiper-slide\" \n                data-image-index=\"4\"\n            >\n                                    <img decoding=\"async\" \n                                                src=\"https:\/\/www.le-cabellou-plage.com\/wp-content\/uploads\/gt-ws-thelis\/site-1\/images\/527\/pict_19_5.jpg\" \n                        alt=\"Prestige Lagoon- Pi\u00e9ton- 6P 3Ch &#8211; 36m2\"\n                        loading=\"lazy\"\n                    >\n                                <\/figure>\n\n            \n        \n            \n            \n\n            <figure \n                class=\"wp-block-image swiper-slide\" \n                data-image-index=\"5\"\n            >\n                                    <img decoding=\"async\" \n                                                src=\"https:\/\/www.le-cabellou-plage.com\/wp-content\/uploads\/gt-ws-thelis\/site-1\/images\/527\/pict_19_6.jpg\" \n                        alt=\"Prestige Lagoon- Pi\u00e9ton- 6P 3Ch &#8211; 36m2\"\n                        loading=\"lazy\"\n                    >\n                                <\/figure>\n\n            \n        \n            \n            \n\n            <figure \n                class=\"wp-block-image swiper-slide\" \n                data-image-index=\"6\"\n            >\n                                    <img decoding=\"async\" \n                                                src=\"https:\/\/www.le-cabellou-plage.com\/wp-content\/uploads\/gt-ws-thelis\/site-1\/images\/527\/pict_19_7.jpg\" \n                        alt=\"Prestige Lagoon- Pi\u00e9ton- 6P 3Ch &#8211; 36m2\"\n                        loading=\"lazy\"\n                    >\n                                <\/figure>\n\n            \n        \n        \n            <\/div>\n            <div class=\"swiper-pagination\"><\/div>\n            <div class=\"swiper-button-prev\"><\/div>\n            <div class=\"swiper-button-next\"><\/div>\n        <\/div>\n        <\/div>\n\n\n<div class=\"wp-block-group bottom-card has-global-padding is-layout-constrained wp-container-core-group-is-layout-306daf7c wp-block-group-is-layout-constrained\" style=\"padding-top:0;padding-right:var(--wp--preset--spacing--10);padding-bottom:0;padding-left:var(--wp--preset--spacing--10)\">\n<p><\/p>\n\n\n\n<div class=\"wp-block-group gt-hebergement-foot is-layout-flow wp-container-core-group-is-layout-a77db08e wp-block-group-is-layout-flow\">\n<div class=\"wp-block-group is-content-justification-right is-layout-flex wp-container-core-group-is-layout-2c452c4e wp-block-group-is-layout-flex\" style=\"margin-top:0;margin-bottom:var(--wp--preset--spacing--20)\">\n<div class=\"wp-block-group hebergement-info is-vertical is-nowrap is-layout-flex wp-container-core-group-is-layout-3536e24b wp-block-group-is-layout-flex\">\n\n\n<div class=\"wp-block-gt-gt-ws-thelis-product-capacity\">\n            <img decoding=\"async\" src=\"https:\/\/www.le-cabellou-plage.com\/wp-content\/uploads\/2025\/01\/groupe.svg\" alt=\"Icon\" class=\"gt-icon\" \/> \n        6                 <\/div><\/div>\n\n\n\n<div class=\"wp-block-group hebergement-info is-vertical is-nowrap is-layout-flex wp-container-core-group-is-layout-3536e24b wp-block-group-is-layout-flex\">\n<div class=\"wp-block-gt-gt-ws-thelis-product-room\">\n            <img decoding=\"async\" src=\"https:\/\/www.le-cabellou-plage.com\/wp-content\/uploads\/2025\/02\/bed-1.svg\" alt=\"Icon\" class=\"gt-icon\" \/> \n        3                <\/div><\/div>\n\n\n\n<div class=\"wp-block-group hebergement-info is-vertical is-nowrap is-layout-flex wp-container-core-group-is-layout-3536e24b wp-block-group-is-layout-flex\">\n<div class=\"wp-block-gt-gt-ws-thelis-product-surface\">\n\n           <img decoding=\"async\" src=\"https:\/\/www.le-cabellou-plage.com\/wp-content\/uploads\/2025\/01\/surface-1.svg\" alt=\"Icon\" class=\"gt-icon\" \/> \n       \n        36m\u00b2\n<\/div><\/div>\n\n\n\n<div class=\"wp-block-group hebergement-info is-vertical is-nowrap is-layout-flex wp-container-core-group-is-layout-3536e24b wp-block-group-is-layout-flex\">\n<div class=\"wp-block-gt-gt-ws-thelis-product-bathroom\">\n            <img decoding=\"async\" src=\"https:\/\/www.le-cabellou-plage.com\/wp-content\/uploads\/2025\/03\/shower-2.svg\" alt=\"Icon\" class=\"gt-icon\" \/>\n        1                 <\/div><\/div>\n<\/div>\n<\/div>\n\n\n\n<div class=\"wp-block-group gt-hebergement-content has-base-2-color has-text-color has-link-color has-josefin-sans-font-family wp-elements-1dc5fd54dc8763551e0a213ad89aa8e4 is-content-justification-center is-nowrap is-layout-flex wp-container-core-group-is-layout-9c5e87ae wp-block-group-is-layout-flex\" style=\"padding-top:var(--wp--preset--spacing--10);padding-right:0;padding-bottom:var(--wp--preset--spacing--10);padding-left:var(--wp--preset--spacing--10);font-size:clamp(0.875rem, 0.875rem + ((1vw - 0.2rem) * 0.305), 1.1rem);\">\n<div class=\"wp-block-group has-global-padding is-content-justification-left is-layout-constrained wp-container-core-group-is-layout-12dd3699 wp-block-group-is-layout-constrained\"><p style=\"font-size:clamp(0.984rem, 0.984rem + ((1vw - 0.2rem) * 0.7), 1.5rem);\" class=\"wp-elements-8408685baa51903f439fde5025ccd007 wp-block-gt-gt-ws-thelis-product-name has-text-color has-base-2-color\">\n    Prestige Lagoon- Pi\u00e9ton- 6P 3Ch &#8211; 36m2<\/p>\n<\/div>\n\n\n\n<div class=\"wp-block-group link-hebergement has-global-padding is-layout-constrained wp-container-core-group-is-layout-f078265f wp-block-group-is-layout-constrained\" style=\"padding-right:0\"><a class=\"wp-elements-f3cb0fc3943cf1d9a6f084690632ba68 wp-block-read-more has-text-color has-custom-color-2-color\" href=\"https:\/\/www.le-cabellou-plage.com\/de\/hebergement\/prestige-lagoon-pieton-6p-3ch-36m2\/\" target=\"_blank\">D\u00e9couvrir<span class=\"screen-reader-text\">: Prestige Lagoon- Pi\u00e9ton- 6P 3Ch &#8211; 36m2<\/span><\/a><\/div>\n<\/div>\n\n\n\n<div class=\"wp-block-group is-horizontal is-content-justification-space-between is-nowrap is-layout-flex wp-container-core-group-is-layout-f5091a2d wp-block-group-is-layout-flex\" style=\"padding-right:var(--wp--preset--spacing--20);padding-left:var(--wp--preset--spacing--20)\">    \n\t<div\n\t\tclass=\"wp-block-gt-gt-ws-thelis-disponibilites\"\t\tdata-wp-interactive=\"gt\/thelis\"\n\t\tdata-wp-watch=\"actions.loadStays\"\n\t\tdata-wp-bind--data-gt-statut=\"state.statut\"\n\t\tdata-wp-key=\"19+527-69f3dd7ddc022\"\n\t\tdata-wp-context='{\"idsProduct\":\"19+527\",\"idProduct\":\"19\",\"campingKey\":\"527\",\"isIndisponible\":true}'\t>\n\n\t\t\t\t\t<div hidden class=\"gt-ws-thelis-spinner\" data-wp-bind--hidden=\"!state.isLoading\">\n\t\t\t\t<span class=\"loader\"><\/span>\n\t\t\t<\/div>\n\t\t\n\n\t\t<div data-wp-bind--hidden=\"state.isLoading\" class=\"gt-ws-thelis-disponibilite-wrap\">\n\n\t\t\t\n\t\t\t\t\t\n\t\t\t\t<div hidden \n\t\t\t\t\tclass=\"gt-ws-thelis__disponibilite__price\"\n\t\t\t\t\tdata-wp-bind--hidden=\"!state.price\"\n\t\t\t\t>\n\t\t\t\t\t<span>\u00c0 partir de <\/span>\n\t\t\t\t\t<span hidden class=\"gt-ws-thelis__disponibilite__price__original\" data-wp-bind--hidden=\"!state.hasPromo\">\n\t\t\t\t\t\t<strike><span data-wp-text=\"state.originalPrice\"><\/span>\u20ac<\/strike>\n\t\t\t\t\t<\/span>\n\t\t\t\t\t<span class=\"gt-ws-thelis__disponibilite__price__discounted\">\n\t\t\t\t\t\t<span data-wp-bind--data-gt-price=\"state.price\" class=\"gt-ws-thelis-data-price\" data-wp-text=\"state.price\"><\/span>\u20ac\n\t\t\t\t\t<\/span>\n\t\t\t\t<\/div>\n\t\t\t\n\t\t\t\n\t\t\t\n\t\t\t\n\t\t<\/div>\n\n\t<\/div>\n\n    \n\n    \n\t<div\n\t\tclass=\"statut-dispo wp-block-gt-gt-ws-thelis-disponibilites\"\t\tdata-wp-interactive=\"gt\/thelis\"\n\t\tdata-wp-watch=\"actions.loadStays\"\n\t\tdata-wp-bind--data-gt-statut=\"state.statut\"\n\t\tdata-wp-key=\"19+527-69f3dd7ddc0b5\"\n\t\tdata-wp-context='{\"idsProduct\":\"19+527\",\"idProduct\":\"19\",\"campingKey\":\"527\",\"isIndisponible\":true}'\t>\n\n\t\t\t\t\t<div hidden class=\"gt-ws-thelis-spinner\" data-wp-bind--hidden=\"!state.isLoading\">\n\t\t\t\t<span class=\"loader\"><\/span>\n\t\t\t<\/div>\n\t\t\n\n\t\t<div data-wp-bind--hidden=\"state.isLoading\" class=\"gt-ws-thelis-disponibilite-wrap\">\n\n\t\t\t\t\t\t\t\t\t\t\t\t\t<div class=\"gt-ws-thelis-statut\" data-wp-text=\"state.titre\"><\/div>\n\t\t\t\t\t\t\t\t\n\t\t\t\n\t\t\t\n\t\t\t\n\t\t\t\n\t\t<\/div>\n\n\t<\/div>\n\n    <\/div>\n<\/div>\n\n<\/li><\/ul><\/div>\n<\/div>\n<\/div>\n<\/div>\n<\/div>\n\n\n\n<div class=\"wp-block-buttons is-content-justification-center is-layout-flex wp-container-core-buttons-is-layout-e511ce0b wp-block-buttons-is-layout-flex\" style=\"margin-top:var(--wp--preset--spacing--30);margin-bottom:var(--wp--preset--spacing--30)\">\n<div class=\"wp-block-button\"><a class=\"wp-block-button__link wp-element-button\" href=\"https:\/\/www.le-cabellou-plage.com\/de\/vermietung-mobilheime-bretagne\/\">Entdecken Sie alle unsere Mobilheime<\/a><\/div>\n<\/div>\n<\/section>\n\n<section class=\"wp-block-group home-second page-third has-custom-color-2-background-color has-background is-layout-flow wp-block-group-is-layout-flow\" style=\"margin-top:0;padding-bottom:var(--wp--preset--spacing--40)\">\n<div class=\"wp-block-columns gt-reverse-mobile is-layout-flex wp-container-core-columns-is-layout-28f84493 wp-block-columns-is-layout-flex\">\n<div class=\"wp-block-column left animated fadeIn delay-100ms slow is-layout-flow wp-block-column-is-layout-flow\">\n<div data-swiper=\"{&quot;speed&quot;:400,&quot;spaceBetween&quot;:30,&quot;slidesPerView&quot;:1,&quot;createElements&quot;:true,&quot;loop&quot;:true,&quot;breakpoints&quot;:{&quot;0&quot;:{&quot;slidesPerView&quot;:1},&quot;380&quot;:[]},&quot;pagination&quot;:false,&quot;navigation&quot;:false,&quot;effect&quot;:&quot;fade&quot;}\" class=\"wp-block-group gt-is-slider gt-is-slider-desktop is-layout-flow wp-block-group-is-layout-flow\">\n<div class=\"wp-block-group is-layout-flow wp-block-group-is-layout-flow\">\n<figure class=\"wp-block-image size-full\"><img decoding=\"async\" width=\"760\" height=\"479\" src=\"https:\/\/www.le-cabellou-plage.com\/wp-content\/uploads\/2025\/01\/camping-avec-parc-aquatique-a-proximite-de-nevez-en-bretagne-sud.webp\" alt=\"Campingplatz mit Wasserpark in der N&#xE4;he von Nevez in der s&#xFC;dlichen Bretagne\" class=\"wp-image-15002\" srcset=\"https:\/\/www.le-cabellou-plage.com\/wp-content\/uploads\/2025\/01\/camping-avec-parc-aquatique-a-proximite-de-nevez-en-bretagne-sud.webp 760w, https:\/\/www.le-cabellou-plage.com\/wp-content\/uploads\/2025\/01\/camping-avec-parc-aquatique-a-proximite-de-nevez-en-bretagne-sud-300x189.webp 300w\" sizes=\"(max-width: 760px) 100vw, 760px\" \/><\/figure>\n<\/div>\n\n\n\n<div class=\"wp-block-group is-layout-flow wp-block-group-is-layout-flow\">\n<figure class=\"wp-block-image size-full\"><img decoding=\"async\" width=\"760\" height=\"479\" src=\"https:\/\/www.le-cabellou-plage.com\/wp-content\/uploads\/2025\/01\/detente-avec-notre-parc-aquatique.webp\" alt=\"Entspannung mit unserem Wasserpark\" class=\"wp-image-15006\" srcset=\"https:\/\/www.le-cabellou-plage.com\/wp-content\/uploads\/2025\/01\/detente-avec-notre-parc-aquatique.webp 760w, https:\/\/www.le-cabellou-plage.com\/wp-content\/uploads\/2025\/01\/detente-avec-notre-parc-aquatique-300x189.webp 300w\" sizes=\"(max-width: 760px) 100vw, 760px\" \/><\/figure>\n<\/div>\n\n\n\n<div class=\"wp-block-group is-layout-flow wp-block-group-is-layout-flow\">\n<figure class=\"wp-block-image size-full\"><img decoding=\"async\" width=\"760\" height=\"479\" src=\"https:\/\/www.le-cabellou-plage.com\/wp-content\/uploads\/2025\/01\/vacances-en-camping-avec-parc-aquatique-dans-le-finistere.webp\" alt=\"Urlaub auf einem Campingplatz mit Wasserpark in Finistere\" class=\"wp-image-15010\" srcset=\"https:\/\/www.le-cabellou-plage.com\/wp-content\/uploads\/2025\/01\/vacances-en-camping-avec-parc-aquatique-dans-le-finistere.webp 760w, https:\/\/www.le-cabellou-plage.com\/wp-content\/uploads\/2025\/01\/vacances-en-camping-avec-parc-aquatique-dans-le-finistere-300x189.webp 300w\" sizes=\"(max-width: 760px) 100vw, 760px\" \/><\/figure>\n<\/div>\n\n\n\n<div class=\"wp-block-group is-layout-flow wp-block-group-is-layout-flow\">\n<figure class=\"wp-block-image size-full\"><img decoding=\"async\" width=\"760\" height=\"479\" src=\"https:\/\/www.le-cabellou-plage.com\/wp-content\/uploads\/2025\/01\/piscines-chauffees-pour-une-ambiance-plus-conviviale.webp\" alt=\"beheizte Pools f&#xFC;r eine gesellige Atmosph&#xE4;re\" class=\"wp-image-15014\" srcset=\"https:\/\/www.le-cabellou-plage.com\/wp-content\/uploads\/2025\/01\/piscines-chauffees-pour-une-ambiance-plus-conviviale.webp 760w, https:\/\/www.le-cabellou-plage.com\/wp-content\/uploads\/2025\/01\/piscines-chauffees-pour-une-ambiance-plus-conviviale-300x189.webp 300w\" sizes=\"(max-width: 760px) 100vw, 760px\" \/><\/figure>\n<\/div>\n\n\n\n<div class=\"wp-block-group is-layout-flow wp-block-group-is-layout-flow\">\n<figure class=\"wp-block-image size-full\"><img decoding=\"async\" width=\"760\" height=\"479\" src=\"https:\/\/www.le-cabellou-plage.com\/wp-content\/uploads\/2025\/01\/activites-dans-l-espace-aquatique.webp\" alt=\"Aktivit&#xE4;ten im Wasserbereich\" class=\"wp-image-15018\" srcset=\"https:\/\/www.le-cabellou-plage.com\/wp-content\/uploads\/2025\/01\/activites-dans-l-espace-aquatique.webp 760w, https:\/\/www.le-cabellou-plage.com\/wp-content\/uploads\/2025\/01\/activites-dans-l-espace-aquatique-300x189.webp 300w\" sizes=\"(max-width: 760px) 100vw, 760px\" \/><\/figure>\n<\/div>\n<\/div>\n\n\n\n<div class=\"wp-block-buttons is-content-justification-center is-layout-flex wp-container-core-buttons-is-layout-916d4376 wp-block-buttons-is-layout-flex\" style=\"margin-top:6rem;margin-bottom:var(--wp--preset--spacing--30)\">\n<div class=\"wp-block-button\"><a class=\"wp-block-button__link wp-element-button\" href=\"https:\/\/www.le-cabellou-plage.com\/de\/campingplatz-wasserpark-bretagne\/\">Entdecken Sie den Wasserpark<\/a><\/div>\n<\/div>\n<\/div>\n\n\n\n<div class=\"wp-block-column is-vertically-aligned-top right is-layout-flow wp-block-column-is-layout-flow\" style=\"padding-top:2rem;padding-right:6rem;padding-left:var(--wp--preset--spacing--20)\">\n<div class=\"wp-block-group gt-no-padding-mobile has-global-padding is-layout-constrained wp-container-core-group-is-layout-d2a9254a wp-block-group-is-layout-constrained\" style=\"padding-right:var(--wp--preset--spacing--60);padding-left:0\">\n<h2 class=\"wp-block-heading\"><strong>Campingplatz mit Wasserpark<\/strong> <br\/>in der N\u00e4he von N\u00e9vez in der s\u00fcdlichen Bretagne.<\/h2>\n\n\n\n<p>Le Cabellou Plage liegt in <strong>der N\u00e4he von N\u00e9vez<\/strong> und ist der ideale Ort f\u00fcr einen <strong>Campingurlaub mit Wasserpark<\/strong> im Finist\u00e8re. Genie\u00dfen Sie einen erlebnisreichen und <strong>entspannenden Aufenthalt in unserem Wasserpark<\/strong> und <strong>besuchen Sie die charmante Stadt N\u00e9vez<\/strong>. In <a href=\"https:\/\/www.le-cabellou-plage.com\/de\/camping-am-meer-bretagne\/\">der N\u00e4he des Strandes von Cabellou<\/a> haben Sie die einmalige Gelegenheit, die Freuden des Ozeans zu genie\u00dfen und gleichzeitig unseren <a href=\"https:\/\/www.le-cabellou-plage.com\/de\/campingplatz-wasserpark-bretagne\/\">Wasserpark<\/a> mit seinen <strong>beheizten Pools<\/strong> f\u00fcr eine <strong>gesellige Atmosph\u00e4re<\/strong> zu nutzen. Le Cabellou Plage bietet Ihnen nicht nur einen <strong>optimalen Lebenskomfort<\/strong>, sondern auch Zugang zu allen <strong>Dienstleistungen und Aktivit\u00e4ten im Aquapark<\/strong>, damit Sie gl\u00fccklich sind.  <\/p>\n<\/div>\n\n\n\n<div class=\"wp-block-group bubbles is-nowrap is-layout-flex wp-container-core-group-is-layout-17c695da wp-block-group-is-layout-flex\">\n<div class=\"wp-block-group bubble is-layout-flow wp-block-group-is-layout-flow\">\n<figure class=\"wp-block-image size-full is-resized has-custom-border is-style-rounded animated fadeIn delay-3s is-style-rounded--9\"><img decoding=\"async\" width=\"760\" height=\"479\" src=\"https:\/\/www.le-cabellou-plage.com\/wp-content\/uploads\/2025\/01\/camping-avec-parc-aquatique-a-proximite-de-nevez-en-bretagne-sud.webp\" alt=\"Campingplatz mit Wasserpark in der N&#xE4;he von Nevez in der s&#xFC;dlichen Bretagne\" class=\"wp-image-15002\" style=\"border-style:none;border-width:0px;border-radius:100%;object-fit:cover;width:90px;height:90px\" srcset=\"https:\/\/www.le-cabellou-plage.com\/wp-content\/uploads\/2025\/01\/camping-avec-parc-aquatique-a-proximite-de-nevez-en-bretagne-sud.webp 760w, https:\/\/www.le-cabellou-plage.com\/wp-content\/uploads\/2025\/01\/camping-avec-parc-aquatique-a-proximite-de-nevez-en-bretagne-sud-300x189.webp 300w\" sizes=\"(max-width: 760px) 100vw, 760px\" \/><\/figure>\n<\/div>\n\n\n\n<div class=\"wp-block-group bubble is-layout-flow wp-block-group-is-layout-flow\">\n<figure class=\"wp-block-image size-full is-resized has-custom-border is-style-rounded animated fadeIn delay-2s is-style-rounded--10\"><img decoding=\"async\" width=\"760\" height=\"479\" src=\"https:\/\/www.le-cabellou-plage.com\/wp-content\/uploads\/2025\/01\/detente-avec-notre-parc-aquatique.webp\" alt=\"Entspannung mit unserem Wasserpark\" class=\"wp-image-15006\" style=\"border-style:none;border-width:0px;border-radius:100%;object-fit:cover;width:90px;height:90px\" srcset=\"https:\/\/www.le-cabellou-plage.com\/wp-content\/uploads\/2025\/01\/detente-avec-notre-parc-aquatique.webp 760w, https:\/\/www.le-cabellou-plage.com\/wp-content\/uploads\/2025\/01\/detente-avec-notre-parc-aquatique-300x189.webp 300w\" sizes=\"(max-width: 760px) 100vw, 760px\" \/><\/figure>\n<\/div>\n\n\n\n<div class=\"wp-block-group bubble is-layout-flow wp-block-group-is-layout-flow\">\n<figure class=\"wp-block-image size-full is-resized has-custom-border is-style-rounded animated fadeIn delay-1s is-style-rounded--11\"><img decoding=\"async\" width=\"760\" height=\"479\" src=\"https:\/\/www.le-cabellou-plage.com\/wp-content\/uploads\/2025\/01\/vacances-en-camping-avec-parc-aquatique-dans-le-finistere.webp\" alt=\"Urlaub auf einem Campingplatz mit Wasserpark in Finistere\" class=\"wp-image-15010\" style=\"border-style:none;border-width:0px;border-radius:100%;object-fit:cover;width:90px;height:90px\" srcset=\"https:\/\/www.le-cabellou-plage.com\/wp-content\/uploads\/2025\/01\/vacances-en-camping-avec-parc-aquatique-dans-le-finistere.webp 760w, https:\/\/www.le-cabellou-plage.com\/wp-content\/uploads\/2025\/01\/vacances-en-camping-avec-parc-aquatique-dans-le-finistere-300x189.webp 300w\" sizes=\"(max-width: 760px) 100vw, 760px\" \/><\/figure>\n<\/div>\n\n\n\n<div class=\"wp-block-group bubble is-layout-flow wp-block-group-is-layout-flow\">\n<figure class=\"wp-block-image size-full is-resized has-custom-border is-style-rounded animated fadeIn delay-500ms is-style-rounded--12\"><img decoding=\"async\" width=\"760\" height=\"479\" src=\"https:\/\/www.le-cabellou-plage.com\/wp-content\/uploads\/2025\/01\/piscines-chauffees-pour-une-ambiance-plus-conviviale.webp\" alt=\"beheizte Pools f&#xFC;r eine gesellige Atmosph&#xE4;re\" class=\"wp-image-15014\" style=\"border-style:none;border-width:0px;border-radius:100%;object-fit:cover;width:90px;height:90px\" srcset=\"https:\/\/www.le-cabellou-plage.com\/wp-content\/uploads\/2025\/01\/piscines-chauffees-pour-une-ambiance-plus-conviviale.webp 760w, https:\/\/www.le-cabellou-plage.com\/wp-content\/uploads\/2025\/01\/piscines-chauffees-pour-une-ambiance-plus-conviviale-300x189.webp 300w\" sizes=\"(max-width: 760px) 100vw, 760px\" \/><\/figure>\n<\/div>\n\n\n\n<div class=\"wp-block-group bubble is-layout-flow wp-block-group-is-layout-flow\">\n<figure class=\"wp-block-image size-full is-resized has-custom-border is-style-rounded animated fadeIn delay-200ms is-style-rounded--13\"><img decoding=\"async\" width=\"760\" height=\"479\" src=\"https:\/\/www.le-cabellou-plage.com\/wp-content\/uploads\/2025\/01\/activites-dans-l-espace-aquatique.webp\" alt=\"Aktivit&#xE4;ten im Wasserbereich\" class=\"wp-image-15018\" style=\"border-style:none;border-width:0px;border-radius:100%;object-fit:cover;width:90px;height:90px\" srcset=\"https:\/\/www.le-cabellou-plage.com\/wp-content\/uploads\/2025\/01\/activites-dans-l-espace-aquatique.webp 760w, https:\/\/www.le-cabellou-plage.com\/wp-content\/uploads\/2025\/01\/activites-dans-l-espace-aquatique-300x189.webp 300w\" sizes=\"(max-width: 760px) 100vw, 760px\" \/><\/figure>\n<\/div>\n<\/div>\n<\/div>\n<\/div>\n<\/section>\n\n<section class=\"wp-block-group page-fourth has-custom-color-3-background-color has-background is-layout-flow wp-block-group-is-layout-flow\" style=\"margin-top:0;padding-top:var(--wp--preset--spacing--30);padding-bottom:3rem\">\n<div class=\"wp-block-columns is-layout-flex wp-container-core-columns-is-layout-28f84493 wp-block-columns-is-layout-flex\">\n<div class=\"wp-block-column is-layout-flow wp-block-column-is-layout-flow\" style=\"flex-basis:40%\">\n<figure class=\"wp-block-image size-full animated fadeIn delay-100ms slow\"><img decoding=\"async\" width=\"688\" height=\"639\" src=\"https:\/\/www.le-cabellou-plage.com\/wp-content\/uploads\/2025\/01\/decouvrez-nevez-pendant-votre-sejour-en-camping.webp\" alt=\"Entdecken Sie Nevez w&#xE4;hrend Ihres Aufenthaltes auf dem Campingplatz.\" class=\"wp-image-15022\" srcset=\"https:\/\/www.le-cabellou-plage.com\/wp-content\/uploads\/2025\/01\/decouvrez-nevez-pendant-votre-sejour-en-camping.webp 688w, https:\/\/www.le-cabellou-plage.com\/wp-content\/uploads\/2025\/01\/decouvrez-nevez-pendant-votre-sejour-en-camping-300x279.webp 300w\" sizes=\"(max-width: 688px) 100vw, 688px\" \/><\/figure>\n<\/div>\n\n\n\n<div class=\"wp-block-column is-vertically-aligned-center is-layout-flow wp-block-column-is-layout-flow\" style=\"padding-right:2rem;padding-left:2rem;flex-basis:60%\">\n<div class=\"wp-block-group gt-no-padding-mobile is-layout-flow wp-block-group-is-layout-flow\" style=\"padding-right:15rem;padding-left:10rem\">\n<h2 class=\"wp-block-heading has-base-2-color has-text-color has-link-color wp-elements-a3cca996b092628942790251ab700872\" style=\"margin-bottom:var(--wp--preset--spacing--30)\"><strong>Entdecken Sie N\u00e9vez<\/strong> <br\/>w\u00e4hrend Ihres Campingurlaubs<\/h2>\n\n\n\n<p><strong>N\u00e9vez<\/strong> ist eine <strong>charmante Stadt<\/strong> im <a href=\"https:\/\/www.le-cabellou-plage.com\/de\/tourismus-finistere-sued\/\">S\u00fcden des Finist\u00e8re<\/a> und in der <strong>unteren Cornouaille<\/strong>, mit sch\u00f6nen <strong>gepflasterten Stra\u00dfen<\/strong>, einer <strong>romanischen Abtei<\/strong>, einem <strong>Schloss<\/strong> und vielen <strong>lokalen Gesch\u00e4ften<\/strong>. Sie k\u00f6nnen nicht nur die Stadt besuchen, sondern auch die vielen wei\u00dfen Sandstr\u00e4nde, wie z.B. <strong>Plage de Trono\u00ebn<\/strong> und <strong>Plage de Kerasco\u00ebt<\/strong>. Es gibt auch Aktivit\u00e4ten im Freien wie <strong>Wandern<\/strong>, <strong>Radfahren<\/strong>, <strong>Golf<\/strong>&#8230;  <\/p>\n\n\n\n<p>Die Umgebung von N\u00e9vez bietet auch ein <strong>reiches kulturelles<\/strong> und <strong>historisches<\/strong> <strong>Erbe<\/strong>, das es zu erkunden gilt, wie <strong>Schl\u00f6sser und Herrenh\u00e4user<\/strong>, Kirchen und Abteien, <strong>Naturparks<\/strong> und Vogelschutzgebiete. Es ist auch m\u00f6glich, die lokalen Produkte wie Meeresfr\u00fcchte, Obst, Gem\u00fcse, K\u00e4se und Cidre zu entdecken. Hier finden Sie alle Informationen, um <a href=\"https:\/\/www.le-cabellou-plage.com\/de\/willkommen-auf-dem-blog-von-le-cabellou-plage\/finistere-sud-de\/visiter-nevez\/\">N\u00e9vez zu besuchen<\/a>!  <\/p>\n<\/div>\n<\/div>\n<\/div>\n<\/section>\n\n<section class=\"wp-block-group page-maillage has-custom-color-2-background-color has-background has-global-padding is-layout-constrained wp-block-group-is-layout-constrained\" style=\"margin-top:0;margin-bottom:0;padding-top:var(--wp--preset--spacing--40);padding-bottom:var(--wp--preset--spacing--40)\">\n<div class=\"wp-block-group h1-like is-layout-flow wp-block-group-is-layout-flow\" style=\"margin-bottom:var(--wp--preset--spacing--50)\">\n<p class=\"has-bodidota-font-family\" style=\"font-size:clamp(47.79px, 2.987rem + ((1vw - 3.2px) * 3.916), 94px);line-height:0.8\">Entdecken Sie<\/p>\n\n\n\n<p class=\"has-custom-color-3-color has-text-color has-link-color has-north-wave-font-family wp-elements-1f0691eed73e0714703aeaa6a21677c8\" style=\"padding-left:var(--wp--preset--spacing--60);font-size:clamp(52.125px, 3.258rem + ((1vw - 3.2px) * 4.481), 105px);line-height:0.1\">unsere sch\u00f6ne Region<\/p>\n<\/div>\n\n\n\n<div class=\"wp-block-query is-layout-flow wp-block-query-is-layout-flow\"><ul class=\"columns-3 wp-block-post-template has-medium-font-size is-layout-grid wp-container-core-post-template-is-layout-572542b5 wp-block-post-template-is-layout-grid\"><li class=\"wp-block-post post-20934 page type-page status-publish has-post-thumbnail hentry\">\n\n<figure class=\"wp-block-image maillage-img\"><img decoding=\"async\" src=\"https:\/\/www.le-cabellou-plage.com\/wp-content\/uploads\/2025\/01\/camping-benodet-cabellou-plage-resort-5-etoiles-cta.webp\" alt=\"campingplatz benodet cabellou plage resort 5 sterne\"\/><\/figure>\n\n\n\n<div class=\"wp-block-group content-maillage has-global-padding is-layout-constrained wp-block-group-is-layout-constrained\">\n<p class=\"maillage-title has-base-2-color has-text-color has-link-color has-josefin-sans-font-family wp-elements-939842b9118177581784f7034ceeec07\" style=\"border-style:none;border-width:0px;border-radius:0px;font-size:clamp(0.875rem, 0.875rem + ((1vw - 0.2rem) * 0.576), 1.3rem);letter-spacing:1px;text-transform:uppercase\">Campingplatz B\u00e9nodet<\/p>\n<\/div>\n\n\n<a class=\"is-style-lien-cover wp-block-read-more\" href=\"https:\/\/www.le-cabellou-plage.com\/de\/campingplatz-benodet\/\" target=\"_self\">Read more<span class=\"screen-reader-text\">: Campingplatz B\u00e9nodet<\/span><\/a>\n<\/li><li class=\"wp-block-post post-20957 page type-page status-publish has-post-thumbnail hentry\">\n\n<figure class=\"wp-block-image maillage-img\"><img decoding=\"async\" src=\"https:\/\/www.le-cabellou-plage.com\/wp-content\/uploads\/2025\/01\/camping-pointe-de-trevignon-cabellou-plage-resort-5-etoiles-cta.webp\" alt=\"campingplatz pointe de trevignon cabellou plage resort 5 sterne\"\/><\/figure>\n\n\n\n<div class=\"wp-block-group content-maillage has-global-padding is-layout-constrained wp-block-group-is-layout-constrained\">\n<p class=\"maillage-title has-base-2-color has-text-color has-link-color has-josefin-sans-font-family wp-elements-939842b9118177581784f7034ceeec07\" style=\"border-style:none;border-width:0px;border-radius:0px;font-size:clamp(0.875rem, 0.875rem + ((1vw - 0.2rem) * 0.576), 1.3rem);letter-spacing:1px;text-transform:uppercase\">Campingplatz Pointe de Tr\u00e9vignon<\/p>\n<\/div>\n\n\n<a class=\"is-style-lien-cover wp-block-read-more\" href=\"https:\/\/www.le-cabellou-plage.com\/de\/campingplatz-pointe-de-trevignon\/\" target=\"_self\">Read more<span class=\"screen-reader-text\">: Campingplatz Pointe de Trevignon<\/span><\/a>\n<\/li><li class=\"wp-block-post post-20938 page type-page status-publish has-post-thumbnail hentry\">\n\n<figure class=\"wp-block-image maillage-img\"><img decoding=\"async\" src=\"https:\/\/www.le-cabellou-plage.com\/wp-content\/uploads\/2025\/01\/camping-pont-aven-cabellou-plage-resort-5-etoiles-cta.webp\" alt=\"campingplatz pont aven cabellou plage resort 5 Sterne\"\/><\/figure>\n\n\n\n<div class=\"wp-block-group content-maillage has-global-padding is-layout-constrained wp-block-group-is-layout-constrained\">\n<p class=\"maillage-title has-base-2-color has-text-color has-link-color has-josefin-sans-font-family wp-elements-939842b9118177581784f7034ceeec07\" style=\"border-style:none;border-width:0px;border-radius:0px;font-size:clamp(0.875rem, 0.875rem + ((1vw - 0.2rem) * 0.576), 1.3rem);letter-spacing:1px;text-transform:uppercase\">Campingplatz Pont-Aven<\/p>\n<\/div>\n\n\n<a class=\"is-style-lien-cover wp-block-read-more\" href=\"https:\/\/www.le-cabellou-plage.com\/de\/campingplatz-pont-aven\/\" target=\"_self\">Read more<span class=\"screen-reader-text\">: Campingplatz Pont Aven<\/span><\/a>\n<\/li><\/ul><\/div>\n<\/section>\n","protected":false},"excerpt":{"rendered":"<p>Campingplatz 10 km von N\u00e9vez in der s\u00fcdlichen Bretagne M\u00f6chten Sie Ihren Urlaub auf einem Campingplatz in N\u00e9vez verbringen? Der Campingplatz Concarneau le Cabellou Plage empf\u00e4ngt Sie gerne w\u00e4hrend Ihres Aufenthalts auf bretonischem Boden. Wir befinden uns etwa zehn Kilometer von dem sympathischen Badeort N\u00e9vez entfernt. Unser Campingplatz liegt in einer gesch\u00fctzten Naturlandschaft und bietet [&hellip;]<\/p>\n","protected":false},"author":1,"featured_media":16567,"parent":0,"menu_order":0,"comment_status":"closed","ping_status":"closed","template":"","meta":{"_acf_changed":false,"_seopress_robots_primary_cat":"","_seopress_titles_title":"Camping Nevez - 5-Sterne-Campingplatz in der N\u00e4he von Nevez im Finist\u00e8re","_seopress_titles_desc":"Entdecken Sie unseren Campingplatz in Concarneau in der N\u00e4he von Nevez in der Bretagne, S\u00fcd-Finist\u00e8re.","_seopress_robots_index":"","inline_featured_image":false,"gt_fse_maillage_image":"https:\/\/www.le-cabellou-plage.com\/wp-content\/uploads\/2025\/01\/camping-nevez-cabellou-plage-resort-5-etoiles-cta.webp","gt_fse_maillage_titre":"Campingplatz Nevez","gt_fse_maillage_alt":"campingplatz nevez cabellou plage resort 5 sterne","gt_fse_maillage_resume":"","footnotes":""},"categories":[],"tags":[],"class_list":["post-20965","page","type-page","status-publish","has-post-thumbnail","hentry"],"acf":[],"_links":{"self":[{"href":"https:\/\/www.le-cabellou-plage.com\/de\/wp-json\/wp\/v2\/pages\/20965","targetHints":{"allow":["GET"]}}],"collection":[{"href":"https:\/\/www.le-cabellou-plage.com\/de\/wp-json\/wp\/v2\/pages"}],"about":[{"href":"https:\/\/www.le-cabellou-plage.com\/de\/wp-json\/wp\/v2\/types\/page"}],"author":[{"embeddable":true,"href":"https:\/\/www.le-cabellou-plage.com\/de\/wp-json\/wp\/v2\/users\/1"}],"replies":[{"embeddable":true,"href":"https:\/\/www.le-cabellou-plage.com\/de\/wp-json\/wp\/v2\/comments?post=20965"}],"version-history":[{"count":10,"href":"https:\/\/www.le-cabellou-plage.com\/de\/wp-json\/wp\/v2\/pages\/20965\/revisions"}],"predecessor-version":[{"id":23091,"href":"https:\/\/www.le-cabellou-plage.com\/de\/wp-json\/wp\/v2\/pages\/20965\/revisions\/23091"}],"wp:featuredmedia":[{"embeddable":true,"href":"https:\/\/www.le-cabellou-plage.com\/de\/wp-json\/wp\/v2\/media\/16567"}],"wp:attachment":[{"href":"https:\/\/www.le-cabellou-plage.com\/de\/wp-json\/wp\/v2\/media?parent=20965"}],"wp:term":[{"taxonomy":"category","embeddable":true,"href":"https:\/\/www.le-cabellou-plage.com\/de\/wp-json\/wp\/v2\/categories?post=20965"},{"taxonomy":"post_tag","embeddable":true,"href":"https:\/\/www.le-cabellou-plage.com\/de\/wp-json\/wp\/v2\/tags?post=20965"}],"curies":[{"name":"wp","href":"https:\/\/api.w.org\/{rel}","templated":true}]}}