{"id":20958,"date":"2025-01-20T08:31:17","date_gmt":"2025-01-20T07:31:17","guid":{"rendered":"https:\/\/www.le-cabellou-plage.com\/camping-douarnenez\/"},"modified":"2025-03-07T13:23:05","modified_gmt":"2025-03-07T12:23:05","slug":"campingplatz-douarnenez","status":"publish","type":"page","link":"https:\/\/www.le-cabellou-plage.com\/de\/campingplatz-douarnenez\/","title":{"rendered":"Campingplatz Douarnenez"},"content":{"rendered":"\n<section class=\"wp-block-group home-intro page-one has-custom-color-2-background-color has-background is-layout-flow wp-block-group-is-layout-flow\" style=\"padding-top:var(--wp--preset--spacing--40);padding-bottom:var(--wp--preset--spacing--30)\">\n<div class=\"wp-block-columns is-layout-flex wp-container-core-columns-is-layout-b0eedf20 wp-block-columns-is-layout-flex\" style=\"margin-top:1rem;margin-bottom:0\">\n<div class=\"wp-block-column is-layout-flow wp-block-column-is-layout-flow\" style=\"padding-right:2rem;padding-left:2rem;flex-basis:60%\">\n<div class=\"wp-block-group gt-no-padding-mobile is-layout-flow wp-block-group-is-layout-flow\" style=\"padding-right:10rem;padding-left:15rem\">\n<h1 class=\"wp-block-heading\">Campingplatz <strong>Douarnenez<\/strong><\/h1>\n\n\n\n<p>Suchen Sie einen <strong>Campingplatz in Douarnenez<\/strong> oder Umgebung? Unser <a href=\"https:\/\/www.le-cabellou-plage.com\/de\/\">Campingplatz in Concarneau<\/a> empf\u00e4ngt Sie 50 km von <a href=\"https:\/\/www.le-cabellou-plage.com\/de\/willkommen-auf-dem-blog-von-le-cabellou-plage\/finistere-sud-de\/visiter-douarnenez\/\">Douarnenez<\/a> entfernt im <strong>s\u00fcdlichen Finist\u00e8re<\/strong> und hat eine ideale Lage, um w\u00e4hrend Ihres Urlaubs die <strong>Landschaften und Sehensw\u00fcrdigkeiten der bretonischen Region<\/strong> zu erkunden. Wenn Sie <a href=\"https:\/\/www.le-cabellou-plage.com\/de\/camping-am-meer-bretagne\/\">Campingpl\u00e4tze am Meer<\/a> m\u00f6gen, werden Sie hier auf Ihre Kosten kommen!  <\/p>\n\n\n\n<p>Unser Campingplatz <strong>ist von Str\u00e4nden und Buchten umgeben<\/strong> und bietet direkten Zugang zu einem idyllischen Strand, an dem Sie lange Tage in der Sonne liegen und sich auf dem goldenen Sand entspannen k\u00f6nnen. Wenn Sie einen <strong>Campingplatz mit Swimmingpool in Douarnenez<\/strong> oder in der N\u00e4he suchen, werden Sie auch unseren tollen <strong>Wasserpark<\/strong> zu sch\u00e4tzen wissen! <\/p>\n\n\n\n<p>Und nat\u00fcrlich ist <strong>Camping du Cabellou Plage<\/strong> nicht nur ein unvergessliches Erlebnis mit atemberaubenden Ausblicken, sondern auch ein idealer Ausgangspunkt f\u00fcr Ihren zuk\u00fcnftigen <strong>Aufenthalt im Finist\u00e8re<\/strong>, von dem aus Sie die <strong>Stadt Douarnenez<\/strong> leicht erreichen und nach Lust und Laune besichtigen k\u00f6nnen!<\/p>\n\n\n\n<h2 class=\"wp-block-heading\" style=\"padding-top:var(--wp--preset--spacing--30);text-transform:uppercase\"><strong>5-Sterne-Campingplatz<\/strong><br\/>in der N\u00e4he von Douarnenez<\/h2>\n\n\n    <div id=\"gt-fse-lire-plus-69f250d961ed0\" class=\"gt-fse-lire-plus\" data-min-height=\"130\" style=\"background-color: #3a4156;\">\n        <input id=\"gt-fse-lire-plus-69f250d961ed0-toggle\" type=\"checkbox\" class=\"gt-fse-lire-plus__toggle\" \/>\n        <label for=\"gt-fse-lire-plus-69f250d961ed0-toggle\" class=\"gt-fse-lire-plus__toggle-label\">\n            <span>Lire plus<\/span>\n            <span>Lire moins<\/span>\n        <\/label>\n        <div class=\"gt-fse-lire-plus__content\" style=\"height: 130px;\">\n            \n\n<p>Wenn Sie nach der ultimativen <strong>Flucht aus dem Alltag am Meer<\/strong> suchen, dann kommen Sie auf den <a href=\"https:\/\/www.le-cabellou-plage.com\/de\/campingplatz-dienstleistungen-bretagne\/\">5-Sterne-Campingplatz Cabellou Plage<\/a> in der N\u00e4he der <strong>Stadt Douarnenez in der Bretagne<\/strong>. Unsere <strong>5-Sterne-Anlage<\/strong> bietet eine Vielzahl von Annehmlichkeiten, die Ihren Aufenthalt so <strong>komfortabel und angenehm wie m\u00f6glich<\/strong> gestalten werden. <\/p>\n\n\n\n<p>Unsere Lage am Meer bietet einen <strong>direkten Zugang zum Meer<\/strong>, mit <strong>wei\u00dfen Sandstr\u00e4nden<\/strong>, die sich vor Ihnen ausbreiten und kristallklarem Wasser, das ideal zum <strong>Schwimmen<\/strong>, Schnorcheln und anderen <strong>Wasseraktivit\u00e4ten<\/strong> ist.<\/p>\n\n\n\n<p>Zus\u00e4tzlich zu diesem luxuri\u00f6sen <strong>Spielplatz im Freien<\/strong> verf\u00fcgen wir \u00fcber eine gro\u00dfe Auswahl an <a href=\"https:\/\/www.le-cabellou-plage.com\/de\/camping-animationen-bretagne\/\">modernen Einrichtungen<\/a>. Unsere Mitarbeiter stehen bereit, um Ihnen zu helfen, also z\u00f6gern Sie bitte nicht, uns jederzeit zu kontaktieren! <\/p>\n\n\n\n<p>Wenn Sie ein <strong>unvergessliches Urlaubserlebnis<\/strong> in einer <strong>luxuri\u00f6sen Umgebung in der N\u00e4he von Douarnenez<\/strong> suchen, dann suchen Sie nicht weiter als bis zum <strong>Campingplatz Cabellou Plage<\/strong>!<\/p>\n\n            <div class=\"gt-fse-lire-plus__gradient\" style=\"background: linear-gradient(to bottom,rgba(58,65,86,0) 0%,rgba(58,65,86,1) 100%);\"><\/div>\n        <\/div>\n    <\/div>\n    \n\n\n<div class=\"wp-block-buttons is-content-justification-center is-layout-flex wp-container-core-buttons-is-layout-3b2eff7d wp-block-buttons-is-layout-flex\" style=\"margin-top:var(--wp--preset--spacing--30);margin-bottom:var(--wp--preset--spacing--30);padding-left:0\">\n<div class=\"wp-block-button\"><a class=\"wp-block-button__link wp-element-button\" href=\"https:\/\/www.le-cabellou-plage.com\/de\/campingplatz-dienstleistungen-bretagne\/\">Entdecken Sie unsere Dienstleistungen<\/a><\/div>\n<\/div>\n<\/div>\n<\/div>\n\n\n\n<div class=\"wp-block-column animated fadeIn delay-100ms slow is-layout-flow wp-block-column-is-layout-flow\" style=\"padding-top:0em;flex-basis:40%\">\n<div data-swiper=\"{&quot;speed&quot;:400,&quot;spaceBetween&quot;:16,&quot;slidesPerView&quot;:1,&quot;createElements&quot;:true,&quot;loop&quot;:true,&quot;freemode&quot;:true,&quot;pagination&quot;:{&quot;el&quot;:&quot;.swiper-pagination&quot;,&quot;dynamicBullets&quot;:false},&quot;breakpoints&quot;:{&quot;0&quot;:{&quot;slidesPerView&quot;:1},&quot;380&quot;:[],&quot;1024&quot;:[]},&quot;navigation&quot;:false,&quot;effect&quot;:&quot;fade&quot;}\" class=\"wp-block-group gt-is-slider gt-is-slider-desktop has-global-padding is-layout-constrained wp-block-group-is-layout-constrained\">\n<figure class=\"wp-block-image size-full\"><img decoding=\"async\" width=\"686\" height=\"660\" src=\"https:\/\/www.le-cabellou-plage.com\/wp-content\/uploads\/2025\/01\/camping-douarnenez.webp\" alt=\"campingplatz douarnenez\" class=\"wp-image-14832\" srcset=\"https:\/\/www.le-cabellou-plage.com\/wp-content\/uploads\/2025\/01\/camping-douarnenez.webp 686w, https:\/\/www.le-cabellou-plage.com\/wp-content\/uploads\/2025\/01\/camping-douarnenez-300x289.webp 300w\" sizes=\"(max-width: 686px) 100vw, 686px\" \/><\/figure>\n\n\n\n<figure class=\"wp-block-image size-full\"><img decoding=\"async\" width=\"686\" height=\"660\" src=\"https:\/\/www.le-cabellou-plage.com\/wp-content\/uploads\/2025\/01\/ville-de-douarnenez-en-bretagne.webp\" alt=\"Stadt Douarnenez in der Bretagne\" class=\"wp-image-14836\" srcset=\"https:\/\/www.le-cabellou-plage.com\/wp-content\/uploads\/2025\/01\/ville-de-douarnenez-en-bretagne.webp 686w, https:\/\/www.le-cabellou-plage.com\/wp-content\/uploads\/2025\/01\/ville-de-douarnenez-en-bretagne-300x289.webp 300w\" sizes=\"(max-width: 686px) 100vw, 686px\" \/><\/figure>\n\n\n\n<figure class=\"wp-block-image size-full\"><img decoding=\"async\" width=\"686\" height=\"660\" src=\"https:\/\/www.le-cabellou-plage.com\/wp-content\/uploads\/2025\/01\/acces-direct-a-la-mer.webp\" alt=\"direkter Zugang zum Meer\" class=\"wp-image-14840\" srcset=\"https:\/\/www.le-cabellou-plage.com\/wp-content\/uploads\/2025\/01\/acces-direct-a-la-mer.webp 686w, https:\/\/www.le-cabellou-plage.com\/wp-content\/uploads\/2025\/01\/acces-direct-a-la-mer-300x289.webp 300w\" sizes=\"(max-width: 686px) 100vw, 686px\" \/><\/figure>\n<\/div>\n<\/div>\n<\/div>\n<\/section>\n\n<section class=\"wp-block-group home-third has-custom-color-2-background-color has-background is-layout-flow wp-block-group-is-layout-flow\" style=\"margin-top:0;padding-bottom:var(--wp--preset--spacing--40)\">\n<div data-swiper=\"{&quot;speed&quot;:1000,&quot;autoplay&quot;:{&quot;delay&quot;:5000,&quot;disableOnInteraction&quot;:false},&quot;spaceBetween&quot;:0,&quot;slidesPerView&quot;:1,&quot;pagination&quot;:{&quot;el&quot;:&quot;.swiper-pagination&quot;,&quot;dynamicBullets&quot;:true,&quot;clickable&quot;:true,&quot;type&quot;:&quot;bullets&quot;},&quot;navigation&quot;:{&quot;nextEl&quot;:&quot;.swiper-button-next&quot;,&quot;prevEl&quot;:&quot;.swiper-button-prev&quot;},&quot;breakpoints&quot;:[{&quot;slidesPerView&quot;:1}]}\" class=\"wp-block-cover has-parallax has-custom-content-position is-position-bottom-right\" style=\"min-height:825px;aspect-ratio:unset;\"><span aria-hidden=\"true\" class=\"wp-block-cover__background has-contrast-background-color has-background-dim-30 has-background-dim\"><\/span><div role=\"img\" aria-label=\"location de mobil homes pres de douarnenez en bretagne sud\" class=\"wp-block-cover__image-background wp-image-14844 has-parallax\" style=\"background-position:50% 50%;background-image:url(https:\/\/www.le-cabellou-plage.com\/wp-content\/uploads\/2025\/01\/location-de-mobil-homes-pres-de-douarnenez-en-bretagne-sud.webp)\"><\/div><div class=\"wp-block-cover__inner-container has-global-padding is-layout-constrained wp-block-cover-is-layout-constrained\">\n<p class=\"has-text-align-center has-base-2-color has-text-color has-link-color has-bodidota-font-family wp-elements-65db0374f9c666729f2dcc93f15a8a1c\" style=\"padding-right:35rem;padding-bottom:var(--wp--preset--spacing--40);font-size:clamp(39.963px, 2.498rem + ((1vw - 3.2px) * 2.969), 75px);text-transform:uppercase\"><strong>Ein unvergesslicher Aufenthalt<\/strong><\/p>\n<\/div><\/div>\n\n\n\n<div class=\"wp-block-columns is-layout-flex wp-container-core-columns-is-layout-b674b79b wp-block-columns-is-layout-flex\" style=\"padding-top:var(--wp--preset--spacing--10);padding-right:var(--wp--preset--spacing--50);padding-bottom:var(--wp--preset--spacing--10);padding-left:var(--wp--preset--spacing--50)\">\n<div class=\"wp-block-column right is-layout-flow wp-block-column-is-layout-flow\" style=\"padding-top:var(--wp--preset--spacing--40);flex-basis:60%\">\n<div class=\"wp-block-group gt-no-padding-mobile is-layout-flow wp-block-group-is-layout-flow\" style=\"padding-right:15rem;padding-left:10rem\">\n<h2 class=\"wp-block-heading\" style=\"margin-bottom:var(--wp--preset--spacing--30)\"><strong>Vermietung von Mobilheimen<\/strong> <br\/>in der N\u00e4he von Douarnenez<br\/>in der s\u00fcdlichen Bretagne<\/h2>\n\n\n    <div id=\"gt-fse-lire-plus-69f250d964094\" class=\"gt-fse-lire-plus\" data-min-height=\"130\" style=\"background-color: #3a4156;\">\n        <input id=\"gt-fse-lire-plus-69f250d964094-toggle\" type=\"checkbox\" class=\"gt-fse-lire-plus__toggle\" \/>\n        <label for=\"gt-fse-lire-plus-69f250d964094-toggle\" class=\"gt-fse-lire-plus__toggle-label\">\n            <span>Lire plus<\/span>\n            <span>Lire moins<\/span>\n        <\/label>\n        <div class=\"gt-fse-lire-plus__content\" style=\"height: 130px;\">\n            \n\n<p>Unser <strong>Campingplatz Le Cabellou Plage<\/strong> bietet Ihnen die <strong>Vermietung von Mobilheimen in der N\u00e4he von Douarnenez<\/strong>, die Ihren Aufenthalt im Finist\u00e8re noch unvergesslicher machen werden. Unsere <strong>Mobilheime sind komfortabel und ger\u00e4umig<\/strong> und verf\u00fcgen \u00fcber alle notwendigen Annehmlichkeiten, um Ihnen einen angenehmen Urlaub zu garantieren. Alle unsere <a href=\"https:\/\/www.le-cabellou-plage.com\/de\/vermietung-mobilheime-bretagne\/\">Mietunterk\u00fcnfte<\/a> verf\u00fcgen \u00fcber ein eigenes Badezimmer, eine voll ausgestattete K\u00fcche mit K\u00fcchenutensilien und ein Wohnzimmer mit Essbereich, perfekt zum Entspannen nach einem <a href=\"https:\/\/www.le-cabellou-plage.com\/de\/was-tun-concarneau\/\">Tag voller Besichtigungen<\/a> oder am Strand.  <\/p>\n\n            <div class=\"gt-fse-lire-plus__gradient\" style=\"background: linear-gradient(to bottom,rgba(58,65,86,0) 0%,rgba(58,65,86,1) 100%);\"><\/div>\n        <\/div>\n    <\/div>\n    <\/div>\n<\/div>\n\n\n\n<div class=\"wp-block-column left is-layout-flow wp-block-column-is-layout-flow\" style=\"flex-basis:40%\">\n<div class=\"wp-block-group gt-no-padding-mobile is-layout-flow wp-block-group-is-layout-flow\" style=\"padding-right:13rem;padding-left:2rem\">\n<p class=\"has-custom-color-3-color has-text-color has-link-color has-josefin-sans-font-family has-small-font-size wp-elements-8220deaef5f1fccbe93c86aa5d5e98e0\" style=\"margin-bottom:var(--wp--preset--spacing--30);letter-spacing:3px;line-height:1.5;text-transform:uppercase\">Ger\u00e4umige Mobilheime<\/p>\n\n\n\n<div class=\"wp-block-group h1-like is-layout-flow wp-block-group-is-layout-flow\">\n<p class=\"has-bodidota-font-family\" style=\"font-size:clamp(47.79px, 2.987rem + ((1vw - 3.2px) * 3.916), 94px);line-height:0.8\">Sch\u00f6ner Urlaub in der<\/p>\n\n\n\n<p class=\"has-custom-color-3-color has-text-color has-link-color has-north-wave-font-family wp-elements-04302277269e06c9ce1de02af20ea3f7\" style=\"padding-left:var(--wp--preset--spacing--40);font-size:clamp(52.125px, 3.258rem + ((1vw - 3.2px) * 4.481), 105px);line-height:0.1\">Bretagne<\/p>\n<\/div>\n<\/div>\n<\/div>\n<\/div>\n\n\n\n<div class=\"wp-block-group alignwide has-global-padding is-layout-constrained wp-block-group-is-layout-constrained\">\n<div class=\"wp-block-group alignwide is-nowrap is-layout-flex wp-container-core-group-is-layout-6c531013 wp-block-group-is-layout-flex\">\n<div class=\"wp-block-group alignwide has-global-padding is-layout-constrained wp-container-core-group-is-layout-fd9b688b wp-block-group-is-layout-constrained\" style=\"padding-left:0\">\n<div class=\"wp-block-group alignwide has-global-padding is-layout-constrained wp-block-group-is-layout-constrained\">\n<div data-wp-context=\"{}\" data-wp-interactive=\"core\/query\" data-wp-key=\"4\" data-wp-router-region=\"query-4\" class=\"wp-block-query alignwide gt-ws-thelis-hebergements-query is-layout-flow wp-block-query-is-layout-flow\"><ul class=\"columns-4 wp-block-post-template is-layout-grid wp-container-core-post-template-is-layout-e7fd85f5 wp-block-post-template-is-layout-grid\"><li data-gt-bathrooms=\"1\" data-gt-camping=\"527\" data-gt-capacity=\"6\" data-gt-criterions=\"&quot;[17,3222,3223,3225,3230,7631]&quot;\" data-gt-post-id=\"21121\" data-gt-rooms=\"3\" data-gt-surfaces=\"36\" data-gt-types=\"Mobilheime,location\" data-gt-ws-camping=\"527\" data-wp-key=\"69f250d96afb7\" class=\"wp-block-post post-21121 hebergement type-hebergement status-publish has-post-thumbnail hentry\">\n\n<div \n    class=\"wp-block-gt-gt-ws-thelis-product-images\"    data-wp-interactive=\"gt\/thelis\/hebergement\/image\"\n    data-gallery-images='[&quot;https:\\\/\\\/www.le-cabellou-plage.com\\\/wp-content\\\/uploads\\\/gt-ws-thelis\\\/site-1\\\/images\\\/527\\\/pict_11_6.jpg&quot;,&quot;https:\\\/\\\/www.le-cabellou-plage.com\\\/wp-content\\\/uploads\\\/gt-ws-thelis\\\/site-1\\\/images\\\/527\\\/pict_11_7.jpg&quot;,&quot;https:\\\/\\\/www.le-cabellou-plage.com\\\/wp-content\\\/uploads\\\/gt-ws-thelis\\\/site-1\\\/images\\\/527\\\/pict_11_3.jpg&quot;,&quot;https:\\\/\\\/www.le-cabellou-plage.com\\\/wp-content\\\/uploads\\\/gt-ws-thelis\\\/site-1\\\/images\\\/527\\\/pict_11_5.jpg&quot;,&quot;https:\\\/\\\/www.le-cabellou-plage.com\\\/wp-content\\\/uploads\\\/gt-ws-thelis\\\/site-1\\\/images\\\/527\\\/pict_11_1.jpg&quot;,&quot;https:\\\/\\\/www.le-cabellou-plage.com\\\/wp-content\\\/uploads\\\/gt-ws-thelis\\\/site-1\\\/images\\\/527\\\/pict_11_2.jpg&quot;,&quot;https:\\\/\\\/www.le-cabellou-plage.com\\\/wp-content\\\/uploads\\\/gt-ws-thelis\\\/site-1\\\/images\\\/527\\\/pict_11_4.jpg&quot;]'\n    data-wp-context='{\"images\":[\"https:\\\/\\\/www.le-cabellou-plage.com\\\/wp-content\\\/uploads\\\/gt-ws-thelis\\\/site-1\\\/images\\\/527\\\/pict_11_6.jpg\",\"https:\\\/\\\/www.le-cabellou-plage.com\\\/wp-content\\\/uploads\\\/gt-ws-thelis\\\/site-1\\\/images\\\/527\\\/pict_11_7.jpg\",\"https:\\\/\\\/www.le-cabellou-plage.com\\\/wp-content\\\/uploads\\\/gt-ws-thelis\\\/site-1\\\/images\\\/527\\\/pict_11_3.jpg\",\"https:\\\/\\\/www.le-cabellou-plage.com\\\/wp-content\\\/uploads\\\/gt-ws-thelis\\\/site-1\\\/images\\\/527\\\/pict_11_5.jpg\",\"https:\\\/\\\/www.le-cabellou-plage.com\\\/wp-content\\\/uploads\\\/gt-ws-thelis\\\/site-1\\\/images\\\/527\\\/pict_11_1.jpg\",\"https:\\\/\\\/www.le-cabellou-plage.com\\\/wp-content\\\/uploads\\\/gt-ws-thelis\\\/site-1\\\/images\\\/527\\\/pict_11_2.jpg\",\"https:\\\/\\\/www.le-cabellou-plage.com\\\/wp-content\\\/uploads\\\/gt-ws-thelis\\\/site-1\\\/images\\\/527\\\/pict_11_4.jpg\"],\"jsonConfig\":{\"speed\":400,\"spaceBetween\":16,\"slidesPerView\":1,\"loop\":true,\"breakpoints\":[{\"slidesPerView\":1}],\"pagination\":false,\"effect\":\"fade\",\"autoplay\":{\"delay\":2500}},\"sliderId\":\"69f250d96549f\"}'>\n            <div \n            id=\"69f250d96549f\"\n            class=\"gt-ws-thelis-is-slider swiper\" \n            data-swiper='{\"speed\":400,\"spaceBetween\":16,\"slidesPerView\":1,\"loop\":true,\"breakpoints\":[{\"slidesPerView\":1}],\"pagination\":false,\"effect\":\"fade\",\"autoplay\":{\"delay\":2500}}'\n            data-wp-key=\"21121660ce1da78d7ac15e03706f31ece0088\"\n            data-wp-run=\"callbacks.resetSwiper\"\n            data-wp-on--mouseover=\"callbacks.resetSwiper\"\n        >\n        <div class=\"swiper-wrapper\">\n                \n            \n            \n\n            <figure \n                class=\"wp-block-image swiper-slide\" \n                data-image-index=\"0\"\n            >\n                                    <img decoding=\"async\" \n                                                src=\"https:\/\/www.le-cabellou-plage.com\/wp-content\/uploads\/gt-ws-thelis\/site-1\/images\/527\/pict_11_1.jpg\" \n                        alt=\"Premium Corail &#8211; 6 Pers 3 Ch &#8211; 36m2\"\n                        loading=\"lazy\"\n                    >\n                                <\/figure>\n\n            \n        \n            \n            \n\n            <figure \n                class=\"wp-block-image swiper-slide\" \n                data-image-index=\"1\"\n            >\n                                    <img decoding=\"async\" \n                                                src=\"https:\/\/www.le-cabellou-plage.com\/wp-content\/uploads\/gt-ws-thelis\/site-1\/images\/527\/pict_11_2.jpg\" \n                        alt=\"Premium Corail &#8211; 6 Pers 3 Ch &#8211; 36m2\"\n                        loading=\"lazy\"\n                    >\n                                <\/figure>\n\n            \n        \n            \n            \n\n            <figure \n                class=\"wp-block-image swiper-slide\" \n                data-image-index=\"2\"\n            >\n                                    <img decoding=\"async\" \n                                                src=\"https:\/\/www.le-cabellou-plage.com\/wp-content\/uploads\/gt-ws-thelis\/site-1\/images\/527\/pict_11_3.jpg\" \n                        alt=\"Premium Corail &#8211; 6 Pers 3 Ch &#8211; 36m2\"\n                        loading=\"lazy\"\n                    >\n                                <\/figure>\n\n            \n        \n            \n            \n\n            <figure \n                class=\"wp-block-image swiper-slide\" \n                data-image-index=\"3\"\n            >\n                                    <img decoding=\"async\" \n                                                src=\"https:\/\/www.le-cabellou-plage.com\/wp-content\/uploads\/gt-ws-thelis\/site-1\/images\/527\/pict_11_4.jpg\" \n                        alt=\"Premium Corail &#8211; 6 Pers 3 Ch &#8211; 36m2\"\n                        loading=\"lazy\"\n                    >\n                                <\/figure>\n\n            \n        \n            \n            \n\n            <figure \n                class=\"wp-block-image swiper-slide\" \n                data-image-index=\"4\"\n            >\n                                    <img decoding=\"async\" \n                                                src=\"https:\/\/www.le-cabellou-plage.com\/wp-content\/uploads\/gt-ws-thelis\/site-1\/images\/527\/pict_11_5.jpg\" \n                        alt=\"Premium Corail &#8211; 6 Pers 3 Ch &#8211; 36m2\"\n                        loading=\"lazy\"\n                    >\n                                <\/figure>\n\n            \n        \n            \n            \n\n            <figure \n                class=\"wp-block-image swiper-slide\" \n                data-image-index=\"5\"\n            >\n                                    <img decoding=\"async\" \n                                                src=\"https:\/\/www.le-cabellou-plage.com\/wp-content\/uploads\/gt-ws-thelis\/site-1\/images\/527\/pict_11_6.jpg\" \n                        alt=\"Premium Corail &#8211; 6 Pers 3 Ch &#8211; 36m2\"\n                        loading=\"lazy\"\n                    >\n                                <\/figure>\n\n            \n        \n            \n            \n\n            <figure \n                class=\"wp-block-image swiper-slide\" \n                data-image-index=\"6\"\n            >\n                                    <img decoding=\"async\" \n                                                src=\"https:\/\/www.le-cabellou-plage.com\/wp-content\/uploads\/gt-ws-thelis\/site-1\/images\/527\/pict_11_7.jpg\" \n                        alt=\"Premium Corail &#8211; 6 Pers 3 Ch &#8211; 36m2\"\n                        loading=\"lazy\"\n                    >\n                                <\/figure>\n\n            \n        \n        \n            <\/div>\n            <div class=\"swiper-pagination\"><\/div>\n            <div class=\"swiper-button-prev\"><\/div>\n            <div class=\"swiper-button-next\"><\/div>\n        <\/div>\n        <\/div>\n\n\n<div class=\"wp-block-group bottom-card has-global-padding is-layout-constrained wp-container-core-group-is-layout-306daf7c wp-block-group-is-layout-constrained\" style=\"padding-top:0;padding-right:var(--wp--preset--spacing--10);padding-bottom:0;padding-left:var(--wp--preset--spacing--10)\">\n<p><\/p>\n\n\n\n<div class=\"wp-block-group gt-hebergement-foot is-layout-flow wp-container-core-group-is-layout-a77db08e wp-block-group-is-layout-flow\">\n<div class=\"wp-block-group is-content-justification-right is-layout-flex wp-container-core-group-is-layout-2c452c4e wp-block-group-is-layout-flex\" style=\"margin-top:0;margin-bottom:var(--wp--preset--spacing--20)\">\n<div class=\"wp-block-group hebergement-info is-vertical is-nowrap is-layout-flex wp-container-core-group-is-layout-3536e24b wp-block-group-is-layout-flex\">\n\n\n<div class=\"wp-block-gt-gt-ws-thelis-product-capacity\">\n            <img decoding=\"async\" src=\"https:\/\/www.le-cabellou-plage.com\/wp-content\/uploads\/2025\/01\/groupe.svg\" alt=\"Icon\" class=\"gt-icon\" \/> \n        6                 <\/div><\/div>\n\n\n\n<div class=\"wp-block-group hebergement-info is-vertical is-nowrap is-layout-flex wp-container-core-group-is-layout-3536e24b wp-block-group-is-layout-flex\">\n<div class=\"wp-block-gt-gt-ws-thelis-product-room\">\n            <img decoding=\"async\" src=\"https:\/\/www.le-cabellou-plage.com\/wp-content\/uploads\/2025\/02\/bed-1.svg\" alt=\"Icon\" class=\"gt-icon\" \/> \n        3                <\/div><\/div>\n\n\n\n<div class=\"wp-block-group hebergement-info is-vertical is-nowrap is-layout-flex wp-container-core-group-is-layout-3536e24b wp-block-group-is-layout-flex\">\n<div class=\"wp-block-gt-gt-ws-thelis-product-surface\">\n\n           <img decoding=\"async\" src=\"https:\/\/www.le-cabellou-plage.com\/wp-content\/uploads\/2025\/01\/surface-1.svg\" alt=\"Icon\" class=\"gt-icon\" \/> \n       \n        36m\u00b2\n<\/div><\/div>\n\n\n\n<div class=\"wp-block-group hebergement-info is-vertical is-nowrap is-layout-flex wp-container-core-group-is-layout-3536e24b wp-block-group-is-layout-flex\">\n<div class=\"wp-block-gt-gt-ws-thelis-product-bathroom\">\n            <img decoding=\"async\" src=\"https:\/\/www.le-cabellou-plage.com\/wp-content\/uploads\/2025\/03\/shower-2.svg\" alt=\"Icon\" class=\"gt-icon\" \/>\n        1                 <\/div><\/div>\n<\/div>\n<\/div>\n\n\n\n<div class=\"wp-block-group gt-hebergement-content has-base-2-color has-text-color has-link-color has-josefin-sans-font-family wp-elements-1dc5fd54dc8763551e0a213ad89aa8e4 is-content-justification-center is-nowrap is-layout-flex wp-container-core-group-is-layout-9c5e87ae wp-block-group-is-layout-flex\" style=\"padding-top:var(--wp--preset--spacing--10);padding-right:0;padding-bottom:var(--wp--preset--spacing--10);padding-left:var(--wp--preset--spacing--10);font-size:clamp(0.875rem, 0.875rem + ((1vw - 0.2rem) * 0.305), 1.1rem);\">\n<div class=\"wp-block-group has-global-padding is-content-justification-left is-layout-constrained wp-container-core-group-is-layout-12dd3699 wp-block-group-is-layout-constrained\"><p style=\"font-size:clamp(0.984rem, 0.984rem + ((1vw - 0.2rem) * 0.7), 1.5rem);\" class=\"wp-elements-8408685baa51903f439fde5025ccd007 wp-block-gt-gt-ws-thelis-product-name has-text-color has-base-2-color\">\n    Premium Corail &#8211; 6 Pers 3 Ch &#8211; 36m2<\/p>\n<\/div>\n\n\n\n<div class=\"wp-block-group link-hebergement has-global-padding is-layout-constrained wp-container-core-group-is-layout-f078265f wp-block-group-is-layout-constrained\" style=\"padding-right:0\"><a class=\"wp-elements-f3cb0fc3943cf1d9a6f084690632ba68 wp-block-read-more has-text-color has-custom-color-2-color\" href=\"https:\/\/www.le-cabellou-plage.com\/de\/hebergement\/premium-corail-6-pers-3-ch-36m2\/\" target=\"_blank\">D\u00e9couvrir<span class=\"screen-reader-text\">: Premium Corail &#8211; 6 Pers 3 Ch &#8211; 36m2<\/span><\/a><\/div>\n<\/div>\n\n\n\n<div class=\"wp-block-group is-horizontal is-content-justification-space-between is-nowrap is-layout-flex wp-container-core-group-is-layout-f5091a2d wp-block-group-is-layout-flex\" style=\"padding-right:var(--wp--preset--spacing--20);padding-left:var(--wp--preset--spacing--20)\">    \n\t<div\n\t\tclass=\"wp-block-gt-gt-ws-thelis-disponibilites\"\t\tdata-wp-interactive=\"gt\/thelis\"\n\t\tdata-wp-watch=\"actions.loadStays\"\n\t\tdata-wp-bind--data-gt-statut=\"state.statut\"\n\t\tdata-wp-key=\"11+527-69f250d966462\"\n\t\tdata-wp-context='{\"idsProduct\":\"11+527\",\"idProduct\":\"11\",\"campingKey\":\"527\",\"isIndisponible\":true}'\t>\n\n\t\t\t\t\t<div hidden class=\"gt-ws-thelis-spinner\" data-wp-bind--hidden=\"!state.isLoading\">\n\t\t\t\t<span class=\"loader\"><\/span>\n\t\t\t<\/div>\n\t\t\n\n\t\t<div data-wp-bind--hidden=\"state.isLoading\" class=\"gt-ws-thelis-disponibilite-wrap\">\n\n\t\t\t\n\t\t\t\t\t\n\t\t\t\t<div hidden \n\t\t\t\t\tclass=\"gt-ws-thelis__disponibilite__price\"\n\t\t\t\t\tdata-wp-bind--hidden=\"!state.price\"\n\t\t\t\t>\n\t\t\t\t\t<span>\u00c0 partir de <\/span>\n\t\t\t\t\t<span hidden class=\"gt-ws-thelis__disponibilite__price__original\" data-wp-bind--hidden=\"!state.hasPromo\">\n\t\t\t\t\t\t<strike><span data-wp-text=\"state.originalPrice\"><\/span>\u20ac<\/strike>\n\t\t\t\t\t<\/span>\n\t\t\t\t\t<span class=\"gt-ws-thelis__disponibilite__price__discounted\">\n\t\t\t\t\t\t<span data-wp-bind--data-gt-price=\"state.price\" class=\"gt-ws-thelis-data-price\" data-wp-text=\"state.price\"><\/span>\u20ac\n\t\t\t\t\t<\/span>\n\t\t\t\t<\/div>\n\t\t\t\n\t\t\t\n\t\t\t\n\t\t\t\n\t\t<\/div>\n\n\t<\/div>\n\n    \n\n    \n\t<div\n\t\tclass=\"statut-dispo wp-block-gt-gt-ws-thelis-disponibilites\"\t\tdata-wp-interactive=\"gt\/thelis\"\n\t\tdata-wp-watch=\"actions.loadStays\"\n\t\tdata-wp-bind--data-gt-statut=\"state.statut\"\n\t\tdata-wp-key=\"11+527-69f250d9664fb\"\n\t\tdata-wp-context='{\"idsProduct\":\"11+527\",\"idProduct\":\"11\",\"campingKey\":\"527\",\"isIndisponible\":true}'\t>\n\n\t\t\t\t\t<div hidden class=\"gt-ws-thelis-spinner\" data-wp-bind--hidden=\"!state.isLoading\">\n\t\t\t\t<span class=\"loader\"><\/span>\n\t\t\t<\/div>\n\t\t\n\n\t\t<div data-wp-bind--hidden=\"state.isLoading\" class=\"gt-ws-thelis-disponibilite-wrap\">\n\n\t\t\t\t\t\t\t\t\t\t\t\t\t<div class=\"gt-ws-thelis-statut\" data-wp-text=\"state.titre\"><\/div>\n\t\t\t\t\t\t\t\t\n\t\t\t\n\t\t\t\n\t\t\t\n\t\t\t\n\t\t<\/div>\n\n\t<\/div>\n\n    <\/div>\n<\/div>\n\n<\/li><li data-gt-bathrooms=\"1\" data-gt-camping=\"527\" data-gt-capacity=\"4\" data-gt-criterions=\"&quot;[17,4517,3222,3223]&quot;\" data-gt-post-id=\"21113\" data-gt-rooms=\"2\" data-gt-surfaces=\"27\" data-gt-types=\"Mobilheime,location\" data-gt-ws-camping=\"527\" data-wp-key=\"69f250d96b0f7\" class=\"wp-block-post post-21113 hebergement type-hebergement status-publish has-post-thumbnail hentry\">\n\n<div \n    class=\"wp-block-gt-gt-ws-thelis-product-images\"    data-wp-interactive=\"gt\/thelis\/hebergement\/image\"\n    data-gallery-images='[&quot;https:\\\/\\\/www.le-cabellou-plage.com\\\/wp-content\\\/uploads\\\/gt-ws-thelis\\\/site-1\\\/images\\\/527\\\/pict_2_6.jpg&quot;,&quot;https:\\\/\\\/www.le-cabellou-plage.com\\\/wp-content\\\/uploads\\\/gt-ws-thelis\\\/site-1\\\/images\\\/527\\\/pict_2_5.jpg&quot;,&quot;https:\\\/\\\/www.le-cabellou-plage.com\\\/wp-content\\\/uploads\\\/gt-ws-thelis\\\/site-1\\\/images\\\/527\\\/pict_2_7.jpg&quot;,&quot;https:\\\/\\\/www.le-cabellou-plage.com\\\/wp-content\\\/uploads\\\/gt-ws-thelis\\\/site-1\\\/images\\\/527\\\/pict_2_2.jpg&quot;,&quot;https:\\\/\\\/www.le-cabellou-plage.com\\\/wp-content\\\/uploads\\\/gt-ws-thelis\\\/site-1\\\/images\\\/527\\\/pict_2_3.jpg&quot;,&quot;https:\\\/\\\/www.le-cabellou-plage.com\\\/wp-content\\\/uploads\\\/gt-ws-thelis\\\/site-1\\\/images\\\/527\\\/pict_2_4.jpg&quot;,&quot;https:\\\/\\\/www.le-cabellou-plage.com\\\/wp-content\\\/uploads\\\/gt-ws-thelis\\\/site-1\\\/images\\\/527\\\/pict_2_1.jpg&quot;]'\n    data-wp-context='{\"images\":[\"https:\\\/\\\/www.le-cabellou-plage.com\\\/wp-content\\\/uploads\\\/gt-ws-thelis\\\/site-1\\\/images\\\/527\\\/pict_2_6.jpg\",\"https:\\\/\\\/www.le-cabellou-plage.com\\\/wp-content\\\/uploads\\\/gt-ws-thelis\\\/site-1\\\/images\\\/527\\\/pict_2_5.jpg\",\"https:\\\/\\\/www.le-cabellou-plage.com\\\/wp-content\\\/uploads\\\/gt-ws-thelis\\\/site-1\\\/images\\\/527\\\/pict_2_7.jpg\",\"https:\\\/\\\/www.le-cabellou-plage.com\\\/wp-content\\\/uploads\\\/gt-ws-thelis\\\/site-1\\\/images\\\/527\\\/pict_2_2.jpg\",\"https:\\\/\\\/www.le-cabellou-plage.com\\\/wp-content\\\/uploads\\\/gt-ws-thelis\\\/site-1\\\/images\\\/527\\\/pict_2_3.jpg\",\"https:\\\/\\\/www.le-cabellou-plage.com\\\/wp-content\\\/uploads\\\/gt-ws-thelis\\\/site-1\\\/images\\\/527\\\/pict_2_4.jpg\",\"https:\\\/\\\/www.le-cabellou-plage.com\\\/wp-content\\\/uploads\\\/gt-ws-thelis\\\/site-1\\\/images\\\/527\\\/pict_2_1.jpg\"],\"jsonConfig\":{\"speed\":400,\"spaceBetween\":16,\"slidesPerView\":1,\"loop\":true,\"breakpoints\":[{\"slidesPerView\":1}],\"pagination\":false,\"effect\":\"fade\",\"autoplay\":{\"delay\":2500}},\"sliderId\":\"69f250d9668d2\"}'>\n            <div \n            id=\"69f250d9668d2\"\n            class=\"gt-ws-thelis-is-slider swiper\" \n            data-swiper='{\"speed\":400,\"spaceBetween\":16,\"slidesPerView\":1,\"loop\":true,\"breakpoints\":[{\"slidesPerView\":1}],\"pagination\":false,\"effect\":\"fade\",\"autoplay\":{\"delay\":2500}}'\n            data-wp-key=\"21113660ce1da78d7ac15e03706f31ece0088\"\n            data-wp-run=\"callbacks.resetSwiper\"\n            data-wp-on--mouseover=\"callbacks.resetSwiper\"\n        >\n        <div class=\"swiper-wrapper\">\n                \n            \n            \n\n            <figure \n                class=\"wp-block-image swiper-slide\" \n                data-image-index=\"0\"\n            >\n                                    <img decoding=\"async\" \n                                                src=\"https:\/\/www.le-cabellou-plage.com\/wp-content\/uploads\/gt-ws-thelis\/site-1\/images\/527\/pict_2_1.jpg\" \n                        alt=\"Natura Oc\u00e9ane &#8211; Quartier pi\u00e9ton &#8211; 4Pers 2Ch 27m2\"\n                        loading=\"lazy\"\n                    >\n                                <\/figure>\n\n            \n        \n            \n            \n\n            <figure \n                class=\"wp-block-image swiper-slide\" \n                data-image-index=\"1\"\n            >\n                                    <img decoding=\"async\" \n                                                src=\"https:\/\/www.le-cabellou-plage.com\/wp-content\/uploads\/gt-ws-thelis\/site-1\/images\/527\/pict_2_2.jpg\" \n                        alt=\"Natura Oc\u00e9ane &#8211; Quartier pi\u00e9ton &#8211; 4Pers 2Ch 27m2\"\n                        loading=\"lazy\"\n                    >\n                                <\/figure>\n\n            \n        \n            \n            \n\n            <figure \n                class=\"wp-block-image swiper-slide\" \n                data-image-index=\"2\"\n            >\n                                    <img decoding=\"async\" \n                                                src=\"https:\/\/www.le-cabellou-plage.com\/wp-content\/uploads\/gt-ws-thelis\/site-1\/images\/527\/pict_2_3.jpg\" \n                        alt=\"Natura Oc\u00e9ane &#8211; Quartier pi\u00e9ton &#8211; 4Pers 2Ch 27m2\"\n                        loading=\"lazy\"\n                    >\n                                <\/figure>\n\n            \n        \n            \n            \n\n            <figure \n                class=\"wp-block-image swiper-slide\" \n                data-image-index=\"3\"\n            >\n                                    <img decoding=\"async\" \n                                                src=\"https:\/\/www.le-cabellou-plage.com\/wp-content\/uploads\/gt-ws-thelis\/site-1\/images\/527\/pict_2_4.jpg\" \n                        alt=\"Natura Oc\u00e9ane &#8211; Quartier pi\u00e9ton &#8211; 4Pers 2Ch 27m2\"\n                        loading=\"lazy\"\n                    >\n                                <\/figure>\n\n            \n        \n            \n            \n\n            <figure \n                class=\"wp-block-image swiper-slide\" \n                data-image-index=\"4\"\n            >\n                                    <img decoding=\"async\" \n                                                src=\"https:\/\/www.le-cabellou-plage.com\/wp-content\/uploads\/gt-ws-thelis\/site-1\/images\/527\/pict_2_5.jpg\" \n                        alt=\"Natura Oc\u00e9ane &#8211; Quartier pi\u00e9ton &#8211; 4Pers 2Ch 27m2\"\n                        loading=\"lazy\"\n                    >\n                                <\/figure>\n\n            \n        \n            \n            \n\n            <figure \n                class=\"wp-block-image swiper-slide\" \n                data-image-index=\"5\"\n            >\n                                    <img decoding=\"async\" \n                                                src=\"https:\/\/www.le-cabellou-plage.com\/wp-content\/uploads\/gt-ws-thelis\/site-1\/images\/527\/pict_2_6.jpg\" \n                        alt=\"Natura Oc\u00e9ane &#8211; Quartier pi\u00e9ton &#8211; 4Pers 2Ch 27m2\"\n                        loading=\"lazy\"\n                    >\n                                <\/figure>\n\n            \n        \n            \n            \n\n            <figure \n                class=\"wp-block-image swiper-slide\" \n                data-image-index=\"6\"\n            >\n                                    <img decoding=\"async\" \n                                                src=\"https:\/\/www.le-cabellou-plage.com\/wp-content\/uploads\/gt-ws-thelis\/site-1\/images\/527\/pict_2_7.jpg\" \n                        alt=\"Natura Oc\u00e9ane &#8211; Quartier pi\u00e9ton &#8211; 4Pers 2Ch 27m2\"\n                        loading=\"lazy\"\n                    >\n                                <\/figure>\n\n            \n        \n        \n            <\/div>\n            <div class=\"swiper-pagination\"><\/div>\n            <div class=\"swiper-button-prev\"><\/div>\n            <div class=\"swiper-button-next\"><\/div>\n        <\/div>\n        <\/div>\n\n\n<div class=\"wp-block-group bottom-card has-global-padding is-layout-constrained wp-container-core-group-is-layout-306daf7c wp-block-group-is-layout-constrained\" style=\"padding-top:0;padding-right:var(--wp--preset--spacing--10);padding-bottom:0;padding-left:var(--wp--preset--spacing--10)\">\n<p><\/p>\n\n\n\n<div class=\"wp-block-group gt-hebergement-foot is-layout-flow wp-container-core-group-is-layout-a77db08e wp-block-group-is-layout-flow\">\n<div class=\"wp-block-group is-content-justification-right is-layout-flex wp-container-core-group-is-layout-2c452c4e wp-block-group-is-layout-flex\" style=\"margin-top:0;margin-bottom:var(--wp--preset--spacing--20)\">\n<div class=\"wp-block-group hebergement-info is-vertical is-nowrap is-layout-flex wp-container-core-group-is-layout-3536e24b wp-block-group-is-layout-flex\">\n\n\n<div class=\"wp-block-gt-gt-ws-thelis-product-capacity\">\n            <img decoding=\"async\" src=\"https:\/\/www.le-cabellou-plage.com\/wp-content\/uploads\/2025\/01\/groupe.svg\" alt=\"Icon\" class=\"gt-icon\" \/> \n        4                 <\/div><\/div>\n\n\n\n<div class=\"wp-block-group hebergement-info is-vertical is-nowrap is-layout-flex wp-container-core-group-is-layout-3536e24b wp-block-group-is-layout-flex\">\n<div class=\"wp-block-gt-gt-ws-thelis-product-room\">\n            <img decoding=\"async\" src=\"https:\/\/www.le-cabellou-plage.com\/wp-content\/uploads\/2025\/02\/bed-1.svg\" alt=\"Icon\" class=\"gt-icon\" \/> \n        2                <\/div><\/div>\n\n\n\n<div class=\"wp-block-group hebergement-info is-vertical is-nowrap is-layout-flex wp-container-core-group-is-layout-3536e24b wp-block-group-is-layout-flex\">\n<div class=\"wp-block-gt-gt-ws-thelis-product-surface\">\n\n           <img decoding=\"async\" src=\"https:\/\/www.le-cabellou-plage.com\/wp-content\/uploads\/2025\/01\/surface-1.svg\" alt=\"Icon\" class=\"gt-icon\" \/> \n       \n        27m\u00b2\n<\/div><\/div>\n\n\n\n<div class=\"wp-block-group hebergement-info is-vertical is-nowrap is-layout-flex wp-container-core-group-is-layout-3536e24b wp-block-group-is-layout-flex\">\n<div class=\"wp-block-gt-gt-ws-thelis-product-bathroom\">\n            <img decoding=\"async\" src=\"https:\/\/www.le-cabellou-plage.com\/wp-content\/uploads\/2025\/03\/shower-2.svg\" alt=\"Icon\" class=\"gt-icon\" \/>\n        1                 <\/div><\/div>\n<\/div>\n<\/div>\n\n\n\n<div class=\"wp-block-group gt-hebergement-content has-base-2-color has-text-color has-link-color has-josefin-sans-font-family wp-elements-1dc5fd54dc8763551e0a213ad89aa8e4 is-content-justification-center is-nowrap is-layout-flex wp-container-core-group-is-layout-9c5e87ae wp-block-group-is-layout-flex\" style=\"padding-top:var(--wp--preset--spacing--10);padding-right:0;padding-bottom:var(--wp--preset--spacing--10);padding-left:var(--wp--preset--spacing--10);font-size:clamp(0.875rem, 0.875rem + ((1vw - 0.2rem) * 0.305), 1.1rem);\">\n<div class=\"wp-block-group has-global-padding is-content-justification-left is-layout-constrained wp-container-core-group-is-layout-12dd3699 wp-block-group-is-layout-constrained\"><p style=\"font-size:clamp(0.984rem, 0.984rem + ((1vw - 0.2rem) * 0.7), 1.5rem);\" class=\"wp-elements-8408685baa51903f439fde5025ccd007 wp-block-gt-gt-ws-thelis-product-name has-text-color has-base-2-color\">\n    Natura Oc\u00e9ane &#8211; Quartier pi\u00e9ton &#8211; 4Pers 2Ch 27m2<\/p>\n<\/div>\n\n\n\n<div class=\"wp-block-group link-hebergement has-global-padding is-layout-constrained wp-container-core-group-is-layout-f078265f wp-block-group-is-layout-constrained\" style=\"padding-right:0\"><a class=\"wp-elements-f3cb0fc3943cf1d9a6f084690632ba68 wp-block-read-more has-text-color has-custom-color-2-color\" href=\"https:\/\/www.le-cabellou-plage.com\/de\/hebergement\/confort-oceane-quartier-pieton-4pers-2ch-27m2\/\" target=\"_blank\">D\u00e9couvrir<span class=\"screen-reader-text\">: Natura Oc\u00e9ane &#8211; Quartier pi\u00e9ton &#8211; 4Pers 2Ch 27m2<\/span><\/a><\/div>\n<\/div>\n\n\n\n<div class=\"wp-block-group is-horizontal is-content-justification-space-between is-nowrap is-layout-flex wp-container-core-group-is-layout-f5091a2d wp-block-group-is-layout-flex\" style=\"padding-right:var(--wp--preset--spacing--20);padding-left:var(--wp--preset--spacing--20)\">    \n\t<div\n\t\tclass=\"wp-block-gt-gt-ws-thelis-disponibilites\"\t\tdata-wp-interactive=\"gt\/thelis\"\n\t\tdata-wp-watch=\"actions.loadStays\"\n\t\tdata-wp-bind--data-gt-statut=\"state.statut\"\n\t\tdata-wp-key=\"2+527-69f250d967651\"\n\t\tdata-wp-context='{\"idsProduct\":\"2+527\",\"idProduct\":\"2\",\"campingKey\":\"527\",\"isIndisponible\":true}'\t>\n\n\t\t\t\t\t<div hidden class=\"gt-ws-thelis-spinner\" data-wp-bind--hidden=\"!state.isLoading\">\n\t\t\t\t<span class=\"loader\"><\/span>\n\t\t\t<\/div>\n\t\t\n\n\t\t<div data-wp-bind--hidden=\"state.isLoading\" class=\"gt-ws-thelis-disponibilite-wrap\">\n\n\t\t\t\n\t\t\t\t\t\n\t\t\t\t<div hidden \n\t\t\t\t\tclass=\"gt-ws-thelis__disponibilite__price\"\n\t\t\t\t\tdata-wp-bind--hidden=\"!state.price\"\n\t\t\t\t>\n\t\t\t\t\t<span>\u00c0 partir de <\/span>\n\t\t\t\t\t<span hidden class=\"gt-ws-thelis__disponibilite__price__original\" data-wp-bind--hidden=\"!state.hasPromo\">\n\t\t\t\t\t\t<strike><span data-wp-text=\"state.originalPrice\"><\/span>\u20ac<\/strike>\n\t\t\t\t\t<\/span>\n\t\t\t\t\t<span class=\"gt-ws-thelis__disponibilite__price__discounted\">\n\t\t\t\t\t\t<span data-wp-bind--data-gt-price=\"state.price\" class=\"gt-ws-thelis-data-price\" data-wp-text=\"state.price\"><\/span>\u20ac\n\t\t\t\t\t<\/span>\n\t\t\t\t<\/div>\n\t\t\t\n\t\t\t\n\t\t\t\n\t\t\t\n\t\t<\/div>\n\n\t<\/div>\n\n    \n\n    \n\t<div\n\t\tclass=\"statut-dispo wp-block-gt-gt-ws-thelis-disponibilites\"\t\tdata-wp-interactive=\"gt\/thelis\"\n\t\tdata-wp-watch=\"actions.loadStays\"\n\t\tdata-wp-bind--data-gt-statut=\"state.statut\"\n\t\tdata-wp-key=\"2+527-69f250d967723\"\n\t\tdata-wp-context='{\"idsProduct\":\"2+527\",\"idProduct\":\"2\",\"campingKey\":\"527\",\"isIndisponible\":true}'\t>\n\n\t\t\t\t\t<div hidden class=\"gt-ws-thelis-spinner\" data-wp-bind--hidden=\"!state.isLoading\">\n\t\t\t\t<span class=\"loader\"><\/span>\n\t\t\t<\/div>\n\t\t\n\n\t\t<div data-wp-bind--hidden=\"state.isLoading\" class=\"gt-ws-thelis-disponibilite-wrap\">\n\n\t\t\t\t\t\t\t\t\t\t\t\t\t<div class=\"gt-ws-thelis-statut\" data-wp-text=\"state.titre\"><\/div>\n\t\t\t\t\t\t\t\t\n\t\t\t\n\t\t\t\n\t\t\t\n\t\t\t\n\t\t<\/div>\n\n\t<\/div>\n\n    <\/div>\n<\/div>\n\n<\/li><li data-gt-bathrooms=\"1\" data-gt-camping=\"527\" data-gt-capacity=\"4\" data-gt-criterions=\"&quot;[17,4132,3222]&quot;\" data-gt-post-id=\"21117\" data-gt-rooms=\"2\" data-gt-surfaces=\"34\" data-gt-types=\"Mobilheime,location\" data-gt-ws-camping=\"527\" data-wp-key=\"69f250d96b270\" class=\"wp-block-post post-21117 hebergement type-hebergement status-publish has-post-thumbnail hentry\">\n\n<div \n    class=\"wp-block-gt-gt-ws-thelis-product-images\"    data-wp-interactive=\"gt\/thelis\/hebergement\/image\"\n    data-gallery-images='[&quot;https:\\\/\\\/www.le-cabellou-plage.com\\\/wp-content\\\/uploads\\\/gt-ws-thelis\\\/site-1\\\/images\\\/527\\\/pict_15_2.jpg&quot;,&quot;https:\\\/\\\/www.le-cabellou-plage.com\\\/wp-content\\\/uploads\\\/gt-ws-thelis\\\/site-1\\\/images\\\/527\\\/pict_15_3.jpg&quot;,&quot;https:\\\/\\\/www.le-cabellou-plage.com\\\/wp-content\\\/uploads\\\/gt-ws-thelis\\\/site-1\\\/images\\\/527\\\/pict_15_5.jpg&quot;,&quot;https:\\\/\\\/www.le-cabellou-plage.com\\\/wp-content\\\/uploads\\\/gt-ws-thelis\\\/site-1\\\/images\\\/527\\\/pict_15_1.jpg&quot;,&quot;https:\\\/\\\/www.le-cabellou-plage.com\\\/wp-content\\\/uploads\\\/gt-ws-thelis\\\/site-1\\\/images\\\/527\\\/pict_15_4.jpg&quot;,&quot;https:\\\/\\\/www.le-cabellou-plage.com\\\/wp-content\\\/uploads\\\/gt-ws-thelis\\\/site-1\\\/images\\\/527\\\/pict_15_6.jpg&quot;]'\n    data-wp-context='{\"images\":[\"https:\\\/\\\/www.le-cabellou-plage.com\\\/wp-content\\\/uploads\\\/gt-ws-thelis\\\/site-1\\\/images\\\/527\\\/pict_15_2.jpg\",\"https:\\\/\\\/www.le-cabellou-plage.com\\\/wp-content\\\/uploads\\\/gt-ws-thelis\\\/site-1\\\/images\\\/527\\\/pict_15_3.jpg\",\"https:\\\/\\\/www.le-cabellou-plage.com\\\/wp-content\\\/uploads\\\/gt-ws-thelis\\\/site-1\\\/images\\\/527\\\/pict_15_5.jpg\",\"https:\\\/\\\/www.le-cabellou-plage.com\\\/wp-content\\\/uploads\\\/gt-ws-thelis\\\/site-1\\\/images\\\/527\\\/pict_15_1.jpg\",\"https:\\\/\\\/www.le-cabellou-plage.com\\\/wp-content\\\/uploads\\\/gt-ws-thelis\\\/site-1\\\/images\\\/527\\\/pict_15_4.jpg\",\"https:\\\/\\\/www.le-cabellou-plage.com\\\/wp-content\\\/uploads\\\/gt-ws-thelis\\\/site-1\\\/images\\\/527\\\/pict_15_6.jpg\"],\"jsonConfig\":{\"speed\":400,\"spaceBetween\":16,\"slidesPerView\":1,\"loop\":true,\"breakpoints\":[{\"slidesPerView\":1}],\"pagination\":false,\"effect\":\"fade\",\"autoplay\":{\"delay\":2500}},\"sliderId\":\"69f250d967d34\"}'>\n            <div \n            id=\"69f250d967d34\"\n            class=\"gt-ws-thelis-is-slider swiper\" \n            data-swiper='{\"speed\":400,\"spaceBetween\":16,\"slidesPerView\":1,\"loop\":true,\"breakpoints\":[{\"slidesPerView\":1}],\"pagination\":false,\"effect\":\"fade\",\"autoplay\":{\"delay\":2500}}'\n            data-wp-key=\"21117660ce1da78d7ac15e03706f31ece0088\"\n            data-wp-run=\"callbacks.resetSwiper\"\n            data-wp-on--mouseover=\"callbacks.resetSwiper\"\n        >\n        <div class=\"swiper-wrapper\">\n                \n            \n            \n\n            <figure \n                class=\"wp-block-image swiper-slide\" \n                data-image-index=\"0\"\n            >\n                                    <img decoding=\"async\" \n                                                src=\"https:\/\/www.le-cabellou-plage.com\/wp-content\/uploads\/gt-ws-thelis\/site-1\/images\/527\/pict_15_1.jpg\" \n                        alt=\"Vacances PMR 4 Pers 2 Ch 34m2\"\n                        loading=\"lazy\"\n                    >\n                                <\/figure>\n\n            \n        \n            \n            \n\n            <figure \n                class=\"wp-block-image swiper-slide\" \n                data-image-index=\"1\"\n            >\n                                    <img decoding=\"async\" \n                                                src=\"https:\/\/www.le-cabellou-plage.com\/wp-content\/uploads\/gt-ws-thelis\/site-1\/images\/527\/pict_15_2.jpg\" \n                        alt=\"Vacances PMR 4 Pers 2 Ch 34m2\"\n                        loading=\"lazy\"\n                    >\n                                <\/figure>\n\n            \n        \n            \n            \n\n            <figure \n                class=\"wp-block-image swiper-slide\" \n                data-image-index=\"2\"\n            >\n                                    <img decoding=\"async\" \n                                                src=\"https:\/\/www.le-cabellou-plage.com\/wp-content\/uploads\/gt-ws-thelis\/site-1\/images\/527\/pict_15_3.jpg\" \n                        alt=\"Vacances PMR 4 Pers 2 Ch 34m2\"\n                        loading=\"lazy\"\n                    >\n                                <\/figure>\n\n            \n        \n            \n            \n\n            <figure \n                class=\"wp-block-image swiper-slide\" \n                data-image-index=\"3\"\n            >\n                                    <img decoding=\"async\" \n                                                src=\"https:\/\/www.le-cabellou-plage.com\/wp-content\/uploads\/gt-ws-thelis\/site-1\/images\/527\/pict_15_4.jpg\" \n                        alt=\"Vacances PMR 4 Pers 2 Ch 34m2\"\n                        loading=\"lazy\"\n                    >\n                                <\/figure>\n\n            \n        \n            \n            \n\n            <figure \n                class=\"wp-block-image swiper-slide\" \n                data-image-index=\"4\"\n            >\n                                    <img decoding=\"async\" \n                                                src=\"https:\/\/www.le-cabellou-plage.com\/wp-content\/uploads\/gt-ws-thelis\/site-1\/images\/527\/pict_15_5.jpg\" \n                        alt=\"Vacances PMR 4 Pers 2 Ch 34m2\"\n                        loading=\"lazy\"\n                    >\n                                <\/figure>\n\n            \n        \n            \n            \n\n            <figure \n                class=\"wp-block-image swiper-slide\" \n                data-image-index=\"5\"\n            >\n                                    <img decoding=\"async\" \n                                                src=\"https:\/\/www.le-cabellou-plage.com\/wp-content\/uploads\/gt-ws-thelis\/site-1\/images\/527\/pict_15_6.jpg\" \n                        alt=\"Vacances PMR 4 Pers 2 Ch 34m2\"\n                        loading=\"lazy\"\n                    >\n                                <\/figure>\n\n            \n        \n        \n            <\/div>\n            <div class=\"swiper-pagination\"><\/div>\n            <div class=\"swiper-button-prev\"><\/div>\n            <div class=\"swiper-button-next\"><\/div>\n        <\/div>\n        <\/div>\n\n\n<div class=\"wp-block-group bottom-card has-global-padding is-layout-constrained wp-container-core-group-is-layout-306daf7c wp-block-group-is-layout-constrained\" style=\"padding-top:0;padding-right:var(--wp--preset--spacing--10);padding-bottom:0;padding-left:var(--wp--preset--spacing--10)\">\n<p><\/p>\n\n\n\n<div class=\"wp-block-group gt-hebergement-foot is-layout-flow wp-container-core-group-is-layout-a77db08e wp-block-group-is-layout-flow\">\n<div class=\"wp-block-group is-content-justification-right is-layout-flex wp-container-core-group-is-layout-2c452c4e wp-block-group-is-layout-flex\" style=\"margin-top:0;margin-bottom:var(--wp--preset--spacing--20)\">\n<div class=\"wp-block-group hebergement-info is-vertical is-nowrap is-layout-flex wp-container-core-group-is-layout-3536e24b wp-block-group-is-layout-flex\">\n\n\n<div class=\"wp-block-gt-gt-ws-thelis-product-capacity\">\n            <img decoding=\"async\" src=\"https:\/\/www.le-cabellou-plage.com\/wp-content\/uploads\/2025\/01\/groupe.svg\" alt=\"Icon\" class=\"gt-icon\" \/> \n        4                 <\/div><\/div>\n\n\n\n<div class=\"wp-block-group hebergement-info is-vertical is-nowrap is-layout-flex wp-container-core-group-is-layout-3536e24b wp-block-group-is-layout-flex\">\n<div class=\"wp-block-gt-gt-ws-thelis-product-room\">\n            <img decoding=\"async\" src=\"https:\/\/www.le-cabellou-plage.com\/wp-content\/uploads\/2025\/02\/bed-1.svg\" alt=\"Icon\" class=\"gt-icon\" \/> \n        2                <\/div><\/div>\n\n\n\n<div class=\"wp-block-group hebergement-info is-vertical is-nowrap is-layout-flex wp-container-core-group-is-layout-3536e24b wp-block-group-is-layout-flex\">\n<div class=\"wp-block-gt-gt-ws-thelis-product-surface\">\n\n           <img decoding=\"async\" src=\"https:\/\/www.le-cabellou-plage.com\/wp-content\/uploads\/2025\/01\/surface-1.svg\" alt=\"Icon\" class=\"gt-icon\" \/> \n       \n        34m\u00b2\n<\/div><\/div>\n\n\n\n<div class=\"wp-block-group hebergement-info is-vertical is-nowrap is-layout-flex wp-container-core-group-is-layout-3536e24b wp-block-group-is-layout-flex\">\n<div class=\"wp-block-gt-gt-ws-thelis-product-bathroom\">\n            <img decoding=\"async\" src=\"https:\/\/www.le-cabellou-plage.com\/wp-content\/uploads\/2025\/03\/shower-2.svg\" alt=\"Icon\" class=\"gt-icon\" \/>\n        1                 <\/div><\/div>\n<\/div>\n<\/div>\n\n\n\n<div class=\"wp-block-group gt-hebergement-content has-base-2-color has-text-color has-link-color has-josefin-sans-font-family wp-elements-1dc5fd54dc8763551e0a213ad89aa8e4 is-content-justification-center is-nowrap is-layout-flex wp-container-core-group-is-layout-9c5e87ae wp-block-group-is-layout-flex\" style=\"padding-top:var(--wp--preset--spacing--10);padding-right:0;padding-bottom:var(--wp--preset--spacing--10);padding-left:var(--wp--preset--spacing--10);font-size:clamp(0.875rem, 0.875rem + ((1vw - 0.2rem) * 0.305), 1.1rem);\">\n<div class=\"wp-block-group has-global-padding is-content-justification-left is-layout-constrained wp-container-core-group-is-layout-12dd3699 wp-block-group-is-layout-constrained\"><p style=\"font-size:clamp(0.984rem, 0.984rem + ((1vw - 0.2rem) * 0.7), 1.5rem);\" class=\"wp-elements-8408685baa51903f439fde5025ccd007 wp-block-gt-gt-ws-thelis-product-name has-text-color has-base-2-color\">\n    Vacances PMR 4 Pers 2 Ch 34m2<\/p>\n<\/div>\n\n\n\n<div class=\"wp-block-group link-hebergement has-global-padding is-layout-constrained wp-container-core-group-is-layout-f078265f wp-block-group-is-layout-constrained\" style=\"padding-right:0\"><a class=\"wp-elements-f3cb0fc3943cf1d9a6f084690632ba68 wp-block-read-more has-text-color has-custom-color-2-color\" href=\"https:\/\/www.le-cabellou-plage.com\/de\/hebergement\/vacances-pmr-4-pers-2-ch-34m2\/\" target=\"_blank\">D\u00e9couvrir<span class=\"screen-reader-text\">: Vacances PMR 4 Pers 2 Ch 34m2<\/span><\/a><\/div>\n<\/div>\n\n\n\n<div class=\"wp-block-group is-horizontal is-content-justification-space-between is-nowrap is-layout-flex wp-container-core-group-is-layout-f5091a2d wp-block-group-is-layout-flex\" style=\"padding-right:var(--wp--preset--spacing--20);padding-left:var(--wp--preset--spacing--20)\">    \n\t<div\n\t\tclass=\"wp-block-gt-gt-ws-thelis-disponibilites\"\t\tdata-wp-interactive=\"gt\/thelis\"\n\t\tdata-wp-watch=\"actions.loadStays\"\n\t\tdata-wp-bind--data-gt-statut=\"state.statut\"\n\t\tdata-wp-key=\"15+527-69f250d968ab7\"\n\t\tdata-wp-context='{\"idsProduct\":\"15+527\",\"idProduct\":\"15\",\"campingKey\":\"527\",\"isIndisponible\":true}'\t>\n\n\t\t\t\t\t<div hidden class=\"gt-ws-thelis-spinner\" data-wp-bind--hidden=\"!state.isLoading\">\n\t\t\t\t<span class=\"loader\"><\/span>\n\t\t\t<\/div>\n\t\t\n\n\t\t<div data-wp-bind--hidden=\"state.isLoading\" class=\"gt-ws-thelis-disponibilite-wrap\">\n\n\t\t\t\n\t\t\t\t\t\n\t\t\t\t<div hidden \n\t\t\t\t\tclass=\"gt-ws-thelis__disponibilite__price\"\n\t\t\t\t\tdata-wp-bind--hidden=\"!state.price\"\n\t\t\t\t>\n\t\t\t\t\t<span>\u00c0 partir de <\/span>\n\t\t\t\t\t<span hidden class=\"gt-ws-thelis__disponibilite__price__original\" data-wp-bind--hidden=\"!state.hasPromo\">\n\t\t\t\t\t\t<strike><span data-wp-text=\"state.originalPrice\"><\/span>\u20ac<\/strike>\n\t\t\t\t\t<\/span>\n\t\t\t\t\t<span class=\"gt-ws-thelis__disponibilite__price__discounted\">\n\t\t\t\t\t\t<span data-wp-bind--data-gt-price=\"state.price\" class=\"gt-ws-thelis-data-price\" data-wp-text=\"state.price\"><\/span>\u20ac\n\t\t\t\t\t<\/span>\n\t\t\t\t<\/div>\n\t\t\t\n\t\t\t\n\t\t\t\n\t\t\t\n\t\t<\/div>\n\n\t<\/div>\n\n    \n\n    \n\t<div\n\t\tclass=\"statut-dispo wp-block-gt-gt-ws-thelis-disponibilites\"\t\tdata-wp-interactive=\"gt\/thelis\"\n\t\tdata-wp-watch=\"actions.loadStays\"\n\t\tdata-wp-bind--data-gt-statut=\"state.statut\"\n\t\tdata-wp-key=\"15+527-69f250d968b4b\"\n\t\tdata-wp-context='{\"idsProduct\":\"15+527\",\"idProduct\":\"15\",\"campingKey\":\"527\",\"isIndisponible\":true}'\t>\n\n\t\t\t\t\t<div hidden class=\"gt-ws-thelis-spinner\" data-wp-bind--hidden=\"!state.isLoading\">\n\t\t\t\t<span class=\"loader\"><\/span>\n\t\t\t<\/div>\n\t\t\n\n\t\t<div data-wp-bind--hidden=\"state.isLoading\" class=\"gt-ws-thelis-disponibilite-wrap\">\n\n\t\t\t\t\t\t\t\t\t\t\t\t\t<div class=\"gt-ws-thelis-statut\" data-wp-text=\"state.titre\"><\/div>\n\t\t\t\t\t\t\t\t\n\t\t\t\n\t\t\t\n\t\t\t\n\t\t\t\n\t\t<\/div>\n\n\t<\/div>\n\n    <\/div>\n<\/div>\n\n<\/li><li data-gt-bathrooms=\"2\" data-gt-camping=\"527\" data-gt-capacity=\"8\" data-gt-criterions=\"&quot;[17,4517,3222,3223,3225,3226,3230]&quot;\" data-gt-post-id=\"21108\" data-gt-rooms=\"3\" data-gt-surfaces=\"40\" data-gt-types=\"Mobilheime,location\" data-gt-ws-camping=\"527\" data-wp-key=\"69f250d96b40d\" class=\"wp-block-post post-21108 hebergement type-hebergement status-publish has-post-thumbnail hentry\">\n\n<div \n    class=\"wp-block-gt-gt-ws-thelis-product-images\"    data-wp-interactive=\"gt\/thelis\/hebergement\/image\"\n    data-gallery-images='[&quot;https:\\\/\\\/www.le-cabellou-plage.com\\\/wp-content\\\/uploads\\\/gt-ws-thelis\\\/site-1\\\/images\\\/527\\\/pict_20_6.jpg&quot;,&quot;https:\\\/\\\/www.le-cabellou-plage.com\\\/wp-content\\\/uploads\\\/gt-ws-thelis\\\/site-1\\\/images\\\/527\\\/pict_20_3.jpg&quot;,&quot;https:\\\/\\\/www.le-cabellou-plage.com\\\/wp-content\\\/uploads\\\/gt-ws-thelis\\\/site-1\\\/images\\\/527\\\/pict_20_4.jpg&quot;,&quot;https:\\\/\\\/www.le-cabellou-plage.com\\\/wp-content\\\/uploads\\\/gt-ws-thelis\\\/site-1\\\/images\\\/527\\\/pict_20_7.jpg&quot;,&quot;https:\\\/\\\/www.le-cabellou-plage.com\\\/wp-content\\\/uploads\\\/gt-ws-thelis\\\/site-1\\\/images\\\/527\\\/pict_20_2.jpg&quot;,&quot;https:\\\/\\\/www.le-cabellou-plage.com\\\/wp-content\\\/uploads\\\/gt-ws-thelis\\\/site-1\\\/images\\\/527\\\/pict_20_1.jpg&quot;,&quot;https:\\\/\\\/www.le-cabellou-plage.com\\\/wp-content\\\/uploads\\\/gt-ws-thelis\\\/site-1\\\/images\\\/527\\\/pict_20_5.jpg&quot;]'\n    data-wp-context='{\"images\":[\"https:\\\/\\\/www.le-cabellou-plage.com\\\/wp-content\\\/uploads\\\/gt-ws-thelis\\\/site-1\\\/images\\\/527\\\/pict_20_6.jpg\",\"https:\\\/\\\/www.le-cabellou-plage.com\\\/wp-content\\\/uploads\\\/gt-ws-thelis\\\/site-1\\\/images\\\/527\\\/pict_20_3.jpg\",\"https:\\\/\\\/www.le-cabellou-plage.com\\\/wp-content\\\/uploads\\\/gt-ws-thelis\\\/site-1\\\/images\\\/527\\\/pict_20_4.jpg\",\"https:\\\/\\\/www.le-cabellou-plage.com\\\/wp-content\\\/uploads\\\/gt-ws-thelis\\\/site-1\\\/images\\\/527\\\/pict_20_7.jpg\",\"https:\\\/\\\/www.le-cabellou-plage.com\\\/wp-content\\\/uploads\\\/gt-ws-thelis\\\/site-1\\\/images\\\/527\\\/pict_20_2.jpg\",\"https:\\\/\\\/www.le-cabellou-plage.com\\\/wp-content\\\/uploads\\\/gt-ws-thelis\\\/site-1\\\/images\\\/527\\\/pict_20_1.jpg\",\"https:\\\/\\\/www.le-cabellou-plage.com\\\/wp-content\\\/uploads\\\/gt-ws-thelis\\\/site-1\\\/images\\\/527\\\/pict_20_5.jpg\"],\"jsonConfig\":{\"speed\":400,\"spaceBetween\":16,\"slidesPerView\":1,\"loop\":true,\"breakpoints\":[{\"slidesPerView\":1}],\"pagination\":false,\"effect\":\"fade\",\"autoplay\":{\"delay\":2500}},\"sliderId\":\"69f250d968f14\"}'>\n            <div \n            id=\"69f250d968f14\"\n            class=\"gt-ws-thelis-is-slider swiper\" \n            data-swiper='{\"speed\":400,\"spaceBetween\":16,\"slidesPerView\":1,\"loop\":true,\"breakpoints\":[{\"slidesPerView\":1}],\"pagination\":false,\"effect\":\"fade\",\"autoplay\":{\"delay\":2500}}'\n            data-wp-key=\"21108660ce1da78d7ac15e03706f31ece0088\"\n            data-wp-run=\"callbacks.resetSwiper\"\n            data-wp-on--mouseover=\"callbacks.resetSwiper\"\n        >\n        <div class=\"swiper-wrapper\">\n                \n            \n            \n\n            <figure \n                class=\"wp-block-image swiper-slide\" \n                data-image-index=\"0\"\n            >\n                                    <img decoding=\"async\" \n                                                src=\"https:\/\/www.le-cabellou-plage.com\/wp-content\/uploads\/gt-ws-thelis\/site-1\/images\/527\/pict_20_1.jpg\" \n                        alt=\"Prestige Cabellou &#8211; Pi\u00e9ton &#8211; 6\/8P 3Ch 2Sde 40m2\"\n                        loading=\"lazy\"\n                    >\n                                <\/figure>\n\n            \n        \n            \n            \n\n            <figure \n                class=\"wp-block-image swiper-slide\" \n                data-image-index=\"1\"\n            >\n                                    <img decoding=\"async\" \n                                                src=\"https:\/\/www.le-cabellou-plage.com\/wp-content\/uploads\/gt-ws-thelis\/site-1\/images\/527\/pict_20_2.jpg\" \n                        alt=\"Prestige Cabellou &#8211; Pi\u00e9ton &#8211; 6\/8P 3Ch 2Sde 40m2\"\n                        loading=\"lazy\"\n                    >\n                                <\/figure>\n\n            \n        \n            \n            \n\n            <figure \n                class=\"wp-block-image swiper-slide\" \n                data-image-index=\"2\"\n            >\n                                    <img decoding=\"async\" \n                                                src=\"https:\/\/www.le-cabellou-plage.com\/wp-content\/uploads\/gt-ws-thelis\/site-1\/images\/527\/pict_20_3.jpg\" \n                        alt=\"Prestige Cabellou &#8211; Pi\u00e9ton &#8211; 6\/8P 3Ch 2Sde 40m2\"\n                        loading=\"lazy\"\n                    >\n                                <\/figure>\n\n            \n        \n            \n            \n\n            <figure \n                class=\"wp-block-image swiper-slide\" \n                data-image-index=\"3\"\n            >\n                                    <img decoding=\"async\" \n                                                src=\"https:\/\/www.le-cabellou-plage.com\/wp-content\/uploads\/gt-ws-thelis\/site-1\/images\/527\/pict_20_4.jpg\" \n                        alt=\"Prestige Cabellou &#8211; Pi\u00e9ton &#8211; 6\/8P 3Ch 2Sde 40m2\"\n                        loading=\"lazy\"\n                    >\n                                <\/figure>\n\n            \n        \n            \n            \n\n            <figure \n                class=\"wp-block-image swiper-slide\" \n                data-image-index=\"4\"\n            >\n                                    <img decoding=\"async\" \n                                                src=\"https:\/\/www.le-cabellou-plage.com\/wp-content\/uploads\/gt-ws-thelis\/site-1\/images\/527\/pict_20_5.jpg\" \n                        alt=\"Prestige Cabellou &#8211; Pi\u00e9ton &#8211; 6\/8P 3Ch 2Sde 40m2\"\n                        loading=\"lazy\"\n                    >\n                                <\/figure>\n\n            \n        \n            \n            \n\n            <figure \n                class=\"wp-block-image swiper-slide\" \n                data-image-index=\"5\"\n            >\n                                    <img decoding=\"async\" \n                                                src=\"https:\/\/www.le-cabellou-plage.com\/wp-content\/uploads\/gt-ws-thelis\/site-1\/images\/527\/pict_20_6.jpg\" \n                        alt=\"Prestige Cabellou &#8211; Pi\u00e9ton &#8211; 6\/8P 3Ch 2Sde 40m2\"\n                        loading=\"lazy\"\n                    >\n                                <\/figure>\n\n            \n        \n            \n            \n\n            <figure \n                class=\"wp-block-image swiper-slide\" \n                data-image-index=\"6\"\n            >\n                                    <img decoding=\"async\" \n                                                src=\"https:\/\/www.le-cabellou-plage.com\/wp-content\/uploads\/gt-ws-thelis\/site-1\/images\/527\/pict_20_7.jpg\" \n                        alt=\"Prestige Cabellou &#8211; Pi\u00e9ton &#8211; 6\/8P 3Ch 2Sde 40m2\"\n                        loading=\"lazy\"\n                    >\n                                <\/figure>\n\n            \n        \n        \n            <\/div>\n            <div class=\"swiper-pagination\"><\/div>\n            <div class=\"swiper-button-prev\"><\/div>\n            <div class=\"swiper-button-next\"><\/div>\n        <\/div>\n        <\/div>\n\n\n<div class=\"wp-block-group bottom-card has-global-padding is-layout-constrained wp-container-core-group-is-layout-306daf7c wp-block-group-is-layout-constrained\" style=\"padding-top:0;padding-right:var(--wp--preset--spacing--10);padding-bottom:0;padding-left:var(--wp--preset--spacing--10)\">\n<p><\/p>\n\n\n\n<div class=\"wp-block-group gt-hebergement-foot is-layout-flow wp-container-core-group-is-layout-a77db08e wp-block-group-is-layout-flow\">\n<div class=\"wp-block-group is-content-justification-right is-layout-flex wp-container-core-group-is-layout-2c452c4e wp-block-group-is-layout-flex\" style=\"margin-top:0;margin-bottom:var(--wp--preset--spacing--20)\">\n<div class=\"wp-block-group hebergement-info is-vertical is-nowrap is-layout-flex wp-container-core-group-is-layout-3536e24b wp-block-group-is-layout-flex\">\n\n\n<div class=\"wp-block-gt-gt-ws-thelis-product-capacity\">\n            <img decoding=\"async\" src=\"https:\/\/www.le-cabellou-plage.com\/wp-content\/uploads\/2025\/01\/groupe.svg\" alt=\"Icon\" class=\"gt-icon\" \/> \n        8                 <\/div><\/div>\n\n\n\n<div class=\"wp-block-group hebergement-info is-vertical is-nowrap is-layout-flex wp-container-core-group-is-layout-3536e24b wp-block-group-is-layout-flex\">\n<div class=\"wp-block-gt-gt-ws-thelis-product-room\">\n            <img decoding=\"async\" src=\"https:\/\/www.le-cabellou-plage.com\/wp-content\/uploads\/2025\/02\/bed-1.svg\" alt=\"Icon\" class=\"gt-icon\" \/> \n        3                <\/div><\/div>\n\n\n\n<div class=\"wp-block-group hebergement-info is-vertical is-nowrap is-layout-flex wp-container-core-group-is-layout-3536e24b wp-block-group-is-layout-flex\">\n<div class=\"wp-block-gt-gt-ws-thelis-product-surface\">\n\n           <img decoding=\"async\" src=\"https:\/\/www.le-cabellou-plage.com\/wp-content\/uploads\/2025\/01\/surface-1.svg\" alt=\"Icon\" class=\"gt-icon\" \/> \n       \n        40m\u00b2\n<\/div><\/div>\n\n\n\n<div class=\"wp-block-group hebergement-info is-vertical is-nowrap is-layout-flex wp-container-core-group-is-layout-3536e24b wp-block-group-is-layout-flex\">\n<div class=\"wp-block-gt-gt-ws-thelis-product-bathroom\">\n            <img decoding=\"async\" src=\"https:\/\/www.le-cabellou-plage.com\/wp-content\/uploads\/2025\/03\/shower-2.svg\" alt=\"Icon\" class=\"gt-icon\" \/>\n        2                 <\/div><\/div>\n<\/div>\n<\/div>\n\n\n\n<div class=\"wp-block-group gt-hebergement-content has-base-2-color has-text-color has-link-color has-josefin-sans-font-family wp-elements-1dc5fd54dc8763551e0a213ad89aa8e4 is-content-justification-center is-nowrap is-layout-flex wp-container-core-group-is-layout-9c5e87ae wp-block-group-is-layout-flex\" style=\"padding-top:var(--wp--preset--spacing--10);padding-right:0;padding-bottom:var(--wp--preset--spacing--10);padding-left:var(--wp--preset--spacing--10);font-size:clamp(0.875rem, 0.875rem + ((1vw - 0.2rem) * 0.305), 1.1rem);\">\n<div class=\"wp-block-group has-global-padding is-content-justification-left is-layout-constrained wp-container-core-group-is-layout-12dd3699 wp-block-group-is-layout-constrained\"><p style=\"font-size:clamp(0.984rem, 0.984rem + ((1vw - 0.2rem) * 0.7), 1.5rem);\" class=\"wp-elements-8408685baa51903f439fde5025ccd007 wp-block-gt-gt-ws-thelis-product-name has-text-color has-base-2-color\">\n    Prestige Cabellou &#8211; Pi\u00e9ton &#8211; 6\/8P 3Ch 2Sde 40m2<\/p>\n<\/div>\n\n\n\n<div class=\"wp-block-group link-hebergement has-global-padding is-layout-constrained wp-container-core-group-is-layout-f078265f wp-block-group-is-layout-constrained\" style=\"padding-right:0\"><a class=\"wp-elements-f3cb0fc3943cf1d9a6f084690632ba68 wp-block-read-more has-text-color has-custom-color-2-color\" href=\"https:\/\/www.le-cabellou-plage.com\/de\/hebergement\/prestige-cabellou-pieton-6-8p-3ch-2sde-40m2\/\" target=\"_blank\">D\u00e9couvrir<span class=\"screen-reader-text\">: Prestige Cabellou &#8211; Pi\u00e9ton &#8211; 6\/8P 3Ch 2Sde 40m2<\/span><\/a><\/div>\n<\/div>\n\n\n\n<div class=\"wp-block-group is-horizontal is-content-justification-space-between is-nowrap is-layout-flex wp-container-core-group-is-layout-f5091a2d wp-block-group-is-layout-flex\" style=\"padding-right:var(--wp--preset--spacing--20);padding-left:var(--wp--preset--spacing--20)\">    \n\t<div\n\t\tclass=\"wp-block-gt-gt-ws-thelis-disponibilites\"\t\tdata-wp-interactive=\"gt\/thelis\"\n\t\tdata-wp-watch=\"actions.loadStays\"\n\t\tdata-wp-bind--data-gt-statut=\"state.statut\"\n\t\tdata-wp-key=\"20+527-69f250d969c6b\"\n\t\tdata-wp-context='{\"idsProduct\":\"20+527\",\"idProduct\":\"20\",\"campingKey\":\"527\",\"isIndisponible\":true}'\t>\n\n\t\t\t\t\t<div hidden class=\"gt-ws-thelis-spinner\" data-wp-bind--hidden=\"!state.isLoading\">\n\t\t\t\t<span class=\"loader\"><\/span>\n\t\t\t<\/div>\n\t\t\n\n\t\t<div data-wp-bind--hidden=\"state.isLoading\" class=\"gt-ws-thelis-disponibilite-wrap\">\n\n\t\t\t\n\t\t\t\t\t\n\t\t\t\t<div hidden \n\t\t\t\t\tclass=\"gt-ws-thelis__disponibilite__price\"\n\t\t\t\t\tdata-wp-bind--hidden=\"!state.price\"\n\t\t\t\t>\n\t\t\t\t\t<span>\u00c0 partir de <\/span>\n\t\t\t\t\t<span hidden class=\"gt-ws-thelis__disponibilite__price__original\" data-wp-bind--hidden=\"!state.hasPromo\">\n\t\t\t\t\t\t<strike><span data-wp-text=\"state.originalPrice\"><\/span>\u20ac<\/strike>\n\t\t\t\t\t<\/span>\n\t\t\t\t\t<span class=\"gt-ws-thelis__disponibilite__price__discounted\">\n\t\t\t\t\t\t<span data-wp-bind--data-gt-price=\"state.price\" class=\"gt-ws-thelis-data-price\" data-wp-text=\"state.price\"><\/span>\u20ac\n\t\t\t\t\t<\/span>\n\t\t\t\t<\/div>\n\t\t\t\n\t\t\t\n\t\t\t\n\t\t\t\n\t\t<\/div>\n\n\t<\/div>\n\n    \n\n    \n\t<div\n\t\tclass=\"statut-dispo wp-block-gt-gt-ws-thelis-disponibilites\"\t\tdata-wp-interactive=\"gt\/thelis\"\n\t\tdata-wp-watch=\"actions.loadStays\"\n\t\tdata-wp-bind--data-gt-statut=\"state.statut\"\n\t\tdata-wp-key=\"20+527-69f250d969d00\"\n\t\tdata-wp-context='{\"idsProduct\":\"20+527\",\"idProduct\":\"20\",\"campingKey\":\"527\",\"isIndisponible\":true}'\t>\n\n\t\t\t\t\t<div hidden class=\"gt-ws-thelis-spinner\" data-wp-bind--hidden=\"!state.isLoading\">\n\t\t\t\t<span class=\"loader\"><\/span>\n\t\t\t<\/div>\n\t\t\n\n\t\t<div data-wp-bind--hidden=\"state.isLoading\" class=\"gt-ws-thelis-disponibilite-wrap\">\n\n\t\t\t\t\t\t\t\t\t\t\t\t\t<div class=\"gt-ws-thelis-statut\" data-wp-text=\"state.titre\"><\/div>\n\t\t\t\t\t\t\t\t\n\t\t\t\n\t\t\t\n\t\t\t\n\t\t\t\n\t\t<\/div>\n\n\t<\/div>\n\n    <\/div>\n<\/div>\n\n<\/li><\/ul><\/div>\n<\/div>\n<\/div>\n<\/div>\n<\/div>\n\n\n\n<div class=\"wp-block-buttons is-content-justification-center is-layout-flex wp-container-core-buttons-is-layout-e511ce0b wp-block-buttons-is-layout-flex\" style=\"margin-top:var(--wp--preset--spacing--30);margin-bottom:var(--wp--preset--spacing--30)\">\n<div class=\"wp-block-button\"><a class=\"wp-block-button__link wp-element-button\" href=\"https:\/\/www.le-cabellou-plage.com\/de\/vermietung-mobilheime-bretagne\/\">Entdecken Sie alle unsere Mobilheime<\/a><\/div>\n<\/div>\n<\/section>\n\n<section class=\"wp-block-group home-second page-third has-custom-color-2-background-color has-background is-layout-flow wp-block-group-is-layout-flow\" style=\"margin-top:0;padding-bottom:var(--wp--preset--spacing--30)\">\n<div class=\"wp-block-columns gt-reverse-mobile is-layout-flex wp-container-core-columns-is-layout-28f84493 wp-block-columns-is-layout-flex\">\n<div class=\"wp-block-column left animated fadeIn delay-100ms slow is-layout-flow wp-block-column-is-layout-flow\">\n<div data-swiper=\"{&quot;speed&quot;:400,&quot;spaceBetween&quot;:30,&quot;slidesPerView&quot;:1,&quot;createElements&quot;:true,&quot;loop&quot;:true,&quot;breakpoints&quot;:{&quot;0&quot;:{&quot;slidesPerView&quot;:1},&quot;380&quot;:[]},&quot;pagination&quot;:false,&quot;navigation&quot;:false,&quot;effect&quot;:&quot;fade&quot;}\" class=\"wp-block-group gt-is-slider gt-is-slider-desktop is-layout-flow wp-block-group-is-layout-flow\">\n<div class=\"wp-block-group is-layout-flow wp-block-group-is-layout-flow\">\n<figure class=\"wp-block-image size-full\"><img decoding=\"async\" width=\"760\" height=\"479\" src=\"https:\/\/www.le-cabellou-plage.com\/wp-content\/uploads\/2025\/01\/camping-avec-parc-aquatique-a-proximite-de-douarnenez-en-finistere.webp\" alt=\"campingplatz mit wasserpark in der n&#xE4;he von douarnenez in finistere\" class=\"wp-image-14849\" srcset=\"https:\/\/www.le-cabellou-plage.com\/wp-content\/uploads\/2025\/01\/camping-avec-parc-aquatique-a-proximite-de-douarnenez-en-finistere.webp 760w, https:\/\/www.le-cabellou-plage.com\/wp-content\/uploads\/2025\/01\/camping-avec-parc-aquatique-a-proximite-de-douarnenez-en-finistere-300x189.webp 300w\" sizes=\"(max-width: 760px) 100vw, 760px\" \/><\/figure>\n<\/div>\n\n\n\n<div class=\"wp-block-group is-layout-flow wp-block-group-is-layout-flow\">\n<figure class=\"wp-block-image size-full\"><img decoding=\"async\" width=\"760\" height=\"479\" src=\"https:\/\/www.le-cabellou-plage.com\/wp-content\/uploads\/2025\/01\/camping-avec-parc-aquatique-pres-de-douarnenez.webp\" alt=\"campingplatz mit wasserpark in der n&#xE4;he von douarnenez\" class=\"wp-image-14853\" srcset=\"https:\/\/www.le-cabellou-plage.com\/wp-content\/uploads\/2025\/01\/camping-avec-parc-aquatique-pres-de-douarnenez.webp 760w, https:\/\/www.le-cabellou-plage.com\/wp-content\/uploads\/2025\/01\/camping-avec-parc-aquatique-pres-de-douarnenez-300x189.webp 300w\" sizes=\"(max-width: 760px) 100vw, 760px\" \/><\/figure>\n<\/div>\n\n\n\n<div class=\"wp-block-group is-layout-flow wp-block-group-is-layout-flow\">\n<figure class=\"wp-block-image size-full\"><img decoding=\"async\" width=\"760\" height=\"479\" src=\"https:\/\/www.le-cabellou-plage.com\/wp-content\/uploads\/2025\/01\/acces-au-parc-aquatique.webp\" alt=\"Zugang zum Wasserpark\" class=\"wp-image-14858\" srcset=\"https:\/\/www.le-cabellou-plage.com\/wp-content\/uploads\/2025\/01\/acces-au-parc-aquatique.webp 760w, https:\/\/www.le-cabellou-plage.com\/wp-content\/uploads\/2025\/01\/acces-au-parc-aquatique-300x189.webp 300w\" sizes=\"(max-width: 760px) 100vw, 760px\" \/><\/figure>\n<\/div>\n\n\n\n<div class=\"wp-block-group is-layout-flow wp-block-group-is-layout-flow\">\n<figure class=\"wp-block-image size-full\"><img decoding=\"async\" width=\"760\" height=\"479\" src=\"https:\/\/www.le-cabellou-plage.com\/wp-content\/uploads\/2025\/01\/variete-de-toboggans-aquatiques.webp\" alt=\"Vielfalt an Wasserrutschen\" class=\"wp-image-14862\" srcset=\"https:\/\/www.le-cabellou-plage.com\/wp-content\/uploads\/2025\/01\/variete-de-toboggans-aquatiques.webp 760w, https:\/\/www.le-cabellou-plage.com\/wp-content\/uploads\/2025\/01\/variete-de-toboggans-aquatiques-300x189.webp 300w\" sizes=\"(max-width: 760px) 100vw, 760px\" \/><\/figure>\n<\/div>\n\n\n\n<div class=\"wp-block-group is-layout-flow wp-block-group-is-layout-flow\">\n<figure class=\"wp-block-image size-full\"><img decoding=\"async\" width=\"760\" height=\"479\" src=\"https:\/\/www.le-cabellou-plage.com\/wp-content\/uploads\/2025\/01\/chaises-longues-entourees-de-palmiers.webp\" alt=\"Liegest&#xFC;hle umgeben von Palmen\" class=\"wp-image-14866\" srcset=\"https:\/\/www.le-cabellou-plage.com\/wp-content\/uploads\/2025\/01\/chaises-longues-entourees-de-palmiers.webp 760w, https:\/\/www.le-cabellou-plage.com\/wp-content\/uploads\/2025\/01\/chaises-longues-entourees-de-palmiers-300x189.webp 300w\" sizes=\"(max-width: 760px) 100vw, 760px\" \/><\/figure>\n<\/div>\n<\/div>\n\n\n\n<div class=\"wp-block-buttons is-content-justification-center is-layout-flex wp-container-core-buttons-is-layout-916d4376 wp-block-buttons-is-layout-flex\" style=\"margin-top:6rem;margin-bottom:var(--wp--preset--spacing--30)\">\n<div class=\"wp-block-button\"><a class=\"wp-block-button__link wp-element-button\" href=\"https:\/\/www.le-cabellou-plage.com\/de\/campingplatz-wasserpark-bretagne\/\">Entdecken Sie den Wasserpark<\/a><\/div>\n<\/div>\n<\/div>\n\n\n\n<div class=\"wp-block-column is-vertically-aligned-top right is-layout-flow wp-block-column-is-layout-flow\" style=\"padding-top:2rem;padding-right:6rem;padding-left:var(--wp--preset--spacing--20)\">\n<div class=\"wp-block-group gt-no-padding-mobile has-global-padding is-layout-constrained wp-container-core-group-is-layout-d2a9254a wp-block-group-is-layout-constrained\" style=\"padding-right:var(--wp--preset--spacing--60);padding-left:0\">\n<h2 class=\"wp-block-heading\"><strong>Campingplatz mit Wasserpark<\/strong> <br\/>in der N\u00e4he von Douarnenez im Finist\u00e8re<\/h2>\n\n\n\n<p>Der <strong>Campingplatz mit Wasserpark in der N\u00e4he von Douarnenez<\/strong> ist eine ausgezeichnete Gelegenheit f\u00fcr alle, die ein <strong>Urlaubserlebnis mit der ganzen Familie<\/strong> suchen. Der Campingplatz liegt in der N\u00e4he der <strong>charmanten K\u00fcstenstadt Douarnenez<\/strong> und bietet seinen G\u00e4sten Zugang zu einem <strong>Wasserpark<\/strong> mit verschiedenen <strong>Pools<\/strong>. Der Park verf\u00fcgt \u00fcber eine Vielzahl von Wasserrutschen. F\u00fcr diejenigen, die es etwas ruhiger angehen m\u00f6chten, gibt es auch einen <strong>gro\u00dfen Poolbereich<\/strong> mit Liegest\u00fchlen, die von Palmen umgeben sind und den perfekten Ort zum Entspannen und Genie\u00dfen der Sonnenstrahlen bieten. Der <a href=\"https:\/\/www.le-cabellou-plage.com\/de\/campingplatz-wasserpark-bretagne\/\">Campingplatz mit Wasserpark in der N\u00e4he von Douarnenez<\/a> bietet Familien die M\u00f6glichkeit, alle zufrieden zu stellen!    <\/p>\n<\/div>\n\n\n\n<div class=\"wp-block-group bubbles is-nowrap is-layout-flex wp-container-core-group-is-layout-17c695da wp-block-group-is-layout-flex\">\n<div class=\"wp-block-group bubble is-layout-flow wp-block-group-is-layout-flow\">\n<figure class=\"wp-block-image size-full is-resized has-custom-border is-style-rounded animated fadeIn delay-3s is-style-rounded--9\"><img decoding=\"async\" width=\"760\" height=\"479\" src=\"https:\/\/www.le-cabellou-plage.com\/wp-content\/uploads\/2025\/01\/camping-avec-parc-aquatique-a-proximite-de-douarnenez-en-finistere.webp\" alt=\"campingplatz mit wasserpark in der n&#xE4;he von douarnenez in finistere\" class=\"wp-image-14849\" style=\"border-style:none;border-width:0px;border-radius:100%;object-fit:cover;width:90px;height:90px\" srcset=\"https:\/\/www.le-cabellou-plage.com\/wp-content\/uploads\/2025\/01\/camping-avec-parc-aquatique-a-proximite-de-douarnenez-en-finistere.webp 760w, https:\/\/www.le-cabellou-plage.com\/wp-content\/uploads\/2025\/01\/camping-avec-parc-aquatique-a-proximite-de-douarnenez-en-finistere-300x189.webp 300w\" sizes=\"(max-width: 760px) 100vw, 760px\" \/><\/figure>\n<\/div>\n\n\n\n<div class=\"wp-block-group bubble is-layout-flow wp-block-group-is-layout-flow\">\n<figure class=\"wp-block-image size-full is-resized has-custom-border is-style-rounded animated fadeIn delay-2s is-style-rounded--10\"><img decoding=\"async\" width=\"760\" height=\"479\" src=\"https:\/\/www.le-cabellou-plage.com\/wp-content\/uploads\/2025\/01\/camping-avec-parc-aquatique-pres-de-douarnenez.webp\" alt=\"campingplatz mit wasserpark in der n&#xE4;he von douarnenez\" class=\"wp-image-14853\" style=\"border-style:none;border-width:0px;border-radius:100%;object-fit:cover;width:90px;height:90px\" srcset=\"https:\/\/www.le-cabellou-plage.com\/wp-content\/uploads\/2025\/01\/camping-avec-parc-aquatique-pres-de-douarnenez.webp 760w, https:\/\/www.le-cabellou-plage.com\/wp-content\/uploads\/2025\/01\/camping-avec-parc-aquatique-pres-de-douarnenez-300x189.webp 300w\" sizes=\"(max-width: 760px) 100vw, 760px\" \/><\/figure>\n<\/div>\n\n\n\n<div class=\"wp-block-group bubble is-layout-flow wp-block-group-is-layout-flow\">\n<figure class=\"wp-block-image size-full is-resized has-custom-border is-style-rounded animated fadeIn delay-1s is-style-rounded--11\"><img decoding=\"async\" width=\"760\" height=\"479\" src=\"https:\/\/www.le-cabellou-plage.com\/wp-content\/uploads\/2025\/01\/acces-au-parc-aquatique.webp\" alt=\"Zugang zum Wasserpark\" class=\"wp-image-14858\" style=\"border-style:none;border-width:0px;border-radius:100%;object-fit:cover;width:90px;height:90px\" srcset=\"https:\/\/www.le-cabellou-plage.com\/wp-content\/uploads\/2025\/01\/acces-au-parc-aquatique.webp 760w, https:\/\/www.le-cabellou-plage.com\/wp-content\/uploads\/2025\/01\/acces-au-parc-aquatique-300x189.webp 300w\" sizes=\"(max-width: 760px) 100vw, 760px\" \/><\/figure>\n<\/div>\n\n\n\n<div class=\"wp-block-group bubble is-layout-flow wp-block-group-is-layout-flow\">\n<figure class=\"wp-block-image size-full is-resized has-custom-border is-style-rounded animated fadeIn delay-500ms is-style-rounded--12\"><img decoding=\"async\" width=\"760\" height=\"479\" src=\"https:\/\/www.le-cabellou-plage.com\/wp-content\/uploads\/2025\/01\/variete-de-toboggans-aquatiques.webp\" alt=\"Vielfalt an Wasserrutschen\" class=\"wp-image-14862\" style=\"border-style:none;border-width:0px;border-radius:100%;object-fit:cover;width:90px;height:90px\" srcset=\"https:\/\/www.le-cabellou-plage.com\/wp-content\/uploads\/2025\/01\/variete-de-toboggans-aquatiques.webp 760w, https:\/\/www.le-cabellou-plage.com\/wp-content\/uploads\/2025\/01\/variete-de-toboggans-aquatiques-300x189.webp 300w\" sizes=\"(max-width: 760px) 100vw, 760px\" \/><\/figure>\n<\/div>\n\n\n\n<div class=\"wp-block-group bubble is-layout-flow wp-block-group-is-layout-flow\">\n<figure class=\"wp-block-image size-full is-resized has-custom-border is-style-rounded animated fadeIn delay-200ms is-style-rounded--13\"><img decoding=\"async\" width=\"760\" height=\"479\" src=\"https:\/\/www.le-cabellou-plage.com\/wp-content\/uploads\/2025\/01\/chaises-longues-entourees-de-palmiers.webp\" alt=\"Liegest&#xFC;hle umgeben von Palmen\" class=\"wp-image-14866\" style=\"border-style:none;border-width:0px;border-radius:100%;object-fit:cover;width:90px;height:90px\" srcset=\"https:\/\/www.le-cabellou-plage.com\/wp-content\/uploads\/2025\/01\/chaises-longues-entourees-de-palmiers.webp 760w, https:\/\/www.le-cabellou-plage.com\/wp-content\/uploads\/2025\/01\/chaises-longues-entourees-de-palmiers-300x189.webp 300w\" sizes=\"(max-width: 760px) 100vw, 760px\" \/><\/figure>\n<\/div>\n<\/div>\n<\/div>\n<\/div>\n<\/section>\n\n<section class=\"wp-block-group page-fourth has-custom-color-3-background-color has-background is-layout-flow wp-block-group-is-layout-flow\" style=\"margin-top:0;padding-top:var(--wp--preset--spacing--30);padding-bottom:3rem\">\n<div class=\"wp-block-columns is-layout-flex wp-container-core-columns-is-layout-28f84493 wp-block-columns-is-layout-flex\">\n<div class=\"wp-block-column is-layout-flow wp-block-column-is-layout-flow\" style=\"flex-basis:40%\">\n<figure class=\"wp-block-image size-full animated fadeIn delay-100ms slow\"><img decoding=\"async\" width=\"688\" height=\"639\" src=\"https:\/\/www.le-cabellou-plage.com\/wp-content\/uploads\/2025\/01\/decouvrez-douarnenez-pendant-votre-sejour-en-camping-et-explorer-le-littoral-spectaculaire.webp\" alt=\"Entdecken Sie Douarnenez w&#xE4;hrend Ihres Campingurlaubs und erkunden Sie die spektakul&#xE4;re K&#xFC;ste.\" class=\"wp-image-14870\" srcset=\"https:\/\/www.le-cabellou-plage.com\/wp-content\/uploads\/2025\/01\/decouvrez-douarnenez-pendant-votre-sejour-en-camping-et-explorer-le-littoral-spectaculaire.webp 688w, https:\/\/www.le-cabellou-plage.com\/wp-content\/uploads\/2025\/01\/decouvrez-douarnenez-pendant-votre-sejour-en-camping-et-explorer-le-littoral-spectaculaire-300x279.webp 300w\" sizes=\"(max-width: 688px) 100vw, 688px\" \/><\/figure>\n<\/div>\n\n\n\n<div class=\"wp-block-column is-vertically-aligned-center is-layout-flow wp-block-column-is-layout-flow\" style=\"padding-right:2rem;padding-left:2rem;flex-basis:60%\">\n<div class=\"wp-block-group gt-no-padding-mobile is-layout-flow wp-block-group-is-layout-flow\" style=\"padding-right:15rem;padding-left:10rem\">\n<h2 class=\"wp-block-heading has-base-2-color has-text-color has-link-color wp-elements-30d15a721756ead656de5fb7967f4ade\" style=\"margin-bottom:var(--wp--preset--spacing--30)\"><strong>Entdecken Sie Douarnenez<\/strong> <br\/>w\u00e4hrend Ihres Campingurlaubs.<\/h2>\n\n\n\n<p><strong>Douarnenez<\/strong> ist ein ideales Reiseziel f\u00fcr diejenigen, die einen erholsamen Strandurlaub suchen, aber es gibt auch viele Attraktionen und Aktivit\u00e4ten, die f\u00fcr jeden etwas zu bieten haben. F\u00fcr diejenigen, die sich f\u00fcr die Geschichte der Region interessieren, gibt es viele Museen zu erkunden, wie z.B. das <strong>Mus\u00e9e de la P\u00eache et de la Mer<\/strong>, das die Geschichte der Fischerei und der maritimen Aktivit\u00e4ten in der Region zeigt. Historische St\u00e4tten wie der Grand Port Maritime und das Ch\u00e2teau du Taureau bieten einen weiteren Einblick in die Vergangenheit von Douarnenez, die jeweils F\u00fchrungen oder audiovisuelle Pr\u00e4sentationen \u00fcber die lokale Kultur und Geschichte anbieten.  <\/p>\n\n\n\n<p>Outdoor-Fans k\u00f6nnen die <strong>spektakul\u00e4re K\u00fcste<\/strong> mit verschiedenen Wassersportarten wie Segeln, Tauchen oder Windsurfen erkunden, w\u00e4hrend Naturliebhaber im Parc Naturel R\u00e9gional d&#8217;Armorique V\u00f6gel beobachten k\u00f6nnen. Neben den <strong>vielen Attraktionen<\/strong> hat Douarnenez auch ausgezeichnete Restaurants, die alle Arten von Meeresfr\u00fcchtegerichten anbieten, von Austern bis zu Muscheln, sowie <strong>traditionelle bretonische Cr\u00eapes<\/strong> aus Buchweizenmehl. <\/p>\n<\/div>\n<\/div>\n<\/div>\n<\/section>\n\n<section class=\"wp-block-group page-maillage has-custom-color-2-background-color has-background has-global-padding is-layout-constrained wp-block-group-is-layout-constrained\" style=\"margin-top:0;margin-bottom:0;padding-top:var(--wp--preset--spacing--40);padding-bottom:var(--wp--preset--spacing--40)\">\n<div class=\"wp-block-group h1-like is-layout-flow wp-block-group-is-layout-flow\" style=\"margin-bottom:var(--wp--preset--spacing--50)\">\n<p class=\"has-bodidota-font-family\" style=\"font-size:clamp(47.79px, 2.987rem + ((1vw - 3.2px) * 3.916), 94px);line-height:0.8\">Entdecken Sie<\/p>\n\n\n\n<p class=\"has-custom-color-3-color has-text-color has-link-color has-north-wave-font-family wp-elements-1f0691eed73e0714703aeaa6a21677c8\" style=\"padding-left:var(--wp--preset--spacing--60);font-size:clamp(52.125px, 3.258rem + ((1vw - 3.2px) * 4.481), 105px);line-height:0.1\">unsere sch\u00f6ne Region<\/p>\n<\/div>\n\n\n\n<div class=\"wp-block-query is-layout-flow wp-block-query-is-layout-flow\"><ul class=\"columns-3 wp-block-post-template has-medium-font-size is-layout-grid wp-container-core-post-template-is-layout-572542b5 wp-block-post-template-is-layout-grid\"><li class=\"wp-block-post post-20934 page type-page status-publish has-post-thumbnail hentry\">\n\n<figure class=\"wp-block-image maillage-img\"><img decoding=\"async\" src=\"https:\/\/www.le-cabellou-plage.com\/wp-content\/uploads\/2025\/01\/camping-benodet-cabellou-plage-resort-5-etoiles-cta.webp\" alt=\"campingplatz benodet cabellou plage resort 5 sterne\"\/><\/figure>\n\n\n\n<div class=\"wp-block-group content-maillage has-global-padding is-layout-constrained wp-block-group-is-layout-constrained\">\n<p class=\"maillage-title has-base-2-color has-text-color has-link-color has-josefin-sans-font-family wp-elements-939842b9118177581784f7034ceeec07\" style=\"border-style:none;border-width:0px;border-radius:0px;font-size:clamp(0.875rem, 0.875rem + ((1vw - 0.2rem) * 0.576), 1.3rem);letter-spacing:1px;text-transform:uppercase\">Campingplatz B\u00e9nodet<\/p>\n<\/div>\n\n\n<a class=\"is-style-lien-cover wp-block-read-more\" href=\"https:\/\/www.le-cabellou-plage.com\/de\/campingplatz-benodet\/\" target=\"_self\">Read more<span class=\"screen-reader-text\">: Campingplatz B\u00e9nodet<\/span><\/a>\n<\/li><li class=\"wp-block-post post-20965 page type-page status-publish has-post-thumbnail hentry\">\n\n<figure class=\"wp-block-image maillage-img\"><img decoding=\"async\" src=\"https:\/\/www.le-cabellou-plage.com\/wp-content\/uploads\/2025\/01\/camping-nevez-cabellou-plage-resort-5-etoiles-cta.webp\" alt=\"campingplatz nevez cabellou plage resort 5 sterne\"\/><\/figure>\n\n\n\n<div class=\"wp-block-group content-maillage has-global-padding is-layout-constrained wp-block-group-is-layout-constrained\">\n<p class=\"maillage-title has-base-2-color has-text-color has-link-color has-josefin-sans-font-family wp-elements-939842b9118177581784f7034ceeec07\" style=\"border-style:none;border-width:0px;border-radius:0px;font-size:clamp(0.875rem, 0.875rem + ((1vw - 0.2rem) * 0.576), 1.3rem);letter-spacing:1px;text-transform:uppercase\">Campingplatz Nevez<\/p>\n<\/div>\n\n\n<a class=\"is-style-lien-cover wp-block-read-more\" href=\"https:\/\/www.le-cabellou-plage.com\/de\/campingplatz-nevez\/\" target=\"_self\">Read more<span class=\"screen-reader-text\">: Campingplatz Nevez<\/span><\/a>\n<\/li><li class=\"wp-block-post post-20957 page type-page status-publish has-post-thumbnail hentry\">\n\n<figure class=\"wp-block-image maillage-img\"><img decoding=\"async\" src=\"https:\/\/www.le-cabellou-plage.com\/wp-content\/uploads\/2025\/01\/camping-pointe-de-trevignon-cabellou-plage-resort-5-etoiles-cta.webp\" alt=\"campingplatz pointe de trevignon cabellou plage resort 5 sterne\"\/><\/figure>\n\n\n\n<div class=\"wp-block-group content-maillage has-global-padding is-layout-constrained wp-block-group-is-layout-constrained\">\n<p class=\"maillage-title has-base-2-color has-text-color has-link-color has-josefin-sans-font-family wp-elements-939842b9118177581784f7034ceeec07\" style=\"border-style:none;border-width:0px;border-radius:0px;font-size:clamp(0.875rem, 0.875rem + ((1vw - 0.2rem) * 0.576), 1.3rem);letter-spacing:1px;text-transform:uppercase\">Campingplatz Pointe de Tr\u00e9vignon<\/p>\n<\/div>\n\n\n<a class=\"is-style-lien-cover wp-block-read-more\" href=\"https:\/\/www.le-cabellou-plage.com\/de\/campingplatz-pointe-de-trevignon\/\" target=\"_self\">Read more<span class=\"screen-reader-text\">: Campingplatz Pointe de Trevignon<\/span><\/a>\n<\/li><\/ul><\/div>\n<\/section>\n","protected":false},"excerpt":{"rendered":"<p>Campingplatz Douarnenez Suchen Sie einen Campingplatz in Douarnenez oder Umgebung? Unser Campingplatz in Concarneau empf\u00e4ngt Sie 50 km von Douarnenez entfernt im s\u00fcdlichen Finist\u00e8re und hat eine ideale Lage, um w\u00e4hrend Ihres Urlaubs die Landschaften und Sehensw\u00fcrdigkeiten der bretonischen Region zu erkunden. Wenn Sie Campingpl\u00e4tze am Meer m\u00f6gen, werden Sie hier auf Ihre Kosten kommen! [&hellip;]<\/p>\n","protected":false},"author":1,"featured_media":16504,"parent":0,"menu_order":0,"comment_status":"closed","ping_status":"closed","template":"","meta":{"_acf_changed":false,"_seopress_robots_primary_cat":"","_seopress_titles_title":"Camping Douarnenez - 5-Sterne-Campingplatz Douarnenez am Meer mit Swimmingpool","_seopress_titles_desc":"Campingplatz in der N\u00e4he von Douarnenez in der Bretagne im s\u00fcdlichen Finist\u00e8re. Genie\u00dfen Sie die Strandpromenade und den Wasserpark in einem Mobilheim oder auf einem Stellplatz! ","_seopress_robots_index":"","inline_featured_image":false,"gt_fse_maillage_image":"https:\/\/www.le-cabellou-plage.com\/wp-content\/uploads\/2025\/01\/camping-douarnenez-cabellou-plage-resort-5-etoiles-cta.webp","gt_fse_maillage_titre":"Campingplatz Douarnenez","gt_fse_maillage_alt":"campingplatz douarnenez cabellou plage resort 5 sterne","gt_fse_maillage_resume":"","footnotes":""},"categories":[],"tags":[],"class_list":["post-20958","page","type-page","status-publish","has-post-thumbnail","hentry"],"acf":[],"_links":{"self":[{"href":"https:\/\/www.le-cabellou-plage.com\/de\/wp-json\/wp\/v2\/pages\/20958","targetHints":{"allow":["GET"]}}],"collection":[{"href":"https:\/\/www.le-cabellou-plage.com\/de\/wp-json\/wp\/v2\/pages"}],"about":[{"href":"https:\/\/www.le-cabellou-plage.com\/de\/wp-json\/wp\/v2\/types\/page"}],"author":[{"embeddable":true,"href":"https:\/\/www.le-cabellou-plage.com\/de\/wp-json\/wp\/v2\/users\/1"}],"replies":[{"embeddable":true,"href":"https:\/\/www.le-cabellou-plage.com\/de\/wp-json\/wp\/v2\/comments?post=20958"}],"version-history":[{"count":13,"href":"https:\/\/www.le-cabellou-plage.com\/de\/wp-json\/wp\/v2\/pages\/20958\/revisions"}],"predecessor-version":[{"id":23127,"href":"https:\/\/www.le-cabellou-plage.com\/de\/wp-json\/wp\/v2\/pages\/20958\/revisions\/23127"}],"wp:featuredmedia":[{"embeddable":true,"href":"https:\/\/www.le-cabellou-plage.com\/de\/wp-json\/wp\/v2\/media\/16504"}],"wp:attachment":[{"href":"https:\/\/www.le-cabellou-plage.com\/de\/wp-json\/wp\/v2\/media?parent=20958"}],"wp:term":[{"taxonomy":"category","embeddable":true,"href":"https:\/\/www.le-cabellou-plage.com\/de\/wp-json\/wp\/v2\/categories?post=20958"},{"taxonomy":"post_tag","embeddable":true,"href":"https:\/\/www.le-cabellou-plage.com\/de\/wp-json\/wp\/v2\/tags?post=20958"}],"curies":[{"name":"wp","href":"https:\/\/api.w.org\/{rel}","templated":true}]}}