{"id":20934,"date":"2025-01-20T08:38:46","date_gmt":"2025-01-20T07:38:46","guid":{"rendered":"https:\/\/www.le-cabellou-plage.com\/camping-benodet\/"},"modified":"2025-03-07T13:58:53","modified_gmt":"2025-03-07T12:58:53","slug":"campingplatz-benodet","status":"publish","type":"page","link":"https:\/\/www.le-cabellou-plage.com\/de\/campingplatz-benodet\/","title":{"rendered":"Campingplatz B\u00e9nodet"},"content":{"rendered":"\n<section class=\"wp-block-group home-intro page-one has-custom-color-2-background-color has-background is-layout-flow wp-block-group-is-layout-flow\" style=\"padding-top:var(--wp--preset--spacing--40);padding-bottom:var(--wp--preset--spacing--30)\">\n<div class=\"wp-block-columns is-layout-flex wp-container-core-columns-is-layout-b0eedf20 wp-block-columns-is-layout-flex\" style=\"margin-top:1rem;margin-bottom:0\">\n<div class=\"wp-block-column is-layout-flow wp-block-column-is-layout-flow\" style=\"padding-right:2rem;padding-left:2rem;flex-basis:60%\">\n<div class=\"wp-block-group gt-no-padding-mobile is-layout-flow wp-block-group-is-layout-flow\" style=\"padding-right:10rem;padding-left:15rem\">\n<h1 class=\"wp-block-heading\">Campingplatz 25 km von B\u00e9nodet<br\/><strong>in der s\u00fcdlichen Bretagne<\/strong><\/h1>\n\n\n\n<p>Le Cabellou Plage, ein <strong>Campingplatz 25 km von B\u00e9nodet<\/strong> in der <a href=\"https:\/\/www.le-cabellou-plage.com\/de\/tourismus-bretagne-sued\/\">s\u00fcdlichen Bretagne<\/a>, ist eine ausgezeichnete Option f\u00fcr Familien auf der Suche nach einem <strong>unvergesslichen Urlaubserlebnis<\/strong>.<\/p>\n\n\n\n<p>Unser <a href=\"https:\/\/www.le-cabellou-plage.com\/de\/\">Campingplatz Concarneau<\/a> le Cabellou Plage bietet seinen G\u00e4sten eine Vielzahl von Unterkunftsm\u00f6glichkeiten. Der Campingplatz ist von \u00fcppigen W\u00e4ldern, H\u00fcgeln und unber\u00fchrten Str\u00e4nden umgeben, was ihn zum idealen Ort f\u00fcr Aktivit\u00e4ten im Freien und <a href=\"https:\/\/www.le-cabellou-plage.com\/de\/was-tun-concarneau\/\">zur Erkundung der Umgebung<\/a> macht. <\/p>\n\n\n\n<p>Sie k\u00f6nnen zum Beispiel die <strong>nahe gelegene Stadt B\u00e9nodet<\/strong> erkunden, die f\u00fcr ihre Sandstr\u00e4nde und Wassersportm\u00f6glichkeiten bekannt ist.<\/p>\n\n\n\n<h2 class=\"wp-block-heading\" style=\"padding-top:var(--wp--preset--spacing--30);text-transform:uppercase\"><strong>5-Sterne-Campingplatz<\/strong> in der N\u00e4he von B\u00e9nodet<\/h2>\n\n\n    <div id=\"gt-fse-lire-plus-69f4629454ef0\" class=\"gt-fse-lire-plus\" data-min-height=\"130\" style=\"background-color: #3a4156;\">\n        <input id=\"gt-fse-lire-plus-69f4629454ef0-toggle\" type=\"checkbox\" class=\"gt-fse-lire-plus__toggle\" \/>\n        <label for=\"gt-fse-lire-plus-69f4629454ef0-toggle\" class=\"gt-fse-lire-plus__toggle-label\">\n            <span>Lire plus<\/span>\n            <span>Lire moins<\/span>\n        <\/label>\n        <div class=\"gt-fse-lire-plus__content\" style=\"height: 130px;\">\n            \n\n<p>Unser <a href=\"https:\/\/www.le-cabellou-plage.com\/de\/campingplatz-dienstleistungen-bretagne\/\">5-Sterne-Campingplatz<\/a> <strong>Le Cabellou Plage in der N\u00e4he von B\u00e9nodet<\/strong> bietet Ihnen alle erstklassigen Annehmlichkeiten, die Sie f\u00fcr einen <strong>perfekten Aufenthalt im Finist\u00e8re<\/strong> ben\u00f6tigen. Unsere Mobilheime verbinden Modernit\u00e4t und Komfort, um Ihren Aufenthalt so angenehm wie m\u00f6glich zu gestalten. <\/p>\n\n\n\n<p>Unser Campingplatz liegt nur <strong>30 Minuten von B\u00e9nodet<\/strong> entfernt, an der wundersch\u00f6nen K\u00fcste und in der <strong>N\u00e4he des Strandes<\/strong> und der Buchten, wo Sie ein <strong>Sonnenbad<\/strong> nehmen oder einfach die <strong>Sch\u00f6nheit der Natur<\/strong> bewundern k\u00f6nnen.<\/p>\n\n\n\n<p>Au\u00dferdem gibt es in der Region viele historische St\u00e4tten und <strong>Sehensw\u00fcrdigkeiten<\/strong> in der N\u00e4he, wie die Stadt <strong>Loctudy<\/strong> oder <a href=\"https:\/\/www.le-cabellou-plage.com\/de\/willkommen-auf-dem-blog-von-le-cabellou-plage\/finistere-sud-de\/visiter-pont-aven\/\">Pont-Aven<\/a>, wo Besucher lange Spazierg\u00e4nge machen und das <strong>Erbe der Bretonen<\/strong> erkunden k\u00f6nnen.<\/p>\n\n\n\n<p>All dies macht Cabellou Plage zu einem idealen Ziel f\u00fcr einen <strong>5-Sterne-Urlaub in der N\u00e4he von B\u00e9nodet<\/strong>!<\/p>\n\n            <div class=\"gt-fse-lire-plus__gradient\" style=\"background: linear-gradient(to bottom,rgba(58,65,86,0) 0%,rgba(58,65,86,1) 100%);\"><\/div>\n        <\/div>\n    <\/div>\n    \n\n\n<div class=\"wp-block-buttons is-content-justification-center is-layout-flex wp-container-core-buttons-is-layout-3b2eff7d wp-block-buttons-is-layout-flex\" style=\"margin-top:var(--wp--preset--spacing--30);margin-bottom:var(--wp--preset--spacing--30);padding-left:0\">\n<div class=\"wp-block-button\"><a class=\"wp-block-button__link wp-element-button\" href=\"https:\/\/www.le-cabellou-plage.com\/de\/campingplatz-dienstleistungen-bretagne\/\">Entdecken Sie unsere Dienstleistungen<\/a><\/div>\n<\/div>\n<\/div>\n<\/div>\n\n\n\n<div class=\"wp-block-column animated fadeIn delay-100ms slow is-layout-flow wp-block-column-is-layout-flow\" style=\"padding-top:0em;flex-basis:40%\">\n<div data-swiper=\"{&quot;speed&quot;:400,&quot;spaceBetween&quot;:16,&quot;slidesPerView&quot;:1,&quot;createElements&quot;:true,&quot;loop&quot;:true,&quot;freemode&quot;:true,&quot;pagination&quot;:{&quot;el&quot;:&quot;.swiper-pagination&quot;,&quot;dynamicBullets&quot;:false},&quot;breakpoints&quot;:{&quot;0&quot;:{&quot;slidesPerView&quot;:1},&quot;380&quot;:[],&quot;1024&quot;:[]},&quot;navigation&quot;:false,&quot;effect&quot;:&quot;fade&quot;}\" class=\"wp-block-group gt-is-slider gt-is-slider-desktop has-global-padding is-layout-constrained wp-block-group-is-layout-constrained\">\n<figure class=\"wp-block-image size-full\"><img decoding=\"async\" width=\"686\" height=\"660\" src=\"https:\/\/www.le-cabellou-plage.com\/wp-content\/uploads\/2025\/01\/camping-a-25km-de-benodet-en-bretagne-sud.webp\" alt=\"Campingplatz 25 km von Benodet entfernt in der s&#xFC;dlichen Bretagne\" class=\"wp-image-15194\" srcset=\"https:\/\/www.le-cabellou-plage.com\/wp-content\/uploads\/2025\/01\/camping-a-25km-de-benodet-en-bretagne-sud.webp 686w, https:\/\/www.le-cabellou-plage.com\/wp-content\/uploads\/2025\/01\/camping-a-25km-de-benodet-en-bretagne-sud-300x289.webp 300w\" sizes=\"(max-width: 686px) 100vw, 686px\" \/><\/figure>\n\n\n\n<figure class=\"wp-block-image size-full\"><img decoding=\"async\" width=\"686\" height=\"660\" src=\"https:\/\/www.le-cabellou-plage.com\/wp-content\/uploads\/2025\/01\/benodet-reputee-pour-ses-plages-de-sable-fin.webp\" alt=\"Benodet ist bekannt f&#xFC;r seine Sandstr&#xE4;nde.\" class=\"wp-image-15198\" srcset=\"https:\/\/www.le-cabellou-plage.com\/wp-content\/uploads\/2025\/01\/benodet-reputee-pour-ses-plages-de-sable-fin.webp 686w, https:\/\/www.le-cabellou-plage.com\/wp-content\/uploads\/2025\/01\/benodet-reputee-pour-ses-plages-de-sable-fin-300x289.webp 300w\" sizes=\"(max-width: 686px) 100vw, 686px\" \/><\/figure>\n\n\n\n<figure class=\"wp-block-image size-full\"><img decoding=\"async\" width=\"686\" height=\"660\" src=\"https:\/\/www.le-cabellou-plage.com\/wp-content\/uploads\/2025\/01\/camping-5-etoiles-proche-de-benodet.webp\" alt=\"5-Sterne-Campingplatz in der N&#xE4;he von Benodet\" class=\"wp-image-15202\" srcset=\"https:\/\/www.le-cabellou-plage.com\/wp-content\/uploads\/2025\/01\/camping-5-etoiles-proche-de-benodet.webp 686w, https:\/\/www.le-cabellou-plage.com\/wp-content\/uploads\/2025\/01\/camping-5-etoiles-proche-de-benodet-300x289.webp 300w\" sizes=\"(max-width: 686px) 100vw, 686px\" \/><\/figure>\n<\/div>\n<\/div>\n<\/div>\n<\/section>\n\n<section class=\"wp-block-group home-third has-custom-color-2-background-color has-background is-layout-flow wp-block-group-is-layout-flow\" style=\"margin-top:0;padding-bottom:var(--wp--preset--spacing--40)\">\n<div data-swiper=\"{&quot;speed&quot;:1000,&quot;autoplay&quot;:{&quot;delay&quot;:5000,&quot;disableOnInteraction&quot;:false},&quot;spaceBetween&quot;:0,&quot;slidesPerView&quot;:1,&quot;pagination&quot;:{&quot;el&quot;:&quot;.swiper-pagination&quot;,&quot;dynamicBullets&quot;:true,&quot;clickable&quot;:true,&quot;type&quot;:&quot;bullets&quot;},&quot;navigation&quot;:{&quot;nextEl&quot;:&quot;.swiper-button-next&quot;,&quot;prevEl&quot;:&quot;.swiper-button-prev&quot;},&quot;breakpoints&quot;:[{&quot;slidesPerView&quot;:1}]}\" class=\"wp-block-cover has-parallax has-custom-content-position is-position-bottom-right\" style=\"min-height:825px;aspect-ratio:unset;\"><span aria-hidden=\"true\" class=\"wp-block-cover__background has-contrast-background-color has-background-dim-30 has-background-dim\"><\/span><div role=\"img\" aria-label=\"location de mobil homes pres de locronan en bretagne sud\" class=\"wp-block-cover__image-background wp-image-15206 has-parallax\" style=\"background-position:50% 50%;background-image:url(https:\/\/www.le-cabellou-plage.com\/wp-content\/uploads\/2025\/01\/location-de-mobil-homes-pres-de-locronan-en-bretagne-sud.webp)\"><\/div><div class=\"wp-block-cover__inner-container has-global-padding is-layout-constrained wp-block-cover-is-layout-constrained\">\n<p class=\"has-text-align-center has-base-2-color has-text-color has-link-color has-bodidota-font-family wp-elements-cac4d8e00d08a0ab1985c71f8eec150f\" style=\"padding-right:35rem;padding-bottom:var(--wp--preset--spacing--40);font-size:clamp(39.963px, 2.498rem + ((1vw - 3.2px) * 2.969), 75px);text-transform:uppercase\"><strong>Idealer Aufenthalt<\/strong><\/p>\n<\/div><\/div>\n\n\n\n<div class=\"wp-block-columns is-layout-flex wp-container-core-columns-is-layout-b674b79b wp-block-columns-is-layout-flex\" style=\"padding-top:var(--wp--preset--spacing--10);padding-right:var(--wp--preset--spacing--50);padding-bottom:var(--wp--preset--spacing--10);padding-left:var(--wp--preset--spacing--50)\">\n<div class=\"wp-block-column right is-layout-flow wp-block-column-is-layout-flow\" style=\"padding-top:var(--wp--preset--spacing--40);flex-basis:60%\">\n<div class=\"wp-block-group gt-no-padding-mobile is-layout-flow wp-block-group-is-layout-flow\" style=\"padding-right:15rem;padding-left:10rem\">\n<h2 class=\"wp-block-heading\" style=\"margin-bottom:var(--wp--preset--spacing--30)\"><strong>Vermietung von Mobilheimen<\/strong> <br\/>in der N\u00e4he von Locronan<br\/>in der S\u00fcdbretagne<\/h2>\n\n\n    <div id=\"gt-fse-lire-plus-69f46294574f1\" class=\"gt-fse-lire-plus\" data-min-height=\"130\" style=\"background-color: #3a4156;\">\n        <input id=\"gt-fse-lire-plus-69f46294574f1-toggle\" type=\"checkbox\" class=\"gt-fse-lire-plus__toggle\" \/>\n        <label for=\"gt-fse-lire-plus-69f46294574f1-toggle\" class=\"gt-fse-lire-plus__toggle-label\">\n            <span>Lire plus<\/span>\n            <span>Lire moins<\/span>\n        <\/label>\n        <div class=\"gt-fse-lire-plus__content\" style=\"height: 130px;\">\n            \n\n<p>Unsere <a href=\"https:\/\/www.le-cabellou-plage.com\/de\/vermietung-mobilheime-bretagne\/\">Mobilheimvermietung in der N\u00e4he von B\u00e9nodet<\/a>, im <a href=\"https:\/\/www.le-cabellou-plage.com\/de\/tourismus-finistere-sued\/\">s\u00fcdlichen Finist\u00e8re<\/a>, wird immer beliebter und ist eine gute M\u00f6glichkeit, einen <strong>Familienurlaub<\/strong> zu genie\u00dfen. Le Cabellou Plage hat eine <strong>ideale<\/strong> Lage <a href=\"https:\/\/www.le-cabellou-plage.com\/de\/camping-am-meer-bretagne\/\">in der N\u00e4he des Strandes<\/a> und bietet <strong>Mobilheime<\/strong> in verschiedenen Gr\u00f6\u00dfen und Ausf\u00fchrungen an. <\/p>\n\n\n\n<p>Unsere <strong>Mobilheime verf\u00fcgen \u00fcber moderne Einrichtungen<\/strong> wie <strong>voll ausgestattete K\u00fcchen<\/strong> mit allen <strong>notwendigen<\/strong> K\u00fcchenutensilien und <strong>Haushaltsger\u00e4ten<\/strong>, Klimaanlage, separate Schlafzimmer mit individuellen Badezimmern, <strong>gem\u00fctliche Sitzecken<\/strong> und sogar einige Modelle mit <strong>Geschirrsp\u00fcler<\/strong>. Alle unsere Mobilheime sind <strong>sauber<\/strong> und <strong>gepflegt<\/strong>, so dass Sie einen <strong>entspannten und angenehmen Aufenthalt<\/strong> haben werden. Der Campingplatz Le Cabellou Plage in der N\u00e4he von B\u00e9nodet bietet ein <strong>unvergessliches Urlaubserlebnis<\/strong> f\u00fcr Paare oder Familien auf der Suche nach einem <strong>kleinen St\u00fcck Paradies in der Bretagne<\/strong>.  <\/p>\n\n            <div class=\"gt-fse-lire-plus__gradient\" style=\"background: linear-gradient(to bottom,rgba(58,65,86,0) 0%,rgba(58,65,86,1) 100%);\"><\/div>\n        <\/div>\n    <\/div>\n    <\/div>\n<\/div>\n\n\n\n<div class=\"wp-block-column left is-layout-flow wp-block-column-is-layout-flow\" style=\"flex-basis:40%\">\n<div class=\"wp-block-group gt-no-padding-mobile is-layout-flow wp-block-group-is-layout-flow\" style=\"padding-right:11rem;padding-left:2rem\">\n<p class=\"has-custom-color-3-color has-text-color has-link-color has-josefin-sans-font-family has-small-font-size wp-elements-c270fd4461158b387c8cfbc80016be62\" style=\"margin-bottom:var(--wp--preset--spacing--30);letter-spacing:3px;line-height:1.5;text-transform:uppercase\">Kleine Ecke des Paradieses<\/p>\n\n\n\n<div class=\"wp-block-group h1-like is-layout-flow wp-block-group-is-layout-flow\">\n<p class=\"has-bodidota-font-family\" style=\"font-size:clamp(47.79px, 2.987rem + ((1vw - 3.2px) * 3.916), 94px);line-height:0.8\">Eskapaden im Urlaub<\/p>\n\n\n\n<p class=\"has-custom-color-3-color has-text-color has-link-color has-north-wave-font-family wp-elements-04302277269e06c9ce1de02af20ea3f7\" style=\"padding-left:var(--wp--preset--spacing--40);font-size:clamp(52.125px, 3.258rem + ((1vw - 3.2px) * 4.481), 105px);line-height:0.1\">Bretagne<\/p>\n<\/div>\n<\/div>\n<\/div>\n<\/div>\n\n\n\n<div class=\"wp-block-group alignwide has-global-padding is-layout-constrained wp-block-group-is-layout-constrained\">\n<div class=\"wp-block-group alignwide is-nowrap is-layout-flex wp-container-core-group-is-layout-6c531013 wp-block-group-is-layout-flex\">\n<div class=\"wp-block-group alignwide has-global-padding is-layout-constrained wp-container-core-group-is-layout-fd9b688b wp-block-group-is-layout-constrained\" style=\"padding-left:0\">\n<div class=\"wp-block-group alignwide has-global-padding is-layout-constrained wp-block-group-is-layout-constrained\">\n<div data-wp-context=\"{}\" data-wp-interactive=\"core\/query\" data-wp-key=\"4\" data-wp-router-region=\"query-4\" class=\"wp-block-query alignwide gt-ws-thelis-hebergements-query is-layout-flow wp-block-query-is-layout-flow\"><ul class=\"columns-4 wp-block-post-template is-layout-grid wp-container-core-post-template-is-layout-e7fd85f5 wp-block-post-template-is-layout-grid\"><li data-gt-bathrooms=\"1\" data-gt-camping=\"527\" data-gt-capacity=\"6\" data-gt-criterions=\"&quot;[17,3222,3223,3225,3230,7631]&quot;\" data-gt-post-id=\"21121\" data-gt-rooms=\"3\" data-gt-surfaces=\"36\" data-gt-types=\"Mobilheime,location\" data-gt-ws-camping=\"527\" data-wp-key=\"69f462945de72\" class=\"wp-block-post post-21121 hebergement type-hebergement status-publish has-post-thumbnail hentry\">\n\n<div \n    class=\"wp-block-gt-gt-ws-thelis-product-images\"    data-wp-interactive=\"gt\/thelis\/hebergement\/image\"\n    data-gallery-images='[&quot;https:\\\/\\\/www.le-cabellou-plage.com\\\/wp-content\\\/uploads\\\/gt-ws-thelis\\\/site-1\\\/images\\\/527\\\/pict_11_2.jpg&quot;,&quot;https:\\\/\\\/www.le-cabellou-plage.com\\\/wp-content\\\/uploads\\\/gt-ws-thelis\\\/site-1\\\/images\\\/527\\\/pict_11_4.jpg&quot;,&quot;https:\\\/\\\/www.le-cabellou-plage.com\\\/wp-content\\\/uploads\\\/gt-ws-thelis\\\/site-1\\\/images\\\/527\\\/pict_11_1.jpg&quot;,&quot;https:\\\/\\\/www.le-cabellou-plage.com\\\/wp-content\\\/uploads\\\/gt-ws-thelis\\\/site-1\\\/images\\\/527\\\/pict_11_7.jpg&quot;,&quot;https:\\\/\\\/www.le-cabellou-plage.com\\\/wp-content\\\/uploads\\\/gt-ws-thelis\\\/site-1\\\/images\\\/527\\\/pict_11_6.jpg&quot;,&quot;https:\\\/\\\/www.le-cabellou-plage.com\\\/wp-content\\\/uploads\\\/gt-ws-thelis\\\/site-1\\\/images\\\/527\\\/pict_11_5.jpg&quot;,&quot;https:\\\/\\\/www.le-cabellou-plage.com\\\/wp-content\\\/uploads\\\/gt-ws-thelis\\\/site-1\\\/images\\\/527\\\/pict_11_3.jpg&quot;]'\n    data-wp-context='{\"images\":[\"https:\\\/\\\/www.le-cabellou-plage.com\\\/wp-content\\\/uploads\\\/gt-ws-thelis\\\/site-1\\\/images\\\/527\\\/pict_11_2.jpg\",\"https:\\\/\\\/www.le-cabellou-plage.com\\\/wp-content\\\/uploads\\\/gt-ws-thelis\\\/site-1\\\/images\\\/527\\\/pict_11_4.jpg\",\"https:\\\/\\\/www.le-cabellou-plage.com\\\/wp-content\\\/uploads\\\/gt-ws-thelis\\\/site-1\\\/images\\\/527\\\/pict_11_1.jpg\",\"https:\\\/\\\/www.le-cabellou-plage.com\\\/wp-content\\\/uploads\\\/gt-ws-thelis\\\/site-1\\\/images\\\/527\\\/pict_11_7.jpg\",\"https:\\\/\\\/www.le-cabellou-plage.com\\\/wp-content\\\/uploads\\\/gt-ws-thelis\\\/site-1\\\/images\\\/527\\\/pict_11_6.jpg\",\"https:\\\/\\\/www.le-cabellou-plage.com\\\/wp-content\\\/uploads\\\/gt-ws-thelis\\\/site-1\\\/images\\\/527\\\/pict_11_5.jpg\",\"https:\\\/\\\/www.le-cabellou-plage.com\\\/wp-content\\\/uploads\\\/gt-ws-thelis\\\/site-1\\\/images\\\/527\\\/pict_11_3.jpg\"],\"jsonConfig\":{\"speed\":400,\"spaceBetween\":16,\"slidesPerView\":1,\"loop\":true,\"breakpoints\":[{\"slidesPerView\":1}],\"pagination\":false,\"effect\":\"fade\",\"autoplay\":{\"delay\":2500}},\"sliderId\":\"69f46294585f4\"}'>\n            <div \n            id=\"69f46294585f4\"\n            class=\"gt-ws-thelis-is-slider swiper\" \n            data-swiper='{\"speed\":400,\"spaceBetween\":16,\"slidesPerView\":1,\"loop\":true,\"breakpoints\":[{\"slidesPerView\":1}],\"pagination\":false,\"effect\":\"fade\",\"autoplay\":{\"delay\":2500}}'\n            data-wp-key=\"21121660ce1da78d7ac15e03706f31ece0088\"\n            data-wp-run=\"callbacks.resetSwiper\"\n            data-wp-on--mouseover=\"callbacks.resetSwiper\"\n        >\n        <div class=\"swiper-wrapper\">\n                \n            \n            \n\n            <figure \n                class=\"wp-block-image swiper-slide\" \n                data-image-index=\"0\"\n            >\n                                    <img decoding=\"async\" \n                                                src=\"https:\/\/www.le-cabellou-plage.com\/wp-content\/uploads\/gt-ws-thelis\/site-1\/images\/527\/pict_11_1.jpg\" \n                        alt=\"Premium Corail &#8211; 6 Pers 3 Ch &#8211; 36m2\"\n                        loading=\"lazy\"\n                    >\n                                <\/figure>\n\n            \n        \n            \n            \n\n            <figure \n                class=\"wp-block-image swiper-slide\" \n                data-image-index=\"1\"\n            >\n                                    <img decoding=\"async\" \n                                                src=\"https:\/\/www.le-cabellou-plage.com\/wp-content\/uploads\/gt-ws-thelis\/site-1\/images\/527\/pict_11_2.jpg\" \n                        alt=\"Premium Corail &#8211; 6 Pers 3 Ch &#8211; 36m2\"\n                        loading=\"lazy\"\n                    >\n                                <\/figure>\n\n            \n        \n            \n            \n\n            <figure \n                class=\"wp-block-image swiper-slide\" \n                data-image-index=\"2\"\n            >\n                                    <img decoding=\"async\" \n                                                src=\"https:\/\/www.le-cabellou-plage.com\/wp-content\/uploads\/gt-ws-thelis\/site-1\/images\/527\/pict_11_3.jpg\" \n                        alt=\"Premium Corail &#8211; 6 Pers 3 Ch &#8211; 36m2\"\n                        loading=\"lazy\"\n                    >\n                                <\/figure>\n\n            \n        \n            \n            \n\n            <figure \n                class=\"wp-block-image swiper-slide\" \n                data-image-index=\"3\"\n            >\n                                    <img decoding=\"async\" \n                                                src=\"https:\/\/www.le-cabellou-plage.com\/wp-content\/uploads\/gt-ws-thelis\/site-1\/images\/527\/pict_11_4.jpg\" \n                        alt=\"Premium Corail &#8211; 6 Pers 3 Ch &#8211; 36m2\"\n                        loading=\"lazy\"\n                    >\n                                <\/figure>\n\n            \n        \n            \n            \n\n            <figure \n                class=\"wp-block-image swiper-slide\" \n                data-image-index=\"4\"\n            >\n                                    <img decoding=\"async\" \n                                                src=\"https:\/\/www.le-cabellou-plage.com\/wp-content\/uploads\/gt-ws-thelis\/site-1\/images\/527\/pict_11_5.jpg\" \n                        alt=\"Premium Corail &#8211; 6 Pers 3 Ch &#8211; 36m2\"\n                        loading=\"lazy\"\n                    >\n                                <\/figure>\n\n            \n        \n            \n            \n\n            <figure \n                class=\"wp-block-image swiper-slide\" \n                data-image-index=\"5\"\n            >\n                                    <img decoding=\"async\" \n                                                src=\"https:\/\/www.le-cabellou-plage.com\/wp-content\/uploads\/gt-ws-thelis\/site-1\/images\/527\/pict_11_6.jpg\" \n                        alt=\"Premium Corail &#8211; 6 Pers 3 Ch &#8211; 36m2\"\n                        loading=\"lazy\"\n                    >\n                                <\/figure>\n\n            \n        \n            \n            \n\n            <figure \n                class=\"wp-block-image swiper-slide\" \n                data-image-index=\"6\"\n            >\n                                    <img decoding=\"async\" \n                                                src=\"https:\/\/www.le-cabellou-plage.com\/wp-content\/uploads\/gt-ws-thelis\/site-1\/images\/527\/pict_11_7.jpg\" \n                        alt=\"Premium Corail &#8211; 6 Pers 3 Ch &#8211; 36m2\"\n                        loading=\"lazy\"\n                    >\n                                <\/figure>\n\n            \n        \n        \n            <\/div>\n            <div class=\"swiper-pagination\"><\/div>\n            <div class=\"swiper-button-prev\"><\/div>\n            <div class=\"swiper-button-next\"><\/div>\n        <\/div>\n        <\/div>\n\n\n<div class=\"wp-block-group bottom-card has-global-padding is-layout-constrained wp-container-core-group-is-layout-306daf7c wp-block-group-is-layout-constrained\" style=\"padding-top:0;padding-right:var(--wp--preset--spacing--10);padding-bottom:0;padding-left:var(--wp--preset--spacing--10)\">\n<p><\/p>\n\n\n\n<div class=\"wp-block-group gt-hebergement-foot is-layout-flow wp-container-core-group-is-layout-a77db08e wp-block-group-is-layout-flow\">\n<div class=\"wp-block-group is-content-justification-right is-layout-flex wp-container-core-group-is-layout-2c452c4e wp-block-group-is-layout-flex\" style=\"margin-top:0;margin-bottom:var(--wp--preset--spacing--20)\">\n<div class=\"wp-block-group hebergement-info is-vertical is-nowrap is-layout-flex wp-container-core-group-is-layout-3536e24b wp-block-group-is-layout-flex\">\n\n\n<div class=\"wp-block-gt-gt-ws-thelis-product-capacity\">\n            <img decoding=\"async\" src=\"https:\/\/www.le-cabellou-plage.com\/wp-content\/uploads\/2025\/01\/groupe.svg\" alt=\"Icon\" class=\"gt-icon\" \/> \n        6                 <\/div><\/div>\n\n\n\n<div class=\"wp-block-group hebergement-info is-vertical is-nowrap is-layout-flex wp-container-core-group-is-layout-3536e24b wp-block-group-is-layout-flex\">\n<div class=\"wp-block-gt-gt-ws-thelis-product-room\">\n            <img decoding=\"async\" src=\"https:\/\/www.le-cabellou-plage.com\/wp-content\/uploads\/2025\/02\/bed-1.svg\" alt=\"Icon\" class=\"gt-icon\" \/> \n        3                <\/div><\/div>\n\n\n\n<div class=\"wp-block-group hebergement-info is-vertical is-nowrap is-layout-flex wp-container-core-group-is-layout-3536e24b wp-block-group-is-layout-flex\">\n<div class=\"wp-block-gt-gt-ws-thelis-product-surface\">\n\n           <img decoding=\"async\" src=\"https:\/\/www.le-cabellou-plage.com\/wp-content\/uploads\/2025\/01\/surface-1.svg\" alt=\"Icon\" class=\"gt-icon\" \/> \n       \n        36m\u00b2\n<\/div><\/div>\n\n\n\n<div class=\"wp-block-group hebergement-info is-vertical is-nowrap is-layout-flex wp-container-core-group-is-layout-3536e24b wp-block-group-is-layout-flex\">\n<div class=\"wp-block-gt-gt-ws-thelis-product-bathroom\">\n            <img decoding=\"async\" src=\"https:\/\/www.le-cabellou-plage.com\/wp-content\/uploads\/2025\/03\/shower-2.svg\" alt=\"Icon\" class=\"gt-icon\" \/>\n        1                 <\/div><\/div>\n<\/div>\n<\/div>\n\n\n\n<div class=\"wp-block-group gt-hebergement-content has-base-2-color has-text-color has-link-color has-josefin-sans-font-family wp-elements-1dc5fd54dc8763551e0a213ad89aa8e4 is-content-justification-center is-nowrap is-layout-flex wp-container-core-group-is-layout-9c5e87ae wp-block-group-is-layout-flex\" style=\"padding-top:var(--wp--preset--spacing--10);padding-right:0;padding-bottom:var(--wp--preset--spacing--10);padding-left:var(--wp--preset--spacing--10);font-size:clamp(0.875rem, 0.875rem + ((1vw - 0.2rem) * 0.305), 1.1rem);\">\n<div class=\"wp-block-group has-global-padding is-content-justification-left is-layout-constrained wp-container-core-group-is-layout-12dd3699 wp-block-group-is-layout-constrained\"><p style=\"font-size:clamp(0.984rem, 0.984rem + ((1vw - 0.2rem) * 0.7), 1.5rem);\" class=\"wp-elements-8408685baa51903f439fde5025ccd007 wp-block-gt-gt-ws-thelis-product-name has-text-color has-base-2-color\">\n    Premium Corail &#8211; 6 Pers 3 Ch &#8211; 36m2<\/p>\n<\/div>\n\n\n\n<div class=\"wp-block-group link-hebergement has-global-padding is-layout-constrained wp-container-core-group-is-layout-f078265f wp-block-group-is-layout-constrained\" style=\"padding-right:0\"><a class=\"wp-elements-f3cb0fc3943cf1d9a6f084690632ba68 wp-block-read-more has-text-color has-custom-color-2-color\" href=\"https:\/\/www.le-cabellou-plage.com\/de\/hebergement\/premium-corail-6-pers-3-ch-36m2\/\" target=\"_blank\">D\u00e9couvrir<span class=\"screen-reader-text\">: Premium Corail &#8211; 6 Pers 3 Ch &#8211; 36m2<\/span><\/a><\/div>\n<\/div>\n\n\n\n<div class=\"wp-block-group is-horizontal is-content-justification-space-between is-nowrap is-layout-flex wp-container-core-group-is-layout-f5091a2d wp-block-group-is-layout-flex\" style=\"padding-right:var(--wp--preset--spacing--20);padding-left:var(--wp--preset--spacing--20)\">    \n\t<div\n\t\tclass=\"wp-block-gt-gt-ws-thelis-disponibilites\"\t\tdata-wp-interactive=\"gt\/thelis\"\n\t\tdata-wp-watch=\"actions.loadStays\"\n\t\tdata-wp-bind--data-gt-statut=\"state.statut\"\n\t\tdata-wp-key=\"11+527-69f46294596c0\"\n\t\tdata-wp-context='{\"idsProduct\":\"11+527\",\"idProduct\":\"11\",\"campingKey\":\"527\",\"isIndisponible\":true}'\t>\n\n\t\t\t\t\t<div hidden class=\"gt-ws-thelis-spinner\" data-wp-bind--hidden=\"!state.isLoading\">\n\t\t\t\t<span class=\"loader\"><\/span>\n\t\t\t<\/div>\n\t\t\n\n\t\t<div data-wp-bind--hidden=\"state.isLoading\" class=\"gt-ws-thelis-disponibilite-wrap\">\n\n\t\t\t\n\t\t\t\t\t\n\t\t\t\t<div hidden \n\t\t\t\t\tclass=\"gt-ws-thelis__disponibilite__price\"\n\t\t\t\t\tdata-wp-bind--hidden=\"!state.price\"\n\t\t\t\t>\n\t\t\t\t\t<span>\u00c0 partir de <\/span>\n\t\t\t\t\t<span hidden class=\"gt-ws-thelis__disponibilite__price__original\" data-wp-bind--hidden=\"!state.hasPromo\">\n\t\t\t\t\t\t<strike><span data-wp-text=\"state.originalPrice\"><\/span>\u20ac<\/strike>\n\t\t\t\t\t<\/span>\n\t\t\t\t\t<span class=\"gt-ws-thelis__disponibilite__price__discounted\">\n\t\t\t\t\t\t<span data-wp-bind--data-gt-price=\"state.price\" class=\"gt-ws-thelis-data-price\" data-wp-text=\"state.price\"><\/span>\u20ac\n\t\t\t\t\t<\/span>\n\t\t\t\t<\/div>\n\t\t\t\n\t\t\t\n\t\t\t\n\t\t\t\n\t\t<\/div>\n\n\t<\/div>\n\n    \n\n    \n\t<div\n\t\tclass=\"statut-dispo wp-block-gt-gt-ws-thelis-disponibilites\"\t\tdata-wp-interactive=\"gt\/thelis\"\n\t\tdata-wp-watch=\"actions.loadStays\"\n\t\tdata-wp-bind--data-gt-statut=\"state.statut\"\n\t\tdata-wp-key=\"11+527-69f462945975d\"\n\t\tdata-wp-context='{\"idsProduct\":\"11+527\",\"idProduct\":\"11\",\"campingKey\":\"527\",\"isIndisponible\":true}'\t>\n\n\t\t\t\t\t<div hidden class=\"gt-ws-thelis-spinner\" data-wp-bind--hidden=\"!state.isLoading\">\n\t\t\t\t<span class=\"loader\"><\/span>\n\t\t\t<\/div>\n\t\t\n\n\t\t<div data-wp-bind--hidden=\"state.isLoading\" class=\"gt-ws-thelis-disponibilite-wrap\">\n\n\t\t\t\t\t\t\t\t\t\t\t\t\t<div class=\"gt-ws-thelis-statut\" data-wp-text=\"state.titre\"><\/div>\n\t\t\t\t\t\t\t\t\n\t\t\t\n\t\t\t\n\t\t\t\n\t\t\t\n\t\t<\/div>\n\n\t<\/div>\n\n    <\/div>\n<\/div>\n\n<\/li><li data-gt-bathrooms=\"1\" data-gt-camping=\"527\" data-gt-capacity=\"6\" data-gt-criterions=\"&quot;[17,4517,3222,3223,3225,3230]&quot;\" data-gt-post-id=\"21109\" data-gt-rooms=\"3\" data-gt-surfaces=\"36\" data-gt-types=\"Mobilheime,location\" data-gt-ws-camping=\"527\" data-wp-key=\"69f462945dfb0\" class=\"wp-block-post post-21109 hebergement type-hebergement status-publish has-post-thumbnail hentry\">\n\n<div \n    class=\"wp-block-gt-gt-ws-thelis-product-images\"    data-wp-interactive=\"gt\/thelis\/hebergement\/image\"\n    data-gallery-images='[&quot;https:\\\/\\\/www.le-cabellou-plage.com\\\/wp-content\\\/uploads\\\/gt-ws-thelis\\\/site-1\\\/images\\\/527\\\/pict_19_3.jpg&quot;,&quot;https:\\\/\\\/www.le-cabellou-plage.com\\\/wp-content\\\/uploads\\\/gt-ws-thelis\\\/site-1\\\/images\\\/527\\\/pict_19_5.jpg&quot;,&quot;https:\\\/\\\/www.le-cabellou-plage.com\\\/wp-content\\\/uploads\\\/gt-ws-thelis\\\/site-1\\\/images\\\/527\\\/pict_19_6.jpg&quot;,&quot;https:\\\/\\\/www.le-cabellou-plage.com\\\/wp-content\\\/uploads\\\/gt-ws-thelis\\\/site-1\\\/images\\\/527\\\/pict_19_1.jpg&quot;,&quot;https:\\\/\\\/www.le-cabellou-plage.com\\\/wp-content\\\/uploads\\\/gt-ws-thelis\\\/site-1\\\/images\\\/527\\\/pict_19_7.jpg&quot;,&quot;https:\\\/\\\/www.le-cabellou-plage.com\\\/wp-content\\\/uploads\\\/gt-ws-thelis\\\/site-1\\\/images\\\/527\\\/pict_19_2.jpg&quot;,&quot;https:\\\/\\\/www.le-cabellou-plage.com\\\/wp-content\\\/uploads\\\/gt-ws-thelis\\\/site-1\\\/images\\\/527\\\/pict_19_4.jpg&quot;]'\n    data-wp-context='{\"images\":[\"https:\\\/\\\/www.le-cabellou-plage.com\\\/wp-content\\\/uploads\\\/gt-ws-thelis\\\/site-1\\\/images\\\/527\\\/pict_19_3.jpg\",\"https:\\\/\\\/www.le-cabellou-plage.com\\\/wp-content\\\/uploads\\\/gt-ws-thelis\\\/site-1\\\/images\\\/527\\\/pict_19_5.jpg\",\"https:\\\/\\\/www.le-cabellou-plage.com\\\/wp-content\\\/uploads\\\/gt-ws-thelis\\\/site-1\\\/images\\\/527\\\/pict_19_6.jpg\",\"https:\\\/\\\/www.le-cabellou-plage.com\\\/wp-content\\\/uploads\\\/gt-ws-thelis\\\/site-1\\\/images\\\/527\\\/pict_19_1.jpg\",\"https:\\\/\\\/www.le-cabellou-plage.com\\\/wp-content\\\/uploads\\\/gt-ws-thelis\\\/site-1\\\/images\\\/527\\\/pict_19_7.jpg\",\"https:\\\/\\\/www.le-cabellou-plage.com\\\/wp-content\\\/uploads\\\/gt-ws-thelis\\\/site-1\\\/images\\\/527\\\/pict_19_2.jpg\",\"https:\\\/\\\/www.le-cabellou-plage.com\\\/wp-content\\\/uploads\\\/gt-ws-thelis\\\/site-1\\\/images\\\/527\\\/pict_19_4.jpg\"],\"jsonConfig\":{\"speed\":400,\"spaceBetween\":16,\"slidesPerView\":1,\"loop\":true,\"breakpoints\":[{\"slidesPerView\":1}],\"pagination\":false,\"effect\":\"fade\",\"autoplay\":{\"delay\":2500}},\"sliderId\":\"69f4629459b5d\"}'>\n            <div \n            id=\"69f4629459b5d\"\n            class=\"gt-ws-thelis-is-slider swiper\" \n            data-swiper='{\"speed\":400,\"spaceBetween\":16,\"slidesPerView\":1,\"loop\":true,\"breakpoints\":[{\"slidesPerView\":1}],\"pagination\":false,\"effect\":\"fade\",\"autoplay\":{\"delay\":2500}}'\n            data-wp-key=\"21109660ce1da78d7ac15e03706f31ece0088\"\n            data-wp-run=\"callbacks.resetSwiper\"\n            data-wp-on--mouseover=\"callbacks.resetSwiper\"\n        >\n        <div class=\"swiper-wrapper\">\n                \n            \n            \n\n            <figure \n                class=\"wp-block-image swiper-slide\" \n                data-image-index=\"0\"\n            >\n                                    <img decoding=\"async\" \n                                                src=\"https:\/\/www.le-cabellou-plage.com\/wp-content\/uploads\/gt-ws-thelis\/site-1\/images\/527\/pict_19_1.jpg\" \n                        alt=\"Prestige Lagoon- Pi\u00e9ton- 6P 3Ch &#8211; 36m2\"\n                        loading=\"lazy\"\n                    >\n                                <\/figure>\n\n            \n        \n            \n            \n\n            <figure \n                class=\"wp-block-image swiper-slide\" \n                data-image-index=\"1\"\n            >\n                                    <img decoding=\"async\" \n                                                src=\"https:\/\/www.le-cabellou-plage.com\/wp-content\/uploads\/gt-ws-thelis\/site-1\/images\/527\/pict_19_2.jpg\" \n                        alt=\"Prestige Lagoon- Pi\u00e9ton- 6P 3Ch &#8211; 36m2\"\n                        loading=\"lazy\"\n                    >\n                                <\/figure>\n\n            \n        \n            \n            \n\n            <figure \n                class=\"wp-block-image swiper-slide\" \n                data-image-index=\"2\"\n            >\n                                    <img decoding=\"async\" \n                                                src=\"https:\/\/www.le-cabellou-plage.com\/wp-content\/uploads\/gt-ws-thelis\/site-1\/images\/527\/pict_19_3.jpg\" \n                        alt=\"Prestige Lagoon- Pi\u00e9ton- 6P 3Ch &#8211; 36m2\"\n                        loading=\"lazy\"\n                    >\n                                <\/figure>\n\n            \n        \n            \n            \n\n            <figure \n                class=\"wp-block-image swiper-slide\" \n                data-image-index=\"3\"\n            >\n                                    <img decoding=\"async\" \n                                                src=\"https:\/\/www.le-cabellou-plage.com\/wp-content\/uploads\/gt-ws-thelis\/site-1\/images\/527\/pict_19_4.jpg\" \n                        alt=\"Prestige Lagoon- Pi\u00e9ton- 6P 3Ch &#8211; 36m2\"\n                        loading=\"lazy\"\n                    >\n                                <\/figure>\n\n            \n        \n            \n            \n\n            <figure \n                class=\"wp-block-image swiper-slide\" \n                data-image-index=\"4\"\n            >\n                                    <img decoding=\"async\" \n                                                src=\"https:\/\/www.le-cabellou-plage.com\/wp-content\/uploads\/gt-ws-thelis\/site-1\/images\/527\/pict_19_5.jpg\" \n                        alt=\"Prestige Lagoon- Pi\u00e9ton- 6P 3Ch &#8211; 36m2\"\n                        loading=\"lazy\"\n                    >\n                                <\/figure>\n\n            \n        \n            \n            \n\n            <figure \n                class=\"wp-block-image swiper-slide\" \n                data-image-index=\"5\"\n            >\n                                    <img decoding=\"async\" \n                                                src=\"https:\/\/www.le-cabellou-plage.com\/wp-content\/uploads\/gt-ws-thelis\/site-1\/images\/527\/pict_19_6.jpg\" \n                        alt=\"Prestige Lagoon- Pi\u00e9ton- 6P 3Ch &#8211; 36m2\"\n                        loading=\"lazy\"\n                    >\n                                <\/figure>\n\n            \n        \n            \n            \n\n            <figure \n                class=\"wp-block-image swiper-slide\" \n                data-image-index=\"6\"\n            >\n                                    <img decoding=\"async\" \n                                                src=\"https:\/\/www.le-cabellou-plage.com\/wp-content\/uploads\/gt-ws-thelis\/site-1\/images\/527\/pict_19_7.jpg\" \n                        alt=\"Prestige Lagoon- Pi\u00e9ton- 6P 3Ch &#8211; 36m2\"\n                        loading=\"lazy\"\n                    >\n                                <\/figure>\n\n            \n        \n        \n            <\/div>\n            <div class=\"swiper-pagination\"><\/div>\n            <div class=\"swiper-button-prev\"><\/div>\n            <div class=\"swiper-button-next\"><\/div>\n        <\/div>\n        <\/div>\n\n\n<div class=\"wp-block-group bottom-card has-global-padding is-layout-constrained wp-container-core-group-is-layout-306daf7c wp-block-group-is-layout-constrained\" style=\"padding-top:0;padding-right:var(--wp--preset--spacing--10);padding-bottom:0;padding-left:var(--wp--preset--spacing--10)\">\n<p><\/p>\n\n\n\n<div class=\"wp-block-group gt-hebergement-foot is-layout-flow wp-container-core-group-is-layout-a77db08e wp-block-group-is-layout-flow\">\n<div class=\"wp-block-group is-content-justification-right is-layout-flex wp-container-core-group-is-layout-2c452c4e wp-block-group-is-layout-flex\" style=\"margin-top:0;margin-bottom:var(--wp--preset--spacing--20)\">\n<div class=\"wp-block-group hebergement-info is-vertical is-nowrap is-layout-flex wp-container-core-group-is-layout-3536e24b wp-block-group-is-layout-flex\">\n\n\n<div class=\"wp-block-gt-gt-ws-thelis-product-capacity\">\n            <img decoding=\"async\" src=\"https:\/\/www.le-cabellou-plage.com\/wp-content\/uploads\/2025\/01\/groupe.svg\" alt=\"Icon\" class=\"gt-icon\" \/> \n        6                 <\/div><\/div>\n\n\n\n<div class=\"wp-block-group hebergement-info is-vertical is-nowrap is-layout-flex wp-container-core-group-is-layout-3536e24b wp-block-group-is-layout-flex\">\n<div class=\"wp-block-gt-gt-ws-thelis-product-room\">\n            <img decoding=\"async\" src=\"https:\/\/www.le-cabellou-plage.com\/wp-content\/uploads\/2025\/02\/bed-1.svg\" alt=\"Icon\" class=\"gt-icon\" \/> \n        3                <\/div><\/div>\n\n\n\n<div class=\"wp-block-group hebergement-info is-vertical is-nowrap is-layout-flex wp-container-core-group-is-layout-3536e24b wp-block-group-is-layout-flex\">\n<div class=\"wp-block-gt-gt-ws-thelis-product-surface\">\n\n           <img decoding=\"async\" src=\"https:\/\/www.le-cabellou-plage.com\/wp-content\/uploads\/2025\/01\/surface-1.svg\" alt=\"Icon\" class=\"gt-icon\" \/> \n       \n        36m\u00b2\n<\/div><\/div>\n\n\n\n<div class=\"wp-block-group hebergement-info is-vertical is-nowrap is-layout-flex wp-container-core-group-is-layout-3536e24b wp-block-group-is-layout-flex\">\n<div class=\"wp-block-gt-gt-ws-thelis-product-bathroom\">\n            <img decoding=\"async\" src=\"https:\/\/www.le-cabellou-plage.com\/wp-content\/uploads\/2025\/03\/shower-2.svg\" alt=\"Icon\" class=\"gt-icon\" \/>\n        1                 <\/div><\/div>\n<\/div>\n<\/div>\n\n\n\n<div class=\"wp-block-group gt-hebergement-content has-base-2-color has-text-color has-link-color has-josefin-sans-font-family wp-elements-1dc5fd54dc8763551e0a213ad89aa8e4 is-content-justification-center is-nowrap is-layout-flex wp-container-core-group-is-layout-9c5e87ae wp-block-group-is-layout-flex\" style=\"padding-top:var(--wp--preset--spacing--10);padding-right:0;padding-bottom:var(--wp--preset--spacing--10);padding-left:var(--wp--preset--spacing--10);font-size:clamp(0.875rem, 0.875rem + ((1vw - 0.2rem) * 0.305), 1.1rem);\">\n<div class=\"wp-block-group has-global-padding is-content-justification-left is-layout-constrained wp-container-core-group-is-layout-12dd3699 wp-block-group-is-layout-constrained\"><p style=\"font-size:clamp(0.984rem, 0.984rem + ((1vw - 0.2rem) * 0.7), 1.5rem);\" class=\"wp-elements-8408685baa51903f439fde5025ccd007 wp-block-gt-gt-ws-thelis-product-name has-text-color has-base-2-color\">\n    Prestige Lagoon- Pi\u00e9ton- 6P 3Ch &#8211; 36m2<\/p>\n<\/div>\n\n\n\n<div class=\"wp-block-group link-hebergement has-global-padding is-layout-constrained wp-container-core-group-is-layout-f078265f wp-block-group-is-layout-constrained\" style=\"padding-right:0\"><a class=\"wp-elements-f3cb0fc3943cf1d9a6f084690632ba68 wp-block-read-more has-text-color has-custom-color-2-color\" href=\"https:\/\/www.le-cabellou-plage.com\/de\/hebergement\/prestige-lagoon-pieton-6p-3ch-36m2\/\" target=\"_blank\">D\u00e9couvrir<span class=\"screen-reader-text\">: Prestige Lagoon- Pi\u00e9ton- 6P 3Ch &#8211; 36m2<\/span><\/a><\/div>\n<\/div>\n\n\n\n<div class=\"wp-block-group is-horizontal is-content-justification-space-between is-nowrap is-layout-flex wp-container-core-group-is-layout-f5091a2d wp-block-group-is-layout-flex\" style=\"padding-right:var(--wp--preset--spacing--20);padding-left:var(--wp--preset--spacing--20)\">    \n\t<div\n\t\tclass=\"wp-block-gt-gt-ws-thelis-disponibilites\"\t\tdata-wp-interactive=\"gt\/thelis\"\n\t\tdata-wp-watch=\"actions.loadStays\"\n\t\tdata-wp-bind--data-gt-statut=\"state.statut\"\n\t\tdata-wp-key=\"19+527-69f462945a868\"\n\t\tdata-wp-context='{\"idsProduct\":\"19+527\",\"idProduct\":\"19\",\"campingKey\":\"527\",\"isIndisponible\":true}'\t>\n\n\t\t\t\t\t<div hidden class=\"gt-ws-thelis-spinner\" data-wp-bind--hidden=\"!state.isLoading\">\n\t\t\t\t<span class=\"loader\"><\/span>\n\t\t\t<\/div>\n\t\t\n\n\t\t<div data-wp-bind--hidden=\"state.isLoading\" class=\"gt-ws-thelis-disponibilite-wrap\">\n\n\t\t\t\n\t\t\t\t\t\n\t\t\t\t<div hidden \n\t\t\t\t\tclass=\"gt-ws-thelis__disponibilite__price\"\n\t\t\t\t\tdata-wp-bind--hidden=\"!state.price\"\n\t\t\t\t>\n\t\t\t\t\t<span>\u00c0 partir de <\/span>\n\t\t\t\t\t<span hidden class=\"gt-ws-thelis__disponibilite__price__original\" data-wp-bind--hidden=\"!state.hasPromo\">\n\t\t\t\t\t\t<strike><span data-wp-text=\"state.originalPrice\"><\/span>\u20ac<\/strike>\n\t\t\t\t\t<\/span>\n\t\t\t\t\t<span class=\"gt-ws-thelis__disponibilite__price__discounted\">\n\t\t\t\t\t\t<span data-wp-bind--data-gt-price=\"state.price\" class=\"gt-ws-thelis-data-price\" data-wp-text=\"state.price\"><\/span>\u20ac\n\t\t\t\t\t<\/span>\n\t\t\t\t<\/div>\n\t\t\t\n\t\t\t\n\t\t\t\n\t\t\t\n\t\t<\/div>\n\n\t<\/div>\n\n    \n\n    \n\t<div\n\t\tclass=\"statut-dispo wp-block-gt-gt-ws-thelis-disponibilites\"\t\tdata-wp-interactive=\"gt\/thelis\"\n\t\tdata-wp-watch=\"actions.loadStays\"\n\t\tdata-wp-bind--data-gt-statut=\"state.statut\"\n\t\tdata-wp-key=\"19+527-69f462945a8fc\"\n\t\tdata-wp-context='{\"idsProduct\":\"19+527\",\"idProduct\":\"19\",\"campingKey\":\"527\",\"isIndisponible\":true}'\t>\n\n\t\t\t\t\t<div hidden class=\"gt-ws-thelis-spinner\" data-wp-bind--hidden=\"!state.isLoading\">\n\t\t\t\t<span class=\"loader\"><\/span>\n\t\t\t<\/div>\n\t\t\n\n\t\t<div data-wp-bind--hidden=\"state.isLoading\" class=\"gt-ws-thelis-disponibilite-wrap\">\n\n\t\t\t\t\t\t\t\t\t\t\t\t\t<div class=\"gt-ws-thelis-statut\" data-wp-text=\"state.titre\"><\/div>\n\t\t\t\t\t\t\t\t\n\t\t\t\n\t\t\t\n\t\t\t\n\t\t\t\n\t\t<\/div>\n\n\t<\/div>\n\n    <\/div>\n<\/div>\n\n<\/li><li data-gt-bathrooms=\"1\" data-gt-camping=\"527\" data-gt-capacity=\"4\" data-gt-criterions=\"&quot;[17,4517,3222,3223]&quot;\" data-gt-post-id=\"21113\" data-gt-rooms=\"2\" data-gt-surfaces=\"27\" data-gt-types=\"Mobilheime,location\" data-gt-ws-camping=\"527\" data-wp-key=\"69f462945e14f\" class=\"wp-block-post post-21113 hebergement type-hebergement status-publish has-post-thumbnail hentry\">\n\n<div \n    class=\"wp-block-gt-gt-ws-thelis-product-images\"    data-wp-interactive=\"gt\/thelis\/hebergement\/image\"\n    data-gallery-images='[&quot;https:\\\/\\\/www.le-cabellou-plage.com\\\/wp-content\\\/uploads\\\/gt-ws-thelis\\\/site-1\\\/images\\\/527\\\/pict_2_7.jpg&quot;,&quot;https:\\\/\\\/www.le-cabellou-plage.com\\\/wp-content\\\/uploads\\\/gt-ws-thelis\\\/site-1\\\/images\\\/527\\\/pict_2_4.jpg&quot;,&quot;https:\\\/\\\/www.le-cabellou-plage.com\\\/wp-content\\\/uploads\\\/gt-ws-thelis\\\/site-1\\\/images\\\/527\\\/pict_2_5.jpg&quot;,&quot;https:\\\/\\\/www.le-cabellou-plage.com\\\/wp-content\\\/uploads\\\/gt-ws-thelis\\\/site-1\\\/images\\\/527\\\/pict_2_1.jpg&quot;,&quot;https:\\\/\\\/www.le-cabellou-plage.com\\\/wp-content\\\/uploads\\\/gt-ws-thelis\\\/site-1\\\/images\\\/527\\\/pict_2_3.jpg&quot;,&quot;https:\\\/\\\/www.le-cabellou-plage.com\\\/wp-content\\\/uploads\\\/gt-ws-thelis\\\/site-1\\\/images\\\/527\\\/pict_2_6.jpg&quot;,&quot;https:\\\/\\\/www.le-cabellou-plage.com\\\/wp-content\\\/uploads\\\/gt-ws-thelis\\\/site-1\\\/images\\\/527\\\/pict_2_2.jpg&quot;]'\n    data-wp-context='{\"images\":[\"https:\\\/\\\/www.le-cabellou-plage.com\\\/wp-content\\\/uploads\\\/gt-ws-thelis\\\/site-1\\\/images\\\/527\\\/pict_2_7.jpg\",\"https:\\\/\\\/www.le-cabellou-plage.com\\\/wp-content\\\/uploads\\\/gt-ws-thelis\\\/site-1\\\/images\\\/527\\\/pict_2_4.jpg\",\"https:\\\/\\\/www.le-cabellou-plage.com\\\/wp-content\\\/uploads\\\/gt-ws-thelis\\\/site-1\\\/images\\\/527\\\/pict_2_5.jpg\",\"https:\\\/\\\/www.le-cabellou-plage.com\\\/wp-content\\\/uploads\\\/gt-ws-thelis\\\/site-1\\\/images\\\/527\\\/pict_2_1.jpg\",\"https:\\\/\\\/www.le-cabellou-plage.com\\\/wp-content\\\/uploads\\\/gt-ws-thelis\\\/site-1\\\/images\\\/527\\\/pict_2_3.jpg\",\"https:\\\/\\\/www.le-cabellou-plage.com\\\/wp-content\\\/uploads\\\/gt-ws-thelis\\\/site-1\\\/images\\\/527\\\/pict_2_6.jpg\",\"https:\\\/\\\/www.le-cabellou-plage.com\\\/wp-content\\\/uploads\\\/gt-ws-thelis\\\/site-1\\\/images\\\/527\\\/pict_2_2.jpg\"],\"jsonConfig\":{\"speed\":400,\"spaceBetween\":16,\"slidesPerView\":1,\"loop\":true,\"breakpoints\":[{\"slidesPerView\":1}],\"pagination\":false,\"effect\":\"fade\",\"autoplay\":{\"delay\":2500}},\"sliderId\":\"69f462945acb2\"}'>\n            <div \n            id=\"69f462945acb2\"\n            class=\"gt-ws-thelis-is-slider swiper\" \n            data-swiper='{\"speed\":400,\"spaceBetween\":16,\"slidesPerView\":1,\"loop\":true,\"breakpoints\":[{\"slidesPerView\":1}],\"pagination\":false,\"effect\":\"fade\",\"autoplay\":{\"delay\":2500}}'\n            data-wp-key=\"21113660ce1da78d7ac15e03706f31ece0088\"\n            data-wp-run=\"callbacks.resetSwiper\"\n            data-wp-on--mouseover=\"callbacks.resetSwiper\"\n        >\n        <div class=\"swiper-wrapper\">\n                \n            \n            \n\n            <figure \n                class=\"wp-block-image swiper-slide\" \n                data-image-index=\"0\"\n            >\n                                    <img decoding=\"async\" \n                                                src=\"https:\/\/www.le-cabellou-plage.com\/wp-content\/uploads\/gt-ws-thelis\/site-1\/images\/527\/pict_2_1.jpg\" \n                        alt=\"Natura Oc\u00e9ane &#8211; Quartier pi\u00e9ton &#8211; 4Pers 2Ch 27m2\"\n                        loading=\"lazy\"\n                    >\n                                <\/figure>\n\n            \n        \n            \n            \n\n            <figure \n                class=\"wp-block-image swiper-slide\" \n                data-image-index=\"1\"\n            >\n                                    <img decoding=\"async\" \n                                                src=\"https:\/\/www.le-cabellou-plage.com\/wp-content\/uploads\/gt-ws-thelis\/site-1\/images\/527\/pict_2_2.jpg\" \n                        alt=\"Natura Oc\u00e9ane &#8211; Quartier pi\u00e9ton &#8211; 4Pers 2Ch 27m2\"\n                        loading=\"lazy\"\n                    >\n                                <\/figure>\n\n            \n        \n            \n            \n\n            <figure \n                class=\"wp-block-image swiper-slide\" \n                data-image-index=\"2\"\n            >\n                                    <img decoding=\"async\" \n                                                src=\"https:\/\/www.le-cabellou-plage.com\/wp-content\/uploads\/gt-ws-thelis\/site-1\/images\/527\/pict_2_3.jpg\" \n                        alt=\"Natura Oc\u00e9ane &#8211; Quartier pi\u00e9ton &#8211; 4Pers 2Ch 27m2\"\n                        loading=\"lazy\"\n                    >\n                                <\/figure>\n\n            \n        \n            \n            \n\n            <figure \n                class=\"wp-block-image swiper-slide\" \n                data-image-index=\"3\"\n            >\n                                    <img decoding=\"async\" \n                                                src=\"https:\/\/www.le-cabellou-plage.com\/wp-content\/uploads\/gt-ws-thelis\/site-1\/images\/527\/pict_2_4.jpg\" \n                        alt=\"Natura Oc\u00e9ane &#8211; Quartier pi\u00e9ton &#8211; 4Pers 2Ch 27m2\"\n                        loading=\"lazy\"\n                    >\n                                <\/figure>\n\n            \n        \n            \n            \n\n            <figure \n                class=\"wp-block-image swiper-slide\" \n                data-image-index=\"4\"\n            >\n                                    <img decoding=\"async\" \n                                                src=\"https:\/\/www.le-cabellou-plage.com\/wp-content\/uploads\/gt-ws-thelis\/site-1\/images\/527\/pict_2_5.jpg\" \n                        alt=\"Natura Oc\u00e9ane &#8211; Quartier pi\u00e9ton &#8211; 4Pers 2Ch 27m2\"\n                        loading=\"lazy\"\n                    >\n                                <\/figure>\n\n            \n        \n            \n            \n\n            <figure \n                class=\"wp-block-image swiper-slide\" \n                data-image-index=\"5\"\n            >\n                                    <img decoding=\"async\" \n                                                src=\"https:\/\/www.le-cabellou-plage.com\/wp-content\/uploads\/gt-ws-thelis\/site-1\/images\/527\/pict_2_6.jpg\" \n                        alt=\"Natura Oc\u00e9ane &#8211; Quartier pi\u00e9ton &#8211; 4Pers 2Ch 27m2\"\n                        loading=\"lazy\"\n                    >\n                                <\/figure>\n\n            \n        \n            \n            \n\n            <figure \n                class=\"wp-block-image swiper-slide\" \n                data-image-index=\"6\"\n            >\n                                    <img decoding=\"async\" \n                                                src=\"https:\/\/www.le-cabellou-plage.com\/wp-content\/uploads\/gt-ws-thelis\/site-1\/images\/527\/pict_2_7.jpg\" \n                        alt=\"Natura Oc\u00e9ane &#8211; Quartier pi\u00e9ton &#8211; 4Pers 2Ch 27m2\"\n                        loading=\"lazy\"\n                    >\n                                <\/figure>\n\n            \n        \n        \n            <\/div>\n            <div class=\"swiper-pagination\"><\/div>\n            <div class=\"swiper-button-prev\"><\/div>\n            <div class=\"swiper-button-next\"><\/div>\n        <\/div>\n        <\/div>\n\n\n<div class=\"wp-block-group bottom-card has-global-padding is-layout-constrained wp-container-core-group-is-layout-306daf7c wp-block-group-is-layout-constrained\" style=\"padding-top:0;padding-right:var(--wp--preset--spacing--10);padding-bottom:0;padding-left:var(--wp--preset--spacing--10)\">\n<p><\/p>\n\n\n\n<div class=\"wp-block-group gt-hebergement-foot is-layout-flow wp-container-core-group-is-layout-a77db08e wp-block-group-is-layout-flow\">\n<div class=\"wp-block-group is-content-justification-right is-layout-flex wp-container-core-group-is-layout-2c452c4e wp-block-group-is-layout-flex\" style=\"margin-top:0;margin-bottom:var(--wp--preset--spacing--20)\">\n<div class=\"wp-block-group hebergement-info is-vertical is-nowrap is-layout-flex wp-container-core-group-is-layout-3536e24b wp-block-group-is-layout-flex\">\n\n\n<div class=\"wp-block-gt-gt-ws-thelis-product-capacity\">\n            <img decoding=\"async\" src=\"https:\/\/www.le-cabellou-plage.com\/wp-content\/uploads\/2025\/01\/groupe.svg\" alt=\"Icon\" class=\"gt-icon\" \/> \n        4                 <\/div><\/div>\n\n\n\n<div class=\"wp-block-group hebergement-info is-vertical is-nowrap is-layout-flex wp-container-core-group-is-layout-3536e24b wp-block-group-is-layout-flex\">\n<div class=\"wp-block-gt-gt-ws-thelis-product-room\">\n            <img decoding=\"async\" src=\"https:\/\/www.le-cabellou-plage.com\/wp-content\/uploads\/2025\/02\/bed-1.svg\" alt=\"Icon\" class=\"gt-icon\" \/> \n        2                <\/div><\/div>\n\n\n\n<div class=\"wp-block-group hebergement-info is-vertical is-nowrap is-layout-flex wp-container-core-group-is-layout-3536e24b wp-block-group-is-layout-flex\">\n<div class=\"wp-block-gt-gt-ws-thelis-product-surface\">\n\n           <img decoding=\"async\" src=\"https:\/\/www.le-cabellou-plage.com\/wp-content\/uploads\/2025\/01\/surface-1.svg\" alt=\"Icon\" class=\"gt-icon\" \/> \n       \n        27m\u00b2\n<\/div><\/div>\n\n\n\n<div class=\"wp-block-group hebergement-info is-vertical is-nowrap is-layout-flex wp-container-core-group-is-layout-3536e24b wp-block-group-is-layout-flex\">\n<div class=\"wp-block-gt-gt-ws-thelis-product-bathroom\">\n            <img decoding=\"async\" src=\"https:\/\/www.le-cabellou-plage.com\/wp-content\/uploads\/2025\/03\/shower-2.svg\" alt=\"Icon\" class=\"gt-icon\" \/>\n        1                 <\/div><\/div>\n<\/div>\n<\/div>\n\n\n\n<div class=\"wp-block-group gt-hebergement-content has-base-2-color has-text-color has-link-color has-josefin-sans-font-family wp-elements-1dc5fd54dc8763551e0a213ad89aa8e4 is-content-justification-center is-nowrap is-layout-flex wp-container-core-group-is-layout-9c5e87ae wp-block-group-is-layout-flex\" style=\"padding-top:var(--wp--preset--spacing--10);padding-right:0;padding-bottom:var(--wp--preset--spacing--10);padding-left:var(--wp--preset--spacing--10);font-size:clamp(0.875rem, 0.875rem + ((1vw - 0.2rem) * 0.305), 1.1rem);\">\n<div class=\"wp-block-group has-global-padding is-content-justification-left is-layout-constrained wp-container-core-group-is-layout-12dd3699 wp-block-group-is-layout-constrained\"><p style=\"font-size:clamp(0.984rem, 0.984rem + ((1vw - 0.2rem) * 0.7), 1.5rem);\" class=\"wp-elements-8408685baa51903f439fde5025ccd007 wp-block-gt-gt-ws-thelis-product-name has-text-color has-base-2-color\">\n    Natura Oc\u00e9ane &#8211; Quartier pi\u00e9ton &#8211; 4Pers 2Ch 27m2<\/p>\n<\/div>\n\n\n\n<div class=\"wp-block-group link-hebergement has-global-padding is-layout-constrained wp-container-core-group-is-layout-f078265f wp-block-group-is-layout-constrained\" style=\"padding-right:0\"><a class=\"wp-elements-f3cb0fc3943cf1d9a6f084690632ba68 wp-block-read-more has-text-color has-custom-color-2-color\" href=\"https:\/\/www.le-cabellou-plage.com\/de\/hebergement\/confort-oceane-quartier-pieton-4pers-2ch-27m2\/\" target=\"_blank\">D\u00e9couvrir<span class=\"screen-reader-text\">: Natura Oc\u00e9ane &#8211; Quartier pi\u00e9ton &#8211; 4Pers 2Ch 27m2<\/span><\/a><\/div>\n<\/div>\n\n\n\n<div class=\"wp-block-group is-horizontal is-content-justification-space-between is-nowrap is-layout-flex wp-container-core-group-is-layout-f5091a2d wp-block-group-is-layout-flex\" style=\"padding-right:var(--wp--preset--spacing--20);padding-left:var(--wp--preset--spacing--20)\">    \n\t<div\n\t\tclass=\"wp-block-gt-gt-ws-thelis-disponibilites\"\t\tdata-wp-interactive=\"gt\/thelis\"\n\t\tdata-wp-watch=\"actions.loadStays\"\n\t\tdata-wp-bind--data-gt-statut=\"state.statut\"\n\t\tdata-wp-key=\"2+527-69f462945b9f3\"\n\t\tdata-wp-context='{\"idsProduct\":\"2+527\",\"idProduct\":\"2\",\"campingKey\":\"527\",\"isIndisponible\":true}'\t>\n\n\t\t\t\t\t<div hidden class=\"gt-ws-thelis-spinner\" data-wp-bind--hidden=\"!state.isLoading\">\n\t\t\t\t<span class=\"loader\"><\/span>\n\t\t\t<\/div>\n\t\t\n\n\t\t<div data-wp-bind--hidden=\"state.isLoading\" class=\"gt-ws-thelis-disponibilite-wrap\">\n\n\t\t\t\n\t\t\t\t\t\n\t\t\t\t<div hidden \n\t\t\t\t\tclass=\"gt-ws-thelis__disponibilite__price\"\n\t\t\t\t\tdata-wp-bind--hidden=\"!state.price\"\n\t\t\t\t>\n\t\t\t\t\t<span>\u00c0 partir de <\/span>\n\t\t\t\t\t<span hidden class=\"gt-ws-thelis__disponibilite__price__original\" data-wp-bind--hidden=\"!state.hasPromo\">\n\t\t\t\t\t\t<strike><span data-wp-text=\"state.originalPrice\"><\/span>\u20ac<\/strike>\n\t\t\t\t\t<\/span>\n\t\t\t\t\t<span class=\"gt-ws-thelis__disponibilite__price__discounted\">\n\t\t\t\t\t\t<span data-wp-bind--data-gt-price=\"state.price\" class=\"gt-ws-thelis-data-price\" data-wp-text=\"state.price\"><\/span>\u20ac\n\t\t\t\t\t<\/span>\n\t\t\t\t<\/div>\n\t\t\t\n\t\t\t\n\t\t\t\n\t\t\t\n\t\t<\/div>\n\n\t<\/div>\n\n    \n\n    \n\t<div\n\t\tclass=\"statut-dispo wp-block-gt-gt-ws-thelis-disponibilites\"\t\tdata-wp-interactive=\"gt\/thelis\"\n\t\tdata-wp-watch=\"actions.loadStays\"\n\t\tdata-wp-bind--data-gt-statut=\"state.statut\"\n\t\tdata-wp-key=\"2+527-69f462945ba87\"\n\t\tdata-wp-context='{\"idsProduct\":\"2+527\",\"idProduct\":\"2\",\"campingKey\":\"527\",\"isIndisponible\":true}'\t>\n\n\t\t\t\t\t<div hidden class=\"gt-ws-thelis-spinner\" data-wp-bind--hidden=\"!state.isLoading\">\n\t\t\t\t<span class=\"loader\"><\/span>\n\t\t\t<\/div>\n\t\t\n\n\t\t<div data-wp-bind--hidden=\"state.isLoading\" class=\"gt-ws-thelis-disponibilite-wrap\">\n\n\t\t\t\t\t\t\t\t\t\t\t\t\t<div class=\"gt-ws-thelis-statut\" data-wp-text=\"state.titre\"><\/div>\n\t\t\t\t\t\t\t\t\n\t\t\t\n\t\t\t\n\t\t\t\n\t\t\t\n\t\t<\/div>\n\n\t<\/div>\n\n    <\/div>\n<\/div>\n\n<\/li><li data-gt-bathrooms=\"1\" data-gt-camping=\"527\" data-gt-capacity=\"5\" data-gt-criterions=\"&quot;[17,3222,7631]&quot;\" data-gt-post-id=\"21112\" data-gt-rooms=\"2\" data-gt-surfaces=\"25\" data-gt-types=\"Mobilheime,location\" data-gt-ws-camping=\"527\" data-wp-key=\"69f462945e2fd\" class=\"wp-block-post post-21112 hebergement type-hebergement status-publish has-post-thumbnail hentry\">\n\n<div \n    class=\"wp-block-gt-gt-ws-thelis-product-images\"    data-wp-interactive=\"gt\/thelis\/hebergement\/image\"\n    data-gallery-images='[&quot;https:\\\/\\\/www.le-cabellou-plage.com\\\/wp-content\\\/uploads\\\/gt-ws-thelis\\\/site-1\\\/images\\\/527\\\/pict_7_1.jpg&quot;,&quot;https:\\\/\\\/www.le-cabellou-plage.com\\\/wp-content\\\/uploads\\\/gt-ws-thelis\\\/site-1\\\/images\\\/527\\\/pict_7_2.jpg&quot;,&quot;https:\\\/\\\/www.le-cabellou-plage.com\\\/wp-content\\\/uploads\\\/gt-ws-thelis\\\/site-1\\\/images\\\/527\\\/pict_7_5.jpg&quot;,&quot;https:\\\/\\\/www.le-cabellou-plage.com\\\/wp-content\\\/uploads\\\/gt-ws-thelis\\\/site-1\\\/images\\\/527\\\/pict_7_6.jpg&quot;,&quot;https:\\\/\\\/www.le-cabellou-plage.com\\\/wp-content\\\/uploads\\\/gt-ws-thelis\\\/site-1\\\/images\\\/527\\\/pict_7_3.jpg&quot;,&quot;https:\\\/\\\/www.le-cabellou-plage.com\\\/wp-content\\\/uploads\\\/gt-ws-thelis\\\/site-1\\\/images\\\/527\\\/pict_7_4.jpg&quot;,&quot;https:\\\/\\\/www.le-cabellou-plage.com\\\/wp-content\\\/uploads\\\/gt-ws-thelis\\\/site-1\\\/images\\\/527\\\/pict_7_7.jpg&quot;]'\n    data-wp-context='{\"images\":[\"https:\\\/\\\/www.le-cabellou-plage.com\\\/wp-content\\\/uploads\\\/gt-ws-thelis\\\/site-1\\\/images\\\/527\\\/pict_7_1.jpg\",\"https:\\\/\\\/www.le-cabellou-plage.com\\\/wp-content\\\/uploads\\\/gt-ws-thelis\\\/site-1\\\/images\\\/527\\\/pict_7_2.jpg\",\"https:\\\/\\\/www.le-cabellou-plage.com\\\/wp-content\\\/uploads\\\/gt-ws-thelis\\\/site-1\\\/images\\\/527\\\/pict_7_5.jpg\",\"https:\\\/\\\/www.le-cabellou-plage.com\\\/wp-content\\\/uploads\\\/gt-ws-thelis\\\/site-1\\\/images\\\/527\\\/pict_7_6.jpg\",\"https:\\\/\\\/www.le-cabellou-plage.com\\\/wp-content\\\/uploads\\\/gt-ws-thelis\\\/site-1\\\/images\\\/527\\\/pict_7_3.jpg\",\"https:\\\/\\\/www.le-cabellou-plage.com\\\/wp-content\\\/uploads\\\/gt-ws-thelis\\\/site-1\\\/images\\\/527\\\/pict_7_4.jpg\",\"https:\\\/\\\/www.le-cabellou-plage.com\\\/wp-content\\\/uploads\\\/gt-ws-thelis\\\/site-1\\\/images\\\/527\\\/pict_7_7.jpg\"],\"jsonConfig\":{\"speed\":400,\"spaceBetween\":16,\"slidesPerView\":1,\"loop\":true,\"breakpoints\":[{\"slidesPerView\":1}],\"pagination\":false,\"effect\":\"fade\",\"autoplay\":{\"delay\":2500}},\"sliderId\":\"69f462945be2c\"}'>\n            <div \n            id=\"69f462945be2c\"\n            class=\"gt-ws-thelis-is-slider swiper\" \n            data-swiper='{\"speed\":400,\"spaceBetween\":16,\"slidesPerView\":1,\"loop\":true,\"breakpoints\":[{\"slidesPerView\":1}],\"pagination\":false,\"effect\":\"fade\",\"autoplay\":{\"delay\":2500}}'\n            data-wp-key=\"21112660ce1da78d7ac15e03706f31ece0088\"\n            data-wp-run=\"callbacks.resetSwiper\"\n            data-wp-on--mouseover=\"callbacks.resetSwiper\"\n        >\n        <div class=\"swiper-wrapper\">\n                \n            \n            \n\n            <figure \n                class=\"wp-block-image swiper-slide\" \n                data-image-index=\"0\"\n            >\n                                    <img decoding=\"async\" \n                                                src=\"https:\/\/www.le-cabellou-plage.com\/wp-content\/uploads\/gt-ws-thelis\/site-1\/images\/527\/pict_7_1.jpg\" \n                        alt=\"Confort+ Belle Ile 4\/5 Pers 2 Ch 25m2\"\n                        loading=\"lazy\"\n                    >\n                                <\/figure>\n\n            \n        \n            \n            \n\n            <figure \n                class=\"wp-block-image swiper-slide\" \n                data-image-index=\"1\"\n            >\n                                    <img decoding=\"async\" \n                                                src=\"https:\/\/www.le-cabellou-plage.com\/wp-content\/uploads\/gt-ws-thelis\/site-1\/images\/527\/pict_7_2.jpg\" \n                        alt=\"Confort+ Belle Ile 4\/5 Pers 2 Ch 25m2\"\n                        loading=\"lazy\"\n                    >\n                                <\/figure>\n\n            \n        \n            \n            \n\n            <figure \n                class=\"wp-block-image swiper-slide\" \n                data-image-index=\"2\"\n            >\n                                    <img decoding=\"async\" \n                                                src=\"https:\/\/www.le-cabellou-plage.com\/wp-content\/uploads\/gt-ws-thelis\/site-1\/images\/527\/pict_7_3.jpg\" \n                        alt=\"Confort+ Belle Ile 4\/5 Pers 2 Ch 25m2\"\n                        loading=\"lazy\"\n                    >\n                                <\/figure>\n\n            \n        \n            \n            \n\n            <figure \n                class=\"wp-block-image swiper-slide\" \n                data-image-index=\"3\"\n            >\n                                    <img decoding=\"async\" \n                                                src=\"https:\/\/www.le-cabellou-plage.com\/wp-content\/uploads\/gt-ws-thelis\/site-1\/images\/527\/pict_7_4.jpg\" \n                        alt=\"Confort+ Belle Ile 4\/5 Pers 2 Ch 25m2\"\n                        loading=\"lazy\"\n                    >\n                                <\/figure>\n\n            \n        \n            \n            \n\n            <figure \n                class=\"wp-block-image swiper-slide\" \n                data-image-index=\"4\"\n            >\n                                    <img decoding=\"async\" \n                                                src=\"https:\/\/www.le-cabellou-plage.com\/wp-content\/uploads\/gt-ws-thelis\/site-1\/images\/527\/pict_7_5.jpg\" \n                        alt=\"Confort+ Belle Ile 4\/5 Pers 2 Ch 25m2\"\n                        loading=\"lazy\"\n                    >\n                                <\/figure>\n\n            \n        \n            \n            \n\n            <figure \n                class=\"wp-block-image swiper-slide\" \n                data-image-index=\"5\"\n            >\n                                    <img decoding=\"async\" \n                                                src=\"https:\/\/www.le-cabellou-plage.com\/wp-content\/uploads\/gt-ws-thelis\/site-1\/images\/527\/pict_7_6.jpg\" \n                        alt=\"Confort+ Belle Ile 4\/5 Pers 2 Ch 25m2\"\n                        loading=\"lazy\"\n                    >\n                                <\/figure>\n\n            \n        \n            \n            \n\n            <figure \n                class=\"wp-block-image swiper-slide\" \n                data-image-index=\"6\"\n            >\n                                    <img decoding=\"async\" \n                                                src=\"https:\/\/www.le-cabellou-plage.com\/wp-content\/uploads\/gt-ws-thelis\/site-1\/images\/527\/pict_7_7.jpg\" \n                        alt=\"Confort+ Belle Ile 4\/5 Pers 2 Ch 25m2\"\n                        loading=\"lazy\"\n                    >\n                                <\/figure>\n\n            \n        \n        \n            <\/div>\n            <div class=\"swiper-pagination\"><\/div>\n            <div class=\"swiper-button-prev\"><\/div>\n            <div class=\"swiper-button-next\"><\/div>\n        <\/div>\n        <\/div>\n\n\n<div class=\"wp-block-group bottom-card has-global-padding is-layout-constrained wp-container-core-group-is-layout-306daf7c wp-block-group-is-layout-constrained\" style=\"padding-top:0;padding-right:var(--wp--preset--spacing--10);padding-bottom:0;padding-left:var(--wp--preset--spacing--10)\">\n<p><\/p>\n\n\n\n<div class=\"wp-block-group gt-hebergement-foot is-layout-flow wp-container-core-group-is-layout-a77db08e wp-block-group-is-layout-flow\">\n<div class=\"wp-block-group is-content-justification-right is-layout-flex wp-container-core-group-is-layout-2c452c4e wp-block-group-is-layout-flex\" style=\"margin-top:0;margin-bottom:var(--wp--preset--spacing--20)\">\n<div class=\"wp-block-group hebergement-info is-vertical is-nowrap is-layout-flex wp-container-core-group-is-layout-3536e24b wp-block-group-is-layout-flex\">\n\n\n<div class=\"wp-block-gt-gt-ws-thelis-product-capacity\">\n            <img decoding=\"async\" src=\"https:\/\/www.le-cabellou-plage.com\/wp-content\/uploads\/2025\/01\/groupe.svg\" alt=\"Icon\" class=\"gt-icon\" \/> \n        5                 <\/div><\/div>\n\n\n\n<div class=\"wp-block-group hebergement-info is-vertical is-nowrap is-layout-flex wp-container-core-group-is-layout-3536e24b wp-block-group-is-layout-flex\">\n<div class=\"wp-block-gt-gt-ws-thelis-product-room\">\n            <img decoding=\"async\" src=\"https:\/\/www.le-cabellou-plage.com\/wp-content\/uploads\/2025\/02\/bed-1.svg\" alt=\"Icon\" class=\"gt-icon\" \/> \n        2                <\/div><\/div>\n\n\n\n<div class=\"wp-block-group hebergement-info is-vertical is-nowrap is-layout-flex wp-container-core-group-is-layout-3536e24b wp-block-group-is-layout-flex\">\n<div class=\"wp-block-gt-gt-ws-thelis-product-surface\">\n\n           <img decoding=\"async\" src=\"https:\/\/www.le-cabellou-plage.com\/wp-content\/uploads\/2025\/01\/surface-1.svg\" alt=\"Icon\" class=\"gt-icon\" \/> \n       \n        25m\u00b2\n<\/div><\/div>\n\n\n\n<div class=\"wp-block-group hebergement-info is-vertical is-nowrap is-layout-flex wp-container-core-group-is-layout-3536e24b wp-block-group-is-layout-flex\">\n<div class=\"wp-block-gt-gt-ws-thelis-product-bathroom\">\n            <img decoding=\"async\" src=\"https:\/\/www.le-cabellou-plage.com\/wp-content\/uploads\/2025\/03\/shower-2.svg\" alt=\"Icon\" class=\"gt-icon\" \/>\n        1                 <\/div><\/div>\n<\/div>\n<\/div>\n\n\n\n<div class=\"wp-block-group gt-hebergement-content has-base-2-color has-text-color has-link-color has-josefin-sans-font-family wp-elements-1dc5fd54dc8763551e0a213ad89aa8e4 is-content-justification-center is-nowrap is-layout-flex wp-container-core-group-is-layout-9c5e87ae wp-block-group-is-layout-flex\" style=\"padding-top:var(--wp--preset--spacing--10);padding-right:0;padding-bottom:var(--wp--preset--spacing--10);padding-left:var(--wp--preset--spacing--10);font-size:clamp(0.875rem, 0.875rem + ((1vw - 0.2rem) * 0.305), 1.1rem);\">\n<div class=\"wp-block-group has-global-padding is-content-justification-left is-layout-constrained wp-container-core-group-is-layout-12dd3699 wp-block-group-is-layout-constrained\"><p style=\"font-size:clamp(0.984rem, 0.984rem + ((1vw - 0.2rem) * 0.7), 1.5rem);\" class=\"wp-elements-8408685baa51903f439fde5025ccd007 wp-block-gt-gt-ws-thelis-product-name has-text-color has-base-2-color\">\n    Confort+ Belle Ile 4\/5 Pers 2 Ch 25m2<\/p>\n<\/div>\n\n\n\n<div class=\"wp-block-group link-hebergement has-global-padding is-layout-constrained wp-container-core-group-is-layout-f078265f wp-block-group-is-layout-constrained\" style=\"padding-right:0\"><a class=\"wp-elements-f3cb0fc3943cf1d9a6f084690632ba68 wp-block-read-more has-text-color has-custom-color-2-color\" href=\"https:\/\/www.le-cabellou-plage.com\/de\/hebergement\/confort-belle-ile-4-5-pers-2-ch-25m2\/\" target=\"_blank\">D\u00e9couvrir<span class=\"screen-reader-text\">: Confort+ Belle Ile 4\/5 Pers 2 Ch 25m2<\/span><\/a><\/div>\n<\/div>\n\n\n\n<div class=\"wp-block-group is-horizontal is-content-justification-space-between is-nowrap is-layout-flex wp-container-core-group-is-layout-f5091a2d wp-block-group-is-layout-flex\" style=\"padding-right:var(--wp--preset--spacing--20);padding-left:var(--wp--preset--spacing--20)\">    \n\t<div\n\t\tclass=\"wp-block-gt-gt-ws-thelis-disponibilites\"\t\tdata-wp-interactive=\"gt\/thelis\"\n\t\tdata-wp-watch=\"actions.loadStays\"\n\t\tdata-wp-bind--data-gt-statut=\"state.statut\"\n\t\tdata-wp-key=\"7+527-69f462945cad4\"\n\t\tdata-wp-context='{\"idsProduct\":\"7+527\",\"idProduct\":\"7\",\"campingKey\":\"527\",\"isIndisponible\":true}'\t>\n\n\t\t\t\t\t<div hidden class=\"gt-ws-thelis-spinner\" data-wp-bind--hidden=\"!state.isLoading\">\n\t\t\t\t<span class=\"loader\"><\/span>\n\t\t\t<\/div>\n\t\t\n\n\t\t<div data-wp-bind--hidden=\"state.isLoading\" class=\"gt-ws-thelis-disponibilite-wrap\">\n\n\t\t\t\n\t\t\t\t\t\n\t\t\t\t<div hidden \n\t\t\t\t\tclass=\"gt-ws-thelis__disponibilite__price\"\n\t\t\t\t\tdata-wp-bind--hidden=\"!state.price\"\n\t\t\t\t>\n\t\t\t\t\t<span>\u00c0 partir de <\/span>\n\t\t\t\t\t<span hidden class=\"gt-ws-thelis__disponibilite__price__original\" data-wp-bind--hidden=\"!state.hasPromo\">\n\t\t\t\t\t\t<strike><span data-wp-text=\"state.originalPrice\"><\/span>\u20ac<\/strike>\n\t\t\t\t\t<\/span>\n\t\t\t\t\t<span class=\"gt-ws-thelis__disponibilite__price__discounted\">\n\t\t\t\t\t\t<span data-wp-bind--data-gt-price=\"state.price\" class=\"gt-ws-thelis-data-price\" data-wp-text=\"state.price\"><\/span>\u20ac\n\t\t\t\t\t<\/span>\n\t\t\t\t<\/div>\n\t\t\t\n\t\t\t\n\t\t\t\n\t\t\t\n\t\t<\/div>\n\n\t<\/div>\n\n    \n\n    \n\t<div\n\t\tclass=\"statut-dispo wp-block-gt-gt-ws-thelis-disponibilites\"\t\tdata-wp-interactive=\"gt\/thelis\"\n\t\tdata-wp-watch=\"actions.loadStays\"\n\t\tdata-wp-bind--data-gt-statut=\"state.statut\"\n\t\tdata-wp-key=\"7+527-69f462945cb69\"\n\t\tdata-wp-context='{\"idsProduct\":\"7+527\",\"idProduct\":\"7\",\"campingKey\":\"527\",\"isIndisponible\":true}'\t>\n\n\t\t\t\t\t<div hidden class=\"gt-ws-thelis-spinner\" data-wp-bind--hidden=\"!state.isLoading\">\n\t\t\t\t<span class=\"loader\"><\/span>\n\t\t\t<\/div>\n\t\t\n\n\t\t<div data-wp-bind--hidden=\"state.isLoading\" class=\"gt-ws-thelis-disponibilite-wrap\">\n\n\t\t\t\t\t\t\t\t\t\t\t\t\t<div class=\"gt-ws-thelis-statut\" data-wp-text=\"state.titre\"><\/div>\n\t\t\t\t\t\t\t\t\n\t\t\t\n\t\t\t\n\t\t\t\n\t\t\t\n\t\t<\/div>\n\n\t<\/div>\n\n    <\/div>\n<\/div>\n\n<\/li><\/ul><\/div>\n<\/div>\n<\/div>\n<\/div>\n<\/div>\n\n\n\n<div class=\"wp-block-buttons is-content-justification-center is-layout-flex wp-container-core-buttons-is-layout-e511ce0b wp-block-buttons-is-layout-flex\" style=\"margin-top:var(--wp--preset--spacing--30);margin-bottom:var(--wp--preset--spacing--30)\">\n<div class=\"wp-block-button\"><a class=\"wp-block-button__link wp-element-button\" href=\"https:\/\/www.le-cabellou-plage.com\/de\/vermietung-mobilheime-bretagne\/\">Entdecken Sie alle unsere Mobilheime<\/a><\/div>\n<\/div>\n<\/section>\n\n<section class=\"wp-block-group home-second page-third has-custom-color-2-background-color has-background is-layout-flow wp-block-group-is-layout-flow\" style=\"margin-top:0;padding-bottom:var(--wp--preset--spacing--30)\">\n<div class=\"wp-block-columns gt-reverse-mobile is-layout-flex wp-container-core-columns-is-layout-28f84493 wp-block-columns-is-layout-flex\">\n<div class=\"wp-block-column left animated fadeIn delay-100ms slow is-layout-flow wp-block-column-is-layout-flow\">\n<div data-swiper=\"{&quot;speed&quot;:400,&quot;spaceBetween&quot;:30,&quot;slidesPerView&quot;:1,&quot;createElements&quot;:true,&quot;loop&quot;:true,&quot;breakpoints&quot;:{&quot;0&quot;:{&quot;slidesPerView&quot;:1},&quot;380&quot;:[]},&quot;pagination&quot;:false,&quot;navigation&quot;:false,&quot;effect&quot;:&quot;fade&quot;}\" class=\"wp-block-group gt-is-slider gt-is-slider-desktop is-layout-flow wp-block-group-is-layout-flow\">\n<div class=\"wp-block-group is-layout-flow wp-block-group-is-layout-flow\">\n<figure class=\"wp-block-image size-full\"><img decoding=\"async\" width=\"760\" height=\"479\" src=\"https:\/\/www.le-cabellou-plage.com\/wp-content\/uploads\/2025\/01\/camping-avec-parc-aquatique-a-proximite-de-benodet-en-finistere.webp\" alt=\"Campingplatz mit Wasserpark in der N&#xE4;he von Benodet in Finistere\" class=\"wp-image-15210\" srcset=\"https:\/\/www.le-cabellou-plage.com\/wp-content\/uploads\/2025\/01\/camping-avec-parc-aquatique-a-proximite-de-benodet-en-finistere.webp 760w, https:\/\/www.le-cabellou-plage.com\/wp-content\/uploads\/2025\/01\/camping-avec-parc-aquatique-a-proximite-de-benodet-en-finistere-300x189.webp 300w\" sizes=\"(max-width: 760px) 100vw, 760px\" \/><\/figure>\n<\/div>\n\n\n\n<div class=\"wp-block-group is-layout-flow wp-block-group-is-layout-flow\">\n<figure class=\"wp-block-image size-full\"><img decoding=\"async\" width=\"760\" height=\"479\" src=\"https:\/\/www.le-cabellou-plage.com\/wp-content\/uploads\/2025\/01\/camping-avec-parc-aquatique-pres-de-benodet.webp\" alt=\"Campingplatz mit Wasserpark in der N&#xE4;he von Benodet\" class=\"wp-image-15215\" srcset=\"https:\/\/www.le-cabellou-plage.com\/wp-content\/uploads\/2025\/01\/camping-avec-parc-aquatique-pres-de-benodet.webp 760w, https:\/\/www.le-cabellou-plage.com\/wp-content\/uploads\/2025\/01\/camping-avec-parc-aquatique-pres-de-benodet-300x189.webp 300w\" sizes=\"(max-width: 760px) 100vw, 760px\" \/><\/figure>\n<\/div>\n\n\n\n<div class=\"wp-block-group is-layout-flow wp-block-group-is-layout-flow\">\n<figure class=\"wp-block-image size-full\"><img decoding=\"async\" width=\"760\" height=\"479\" src=\"https:\/\/www.le-cabellou-plage.com\/wp-content\/uploads\/2025\/01\/toboggans-du-parc-aquatique.webp\" alt=\"Rutschen im Wasserpark\" class=\"wp-image-15219\" srcset=\"https:\/\/www.le-cabellou-plage.com\/wp-content\/uploads\/2025\/01\/toboggans-du-parc-aquatique.webp 760w, https:\/\/www.le-cabellou-plage.com\/wp-content\/uploads\/2025\/01\/toboggans-du-parc-aquatique-300x189.webp 300w\" sizes=\"(max-width: 760px) 100vw, 760px\" \/><\/figure>\n<\/div>\n\n\n\n<div class=\"wp-block-group is-layout-flow wp-block-group-is-layout-flow\">\n<figure class=\"wp-block-image size-full\"><img decoding=\"async\" width=\"760\" height=\"479\" src=\"https:\/\/www.le-cabellou-plage.com\/wp-content\/uploads\/2025\/01\/piscines-chauffees-endroit-ideal-pour-se-detendre.webp\" alt=\"beheizte Swimmingpools idealer Ort zum Entspannen\" class=\"wp-image-15223\" srcset=\"https:\/\/www.le-cabellou-plage.com\/wp-content\/uploads\/2025\/01\/piscines-chauffees-endroit-ideal-pour-se-detendre.webp 760w, https:\/\/www.le-cabellou-plage.com\/wp-content\/uploads\/2025\/01\/piscines-chauffees-endroit-ideal-pour-se-detendre-300x189.webp 300w\" sizes=\"(max-width: 760px) 100vw, 760px\" \/><\/figure>\n<\/div>\n\n\n\n<div class=\"wp-block-group is-layout-flow wp-block-group-is-layout-flow\">\n<figure class=\"wp-block-image size-full\"><img decoding=\"async\" width=\"760\" height=\"479\" src=\"https:\/\/www.le-cabellou-plage.com\/wp-content\/uploads\/2025\/01\/kayak-activites-nautiques.webp\" alt=\"Kajak Wassersport\" class=\"wp-image-15227\" srcset=\"https:\/\/www.le-cabellou-plage.com\/wp-content\/uploads\/2025\/01\/kayak-activites-nautiques.webp 760w, https:\/\/www.le-cabellou-plage.com\/wp-content\/uploads\/2025\/01\/kayak-activites-nautiques-300x189.webp 300w\" sizes=\"(max-width: 760px) 100vw, 760px\" \/><\/figure>\n<\/div>\n<\/div>\n\n\n\n<div class=\"wp-block-buttons is-content-justification-center is-layout-flex wp-container-core-buttons-is-layout-916d4376 wp-block-buttons-is-layout-flex\" style=\"margin-top:6rem;margin-bottom:var(--wp--preset--spacing--30)\">\n<div class=\"wp-block-button\"><a class=\"wp-block-button__link wp-element-button\" href=\"https:\/\/www.le-cabellou-plage.com\/de\/campingplatz-wasserpark-bretagne\/\">Entdecken Sie den Wasserpark<\/a><\/div>\n<\/div>\n<\/div>\n\n\n\n<div class=\"wp-block-column is-vertically-aligned-top right is-layout-flow wp-block-column-is-layout-flow\" style=\"padding-top:2rem;padding-right:6rem;padding-left:var(--wp--preset--spacing--20)\">\n<div class=\"wp-block-group gt-no-padding-mobile has-global-padding is-layout-constrained wp-container-core-group-is-layout-d2a9254a wp-block-group-is-layout-constrained\" style=\"padding-right:var(--wp--preset--spacing--60);padding-left:0\">\n<h2 class=\"wp-block-heading\"><strong>Campingplatz mit Wasserpark<\/strong> <br\/>in der N\u00e4he von B\u00e9nodet im Finist\u00e8re<\/h2>\n\n\n\n<p>Unser <strong>Campingplatz mit Wasserpark in der N\u00e4he von B\u00e9nodet<\/strong> ist der ideale Weg, um <strong>einen Urlaub im Finist\u00e8re zu genie\u00dfen<\/strong>. Der Campingplatz liegt in der N\u00e4he des <strong>Cabellou-Strandes in Concarneau<\/strong> und bietet mit seinen <strong>Wasserrutschen<\/strong> und dem <a href=\"https:\/\/www.le-cabellou-plage.com\/de\/campingplatz-wasserpark-bretagne\/\">Wasserpark<\/a> ein <strong>unvergessliches Erlebnis<\/strong>. Die <strong>beheizten Swimmingpools<\/strong> sind ein idealer Ort, um sich nach einem Tag voller Besichtigungen zu entspannen und die Zeit im Wasser zu genie\u00dfen. F\u00fcr Wassersportler gibt es viele M\u00f6glichkeiten zum <strong>Segeln<\/strong>, <strong>Kajakfahren<\/strong> oder <strong>Tauchen<\/strong> in B\u00e9nodet, das nur eine <strong>kurze Autofahrt entfernt ist<\/strong>. Dank der <strong>g\u00fcnstigen Lage in der N\u00e4he von B\u00e9nodet<\/strong> k\u00f6nnen die Besucher alle Attraktionen der Region, wie die vielen Restaurants und das Nachtleben, leicht erreichen.    <\/p>\n<\/div>\n\n\n\n<div class=\"wp-block-group bubbles is-nowrap is-layout-flex wp-container-core-group-is-layout-17c695da wp-block-group-is-layout-flex\">\n<div class=\"wp-block-group bubble is-layout-flow wp-block-group-is-layout-flow\">\n<figure class=\"wp-block-image size-full is-resized has-custom-border is-style-rounded animated fadeIn delay-3s is-style-rounded--9\"><img decoding=\"async\" width=\"760\" height=\"479\" src=\"https:\/\/www.le-cabellou-plage.com\/wp-content\/uploads\/2025\/01\/camping-avec-parc-aquatique-a-proximite-de-benodet-en-finistere.webp\" alt=\"Campingplatz mit Wasserpark in der N&#xE4;he von Benodet in Finistere\" class=\"wp-image-15210\" style=\"border-style:none;border-width:0px;border-radius:100%;object-fit:cover;width:90px;height:90px\" srcset=\"https:\/\/www.le-cabellou-plage.com\/wp-content\/uploads\/2025\/01\/camping-avec-parc-aquatique-a-proximite-de-benodet-en-finistere.webp 760w, https:\/\/www.le-cabellou-plage.com\/wp-content\/uploads\/2025\/01\/camping-avec-parc-aquatique-a-proximite-de-benodet-en-finistere-300x189.webp 300w\" sizes=\"(max-width: 760px) 100vw, 760px\" \/><\/figure>\n<\/div>\n\n\n\n<div class=\"wp-block-group bubble is-layout-flow wp-block-group-is-layout-flow\">\n<figure class=\"wp-block-image size-full is-resized has-custom-border is-style-rounded animated fadeIn delay-2s is-style-rounded--10\"><img decoding=\"async\" width=\"760\" height=\"479\" src=\"https:\/\/www.le-cabellou-plage.com\/wp-content\/uploads\/2025\/01\/camping-avec-parc-aquatique-pres-de-benodet.webp\" alt=\"Campingplatz mit Wasserpark in der N&#xE4;he von Benodet\" class=\"wp-image-15215\" style=\"border-style:none;border-width:0px;border-radius:100%;object-fit:cover;width:90px;height:90px\" srcset=\"https:\/\/www.le-cabellou-plage.com\/wp-content\/uploads\/2025\/01\/camping-avec-parc-aquatique-pres-de-benodet.webp 760w, https:\/\/www.le-cabellou-plage.com\/wp-content\/uploads\/2025\/01\/camping-avec-parc-aquatique-pres-de-benodet-300x189.webp 300w\" sizes=\"(max-width: 760px) 100vw, 760px\" \/><\/figure>\n<\/div>\n\n\n\n<div class=\"wp-block-group bubble is-layout-flow wp-block-group-is-layout-flow\">\n<figure class=\"wp-block-image size-full is-resized has-custom-border is-style-rounded animated fadeIn delay-1s is-style-rounded--11\"><img decoding=\"async\" width=\"760\" height=\"479\" src=\"https:\/\/www.le-cabellou-plage.com\/wp-content\/uploads\/2025\/01\/toboggans-du-parc-aquatique.webp\" alt=\"Rutschen im Wasserpark\" class=\"wp-image-15219\" style=\"border-style:none;border-width:0px;border-radius:100%;object-fit:cover;width:90px;height:90px\" srcset=\"https:\/\/www.le-cabellou-plage.com\/wp-content\/uploads\/2025\/01\/toboggans-du-parc-aquatique.webp 760w, https:\/\/www.le-cabellou-plage.com\/wp-content\/uploads\/2025\/01\/toboggans-du-parc-aquatique-300x189.webp 300w\" sizes=\"(max-width: 760px) 100vw, 760px\" \/><\/figure>\n<\/div>\n\n\n\n<div class=\"wp-block-group bubble is-layout-flow wp-block-group-is-layout-flow\">\n<figure class=\"wp-block-image size-full is-resized has-custom-border is-style-rounded animated fadeIn delay-500ms is-style-rounded--12\"><img decoding=\"async\" width=\"760\" height=\"479\" src=\"https:\/\/www.le-cabellou-plage.com\/wp-content\/uploads\/2025\/01\/piscines-chauffees-endroit-ideal-pour-se-detendre.webp\" alt=\"beheizte Swimmingpools idealer Ort zum Entspannen\" class=\"wp-image-15223\" style=\"border-style:none;border-width:0px;border-radius:100%;object-fit:cover;width:90px;height:90px\" srcset=\"https:\/\/www.le-cabellou-plage.com\/wp-content\/uploads\/2025\/01\/piscines-chauffees-endroit-ideal-pour-se-detendre.webp 760w, https:\/\/www.le-cabellou-plage.com\/wp-content\/uploads\/2025\/01\/piscines-chauffees-endroit-ideal-pour-se-detendre-300x189.webp 300w\" sizes=\"(max-width: 760px) 100vw, 760px\" \/><\/figure>\n<\/div>\n\n\n\n<div class=\"wp-block-group bubble is-layout-flow wp-block-group-is-layout-flow\">\n<figure class=\"wp-block-image size-full is-resized has-custom-border is-style-rounded animated fadeIn delay-200ms is-style-rounded--13\"><img decoding=\"async\" width=\"760\" height=\"479\" src=\"https:\/\/www.le-cabellou-plage.com\/wp-content\/uploads\/2025\/01\/kayak-activites-nautiques.webp\" alt=\"Kajak Wassersport\" class=\"wp-image-15227\" style=\"border-style:none;border-width:0px;border-radius:100%;object-fit:cover;width:90px;height:90px\" srcset=\"https:\/\/www.le-cabellou-plage.com\/wp-content\/uploads\/2025\/01\/kayak-activites-nautiques.webp 760w, https:\/\/www.le-cabellou-plage.com\/wp-content\/uploads\/2025\/01\/kayak-activites-nautiques-300x189.webp 300w\" sizes=\"(max-width: 760px) 100vw, 760px\" \/><\/figure>\n<\/div>\n<\/div>\n<\/div>\n<\/div>\n<\/section>\n\n<section class=\"wp-block-group page-fourth has-custom-color-3-background-color has-background is-layout-flow wp-block-group-is-layout-flow\" style=\"margin-top:0;padding-top:var(--wp--preset--spacing--30);padding-bottom:3rem\">\n<div class=\"wp-block-columns is-layout-flex wp-container-core-columns-is-layout-28f84493 wp-block-columns-is-layout-flex\">\n<div class=\"wp-block-column is-layout-flow wp-block-column-is-layout-flow\" style=\"flex-basis:40%\">\n<figure class=\"wp-block-image size-full animated fadeIn delay-100ms slow\"><img decoding=\"async\" width=\"688\" height=\"641\" src=\"https:\/\/www.le-cabellou-plage.com\/wp-content\/uploads\/2025\/01\/decouvrez-benodet-pendant-votre-sejour-en-camping.webp\" alt=\"Entdecken Sie Benodet w&#xE4;hrend Ihres Aufenthaltes auf dem Campingplatz.\" class=\"wp-image-15231\" srcset=\"https:\/\/www.le-cabellou-plage.com\/wp-content\/uploads\/2025\/01\/decouvrez-benodet-pendant-votre-sejour-en-camping.webp 688w, https:\/\/www.le-cabellou-plage.com\/wp-content\/uploads\/2025\/01\/decouvrez-benodet-pendant-votre-sejour-en-camping-300x280.webp 300w\" sizes=\"(max-width: 688px) 100vw, 688px\" \/><\/figure>\n<\/div>\n\n\n\n<div class=\"wp-block-column is-vertically-aligned-center is-layout-flow wp-block-column-is-layout-flow\" style=\"padding-right:2rem;padding-left:2rem;flex-basis:60%\">\n<div class=\"wp-block-group gt-no-padding-mobile is-layout-flow wp-block-group-is-layout-flow\" style=\"padding-right:15rem;padding-left:10rem\">\n<h2 class=\"wp-block-heading has-base-2-color has-text-color has-link-color wp-elements-fe3ba5fb245c7971c771de683cd2424d\" style=\"margin-bottom:var(--wp--preset--spacing--30)\"><strong>Entdecken Sie B\u00e9nodet<\/strong> <br\/>w\u00e4hrend Ihres Campingurlaubs.<\/h2>\n\n\n\n<p>Wenn Sie eine <strong>Campingreise nach B\u00e9nodet<\/strong> planen, gibt es <strong>viele Aktivit\u00e4ten<\/strong>, denen Sie nachgehen k\u00f6nnen. Tags\u00fcber k\u00f6nnen die Besucher die weiten Sandstr\u00e4nde genie\u00dfen und verschiedene Wassersportarten wie Segeln aus\u00fcben, aber auch schwimmen und sonnenbaden. Es gibt auch viele interessante Aktivit\u00e4ten im Freien, wie <strong>Kanufahren auf dem Fluss Odet<\/strong> oder <strong>Spazierg\u00e4nge in der Natur<\/strong> entlang der <strong>bretonischen K\u00fcste<\/strong>.  <\/p>\n\n\n\n<p>Urlauber genie\u00dfen es auch, <strong>den \u00f6rtlichen Fischereihafen zu erkunden<\/strong>, <strong>historische St\u00e4tten<\/strong> wie das Meeresmuseum <strong>zu besuchen<\/strong> und <strong>in den Restaurants<\/strong> die exquisite K\u00fcche mit Meeresfr\u00fcchten zu genie\u00dfen. <a href=\"https:\/\/www.le-cabellou-plage.com\/de\/willkommen-auf-dem-blog-von-le-cabellou-plage\/finistere-sud-de\/visiter-benodet\/\">B\u00e9nodet<\/a> ist ein ideales Reiseziel f\u00fcr alle, die ein aufregendes Campingerlebnis suchen.<\/p>\n<\/div>\n<\/div>\n<\/div>\n<\/section>\n\n<section class=\"wp-block-group page-maillage has-custom-color-2-background-color has-background has-global-padding is-layout-constrained wp-block-group-is-layout-constrained\" style=\"margin-top:0;margin-bottom:0;padding-top:var(--wp--preset--spacing--40);padding-bottom:var(--wp--preset--spacing--40)\">\n<div class=\"wp-block-group h1-like is-layout-flow wp-block-group-is-layout-flow\" style=\"margin-bottom:var(--wp--preset--spacing--50)\">\n<p class=\"has-bodidota-font-family\" style=\"font-size:clamp(47.79px, 2.987rem + ((1vw - 3.2px) * 3.916), 94px);line-height:0.8\">Entdecken Sie<\/p>\n\n\n\n<p class=\"has-custom-color-3-color has-text-color has-link-color has-north-wave-font-family wp-elements-1f0691eed73e0714703aeaa6a21677c8\" style=\"padding-left:var(--wp--preset--spacing--60);font-size:clamp(52.125px, 3.258rem + ((1vw - 3.2px) * 4.481), 105px);line-height:0.1\">unsere sch\u00f6ne Region<\/p>\n<\/div>\n\n\n\n<div class=\"wp-block-query is-layout-flow wp-block-query-is-layout-flow\"><ul class=\"columns-3 wp-block-post-template has-medium-font-size is-layout-grid wp-container-core-post-template-is-layout-572542b5 wp-block-post-template-is-layout-grid\"><li class=\"wp-block-post post-20930 page type-page status-publish has-post-thumbnail hentry\">\n\n<figure class=\"wp-block-image maillage-img\"><img decoding=\"async\" src=\"https:\/\/www.le-cabellou-plage.com\/wp-content\/uploads\/2025\/01\/camping-concarneau-cabellou-plage-resort-5-etoiles-cta.webp\" alt=\"campingplatz concarneau cabellou plage resort 5 sterne\"\/><\/figure>\n\n\n\n<div class=\"wp-block-group content-maillage has-global-padding is-layout-constrained wp-block-group-is-layout-constrained\">\n<p class=\"maillage-title has-base-2-color has-text-color has-link-color has-josefin-sans-font-family wp-elements-939842b9118177581784f7034ceeec07\" style=\"border-style:none;border-width:0px;border-radius:0px;font-size:clamp(0.875rem, 0.875rem + ((1vw - 0.2rem) * 0.576), 1.3rem);letter-spacing:1px;text-transform:uppercase\">Campingplatz Concarneau<\/p>\n<\/div>\n\n\n<a class=\"is-style-lien-cover wp-block-read-more\" href=\"https:\/\/www.le-cabellou-plage.com\/de\/campingplatz-concarneau-cabellou\/\" target=\"_self\">Read more<span class=\"screen-reader-text\">: Campingplatz Concarneau Cabellou<\/span><\/a>\n<\/li><li class=\"wp-block-post post-20918 page type-page status-publish has-post-thumbnail hentry\">\n\n<figure class=\"wp-block-image maillage-img\"><img decoding=\"async\" src=\"https:\/\/www.le-cabellou-plage.com\/wp-content\/uploads\/2025\/01\/camping-fouesnant-cabellou-plage-resort-5-etoiles-cta.webp\" alt=\"campingplatz fouesnant cabellou plage resort 5 sterne\"\/><\/figure>\n\n\n\n<div class=\"wp-block-group content-maillage has-global-padding is-layout-constrained wp-block-group-is-layout-constrained\">\n<p class=\"maillage-title has-base-2-color has-text-color has-link-color has-josefin-sans-font-family wp-elements-939842b9118177581784f7034ceeec07\" style=\"border-style:none;border-width:0px;border-radius:0px;font-size:clamp(0.875rem, 0.875rem + ((1vw - 0.2rem) * 0.576), 1.3rem);letter-spacing:1px;text-transform:uppercase\">Campingplatz Fouesnant<\/p>\n<\/div>\n\n\n<a class=\"is-style-lien-cover wp-block-read-more\" href=\"https:\/\/www.le-cabellou-plage.com\/de\/campingplatz-fouesnant\/\" target=\"_self\">Read more<span class=\"screen-reader-text\">: Campingplatz Fouesnant<\/span><\/a>\n<\/li><li class=\"wp-block-post post-20938 page type-page status-publish has-post-thumbnail hentry\">\n\n<figure class=\"wp-block-image maillage-img\"><img decoding=\"async\" src=\"https:\/\/www.le-cabellou-plage.com\/wp-content\/uploads\/2025\/01\/camping-pont-aven-cabellou-plage-resort-5-etoiles-cta.webp\" alt=\"campingplatz pont aven cabellou plage resort 5 Sterne\"\/><\/figure>\n\n\n\n<div class=\"wp-block-group content-maillage has-global-padding is-layout-constrained wp-block-group-is-layout-constrained\">\n<p class=\"maillage-title has-base-2-color has-text-color has-link-color has-josefin-sans-font-family wp-elements-939842b9118177581784f7034ceeec07\" style=\"border-style:none;border-width:0px;border-radius:0px;font-size:clamp(0.875rem, 0.875rem + ((1vw - 0.2rem) * 0.576), 1.3rem);letter-spacing:1px;text-transform:uppercase\">Campingplatz Pont-Aven<\/p>\n<\/div>\n\n\n<a class=\"is-style-lien-cover wp-block-read-more\" href=\"https:\/\/www.le-cabellou-plage.com\/de\/campingplatz-pont-aven\/\" target=\"_self\">Read more<span class=\"screen-reader-text\">: Campingplatz Pont Aven<\/span><\/a>\n<\/li><\/ul><\/div>\n<\/section>\n","protected":false},"excerpt":{"rendered":"<p>Campingplatz 25 km von B\u00e9nodetin der s\u00fcdlichen Bretagne Le Cabellou Plage, ein Campingplatz 25 km von B\u00e9nodet in der s\u00fcdlichen Bretagne, ist eine ausgezeichnete Option f\u00fcr Familien auf der Suche nach einem unvergesslichen Urlaubserlebnis. Unser Campingplatz Concarneau le Cabellou Plage bietet seinen G\u00e4sten eine Vielzahl von Unterkunftsm\u00f6glichkeiten. Der Campingplatz ist von \u00fcppigen W\u00e4ldern, H\u00fcgeln und [&hellip;]<\/p>\n","protected":false},"author":1,"featured_media":16450,"parent":0,"menu_order":0,"comment_status":"closed","ping_status":"closed","template":"","meta":{"_acf_changed":false,"_seopress_robots_primary_cat":"","_seopress_titles_title":"Campingplatz Benodet - Campingplatz S\u00fcd Bretagne Le Cabellou 5 Sterne Strand in Concarneau","_seopress_titles_desc":"Campingplatz Benodet - entdecken Sie den Jachthafen von Benodet in der N\u00e4he von Concarneau in der Bretagne, S\u00fcd-Finist\u00e8re.","_seopress_robots_index":"","inline_featured_image":false,"gt_fse_maillage_image":"https:\/\/www.le-cabellou-plage.com\/wp-content\/uploads\/2025\/01\/camping-benodet-cabellou-plage-resort-5-etoiles-cta.webp","gt_fse_maillage_titre":"Campingplatz B\u00e9nodet","gt_fse_maillage_alt":"campingplatz benodet cabellou plage resort 5 sterne","gt_fse_maillage_resume":"","footnotes":""},"categories":[],"tags":[],"class_list":["post-20934","page","type-page","status-publish","has-post-thumbnail","hentry"],"acf":[],"_links":{"self":[{"href":"https:\/\/www.le-cabellou-plage.com\/de\/wp-json\/wp\/v2\/pages\/20934","targetHints":{"allow":["GET"]}}],"collection":[{"href":"https:\/\/www.le-cabellou-plage.com\/de\/wp-json\/wp\/v2\/pages"}],"about":[{"href":"https:\/\/www.le-cabellou-plage.com\/de\/wp-json\/wp\/v2\/types\/page"}],"author":[{"embeddable":true,"href":"https:\/\/www.le-cabellou-plage.com\/de\/wp-json\/wp\/v2\/users\/1"}],"replies":[{"embeddable":true,"href":"https:\/\/www.le-cabellou-plage.com\/de\/wp-json\/wp\/v2\/comments?post=20934"}],"version-history":[{"count":7,"href":"https:\/\/www.le-cabellou-plage.com\/de\/wp-json\/wp\/v2\/pages\/20934\/revisions"}],"predecessor-version":[{"id":23177,"href":"https:\/\/www.le-cabellou-plage.com\/de\/wp-json\/wp\/v2\/pages\/20934\/revisions\/23177"}],"wp:featuredmedia":[{"embeddable":true,"href":"https:\/\/www.le-cabellou-plage.com\/de\/wp-json\/wp\/v2\/media\/16450"}],"wp:attachment":[{"href":"https:\/\/www.le-cabellou-plage.com\/de\/wp-json\/wp\/v2\/media?parent=20934"}],"wp:term":[{"taxonomy":"category","embeddable":true,"href":"https:\/\/www.le-cabellou-plage.com\/de\/wp-json\/wp\/v2\/categories?post=20934"},{"taxonomy":"post_tag","embeddable":true,"href":"https:\/\/www.le-cabellou-plage.com\/de\/wp-json\/wp\/v2\/tags?post=20934"}],"curies":[{"name":"wp","href":"https:\/\/api.w.org\/{rel}","templated":true}]}}