{"id":20878,"date":"2025-01-20T10:01:45","date_gmt":"2025-01-20T09:01:45","guid":{"rendered":"https:\/\/www.le-cabellou-plage.com\/camping-finistere\/"},"modified":"2025-03-05T12:23:18","modified_gmt":"2025-03-05T11:23:18","slug":"campingplatz-finistere","status":"publish","type":"page","link":"https:\/\/www.le-cabellou-plage.com\/de\/campingplatz-finistere\/","title":{"rendered":"Campingplatz Finist\u00e8re"},"content":{"rendered":"\n<section class=\"wp-block-group home-intro page-one has-custom-color-2-background-color has-background is-layout-flow wp-block-group-is-layout-flow\" style=\"padding-top:var(--wp--preset--spacing--40);padding-bottom:var(--wp--preset--spacing--30)\">\n<div class=\"wp-block-columns is-layout-flex wp-container-core-columns-is-layout-b0eedf20 wp-block-columns-is-layout-flex\" style=\"margin-top:1rem;margin-bottom:0\">\n<div class=\"wp-block-column is-layout-flow wp-block-column-is-layout-flow\" style=\"padding-right:2rem;padding-left:2rem;flex-basis:60%\">\n<div class=\"wp-block-group gt-no-padding-mobile is-layout-flow wp-block-group-is-layout-flow\" style=\"padding-right:10rem;padding-left:15rem\">\n<h1 class=\"wp-block-heading\">Campingplatz <strong>Finist\u00e8re<\/strong><\/h1>\n\n\n\n<h2 class=\"wp-block-heading\" style=\"padding-top:var(--wp--preset--spacing--30);text-transform:uppercase\">W\u00e4hlen Sie Ihren <strong>Campingplatz Finist\u00e8re<\/strong><\/h2>\n\n\n\n<p>Das Finist\u00e8re liegt im<strong>Westen der Bretagne<\/strong> und ist fast vollst\u00e4ndig vom Meer umgeben. Entlang der K\u00fcste finden Sie zahlreiche Campingpl\u00e4tze. <\/p>\n\n\n\n<p>Im <strong>S\u00fcden des Finist\u00e8re<\/strong>, <a href=\"https:\/\/www.le-cabellou-plage.com\/de\/\">in Concarneau, bietet Ihnen der Campingplatz du Cabellou Plage<\/a> einen <a href=\"https:\/\/www.le-cabellou-plage.com\/de\/camping-am-meer-bretagne\/\">direkten Zugang zum Strand von Belle Etoile<\/a>.<\/p>\n\n\n\n<p>Sie werden die abwechslungsreiche K\u00fcste mit ihren <strong>langen Str\u00e4nden<\/strong> und <strong>kleinen Buchten<\/strong> genie\u00dfen.<\/p>\n\n\n\n<h2 class=\"wp-block-heading\" style=\"padding-top:var(--wp--preset--spacing--30);text-transform:uppercase\"><strong>Die Unterk\u00fcnfte<\/strong> auf dem Campingplatz Finist\u00e8re<\/h2>\n\n\n\n<p>Fahren Sie mit Ihrem Zelt, Wohnwagen oder Wohnmobil auf den <strong>Campingplatz Finist\u00e8re<\/strong> und richten Sie sich auf unseren ca. 100m\u00b2 gro\u00dfen <a href=\"https:\/\/www.le-cabellou-plage.com\/de\/stellplatz-vermietung-bretagne\/\">Stellpl\u00e4tzen<\/a> mit Stromanschluss ein. F\u00fcr einen <strong>komfortablen Aufenthalt<\/strong> empfehlen wir Ihnen unsere <strong>Mobilheime mit 2 oder 3 Schlafzimmern<\/strong>.<\/p>\n\n\n\n<p>F\u00fcr Ihren Familienurlaub k\u00f6nnen Ihnen unsere <strong>Premium-Unterk\u00fcnfte<\/strong> ein zweites Badezimmer, ein Wohnzimmer mit Fernseher, eine K\u00fcche mit Geschirrsp\u00fcler und eine <strong>gro\u00dfe halb\u00fcberdachte Terrasse<\/strong> bieten.<\/p>\n<\/div>\n<\/div>\n\n\n\n<div class=\"wp-block-column animated fadeIn delay-100ms slow is-layout-flow wp-block-column-is-layout-flow\" style=\"padding-top:0em;flex-basis:40%\">\n<div data-swiper=\"{&quot;speed&quot;:400,&quot;spaceBetween&quot;:16,&quot;slidesPerView&quot;:1,&quot;createElements&quot;:true,&quot;loop&quot;:true,&quot;freemode&quot;:true,&quot;pagination&quot;:{&quot;el&quot;:&quot;.swiper-pagination&quot;,&quot;dynamicBullets&quot;:false},&quot;breakpoints&quot;:{&quot;0&quot;:{&quot;slidesPerView&quot;:1},&quot;380&quot;:[],&quot;1024&quot;:[]},&quot;navigation&quot;:false,&quot;effect&quot;:&quot;fade&quot;}\" class=\"wp-block-group gt-is-slider gt-is-slider-desktop has-global-padding is-layout-constrained wp-block-group-is-layout-constrained\">\n<figure class=\"wp-block-image size-full\"><img decoding=\"async\" width=\"686\" height=\"660\" src=\"https:\/\/www.le-cabellou-plage.com\/wp-content\/uploads\/2025\/02\/camping-finistere.webp\" alt=\"campingplatz finistere\" class=\"wp-image-16985\" srcset=\"https:\/\/www.le-cabellou-plage.com\/wp-content\/uploads\/2025\/02\/camping-finistere.webp 686w, https:\/\/www.le-cabellou-plage.com\/wp-content\/uploads\/2025\/02\/camping-finistere-300x289.webp 300w\" sizes=\"(max-width: 686px) 100vw, 686px\" \/><\/figure>\n\n\n\n<figure class=\"wp-block-image size-full\"><img decoding=\"async\" width=\"686\" height=\"660\" src=\"https:\/\/www.le-cabellou-plage.com\/wp-content\/uploads\/2025\/02\/acces-direct-a-la-plage-de-la-belle-etoile.webp\" alt=\"direkter Zugang zum Strand von La Belle Etoile\" class=\"wp-image-16990\" srcset=\"https:\/\/www.le-cabellou-plage.com\/wp-content\/uploads\/2025\/02\/acces-direct-a-la-plage-de-la-belle-etoile.webp 686w, https:\/\/www.le-cabellou-plage.com\/wp-content\/uploads\/2025\/02\/acces-direct-a-la-plage-de-la-belle-etoile-300x289.webp 300w\" sizes=\"(max-width: 686px) 100vw, 686px\" \/><\/figure>\n\n\n\n<figure class=\"wp-block-image size-full\"><img decoding=\"async\" width=\"686\" height=\"660\" src=\"https:\/\/www.le-cabellou-plage.com\/wp-content\/uploads\/2025\/02\/hebergements-premium-cuisine-avec-lave-vaisselle.webp\" alt=\"Premium-Unterk&#xFC;nfte K&#xFC;che mit Geschirrsp&#xFC;ler\" class=\"wp-image-16994\" srcset=\"https:\/\/www.le-cabellou-plage.com\/wp-content\/uploads\/2025\/02\/hebergements-premium-cuisine-avec-lave-vaisselle.webp 686w, https:\/\/www.le-cabellou-plage.com\/wp-content\/uploads\/2025\/02\/hebergements-premium-cuisine-avec-lave-vaisselle-300x289.webp 300w\" sizes=\"(max-width: 686px) 100vw, 686px\" \/><\/figure>\n<\/div>\n<\/div>\n<\/div>\n<\/section>\n\n<section class=\"wp-block-group page-fourth has-custom-color-3-background-color has-background is-layout-flow wp-block-group-is-layout-flow\" style=\"margin-top:0;padding-top:var(--wp--preset--spacing--30);padding-bottom:3rem\">\n<div class=\"wp-block-columns is-layout-flex wp-container-core-columns-is-layout-28f84493 wp-block-columns-is-layout-flex\">\n<div class=\"wp-block-column is-layout-flow wp-block-column-is-layout-flow\" style=\"flex-basis:40%\">\n<figure class=\"wp-block-image size-full animated fadeIn delay-100ms slow\"><img decoding=\"async\" width=\"688\" height=\"639\" src=\"https:\/\/www.le-cabellou-plage.com\/wp-content\/uploads\/2025\/02\/votre-camping-finistere-et-ses-alentours-iles-glenan.webp\" alt=\"Ihr Campingplatz in Finistere und Umgebung auf den Glenan-Inseln\" class=\"wp-image-16998\" srcset=\"https:\/\/www.le-cabellou-plage.com\/wp-content\/uploads\/2025\/02\/votre-camping-finistere-et-ses-alentours-iles-glenan.webp 688w, https:\/\/www.le-cabellou-plage.com\/wp-content\/uploads\/2025\/02\/votre-camping-finistere-et-ses-alentours-iles-glenan-300x279.webp 300w\" sizes=\"(max-width: 688px) 100vw, 688px\" \/><\/figure>\n<\/div>\n\n\n\n<div class=\"wp-block-column is-vertically-aligned-center is-layout-flow wp-block-column-is-layout-flow\" style=\"padding-right:2rem;padding-left:2rem;flex-basis:60%\">\n<div class=\"wp-block-group gt-no-padding-mobile is-layout-flow wp-block-group-is-layout-flow\" style=\"padding-right:15rem;padding-left:10rem\">\n<h2 class=\"wp-block-heading has-base-2-color has-text-color has-link-color wp-elements-9249755c18d5022e371193453879dc75\" style=\"margin-bottom:var(--wp--preset--spacing--30)\">Ihr Campingplatz Finist\u00e8re und <strong>Umgebung<\/strong><\/h2>\n\n\n\n<p>Der <strong>Campingplatz Le Cabellou Plage<\/strong> ist ideal gelegen, um das <a href=\"https:\/\/www.le-cabellou-plage.com\/de\/tourismus-finistere-sued\/\">s\u00fcdliche Finist\u00e8re<\/a> zu besuchen. Einige Kilometer s\u00fcdlich von <strong>Quimper<\/strong> liegt <a href=\"https:\/\/www.le-cabellou-plage.com\/de\/concarneau-tourismus\/\">Concarneau<\/a>, das mit seiner geschlossenen Stadt und seiner Corniche bezaubert.<\/p>\n\n\n\n<p>Sie ist auch ein guter Zugang zu den <a href=\"https:\/\/www.le-cabellou-plage.com\/de\/willkommen-auf-dem-blog-von-le-cabellou-plage\/finistere-sud-de\/archipel-des-glenan\/\">Gl\u00e9nan-Inseln<\/a>.<\/p>\n\n\n\n<p>Entlang der K\u00fcste finden Sie Fouesnant und die Spitze von Beg Meil, Port la F\u00f4ret und seinen Hafen, der von den gro\u00dfen Seglern gesch\u00e4tzt wird, Penmarch mit seinem Leuchtturm, der besichtigt werden kann, oder auch Le Guilvinec und seinen <strong>Fischereihafen<\/strong>, wo Sie jeden Tag die <strong>R\u00fcckkehr der Boote<\/strong> bewundern k\u00f6nnen.<\/p>\n<\/div>\n<\/div>\n<\/div>\n<\/section>\n\n<section class=\"wp-block-group page-maillage has-custom-color-2-background-color has-background has-global-padding is-layout-constrained wp-block-group-is-layout-constrained\" style=\"margin-top:0;margin-bottom:0;padding-top:var(--wp--preset--spacing--30);padding-bottom:var(--wp--preset--spacing--30)\">\n<div class=\"wp-block-group h1-like is-layout-flow wp-block-group-is-layout-flow\" style=\"margin-bottom:var(--wp--preset--spacing--50)\">\n<p class=\"has-bodidota-font-family\" style=\"font-size:clamp(47.79px, 2.987rem + ((1vw - 3.2px) * 3.916), 94px);line-height:0.8\">Entdecken Sie<\/p>\n\n\n\n<p class=\"has-custom-color-3-color has-text-color has-link-color has-north-wave-font-family wp-elements-d15f657e6ea934fa36a6382e1d192e4c\" style=\"padding-left:var(--wp--preset--spacing--60);font-size:clamp(52.125px, 3.258rem + ((1vw - 3.2px) * 4.481), 105px);line-height:0.1\">die Bretagne<\/p>\n<\/div>\n\n\n\n<div class=\"wp-block-query is-layout-flow wp-block-query-is-layout-flow\"><ul class=\"columns-3 wp-block-post-template has-medium-font-size is-layout-grid wp-container-core-post-template-is-layout-572542b5 wp-block-post-template-is-layout-grid\"><li class=\"wp-block-post post-20847 page type-page status-publish has-post-thumbnail hentry\">\n\n<figure class=\"wp-block-image maillage-img\"><img decoding=\"async\" src=\"https:\/\/www.le-cabellou-plage.com\/wp-content\/uploads\/2025\/01\/camping-concarneau-tout-confort-resort-5-etoiles-le-cabellou-plage-cta.webp\" alt=\"campingplatz concarneau mit allem Komfort resort 5 sterne le cabellou plage\"\/><\/figure>\n\n\n\n<div class=\"wp-block-group content-maillage has-global-padding is-layout-constrained wp-block-group-is-layout-constrained\">\n<p class=\"maillage-title has-base-2-color has-text-color has-link-color has-josefin-sans-font-family wp-elements-939842b9118177581784f7034ceeec07\" style=\"border-style:none;border-width:0px;border-radius:0px;font-size:clamp(0.875rem, 0.875rem + ((1vw - 0.2rem) * 0.576), 1.3rem);letter-spacing:1px;text-transform:uppercase\">Campingplatz Concarneau mit allem Komfort<\/p>\n<\/div>\n\n\n<a class=\"is-style-lien-cover wp-block-read-more\" href=\"https:\/\/www.le-cabellou-plage.com\/de\/campingplatz-concarneau-mit-allem-komfort\/\" target=\"_self\">Read more<span class=\"screen-reader-text\">: Campingplatz Concarneau mit allem Komfort<\/span><\/a>\n<\/li><li class=\"wp-block-post post-20854 page type-page status-publish has-post-thumbnail hentry\">\n\n<figure class=\"wp-block-image maillage-img\"><img decoding=\"async\" src=\"https:\/\/www.le-cabellou-plage.com\/wp-content\/uploads\/2025\/01\/camping-finistere-sud-cabellou-plage-resort-5-etoiles-concarneau-cta.webp\" alt=\"campingplatz sued finistere cabellou plage resort 5 sterne concarneau\"\/><\/figure>\n\n\n\n<div class=\"wp-block-group content-maillage has-global-padding is-layout-constrained wp-block-group-is-layout-constrained\">\n<p class=\"maillage-title has-base-2-color has-text-color has-link-color has-josefin-sans-font-family wp-elements-939842b9118177581784f7034ceeec07\" style=\"border-style:none;border-width:0px;border-radius:0px;font-size:clamp(0.875rem, 0.875rem + ((1vw - 0.2rem) * 0.576), 1.3rem);letter-spacing:1px;text-transform:uppercase\">Campingplatz S\u00fcd-Finist\u00e8re Cabellou Plage<\/p>\n<\/div>\n\n\n<a class=\"is-style-lien-cover wp-block-read-more\" href=\"https:\/\/www.le-cabellou-plage.com\/de\/campingplatz-sued-finistere-cabellou-plage\/\" target=\"_self\">Read more<span class=\"screen-reader-text\">: Campingplatz S\u00fcd-Finist\u00e8re Cabellou Plage<\/span><\/a>\n<\/li><li class=\"wp-block-post post-20842 page type-page status-publish has-post-thumbnail hentry\">\n\n<figure class=\"wp-block-image maillage-img\"><img decoding=\"async\" src=\"https:\/\/www.le-cabellou-plage.com\/wp-content\/uploads\/2025\/01\/visiter-notre-region-la-bretagne-cta.webp\" alt=\"Besuchen Sie unsere Region, die Bretagne\"\/><\/figure>\n\n\n\n<div class=\"wp-block-group content-maillage has-global-padding is-layout-constrained wp-block-group-is-layout-constrained\">\n<p class=\"maillage-title has-base-2-color has-text-color has-link-color has-josefin-sans-font-family wp-elements-939842b9118177581784f7034ceeec07\" style=\"border-style:none;border-width:0px;border-radius:0px;font-size:clamp(0.875rem, 0.875rem + ((1vw - 0.2rem) * 0.576), 1.3rem);letter-spacing:1px;text-transform:uppercase\">Besuchen Sie unsere Region<\/p>\n<\/div>\n\n\n<a class=\"is-style-lien-cover wp-block-read-more\" href=\"https:\/\/www.le-cabellou-plage.com\/de\/unsere-region-besuchen\/\" target=\"_self\">Read more<span class=\"screen-reader-text\">: Besuchen Sie unsere Region<\/span><\/a>\n<\/li><\/ul><\/div>\n<\/section>\n","protected":false},"excerpt":{"rendered":"<p>Campingplatz Finist\u00e8re W\u00e4hlen Sie Ihren Campingplatz Finist\u00e8re Das Finist\u00e8re liegt imWesten der Bretagne und ist fast vollst\u00e4ndig vom Meer umgeben. Entlang der K\u00fcste finden Sie zahlreiche Campingpl\u00e4tze. Im S\u00fcden des Finist\u00e8re, in Concarneau, bietet Ihnen der Campingplatz du Cabellou Plage einen direkten Zugang zum Strand von Belle Etoile. Sie werden die abwechslungsreiche K\u00fcste mit ihren [&hellip;]<\/p>\n","protected":false},"author":1,"featured_media":16522,"parent":0,"menu_order":0,"comment_status":"closed","ping_status":"closed","template":"","meta":{"_acf_changed":false,"_seopress_robots_primary_cat":"","_seopress_titles_title":"Campingplatz S\u00fcd Finistere 5 Sterne Le Cabellou Strand","_seopress_titles_desc":"Entdecken Sie unseren Campingplatz Finist\u00e8re mit direktem Zugang zum Strand. Gro\u00dfz\u00fcgige Stellpl\u00e4tze, komfortable Mobilheime, besuchen Sie Concarneau und die Gl\u00e9nan-Inseln! ","_seopress_robots_index":"","inline_featured_image":false,"gt_fse_maillage_image":"https:\/\/www.le-cabellou-plage.com\/wp-content\/uploads\/2025\/01\/camping-finistere-cabellou-plage-resort-5-etoiles-concarneau-cta.webp","gt_fse_maillage_titre":"Campingplatz S\u00fcd Finistere","gt_fse_maillage_alt":"campingplatz finistere cabellou plage resort 5 sterne concarneau","gt_fse_maillage_resume":"","footnotes":""},"categories":[],"tags":[],"class_list":["post-20878","page","type-page","status-publish","has-post-thumbnail","hentry"],"acf":[],"_links":{"self":[{"href":"https:\/\/www.le-cabellou-plage.com\/de\/wp-json\/wp\/v2\/pages\/20878","targetHints":{"allow":["GET"]}}],"collection":[{"href":"https:\/\/www.le-cabellou-plage.com\/de\/wp-json\/wp\/v2\/pages"}],"about":[{"href":"https:\/\/www.le-cabellou-plage.com\/de\/wp-json\/wp\/v2\/types\/page"}],"author":[{"embeddable":true,"href":"https:\/\/www.le-cabellou-plage.com\/de\/wp-json\/wp\/v2\/users\/1"}],"replies":[{"embeddable":true,"href":"https:\/\/www.le-cabellou-plage.com\/de\/wp-json\/wp\/v2\/comments?post=20878"}],"version-history":[{"count":6,"href":"https:\/\/www.le-cabellou-plage.com\/de\/wp-json\/wp\/v2\/pages\/20878\/revisions"}],"predecessor-version":[{"id":22472,"href":"https:\/\/www.le-cabellou-plage.com\/de\/wp-json\/wp\/v2\/pages\/20878\/revisions\/22472"}],"wp:featuredmedia":[{"embeddable":true,"href":"https:\/\/www.le-cabellou-plage.com\/de\/wp-json\/wp\/v2\/media\/16522"}],"wp:attachment":[{"href":"https:\/\/www.le-cabellou-plage.com\/de\/wp-json\/wp\/v2\/media?parent=20878"}],"wp:term":[{"taxonomy":"category","embeddable":true,"href":"https:\/\/www.le-cabellou-plage.com\/de\/wp-json\/wp\/v2\/categories?post=20878"},{"taxonomy":"post_tag","embeddable":true,"href":"https:\/\/www.le-cabellou-plage.com\/de\/wp-json\/wp\/v2\/tags?post=20878"}],"curies":[{"name":"wp","href":"https:\/\/api.w.org\/{rel}","templated":true}]}}