{"id":20854,"date":"2025-01-20T10:04:42","date_gmt":"2025-01-20T09:04:42","guid":{"rendered":"https:\/\/www.le-cabellou-plage.com\/camping-finistere-sud-cabellou-plage\/"},"modified":"2025-03-07T13:14:23","modified_gmt":"2025-03-07T12:14:23","slug":"campingplatz-sued-finistere-cabellou-plage","status":"publish","type":"page","link":"https:\/\/www.le-cabellou-plage.com\/de\/campingplatz-sued-finistere-cabellou-plage\/","title":{"rendered":"Campingplatz S\u00fcd-Finist\u00e8re Cabellou Plage"},"content":{"rendered":"\n<section class=\"wp-block-group home-intro page-one has-custom-color-2-background-color has-background is-layout-flow wp-block-group-is-layout-flow\" style=\"padding-top:var(--wp--preset--spacing--40);padding-bottom:var(--wp--preset--spacing--30)\">\n<div class=\"wp-block-columns is-layout-flex wp-container-core-columns-is-layout-b0eedf20 wp-block-columns-is-layout-flex\" style=\"margin-top:1rem;margin-bottom:0\">\n<div class=\"wp-block-column is-layout-flow wp-block-column-is-layout-flow\" style=\"padding-right:2rem;padding-left:2rem;flex-basis:60%\">\n<div class=\"wp-block-group gt-no-padding-mobile is-layout-flow wp-block-group-is-layout-flow\" style=\"padding-right:10rem;padding-left:15rem\">\n<h1 class=\"wp-block-heading\"><strong>Campingplatz Finist\u00e8re S\u00fcd<\/strong> <br\/>Le Cabellou Plage<\/h1>\n\n\n\n<h2 class=\"wp-block-heading\" style=\"padding-top:var(--wp--preset--spacing--30);text-transform:uppercase\">Der Campingplatz S\u00fcd-Finist\u00e8re <strong>f\u00fcr Sportler<\/strong><\/h2>\n\n\n\n<p>Genie\u00dfen Sie die vielf\u00e4ltigen Aktivit\u00e4ten w\u00e4hrend Ihres gesamten Aufenthalts. <strong><a href=\"https:\/\/www.le-cabellou-plage.com\/de\/tourismus-finistere-sued\/\">Ihren Aufenthalt auf dem Campingplatz Finist\u00e8re Sud<\/a><\/strong>. Wir bieten einen <strong>Paddel- und Kajakverleih<\/strong> ab dem Campingplatz f\u00fcr <strong>eine Fahrt entlang der Pointe du Cabellou<\/strong> an. Der Ruderclub bietet auch Einf\u00fchrungen vom <a href=\"https:\/\/www.le-cabellou-plage.com\/de\/camping-am-meer-bretagne\/\">Strand La Belle \u00e9toile, gegen\u00fcber dem Campingplatz<\/a>, an.  <\/p>\n\n\n\n<p><strong>Neu in 2019 ist ein Multisportplatz<\/strong>, der Ihnen gegen\u00fcber dem <a href=\"https:\/\/www.le-cabellou-plage.com\/de\/campingplatz-wasserpark-bretagne\/\">Pool<\/a> zur Verf\u00fcgung steht. Spielen Sie eine Partie Fu\u00dfball, Basketball, Volleyball&#8230; <\/p>\n\n\n\n<p>Haben Sie Lust auf einen Spaziergang? <strong>Mieten Sie sich an der Rezeption Ihres Campingplatzes Fahrr\u00e4der und entdecken Sie die Pointe du Cabellou in Ihrem eigenen Rhythmus<\/strong>. Oder entdecken Sie die Bucht von Pouldohan zu Fu\u00df auf dem K\u00fcstenpfad GR34, wo Sie die alte Wasserm\u00fchle sehen k\u00f6nnen. <\/p>\n\n\n\n<h2 class=\"wp-block-heading\" style=\"padding-top:var(--wp--preset--spacing--30);text-transform:uppercase\">Der Campingplatz Finist\u00e8re Sud f\u00fcr <strong>Feinschmecker<\/strong><\/h2>\n\n\n    <div id=\"gt-fse-lire-plus-69f2d1fde362a\" class=\"gt-fse-lire-plus\" data-min-height=\"130\" style=\"background-color: #3a4156;\">\n        <input id=\"gt-fse-lire-plus-69f2d1fde362a-toggle\" type=\"checkbox\" class=\"gt-fse-lire-plus__toggle\" \/>\n        <label for=\"gt-fse-lire-plus-69f2d1fde362a-toggle\" class=\"gt-fse-lire-plus__toggle-label\">\n            <span>Lire plus<\/span>\n            <span>Lire moins<\/span>\n        <\/label>\n        <div class=\"gt-fse-lire-plus__content\" style=\"height: 130px;\">\n            \n\n<p>Die bretonischen Cr\u00eapes sind allgemein bekannt, aber <strong>die Bretagne h\u00e4lt noch viele andere &#8220;Lichouseries&#8221; (Leckereien) f\u00fcr Sie bereit<\/strong>.<\/p>\n\n\n\n<p><strong>In der Keksfabrik von Concarneau<\/strong>, die nur 1 km von Ihrem Campingplatz Finist\u00e8re Sud entfernt liegt, k\u00f6nnen Sie den Kouign Amann entdecken! Dieses Geb\u00e4ck, dessen Name &#8220;gebuttertes Brot&#8221; bedeutet, wird Ihnen w\u00e4hrend der Besichtigungen auch seine Herstellung zeigen. <\/p>\n\n\n\n<p>Das Finist\u00e8re ist auch ein Land der Fischer und <strong>viele Restaurants in der Ville Close von Concarneau<\/strong> und Umgebung bieten Ihnen Fisch vom Markt an. Wenn Sie selbst frischen Fisch zubereiten m\u00f6chten, k\u00f6nnen Sie sich am Hafen von <strong>Tr\u00e9vignon<\/strong> treffen. Nur 10 Minuten vom Campingplatz entfernt, k\u00f6nnen Sie die Fischer zweimal am Tag bei ihrer R\u00fcckkehr zum Hafen treffen und den lokalen Fischfang genie\u00dfen.  <\/p>\n\n            <div class=\"gt-fse-lire-plus__gradient\" style=\"background: linear-gradient(to bottom,rgba(58,65,86,0) 0%,rgba(58,65,86,1) 100%);\"><\/div>\n        <\/div>\n    <\/div>\n    <\/div>\n<\/div>\n\n\n\n<div class=\"wp-block-column animated fadeIn delay-100ms slow is-layout-flow wp-block-column-is-layout-flow\" style=\"padding-top:0em;flex-basis:40%\">\n<div data-swiper=\"{&quot;speed&quot;:400,&quot;spaceBetween&quot;:16,&quot;slidesPerView&quot;:1,&quot;createElements&quot;:true,&quot;loop&quot;:true,&quot;freemode&quot;:true,&quot;pagination&quot;:{&quot;el&quot;:&quot;.swiper-pagination&quot;,&quot;dynamicBullets&quot;:false},&quot;breakpoints&quot;:{&quot;0&quot;:{&quot;slidesPerView&quot;:1},&quot;380&quot;:[],&quot;1024&quot;:[]},&quot;navigation&quot;:false,&quot;effect&quot;:&quot;fade&quot;}\" class=\"wp-block-group gt-is-slider gt-is-slider-desktop has-global-padding is-layout-constrained wp-block-group-is-layout-constrained\">\n<figure class=\"wp-block-image size-full\"><img decoding=\"async\" width=\"686\" height=\"660\" src=\"https:\/\/www.le-cabellou-plage.com\/wp-content\/uploads\/2025\/02\/camping-finistere-sud-le-cabellou-plage.webp\" alt=\"campingplatz sued finistere le cabellou plage\" class=\"wp-image-17087\" srcset=\"https:\/\/www.le-cabellou-plage.com\/wp-content\/uploads\/2025\/02\/camping-finistere-sud-le-cabellou-plage.webp 686w, https:\/\/www.le-cabellou-plage.com\/wp-content\/uploads\/2025\/02\/camping-finistere-sud-le-cabellou-plage-300x289.webp 300w\" sizes=\"(max-width: 686px) 100vw, 686px\" \/><\/figure>\n\n\n\n<figure class=\"wp-block-image size-full\"><img decoding=\"async\" width=\"686\" height=\"660\" src=\"https:\/\/www.le-cabellou-plage.com\/wp-content\/uploads\/2025\/02\/le-camping-finistere-sud-pour-les-sportifs.webp\" alt=\"Der Campingplatz sued finistere f&#xFC;r Sportler\" class=\"wp-image-17091\" srcset=\"https:\/\/www.le-cabellou-plage.com\/wp-content\/uploads\/2025\/02\/le-camping-finistere-sud-pour-les-sportifs.webp 686w, https:\/\/www.le-cabellou-plage.com\/wp-content\/uploads\/2025\/02\/le-camping-finistere-sud-pour-les-sportifs-300x289.webp 300w\" sizes=\"(max-width: 686px) 100vw, 686px\" \/><\/figure>\n\n\n\n<figure class=\"wp-block-image size-full\"><img decoding=\"async\" width=\"686\" height=\"660\" src=\"https:\/\/www.le-cabellou-plage.com\/wp-content\/uploads\/2025\/02\/le-camping-finistere-sud-des-gourmands.webp\" alt=\"camping sued finistere fuer feinschmecker\" class=\"wp-image-17095\" srcset=\"https:\/\/www.le-cabellou-plage.com\/wp-content\/uploads\/2025\/02\/le-camping-finistere-sud-des-gourmands.webp 686w, https:\/\/www.le-cabellou-plage.com\/wp-content\/uploads\/2025\/02\/le-camping-finistere-sud-des-gourmands-300x289.webp 300w\" sizes=\"(max-width: 686px) 100vw, 686px\" \/><\/figure>\n<\/div>\n<\/div>\n<\/div>\n<\/section>\n\n<section class=\"wp-block-group page-fourth has-custom-color-3-background-color has-background is-layout-flow wp-block-group-is-layout-flow\" style=\"margin-top:0;padding-top:var(--wp--preset--spacing--30);padding-bottom:3rem\">\n<div class=\"wp-block-columns is-layout-flex wp-container-core-columns-is-layout-28f84493 wp-block-columns-is-layout-flex\">\n<div class=\"wp-block-column is-layout-flow wp-block-column-is-layout-flow\" style=\"flex-basis:40%\">\n<figure class=\"wp-block-image size-full animated fadeIn delay-100ms slow\"><img decoding=\"async\" width=\"688\" height=\"639\" src=\"https:\/\/www.le-cabellou-plage.com\/wp-content\/uploads\/2025\/02\/balade-sur-les-remparts-de-la-ville-close-de-concarneau.webp\" alt=\"Spaziergang auf den Stadtmauern der geschlossenen Stadt Concarneau\" class=\"wp-image-17099\" srcset=\"https:\/\/www.le-cabellou-plage.com\/wp-content\/uploads\/2025\/02\/balade-sur-les-remparts-de-la-ville-close-de-concarneau.webp 688w, https:\/\/www.le-cabellou-plage.com\/wp-content\/uploads\/2025\/02\/balade-sur-les-remparts-de-la-ville-close-de-concarneau-300x279.webp 300w\" sizes=\"(max-width: 688px) 100vw, 688px\" \/><\/figure>\n<\/div>\n\n\n\n<div class=\"wp-block-column is-vertically-aligned-center is-layout-flow wp-block-column-is-layout-flow\" style=\"padding-right:2rem;padding-left:2rem;flex-basis:60%\">\n<div class=\"wp-block-group gt-no-padding-mobile is-layout-flow wp-block-group-is-layout-flow\" style=\"padding-right:15rem;padding-left:10rem\">\n<h2 class=\"wp-block-heading has-base-2-color has-text-color has-link-color wp-elements-7f9087fce18d2d2ecdcb4e9486ca351b\" style=\"margin-bottom:var(--wp--preset--spacing--30)\">Der Campingplatz sued finistere f\u00fcr <strong>Neugierige<\/strong><\/h2>\n\n\n\n<p>Rund um Ihren Campingplatz gibt es zahlreiche Sehensw\u00fcrdigkeiten. <strong><a href=\"https:\/\/www.le-cabellou-plage.com\/de\/\">Campingplatz Finist\u00e8re Sud<\/a><\/strong>. Genie\u00dfen Sie einen <strong>Spaziergang auf den Stadtmauern der geschlossenen Stadt Concarneau und lernen Sie die Geschichte dieser Festung<\/strong> kennen. <\/p>\n\n\n\n<p>Das <strong>Fischereimuseum<\/strong> zeigt Ihnen die Entwicklung dieser althergebrachten Praxis und wird Sie mit seinen Reproduktionen begeistern. Das Marinarium zeigt Ihnen <strong>die Arten, die die K\u00fcste des s\u00fcdlichen Finist\u00e8re bev\u00f6lkern<\/strong> und vieles mehr. <\/p>\n\n\n\n<p>Nicht zu vergessen ist die Stadt der <strong>Maler Pont Aven<\/strong> mit ihrem Kunstmuseum. Diese kleine Stadt mit ihrem authentischen Charme liegt nur wenige Minuten von Le Cabellou entfernt. <\/p>\n<\/div>\n<\/div>\n<\/div>\n<\/section>\n\n<section class=\"wp-block-group page-maillage has-custom-color-2-background-color has-background has-global-padding is-layout-constrained wp-block-group-is-layout-constrained\" style=\"margin-top:0;margin-bottom:0;padding-top:var(--wp--preset--spacing--40);padding-bottom:var(--wp--preset--spacing--40)\">\n<div class=\"wp-block-group h1-like is-layout-flow wp-block-group-is-layout-flow\" style=\"margin-bottom:var(--wp--preset--spacing--50)\">\n<p class=\"has-bodidota-font-family\" style=\"font-size:clamp(47.79px, 2.987rem + ((1vw - 3.2px) * 3.916), 94px);line-height:0.8\">Entdecken Sie<\/p>\n\n\n\n<p class=\"has-custom-color-3-color has-text-color has-link-color has-north-wave-font-family wp-elements-d15f657e6ea934fa36a6382e1d192e4c\" style=\"padding-left:var(--wp--preset--spacing--60);font-size:clamp(52.125px, 3.258rem + ((1vw - 3.2px) * 4.481), 105px);line-height:0.1\">die Bretagne<\/p>\n<\/div>\n\n\n\n<div class=\"wp-block-query is-layout-flow wp-block-query-is-layout-flow\"><ul class=\"columns-3 wp-block-post-template has-medium-font-size is-layout-grid wp-container-core-post-template-is-layout-572542b5 wp-block-post-template-is-layout-grid\"><li class=\"wp-block-post post-20828 page type-page status-publish has-post-thumbnail hentry\">\n\n<figure class=\"wp-block-image maillage-img\"><img decoding=\"async\" src=\"https:\/\/www.le-cabellou-plage.com\/wp-content\/uploads\/2025\/01\/camping-bretagne-sud-chien-resort-5-etoiles-le-cabellou-plage-concarneau-cta.webp\" alt=\"campingplatz bretagne sued hund resort 5 sterne le cabellou strand concarneau\"\/><\/figure>\n\n\n\n<div class=\"wp-block-group content-maillage has-global-padding is-layout-constrained wp-block-group-is-layout-constrained\">\n<p class=\"maillage-title has-base-2-color has-text-color has-link-color has-josefin-sans-font-family wp-elements-939842b9118177581784f7034ceeec07\" style=\"border-style:none;border-width:0px;border-radius:0px;font-size:clamp(0.875rem, 0.875rem + ((1vw - 0.2rem) * 0.576), 1.3rem);letter-spacing:1px;text-transform:uppercase\">Campingplatz Bretagne S\u00fcd Hund<\/p>\n<\/div>\n\n\n<a class=\"is-style-lien-cover wp-block-read-more\" href=\"https:\/\/www.le-cabellou-plage.com\/de\/campingplatz-bretagne-sued-hund\/\" target=\"_self\">Read more<span class=\"screen-reader-text\">: Campingplatz Bretagne S\u00fcd Hund<\/span><\/a>\n<\/li><li class=\"wp-block-post post-20847 page type-page status-publish has-post-thumbnail hentry\">\n\n<figure class=\"wp-block-image maillage-img\"><img decoding=\"async\" src=\"https:\/\/www.le-cabellou-plage.com\/wp-content\/uploads\/2025\/01\/camping-concarneau-tout-confort-resort-5-etoiles-le-cabellou-plage-cta.webp\" alt=\"campingplatz concarneau mit allem Komfort resort 5 sterne le cabellou plage\"\/><\/figure>\n\n\n\n<div class=\"wp-block-group content-maillage has-global-padding is-layout-constrained wp-block-group-is-layout-constrained\">\n<p class=\"maillage-title has-base-2-color has-text-color has-link-color has-josefin-sans-font-family wp-elements-939842b9118177581784f7034ceeec07\" style=\"border-style:none;border-width:0px;border-radius:0px;font-size:clamp(0.875rem, 0.875rem + ((1vw - 0.2rem) * 0.576), 1.3rem);letter-spacing:1px;text-transform:uppercase\">Campingplatz Concarneau mit allem Komfort<\/p>\n<\/div>\n\n\n<a class=\"is-style-lien-cover wp-block-read-more\" href=\"https:\/\/www.le-cabellou-plage.com\/de\/campingplatz-concarneau-mit-allem-komfort\/\" target=\"_self\">Read more<span class=\"screen-reader-text\">: Campingplatz Concarneau mit allem Komfort<\/span><\/a>\n<\/li><li class=\"wp-block-post post-20835 page type-page status-publish has-post-thumbnail hentry\">\n\n<figure class=\"wp-block-image maillage-img\"><img decoding=\"async\" src=\"https:\/\/www.le-cabellou-plage.com\/wp-content\/uploads\/2025\/01\/camping-quimper-resort-5-etoiles-le-cabellou-plage-cta.webp\" alt=\"campingplatz quimper resort 5 sterne le cabellou plage\"\/><\/figure>\n\n\n\n<div class=\"wp-block-group content-maillage has-global-padding is-layout-constrained wp-block-group-is-layout-constrained\">\n<p class=\"maillage-title has-base-2-color has-text-color has-link-color has-josefin-sans-font-family wp-elements-939842b9118177581784f7034ceeec07\" style=\"border-style:none;border-width:0px;border-radius:0px;font-size:clamp(0.875rem, 0.875rem + ((1vw - 0.2rem) * 0.576), 1.3rem);letter-spacing:1px;text-transform:uppercase\">Campingplatz Quimper<\/p>\n<\/div>\n\n\n<a class=\"is-style-lien-cover wp-block-read-more\" href=\"https:\/\/www.le-cabellou-plage.com\/de\/campingplatz-quimper\/\" target=\"_self\">Read more<span class=\"screen-reader-text\">: Campingplatz Quimper<\/span><\/a>\n<\/li><\/ul><\/div>\n<\/section>\n","protected":false},"excerpt":{"rendered":"<p>Campingplatz Finist\u00e8re S\u00fcd Le Cabellou Plage Der Campingplatz S\u00fcd-Finist\u00e8re f\u00fcr Sportler Genie\u00dfen Sie die vielf\u00e4ltigen Aktivit\u00e4ten w\u00e4hrend Ihres gesamten Aufenthalts. Ihren Aufenthalt auf dem Campingplatz Finist\u00e8re Sud. Wir bieten einen Paddel- und Kajakverleih ab dem Campingplatz f\u00fcr eine Fahrt entlang der Pointe du Cabellou an. Der Ruderclub bietet auch Einf\u00fchrungen vom Strand La Belle \u00e9toile, [&hellip;]<\/p>\n","protected":false},"author":1,"featured_media":16531,"parent":0,"menu_order":0,"comment_status":"closed","ping_status":"closed","template":"","meta":{"_acf_changed":false,"_seopress_robots_primary_cat":"","_seopress_titles_title":"Campingplatz S\u00fcd Finist\u00e8re Le Cabellou 5 Sterne Strand","_seopress_titles_desc":"Der 5-Sterne-Campingplatz Le Cabellou Plage in S\u00fcd-Finist\u00e8re aus der Flower Campings Kette liegt in der N\u00e4he der Belle-Sterne-Seite von Concarneau und bietet den Campern die M\u00f6glichkeit, diese N\u00e4he zu genie\u00dfen.","_seopress_robots_index":"","inline_featured_image":false,"gt_fse_maillage_image":"https:\/\/www.le-cabellou-plage.com\/wp-content\/uploads\/2025\/01\/camping-finistere-sud-cabellou-plage-resort-5-etoiles-concarneau-cta.webp","gt_fse_maillage_titre":"Campingplatz S\u00fcd-Finist\u00e8re Cabellou Plage","gt_fse_maillage_alt":"campingplatz sued finistere cabellou plage resort 5 sterne concarneau","gt_fse_maillage_resume":"","footnotes":""},"categories":[],"tags":[],"class_list":["post-20854","page","type-page","status-publish","has-post-thumbnail","hentry"],"acf":[],"_links":{"self":[{"href":"https:\/\/www.le-cabellou-plage.com\/de\/wp-json\/wp\/v2\/pages\/20854","targetHints":{"allow":["GET"]}}],"collection":[{"href":"https:\/\/www.le-cabellou-plage.com\/de\/wp-json\/wp\/v2\/pages"}],"about":[{"href":"https:\/\/www.le-cabellou-plage.com\/de\/wp-json\/wp\/v2\/types\/page"}],"author":[{"embeddable":true,"href":"https:\/\/www.le-cabellou-plage.com\/de\/wp-json\/wp\/v2\/users\/1"}],"replies":[{"embeddable":true,"href":"https:\/\/www.le-cabellou-plage.com\/de\/wp-json\/wp\/v2\/comments?post=20854"}],"version-history":[{"count":10,"href":"https:\/\/www.le-cabellou-plage.com\/de\/wp-json\/wp\/v2\/pages\/20854\/revisions"}],"predecessor-version":[{"id":23119,"href":"https:\/\/www.le-cabellou-plage.com\/de\/wp-json\/wp\/v2\/pages\/20854\/revisions\/23119"}],"wp:featuredmedia":[{"embeddable":true,"href":"https:\/\/www.le-cabellou-plage.com\/de\/wp-json\/wp\/v2\/media\/16531"}],"wp:attachment":[{"href":"https:\/\/www.le-cabellou-plage.com\/de\/wp-json\/wp\/v2\/media?parent=20854"}],"wp:term":[{"taxonomy":"category","embeddable":true,"href":"https:\/\/www.le-cabellou-plage.com\/de\/wp-json\/wp\/v2\/categories?post=20854"},{"taxonomy":"post_tag","embeddable":true,"href":"https:\/\/www.le-cabellou-plage.com\/de\/wp-json\/wp\/v2\/tags?post=20854"}],"curies":[{"name":"wp","href":"https:\/\/api.w.org\/{rel}","templated":true}]}}