{"id":20847,"date":"2025-01-20T10:06:01","date_gmt":"2025-01-20T09:06:01","guid":{"rendered":"https:\/\/www.le-cabellou-plage.com\/camping-concarneau-tout-confort\/"},"modified":"2025-03-07T13:27:58","modified_gmt":"2025-03-07T12:27:58","slug":"campingplatz-concarneau-mit-allem-komfort","status":"publish","type":"page","link":"https:\/\/www.le-cabellou-plage.com\/de\/campingplatz-concarneau-mit-allem-komfort\/","title":{"rendered":"Campingplatz Concarneau mit allem Komfort"},"content":{"rendered":"\n<section class=\"wp-block-group home-intro page-one has-custom-color-2-background-color has-background is-layout-flow wp-block-group-is-layout-flow\" style=\"padding-top:var(--wp--preset--spacing--40);padding-bottom:var(--wp--preset--spacing--30)\">\n<div class=\"wp-block-columns is-layout-flex wp-container-core-columns-is-layout-b0eedf20 wp-block-columns-is-layout-flex\" style=\"margin-top:1rem;margin-bottom:0\">\n<div class=\"wp-block-column is-layout-flow wp-block-column-is-layout-flow\" style=\"padding-right:2rem;padding-left:2rem;flex-basis:60%\">\n<div class=\"wp-block-group gt-no-padding-mobile is-layout-flow wp-block-group-is-layout-flow\" style=\"padding-right:10rem;padding-left:15rem\">\n<h1 class=\"wp-block-heading\"><strong>Campingplatz Concarneau<\/strong><br\/>mit allem Komfort<\/h1>\n\n\n\n<h2 class=\"wp-block-heading\" style=\"padding-top:var(--wp--preset--spacing--30);text-transform:uppercase\"><strong>Komfortable Unterk\u00fcnfte<\/strong><br\/>auf dem Campingplatz Concarneau<\/h2>\n\n\n\n<p><strong>Unsere Cottages Confort befinden sich in einem Fu\u00dfg\u00e4ngerviertel<\/strong>. Ein Parkplatz ist auf dem Gel\u00e4nde des Campingplatzes in der N\u00e4he Ihres Cottage f\u00fcr Sie reserviert. Sie haben zwei oder drei Schlafzimmer und k\u00f6nnen 2 bis 6 Personen beherbergen.  <\/p>\n\n\n\n<p>Sie werden die K\u00fcchenzeile mit Kochplatten, Mikrowelle, K\u00fchlschrank und Kaffeemaschine zu sch\u00e4tzen wissen. <strong>M\u00f6chten Sie eine halb\u00fcberdachte Terrasse oder Gartenm\u00f6bel auf dem Stellplatz? W\u00e4hlen Sie die Formel, die zu Ihnen passt <\/strong>.<\/p>\n\n\n\n<p>Stellen Sie Ihre Koffer ab in <strong><a href=\"https:\/\/www.le-cabellou-plage.com\/de\/concarneau-tourismus\/\">Campingplatz Concarneau<\/a><\/strong> und lassen Sie sich treiben.<\/p>\n\n\n\n<h2 class=\"wp-block-heading\" style=\"padding-top:var(--wp--preset--spacing--30);text-transform:uppercase\"><strong>Die Unterk\u00fcnfte Komfort +<\/strong> <br\/>im Campingplatz Concarneau<\/h2>\n\n\n\n<p>Die <strong>Cottages Confort +<\/strong> sind alle sehr neu, da sie erst seit Juni 2018 verf\u00fcgbar sind.<\/p>\n\n\n\n<p>Ihr <a href=\"https:\/\/www.le-cabellou-plage.com\/de\/campingplatz-concarneau-cabellou\/\">Campingplatz Concarneau<\/a> bietet Ihnen <a href=\"https:\/\/www.le-cabellou-plage.com\/de\/vermietung-mobilheime-bretagne\/\">Unterk\u00fcnfte mit 2 oder 3 Schlafzimmern<\/a>, die bis zu 6 Personen beherbergen k\u00f6nnen. Auf Ihrer halb\u00fcberdachten oder offenen Terrasse stehen Ihnen Gartenm\u00f6bel und Liegest\u00fchle zur Verf\u00fcgung. Jedes <strong>Cottage Comfort + verf\u00fcgt \u00fcber ein Wohnzimmer mit Fernseher, eine ausgestattete K\u00fcchenzeile und ein Badezimmer mit separatem WC<\/strong>.  <\/p>\n<\/div>\n<\/div>\n\n\n\n<div class=\"wp-block-column animated fadeIn delay-100ms slow is-layout-flow wp-block-column-is-layout-flow\" style=\"padding-top:0em;flex-basis:40%\">\n<div data-swiper=\"{&quot;speed&quot;:400,&quot;spaceBetween&quot;:16,&quot;slidesPerView&quot;:1,&quot;createElements&quot;:true,&quot;loop&quot;:true,&quot;freemode&quot;:true,&quot;pagination&quot;:{&quot;el&quot;:&quot;.swiper-pagination&quot;,&quot;dynamicBullets&quot;:false},&quot;breakpoints&quot;:{&quot;0&quot;:{&quot;slidesPerView&quot;:1},&quot;380&quot;:[],&quot;1024&quot;:[]},&quot;navigation&quot;:false,&quot;effect&quot;:&quot;fade&quot;}\" class=\"wp-block-group gt-is-slider gt-is-slider-desktop has-global-padding is-layout-constrained wp-block-group-is-layout-constrained\">\n<figure class=\"wp-block-image size-full\"><img decoding=\"async\" width=\"686\" height=\"660\" src=\"https:\/\/www.le-cabellou-plage.com\/wp-content\/uploads\/2025\/02\/camping-concarneau-tout-confort.webp\" alt=\"campingplatz concarneau mit allem komfort\" class=\"wp-image-17124\" srcset=\"https:\/\/www.le-cabellou-plage.com\/wp-content\/uploads\/2025\/02\/camping-concarneau-tout-confort.webp 686w, https:\/\/www.le-cabellou-plage.com\/wp-content\/uploads\/2025\/02\/camping-concarneau-tout-confort-300x289.webp 300w\" sizes=\"(max-width: 686px) 100vw, 686px\" \/><\/figure>\n\n\n\n<figure class=\"wp-block-image size-full\"><img decoding=\"async\" width=\"686\" height=\"660\" src=\"https:\/\/www.le-cabellou-plage.com\/wp-content\/uploads\/2025\/02\/les-locations-confort-en-camping-concarneau-terrasse-semi-couverte.webp\" alt=\"Komfortable Unterk&#xFC;nfte auf dem Campingplatz Concarneau halb&#xFC;berdachte Terrasse\" class=\"wp-image-17129\" srcset=\"https:\/\/www.le-cabellou-plage.com\/wp-content\/uploads\/2025\/02\/les-locations-confort-en-camping-concarneau-terrasse-semi-couverte.webp 686w, https:\/\/www.le-cabellou-plage.com\/wp-content\/uploads\/2025\/02\/les-locations-confort-en-camping-concarneau-terrasse-semi-couverte-300x289.webp 300w\" sizes=\"(max-width: 686px) 100vw, 686px\" \/><\/figure>\n\n\n\n<figure class=\"wp-block-image size-full\"><img decoding=\"async\" width=\"686\" height=\"660\" src=\"https:\/\/www.le-cabellou-plage.com\/wp-content\/uploads\/2025\/02\/les-locations-confort-plus-en-camping-concarneau-sejour-avec-televiseur.webp\" alt=\"Komfortable Unterk&#xFC;nfte plus auf dem Campingplatz Concarneau mit Fernseher\" class=\"wp-image-17133\" srcset=\"https:\/\/www.le-cabellou-plage.com\/wp-content\/uploads\/2025\/02\/les-locations-confort-plus-en-camping-concarneau-sejour-avec-televiseur.webp 686w, https:\/\/www.le-cabellou-plage.com\/wp-content\/uploads\/2025\/02\/les-locations-confort-plus-en-camping-concarneau-sejour-avec-televiseur-300x289.webp 300w\" sizes=\"(max-width: 686px) 100vw, 686px\" \/><\/figure>\n<\/div>\n<\/div>\n<\/div>\n<\/section>\n\n<section class=\"wp-block-group page-fourth has-custom-color-3-background-color has-background is-layout-flow wp-block-group-is-layout-flow\" style=\"margin-top:0;padding-top:var(--wp--preset--spacing--30);padding-bottom:3rem\">\n<div class=\"wp-block-columns is-layout-flex wp-container-core-columns-is-layout-28f84493 wp-block-columns-is-layout-flex\">\n<div class=\"wp-block-column is-layout-flow wp-block-column-is-layout-flow\" style=\"flex-basis:40%\">\n<figure class=\"wp-block-image size-full animated fadeIn delay-100ms slow\"><img decoding=\"async\" width=\"688\" height=\"639\" src=\"https:\/\/www.le-cabellou-plage.com\/wp-content\/uploads\/2025\/02\/les-locations-premium-en-camping-concarneau.webp\" alt=\"Premium-Vermietungen auf dem Campingplatz Concarneau\" class=\"wp-image-17137\" srcset=\"https:\/\/www.le-cabellou-plage.com\/wp-content\/uploads\/2025\/02\/les-locations-premium-en-camping-concarneau.webp 688w, https:\/\/www.le-cabellou-plage.com\/wp-content\/uploads\/2025\/02\/les-locations-premium-en-camping-concarneau-300x279.webp 300w\" sizes=\"(max-width: 688px) 100vw, 688px\" \/><\/figure>\n<\/div>\n\n\n\n<div class=\"wp-block-column is-vertically-aligned-center is-layout-flow wp-block-column-is-layout-flow\" style=\"padding-right:2rem;padding-left:2rem;flex-basis:60%\">\n<div class=\"wp-block-group gt-no-padding-mobile is-layout-flow wp-block-group-is-layout-flow\" style=\"padding-right:15rem;padding-left:10rem\">\n<h2 class=\"wp-block-heading has-base-2-color has-text-color has-link-color wp-elements-a367d94ea53585f7ecd7a8eb83d8bdd8\" style=\"margin-bottom:var(--wp--preset--spacing--30)\"><strong>Die Premium-Unterk\u00fcnfte<\/strong> <br\/>auf dem Campingplatz Concarneau<\/h2>\n\n\n\n<p>F\u00fcr einen komfortablen Aufenthalt <strong>bietet Ihnen Ihr Campingplatz Concarneau die Premium-Klasse<\/strong>.<\/p>\n\n\n\n<p>Diese Cottages mit 2 oder 3 Schlafzimmern und einem oder zwei Badezimmern bieten Platz f\u00fcr bis zu 8 Personen und erm\u00f6glichen Ihnen einen komfortablen Aufenthalt mit der ganzen Familie. Diese Unterk\u00fcnfte wurden im <strong>Juni 2018 eingerichtet<\/strong> und sind mit gro\u00dfen Betten (160x200cm) im Elternschlafzimmer ausgestattet. Die ausgestattete K\u00fcche bietet u.a. Geschirrsp\u00fcler, Toaster und Wasserkocher. Das Wohnzimmer mit Fernseher bietet direkten Zugang zu Ihrer gro\u00dfen halb\u00fcberdachten Terrasse mit Gartenm\u00f6beln und Liegest\u00fchlen.  <\/p>\n\n\n\n<p>F\u00fcr mehr Ruhe denken Sie bitte daran, Bettw\u00e4sche und Handt\u00fccher zu reservieren. Sie werden bei Ihrer Ankunft in Ihrem Cottage hinterlegt. Das gesamte Team Ihres Campingplatzes Concarneau freut sich auf Ihren Besuch.  <\/p>\n\n\n\n<p>Nach einer Stunde \u00dcberfahrt vom Hafen von <strong>Concarneau<\/strong> aus <strong>k\u00f6nnen Sie die paradiesischen Landschaften der Gl\u00e9nan-Inseln entdecken<\/strong>. Dieses Archipel mit seinen mediterranen Farben wird Sie begeistern. <strong>Nehmen Sie sich Zeit f\u00fcr einen Spaziergang auf der Insel Saint Nicolas<\/strong> und gehen Sie dann an Bord f\u00fcr eine kommentierte Bootstour durch den Archipel. An der Rezeption Ihres <a href=\"https:\/\/www.le-cabellou-plage.com\/de\/\">Campingplatzes Concarneau<\/a> finden Sie alle Informationen, um einen Tag lang von diesem Tapetenwechsel zu profitieren.  <\/p>\n<\/div>\n<\/div>\n<\/div>\n<\/section>\n\n<section class=\"wp-block-group page-maillage has-custom-color-2-background-color has-background has-global-padding is-layout-constrained wp-block-group-is-layout-constrained\" style=\"margin-top:0;margin-bottom:0;padding-top:var(--wp--preset--spacing--40);padding-bottom:var(--wp--preset--spacing--40)\">\n<div class=\"wp-block-group h1-like is-layout-flow wp-block-group-is-layout-flow\" style=\"margin-bottom:var(--wp--preset--spacing--50)\">\n<p class=\"has-bodidota-font-family\" style=\"font-size:clamp(47.79px, 2.987rem + ((1vw - 3.2px) * 3.916), 94px);line-height:0.8\">Entdecken Sie<\/p>\n\n\n\n<p class=\"has-custom-color-3-color has-text-color has-link-color has-north-wave-font-family wp-elements-d15f657e6ea934fa36a6382e1d192e4c\" style=\"padding-left:var(--wp--preset--spacing--60);font-size:clamp(52.125px, 3.258rem + ((1vw - 3.2px) * 4.481), 105px);line-height:0.1\">die Bretagne<\/p>\n<\/div>\n\n\n\n<div class=\"wp-block-query is-layout-flow wp-block-query-is-layout-flow\"><ul class=\"columns-3 wp-block-post-template has-medium-font-size is-layout-grid wp-container-core-post-template-is-layout-572542b5 wp-block-post-template-is-layout-grid\"><li class=\"wp-block-post post-20828 page type-page status-publish has-post-thumbnail hentry\">\n\n<figure class=\"wp-block-image maillage-img\"><img decoding=\"async\" src=\"https:\/\/www.le-cabellou-plage.com\/wp-content\/uploads\/2025\/01\/camping-bretagne-sud-chien-resort-5-etoiles-le-cabellou-plage-concarneau-cta.webp\" alt=\"campingplatz bretagne sued hund resort 5 sterne le cabellou strand concarneau\"\/><\/figure>\n\n\n\n<div class=\"wp-block-group content-maillage has-global-padding is-layout-constrained wp-block-group-is-layout-constrained\">\n<p class=\"maillage-title has-base-2-color has-text-color has-link-color has-josefin-sans-font-family wp-elements-939842b9118177581784f7034ceeec07\" style=\"border-style:none;border-width:0px;border-radius:0px;font-size:clamp(0.875rem, 0.875rem + ((1vw - 0.2rem) * 0.576), 1.3rem);letter-spacing:1px;text-transform:uppercase\">Campingplatz Bretagne S\u00fcd Hund<\/p>\n<\/div>\n\n\n<a class=\"is-style-lien-cover wp-block-read-more\" href=\"https:\/\/www.le-cabellou-plage.com\/de\/campingplatz-bretagne-sued-hund\/\" target=\"_self\">Read more<span class=\"screen-reader-text\">: Campingplatz Bretagne S\u00fcd Hund<\/span><\/a>\n<\/li><li class=\"wp-block-post post-20854 page type-page status-publish has-post-thumbnail hentry\">\n\n<figure class=\"wp-block-image maillage-img\"><img decoding=\"async\" src=\"https:\/\/www.le-cabellou-plage.com\/wp-content\/uploads\/2025\/01\/camping-finistere-sud-cabellou-plage-resort-5-etoiles-concarneau-cta.webp\" alt=\"campingplatz sued finistere cabellou plage resort 5 sterne concarneau\"\/><\/figure>\n\n\n\n<div class=\"wp-block-group content-maillage has-global-padding is-layout-constrained wp-block-group-is-layout-constrained\">\n<p class=\"maillage-title has-base-2-color has-text-color has-link-color has-josefin-sans-font-family wp-elements-939842b9118177581784f7034ceeec07\" style=\"border-style:none;border-width:0px;border-radius:0px;font-size:clamp(0.875rem, 0.875rem + ((1vw - 0.2rem) * 0.576), 1.3rem);letter-spacing:1px;text-transform:uppercase\">Campingplatz S\u00fcd-Finist\u00e8re Cabellou Plage<\/p>\n<\/div>\n\n\n<a class=\"is-style-lien-cover wp-block-read-more\" href=\"https:\/\/www.le-cabellou-plage.com\/de\/campingplatz-sued-finistere-cabellou-plage\/\" target=\"_self\">Read more<span class=\"screen-reader-text\">: Campingplatz S\u00fcd-Finist\u00e8re Cabellou Plage<\/span><\/a>\n<\/li><li class=\"wp-block-post post-20835 page type-page status-publish has-post-thumbnail hentry\">\n\n<figure class=\"wp-block-image maillage-img\"><img decoding=\"async\" src=\"https:\/\/www.le-cabellou-plage.com\/wp-content\/uploads\/2025\/01\/camping-quimper-resort-5-etoiles-le-cabellou-plage-cta.webp\" alt=\"campingplatz quimper resort 5 sterne le cabellou plage\"\/><\/figure>\n\n\n\n<div class=\"wp-block-group content-maillage has-global-padding is-layout-constrained wp-block-group-is-layout-constrained\">\n<p class=\"maillage-title has-base-2-color has-text-color has-link-color has-josefin-sans-font-family wp-elements-939842b9118177581784f7034ceeec07\" style=\"border-style:none;border-width:0px;border-radius:0px;font-size:clamp(0.875rem, 0.875rem + ((1vw - 0.2rem) * 0.576), 1.3rem);letter-spacing:1px;text-transform:uppercase\">Campingplatz Quimper<\/p>\n<\/div>\n\n\n<a class=\"is-style-lien-cover wp-block-read-more\" href=\"https:\/\/www.le-cabellou-plage.com\/de\/campingplatz-quimper\/\" target=\"_self\">Read more<span class=\"screen-reader-text\">: Campingplatz Quimper<\/span><\/a>\n<\/li><\/ul><\/div>\n<\/section>\n","protected":false},"excerpt":{"rendered":"<p>Campingplatz Concarneaumit allem Komfort Komfortable Unterk\u00fcnfteauf dem Campingplatz Concarneau Unsere Cottages Confort befinden sich in einem Fu\u00dfg\u00e4ngerviertel. Ein Parkplatz ist auf dem Gel\u00e4nde des Campingplatzes in der N\u00e4he Ihres Cottage f\u00fcr Sie reserviert. Sie haben zwei oder drei Schlafzimmer und k\u00f6nnen 2 bis 6 Personen beherbergen. Sie werden die K\u00fcchenzeile mit Kochplatten, Mikrowelle, K\u00fchlschrank und [&hellip;]<\/p>\n","protected":false},"author":1,"featured_media":16495,"parent":0,"menu_order":0,"comment_status":"closed","ping_status":"closed","template":"","meta":{"_acf_changed":false,"_seopress_robots_primary_cat":"","_seopress_titles_title":"Campingplatz Concarneau mit allem Komfort Le Cabellou plage 5 Sterne","_seopress_titles_desc":"Campingplatz Concarneau mit allem Komfort: ein au\u00dfergew\u00f6hnlicher Ort im s\u00fcdlichen Finist\u00e8re, um ein Mobilheim zu mieten, Ihr Zelt aufzuschlagen oder mit dem Wohnmobil auf den Campingplatz Le Cabellou Plage zu kommen, wo Sie den gr\u00f6\u00dften Komfort genie\u00dfen k\u00f6nnen.","_seopress_robots_index":"","inline_featured_image":false,"gt_fse_maillage_image":"https:\/\/www.le-cabellou-plage.com\/wp-content\/uploads\/2025\/01\/camping-concarneau-tout-confort-resort-5-etoiles-le-cabellou-plage-cta.webp","gt_fse_maillage_titre":"Campingplatz Concarneau mit allem Komfort","gt_fse_maillage_alt":"campingplatz concarneau mit allem Komfort resort 5 sterne le cabellou plage","gt_fse_maillage_resume":"","footnotes":""},"categories":[],"tags":[],"class_list":["post-20847","page","type-page","status-publish","has-post-thumbnail","hentry"],"acf":[],"_links":{"self":[{"href":"https:\/\/www.le-cabellou-plage.com\/de\/wp-json\/wp\/v2\/pages\/20847","targetHints":{"allow":["GET"]}}],"collection":[{"href":"https:\/\/www.le-cabellou-plage.com\/de\/wp-json\/wp\/v2\/pages"}],"about":[{"href":"https:\/\/www.le-cabellou-plage.com\/de\/wp-json\/wp\/v2\/types\/page"}],"author":[{"embeddable":true,"href":"https:\/\/www.le-cabellou-plage.com\/de\/wp-json\/wp\/v2\/users\/1"}],"replies":[{"embeddable":true,"href":"https:\/\/www.le-cabellou-plage.com\/de\/wp-json\/wp\/v2\/comments?post=20847"}],"version-history":[{"count":9,"href":"https:\/\/www.le-cabellou-plage.com\/de\/wp-json\/wp\/v2\/pages\/20847\/revisions"}],"predecessor-version":[{"id":23139,"href":"https:\/\/www.le-cabellou-plage.com\/de\/wp-json\/wp\/v2\/pages\/20847\/revisions\/23139"}],"wp:featuredmedia":[{"embeddable":true,"href":"https:\/\/www.le-cabellou-plage.com\/de\/wp-json\/wp\/v2\/media\/16495"}],"wp:attachment":[{"href":"https:\/\/www.le-cabellou-plage.com\/de\/wp-json\/wp\/v2\/media?parent=20847"}],"wp:term":[{"taxonomy":"category","embeddable":true,"href":"https:\/\/www.le-cabellou-plage.com\/de\/wp-json\/wp\/v2\/categories?post=20847"},{"taxonomy":"post_tag","embeddable":true,"href":"https:\/\/www.le-cabellou-plage.com\/de\/wp-json\/wp\/v2\/tags?post=20847"}],"curies":[{"name":"wp","href":"https:\/\/api.w.org\/{rel}","templated":true}]}}