{"id":20821,"date":"2025-01-21T10:16:07","date_gmt":"2025-01-21T09:16:07","guid":{"rendered":"https:\/\/www.le-cabellou-plage.com\/camping-pointe-du-raz\/"},"modified":"2025-03-07T10:56:12","modified_gmt":"2025-03-07T09:56:12","slug":"campingplatz-pointe-du-raz","status":"publish","type":"page","link":"https:\/\/www.le-cabellou-plage.com\/de\/campingplatz-pointe-du-raz\/","title":{"rendered":"Campingplatz Pointe du Raz"},"content":{"rendered":"\n<section class=\"wp-block-group home-intro page-one has-custom-color-2-background-color has-background is-layout-flow wp-block-group-is-layout-flow\" style=\"padding-top:var(--wp--preset--spacing--40);padding-bottom:var(--wp--preset--spacing--30)\">\n<div class=\"wp-block-columns is-layout-flex wp-container-core-columns-is-layout-b0eedf20 wp-block-columns-is-layout-flex\" style=\"margin-top:1rem;margin-bottom:0\">\n<div class=\"wp-block-column is-layout-flow wp-block-column-is-layout-flow\" style=\"padding-right:2rem;padding-left:2rem;flex-basis:60%\">\n<div class=\"wp-block-group gt-no-padding-mobile is-layout-flow wp-block-group-is-layout-flow\" style=\"padding-right:10rem;padding-left:15rem\">\n<h1 class=\"wp-block-heading\">Campingplatz 70km von <br\/><strong>La pointe du Raz in S\u00fcd-Finist\u00e8re<\/strong><\/h1>\n\n\n\n<p>M\u00f6chten Sie einen <strong>Campingurlaub in der N\u00e4he von La Point du Raz <\/strong> verbringen? Unser <a href=\"https:\/\/www.le-cabellou-plage.com\/de\/\">Campingplatz Concarneau<\/a><strong> le Cabellou Plage<\/strong> empf\u00e4ngt Sie gerne f\u00fcr Ihren Sommerurlaub im Finist\u00e8re. Wir sind etwa 70 km von diesem wundersch\u00f6nen Felsenpfad am Ende des franz\u00f6sischen Territoriums entfernt und bieten einen <strong>Panoramablick auf den Atlantik<\/strong> und den Leuchtturm. Es wird Ihnen leicht fallen, dieses <a href=\"https:\/\/www.le-cabellou-plage.com\/de\/tourismus-bretagne-sued\/\">unumg\u00e4ngliche Ziel der Bretagne<\/a> zu entdecken und die Landschaft zu genie\u00dfen, die diese Region zu bieten hat. <strong>Die Pointe du Raz<\/strong>, die sich am westlichen Ende der <strong>bretonischen K\u00fcste<\/strong> und des <strong>Finist\u00e8re<\/strong> befindet, ist ein zentraler Punkt f\u00fcr Urlauber w\u00e4hrend ihres Aufenthalts in der Bretagne. Diese Attraktion gilt als eines der <strong>sch\u00f6nsten Panoramen<\/strong> der Region und wird Ihren Besuch zu einem unvergesslichen Erlebnis machen.    <\/p>\n\n\n\n<h2 class=\"wp-block-heading\" style=\"padding-top:var(--wp--preset--spacing--30);text-transform:uppercase\"><strong>5-Sterne-Campingplatz<\/strong> in der N\u00e4he der Pointe du Raz<\/h2>\n\n\n    <div id=\"gt-fse-lire-plus-69f54d313853b\" class=\"gt-fse-lire-plus\" data-min-height=\"130\" style=\"background-color: #3a4156;\">\n        <input id=\"gt-fse-lire-plus-69f54d313853b-toggle\" type=\"checkbox\" class=\"gt-fse-lire-plus__toggle\" \/>\n        <label for=\"gt-fse-lire-plus-69f54d313853b-toggle\" class=\"gt-fse-lire-plus__toggle-label\">\n            <span>Lire plus<\/span>\n            <span>Lire moins<\/span>\n        <\/label>\n        <div class=\"gt-fse-lire-plus__content\" style=\"height: 130px;\">\n            \n\n<p>Entdecken Sie die Region und verbringen Sie Ihren Urlaub auf unserem <strong>5-Sterne-Campingplatz in der N\u00e4he der Pointe du Raz<\/strong> und genie\u00dfen Sie einen angenehmen Aufenthalt auf bretonischem Boden. Wir bieten Ihnen alle Annehmlichkeiten, um Ihren Urlaub noch angenehmer zu gestalten, <strong>moderne<\/strong> und <strong>komfortable<\/strong> , neue <strong>Mobilheime<\/strong>, eine <strong>herzliche Gastfreundschaft<\/strong> und <strong>qualitativ hochwertige Dienstleistungen<\/strong>. <\/p>\n\n\n\n<p>Unser <strong>5-Sterne-Campingplatz Le Cabellou<\/strong> Plage liegt etwa eine<strong> Autostunde vom Parkplatz entfernt, der Sie an der Pointe du Raz empf\u00e4ngt<\/strong> und Ihnen eine <strong>Reihe von Dienstleistungen<\/strong> bietet, die <strong>einem Urlaub mit Sternen<\/strong> im <a href=\"https:\/\/www.le-cabellou-plage.com\/de\/tourismus-finistere-sued\/\">S\u00fcden des Finist\u00e8re<\/a> <strong>gerecht<\/strong> werden. Wandern, Sonnenbaden und Fotografieren, um Ihren Urlaub zu verewigen, erkunden Sie die <strong>Pointe du Raz<\/strong> und ihre Umgebung von unserem <a href=\"https:\/\/www.le-cabellou-plage.com\/de\/campingplatz-dienstleistungen-bretagne\/\">5-Sterne-Campingplatz<\/a> aus. <\/p>\n\n\n\n<p>Die <strong>atemberaubenden Landschaften und Ausblicke <\/strong>vermischen sich perfekt mit der Atmosph\u00e4re des Campingplatzes, zur Freude der Besucher, die ein unvergessliches Bild des K\u00fcstenpfades behalten werden. Unser <strong>5-Sterne-Campingplatz in der N\u00e4he des Pointe du Raz und seines legend\u00e4ren Leuchtturms <\/strong>bietet Ihnen alle Zutaten f\u00fcr <strong>unvergessliche Erinnerungen<\/strong> w\u00e4hrend Ihres <strong>Urlaubs im Finist\u00e8re<\/strong>. Genie\u00dfen Sie die<strong> hochwertigen<\/strong> Unterk\u00fcnfte, den <strong>Wasserpark<\/strong> mit seinen <strong>beheizten Pools<\/strong>, die <a href=\"https:\/\/www.le-cabellou-plage.com\/de\/camping-animationen-bretagne\/\">Animationen f\u00fcr Kinder<\/a> und vor allem die N\u00e4he zum <a href=\"https:\/\/www.le-cabellou-plage.com\/de\/camping-am-meer-bretagne\/\">Meer<\/a>.  <\/p>\n\n            <div class=\"gt-fse-lire-plus__gradient\" style=\"background: linear-gradient(to bottom,rgba(58,65,86,0) 0%,rgba(58,65,86,1) 100%);\"><\/div>\n        <\/div>\n    <\/div>\n    \n\n\n<div class=\"wp-block-buttons is-content-justification-center is-layout-flex wp-container-core-buttons-is-layout-3b2eff7d wp-block-buttons-is-layout-flex\" style=\"margin-top:var(--wp--preset--spacing--30);margin-bottom:var(--wp--preset--spacing--30);padding-left:0\">\n<div class=\"wp-block-button\"><a class=\"wp-block-button__link wp-element-button\" href=\"https:\/\/www.le-cabellou-plage.com\/de\/campingplatz-dienstleistungen-bretagne\/\">Entdecken Sie unsere Dienstleistungen<\/a><\/div>\n<\/div>\n<\/div>\n<\/div>\n\n\n\n<div class=\"wp-block-column animated fadeIn delay-100ms slow is-layout-flow wp-block-column-is-layout-flow\" style=\"padding-top:0em;flex-basis:40%\">\n<div data-swiper=\"{&quot;speed&quot;:400,&quot;spaceBetween&quot;:16,&quot;slidesPerView&quot;:1,&quot;createElements&quot;:true,&quot;loop&quot;:true,&quot;freemode&quot;:true,&quot;pagination&quot;:{&quot;el&quot;:&quot;.swiper-pagination&quot;,&quot;dynamicBullets&quot;:false},&quot;breakpoints&quot;:{&quot;0&quot;:{&quot;slidesPerView&quot;:1},&quot;380&quot;:[],&quot;1024&quot;:[]},&quot;navigation&quot;:false,&quot;effect&quot;:&quot;fade&quot;}\" class=\"wp-block-group gt-is-slider gt-is-slider-desktop has-global-padding is-layout-constrained wp-block-group-is-layout-constrained\">\n<figure class=\"wp-block-image size-full\"><img decoding=\"async\" width=\"686\" height=\"660\" src=\"https:\/\/www.le-cabellou-plage.com\/wp-content\/uploads\/2025\/01\/camping-a-70km-de-la-pointe-du-raz-en-finistere-sud.webp\" alt=\"Campingplatz 70 km von Pointe du raz in S&#xFC;dfinistere entfernt\" class=\"wp-image-15568\" srcset=\"https:\/\/www.le-cabellou-plage.com\/wp-content\/uploads\/2025\/01\/camping-a-70km-de-la-pointe-du-raz-en-finistere-sud.webp 686w, https:\/\/www.le-cabellou-plage.com\/wp-content\/uploads\/2025\/01\/camping-a-70km-de-la-pointe-du-raz-en-finistere-sud-300x289.webp 300w\" sizes=\"(max-width: 686px) 100vw, 686px\" \/><\/figure>\n\n\n\n<figure class=\"wp-block-image size-full\"><img decoding=\"async\" width=\"686\" height=\"660\" src=\"https:\/\/www.le-cabellou-plage.com\/wp-content\/uploads\/2025\/01\/la-pointe-du-raz-en-bretagne-sud.webp\" alt=\"Pointe du raz in der s&#xFC;dlichen Bretagne\" class=\"wp-image-15572\" srcset=\"https:\/\/www.le-cabellou-plage.com\/wp-content\/uploads\/2025\/01\/la-pointe-du-raz-en-bretagne-sud.webp 686w, https:\/\/www.le-cabellou-plage.com\/wp-content\/uploads\/2025\/01\/la-pointe-du-raz-en-bretagne-sud-300x289.webp 300w\" sizes=\"(max-width: 686px) 100vw, 686px\" \/><\/figure>\n\n\n\n<figure class=\"wp-block-image size-full\"><img decoding=\"async\" width=\"686\" height=\"660\" src=\"https:\/\/www.le-cabellou-plage.com\/wp-content\/uploads\/2025\/01\/camping-5-etoiles-proche-de-la-pointe-du-raz.webp\" alt=\"5-Sterne-Campingplatz in der N&#xE4;he von La Pointe du Raz\" class=\"wp-image-15576\" srcset=\"https:\/\/www.le-cabellou-plage.com\/wp-content\/uploads\/2025\/01\/camping-5-etoiles-proche-de-la-pointe-du-raz.webp 686w, https:\/\/www.le-cabellou-plage.com\/wp-content\/uploads\/2025\/01\/camping-5-etoiles-proche-de-la-pointe-du-raz-300x289.webp 300w\" sizes=\"(max-width: 686px) 100vw, 686px\" \/><\/figure>\n<\/div>\n<\/div>\n<\/div>\n<\/section>\n\n<section class=\"wp-block-group home-third has-custom-color-2-background-color has-background is-layout-flow wp-block-group-is-layout-flow\" style=\"margin-top:0;padding-bottom:var(--wp--preset--spacing--40)\">\n<div data-swiper=\"{&quot;speed&quot;:1000,&quot;autoplay&quot;:{&quot;delay&quot;:5000,&quot;disableOnInteraction&quot;:false},&quot;spaceBetween&quot;:0,&quot;slidesPerView&quot;:1,&quot;pagination&quot;:{&quot;el&quot;:&quot;.swiper-pagination&quot;,&quot;dynamicBullets&quot;:true,&quot;clickable&quot;:true,&quot;type&quot;:&quot;bullets&quot;},&quot;navigation&quot;:{&quot;nextEl&quot;:&quot;.swiper-button-next&quot;,&quot;prevEl&quot;:&quot;.swiper-button-prev&quot;},&quot;breakpoints&quot;:[{&quot;slidesPerView&quot;:1}]}\" class=\"wp-block-cover has-parallax has-custom-content-position is-position-bottom-right\" style=\"min-height:825px;aspect-ratio:unset;\"><span aria-hidden=\"true\" class=\"wp-block-cover__background has-contrast-background-color has-background-dim-30 has-background-dim\"><\/span><div role=\"img\" aria-label=\"location de mobil homes pres de la pointe du raz en bretagne sud\" class=\"wp-block-cover__image-background wp-image-15580 has-parallax\" style=\"background-position:50% 50%;background-image:url(https:\/\/www.le-cabellou-plage.com\/wp-content\/uploads\/2025\/01\/location-de-mobil-homes-pres-de-la-pointe-du-raz-en-bretagne-sud.webp)\"><\/div><div class=\"wp-block-cover__inner-container has-global-padding is-layout-constrained wp-block-cover-is-layout-constrained\">\n<p class=\"has-text-align-center has-base-2-color has-text-color has-link-color has-bodidota-font-family wp-elements-f0e0169fd10100eb3a3644dc443feb92\" style=\"padding-right:35rem;padding-bottom:var(--wp--preset--spacing--40);font-size:clamp(39.963px, 2.498rem + ((1vw - 3.2px) * 2.969), 75px);text-transform:uppercase\"><strong>Gem\u00fctliches Wohnzimmer<\/strong><\/p>\n<\/div><\/div>\n\n\n\n<div class=\"wp-block-columns is-layout-flex wp-container-core-columns-is-layout-b674b79b wp-block-columns-is-layout-flex\" style=\"padding-top:var(--wp--preset--spacing--10);padding-right:var(--wp--preset--spacing--50);padding-bottom:var(--wp--preset--spacing--10);padding-left:var(--wp--preset--spacing--50)\">\n<div class=\"wp-block-column right is-layout-flow wp-block-column-is-layout-flow\" style=\"padding-top:var(--wp--preset--spacing--40);flex-basis:60%\">\n<div class=\"wp-block-group gt-no-padding-mobile is-layout-flow wp-block-group-is-layout-flow\" style=\"padding-right:15rem;padding-left:10rem\">\n<h2 class=\"wp-block-heading\" style=\"margin-bottom:var(--wp--preset--spacing--30)\"><strong>Vermietung von Mobilheimen<\/strong> <br\/>in der N\u00e4he der Pointe du Raz in der S\u00fcdbretagne<\/h2>\n\n\n    <div id=\"gt-fse-lire-plus-69f54d313a7c7\" class=\"gt-fse-lire-plus\" data-min-height=\"130\" style=\"background-color: #3a4156;\">\n        <input id=\"gt-fse-lire-plus-69f54d313a7c7-toggle\" type=\"checkbox\" class=\"gt-fse-lire-plus__toggle\" \/>\n        <label for=\"gt-fse-lire-plus-69f54d313a7c7-toggle\" class=\"gt-fse-lire-plus__toggle-label\">\n            <span>Lire plus<\/span>\n            <span>Lire moins<\/span>\n        <\/label>\n        <div class=\"gt-fse-lire-plus__content\" style=\"height: 130px;\">\n            \n\n<p>Es war noch nie so einfach, Ihren <strong>n\u00e4chsten Urlaub in der N\u00e4he der Pointe du Raz <\/strong>im S\u00fcden des <strong>Finist\u00e8re <\/strong>zu verbringen! Sind Sie auf der <strong>Suche nach einem Campingplatz in der N\u00e4he der Pointe du Raz<\/strong> ? Entdecken Sie die Ruhe des <strong>Campingplatzes Le Cabellou Plage<\/strong> in unseren <strong>stilvollen und komplett ausgestatteten Mobilheimen<\/strong>. Mit vielen <strong>modernen Einrichtungen<\/strong> k\u00f6nnen Sie einen stressfreien Aufenthalt mit allem Komfort genie\u00dfen, den Sie f\u00fcr einen <strong>unvergesslichen Ausflug<\/strong> in der N\u00e4he der Attraktion Ihrer Wahl in der <strong>s\u00fcdlichen Bretagne<\/strong> ben\u00f6tigen. Unsere <strong>Mobilheime<\/strong> haben alles, was Sie f\u00fcr Ihren Aufenthalt brauchen: eine <strong>voll ausgestattete K\u00fcche<\/strong> mit allen notwendigen Utensilien, ein <strong>gem\u00fctliches Wohnzimmer<\/strong>, <strong>separate Schlafzimmer f\u00fcr mehr Privatsph\u00e4re<\/strong> und individuelle Badezimmer. Und f\u00fcr den zus\u00e4tzlichen Komfort sind einige unserer Mobilheime sogar mit einem <strong>Geschirrsp\u00fcler<\/strong> ausgestattet, um Ihnen das t\u00e4gliche Leben zu erleichtern.     <\/p>\n\n\n\n<p>Unser Campingplatz bietet <a href=\"https:\/\/www.le-cabellou-plage.com\/de\/stellplatz-vermietung-bretagne\/\">ger\u00e4umige Stellpl\u00e4tze<\/a> f\u00fcr Ihre Fahrzeuge, wie Autos oder <strong>Wohnwagen<\/strong>, so dass Sie diese w\u00e4hrend Ihres gesamten Aufenthaltes zur Verf\u00fcgung haben. Wenn Sie nach der <strong>Erkundung der K\u00fcstenpfade von Pointe du Raz<\/strong> etwas Abstand von allem haben m\u00f6chten und sich <strong>in der N\u00e4he eines ruhigen Strandes entspannen<\/strong> wollen, bieten wir Ihnen den <strong>Strand von Cabellou<\/strong> an, der nur wenige Schritte vom Campingplatz und Ihrem Mobilheim entfernt liegt. Warten Sie nicht l\u00e4nger und <a href=\"https:\/\/www.le-cabellou-plage.com\/de\/vermietung-mobilheime-bretagne\/\">buchen Sie jetzt eines unserer Mobilheime<\/a> oder Stellpl\u00e4tze und beginnen Sie mit der <strong>Planung eines unvergesslichen Erlebnisses in der s\u00fcdlichen Bretagne<\/strong>, in der N\u00e4he von <strong>Pointe du Raz<\/strong>.  <\/p>\n\n            <div class=\"gt-fse-lire-plus__gradient\" style=\"background: linear-gradient(to bottom,rgba(58,65,86,0) 0%,rgba(58,65,86,1) 100%);\"><\/div>\n        <\/div>\n    <\/div>\n    <\/div>\n<\/div>\n\n\n\n<div class=\"wp-block-column left is-layout-flow wp-block-column-is-layout-flow\" style=\"flex-basis:40%\">\n<div class=\"wp-block-group gt-no-padding-mobile is-layout-flow wp-block-group-is-layout-flow\" style=\"padding-right:10rem;padding-left:2rem\">\n<p class=\"has-custom-color-3-color has-text-color has-link-color has-josefin-sans-font-family has-small-font-size wp-elements-2ded5ca9d078e6efe2a141b2d9c53181\" style=\"margin-bottom:var(--wp--preset--spacing--30);letter-spacing:3px;line-height:1.5;text-transform:uppercase\">Ein unvergesslicher Ausflug<\/p>\n\n\n\n<div class=\"wp-block-group h1-like is-layout-flow wp-block-group-is-layout-flow\">\n<p class=\"has-bodidota-font-family\" style=\"font-size:clamp(47.79px, 2.987rem + ((1vw - 3.2px) * 3.916), 94px);line-height:0.8\">Urlaub in der N\u00e4he vom<\/p>\n\n\n\n<p class=\"has-custom-color-3-color has-text-color has-link-color has-north-wave-font-family wp-elements-5a06fb54ca71d3a402944b6e0153f76f\" style=\"padding-left:var(--wp--preset--spacing--40);font-size:clamp(52.125px, 3.258rem + ((1vw - 3.2px) * 4.481), 105px);line-height:0.1\">pointe du raz<\/p>\n<\/div>\n<\/div>\n<\/div>\n<\/div>\n\n\n\n<div class=\"wp-block-group alignwide has-global-padding is-layout-constrained wp-block-group-is-layout-constrained\">\n<div class=\"wp-block-group alignwide is-nowrap is-layout-flex wp-container-core-group-is-layout-6c531013 wp-block-group-is-layout-flex\">\n<div class=\"wp-block-group alignwide has-global-padding is-layout-constrained wp-container-core-group-is-layout-fd9b688b wp-block-group-is-layout-constrained\" style=\"padding-left:0\">\n<div data-wp-context=\"{}\" data-wp-interactive=\"core\/query\" data-wp-key=\"3\" data-wp-router-region=\"query-3\" class=\"wp-block-query alignwide gt-ws-thelis-hebergements-query is-layout-flow wp-block-query-is-layout-flow\"><ul class=\"columns-4 wp-block-post-template is-layout-grid wp-container-core-post-template-is-layout-e7fd85f5 wp-block-post-template-is-layout-grid\"><li data-gt-bathrooms=\"1\" data-gt-camping=\"527\" data-gt-capacity=\"6\" data-gt-criterions=\"&quot;[17,4517,3222,3223,3225,3230]&quot;\" data-gt-post-id=\"21109\" data-gt-rooms=\"3\" data-gt-surfaces=\"36\" data-gt-types=\"Mobilheime,location\" data-gt-ws-camping=\"527\" data-wp-key=\"69f54d3140f60\" class=\"wp-block-post post-21109 hebergement type-hebergement status-publish has-post-thumbnail hentry\">\n\n<div \n    class=\"wp-block-gt-gt-ws-thelis-product-images\"    data-wp-interactive=\"gt\/thelis\/hebergement\/image\"\n    data-gallery-images='[&quot;https:\\\/\\\/www.le-cabellou-plage.com\\\/wp-content\\\/uploads\\\/gt-ws-thelis\\\/site-1\\\/images\\\/527\\\/pict_19_3.jpg&quot;,&quot;https:\\\/\\\/www.le-cabellou-plage.com\\\/wp-content\\\/uploads\\\/gt-ws-thelis\\\/site-1\\\/images\\\/527\\\/pict_19_5.jpg&quot;,&quot;https:\\\/\\\/www.le-cabellou-plage.com\\\/wp-content\\\/uploads\\\/gt-ws-thelis\\\/site-1\\\/images\\\/527\\\/pict_19_6.jpg&quot;,&quot;https:\\\/\\\/www.le-cabellou-plage.com\\\/wp-content\\\/uploads\\\/gt-ws-thelis\\\/site-1\\\/images\\\/527\\\/pict_19_1.jpg&quot;,&quot;https:\\\/\\\/www.le-cabellou-plage.com\\\/wp-content\\\/uploads\\\/gt-ws-thelis\\\/site-1\\\/images\\\/527\\\/pict_19_7.jpg&quot;,&quot;https:\\\/\\\/www.le-cabellou-plage.com\\\/wp-content\\\/uploads\\\/gt-ws-thelis\\\/site-1\\\/images\\\/527\\\/pict_19_2.jpg&quot;,&quot;https:\\\/\\\/www.le-cabellou-plage.com\\\/wp-content\\\/uploads\\\/gt-ws-thelis\\\/site-1\\\/images\\\/527\\\/pict_19_4.jpg&quot;]'\n    data-wp-context='{\"images\":[\"https:\\\/\\\/www.le-cabellou-plage.com\\\/wp-content\\\/uploads\\\/gt-ws-thelis\\\/site-1\\\/images\\\/527\\\/pict_19_3.jpg\",\"https:\\\/\\\/www.le-cabellou-plage.com\\\/wp-content\\\/uploads\\\/gt-ws-thelis\\\/site-1\\\/images\\\/527\\\/pict_19_5.jpg\",\"https:\\\/\\\/www.le-cabellou-plage.com\\\/wp-content\\\/uploads\\\/gt-ws-thelis\\\/site-1\\\/images\\\/527\\\/pict_19_6.jpg\",\"https:\\\/\\\/www.le-cabellou-plage.com\\\/wp-content\\\/uploads\\\/gt-ws-thelis\\\/site-1\\\/images\\\/527\\\/pict_19_1.jpg\",\"https:\\\/\\\/www.le-cabellou-plage.com\\\/wp-content\\\/uploads\\\/gt-ws-thelis\\\/site-1\\\/images\\\/527\\\/pict_19_7.jpg\",\"https:\\\/\\\/www.le-cabellou-plage.com\\\/wp-content\\\/uploads\\\/gt-ws-thelis\\\/site-1\\\/images\\\/527\\\/pict_19_2.jpg\",\"https:\\\/\\\/www.le-cabellou-plage.com\\\/wp-content\\\/uploads\\\/gt-ws-thelis\\\/site-1\\\/images\\\/527\\\/pict_19_4.jpg\"],\"jsonConfig\":{\"speed\":400,\"spaceBetween\":16,\"slidesPerView\":1,\"loop\":true,\"breakpoints\":[{\"slidesPerView\":1}],\"pagination\":false,\"effect\":\"fade\",\"autoplay\":{\"delay\":2500}},\"sliderId\":\"69f54d313b97d\"}'>\n            <div \n            id=\"69f54d313b97d\"\n            class=\"gt-ws-thelis-is-slider swiper\" \n            data-swiper='{\"speed\":400,\"spaceBetween\":16,\"slidesPerView\":1,\"loop\":true,\"breakpoints\":[{\"slidesPerView\":1}],\"pagination\":false,\"effect\":\"fade\",\"autoplay\":{\"delay\":2500}}'\n            data-wp-key=\"21109660ce1da78d7ac15e03706f31ece0088\"\n            data-wp-run=\"callbacks.resetSwiper\"\n            data-wp-on--mouseover=\"callbacks.resetSwiper\"\n        >\n        <div class=\"swiper-wrapper\">\n                \n            \n            \n\n            <figure \n                class=\"wp-block-image swiper-slide\" \n                data-image-index=\"0\"\n            >\n                                    <img decoding=\"async\" \n                                                src=\"https:\/\/www.le-cabellou-plage.com\/wp-content\/uploads\/gt-ws-thelis\/site-1\/images\/527\/pict_19_1.jpg\" \n                        alt=\"Prestige Lagoon- Pi\u00e9ton- 6P 3Ch &#8211; 36m2\"\n                        loading=\"lazy\"\n                    >\n                                <\/figure>\n\n            \n        \n            \n            \n\n            <figure \n                class=\"wp-block-image swiper-slide\" \n                data-image-index=\"1\"\n            >\n                                    <img decoding=\"async\" \n                                                src=\"https:\/\/www.le-cabellou-plage.com\/wp-content\/uploads\/gt-ws-thelis\/site-1\/images\/527\/pict_19_2.jpg\" \n                        alt=\"Prestige Lagoon- Pi\u00e9ton- 6P 3Ch &#8211; 36m2\"\n                        loading=\"lazy\"\n                    >\n                                <\/figure>\n\n            \n        \n            \n            \n\n            <figure \n                class=\"wp-block-image swiper-slide\" \n                data-image-index=\"2\"\n            >\n                                    <img decoding=\"async\" \n                                                src=\"https:\/\/www.le-cabellou-plage.com\/wp-content\/uploads\/gt-ws-thelis\/site-1\/images\/527\/pict_19_3.jpg\" \n                        alt=\"Prestige Lagoon- Pi\u00e9ton- 6P 3Ch &#8211; 36m2\"\n                        loading=\"lazy\"\n                    >\n                                <\/figure>\n\n            \n        \n            \n            \n\n            <figure \n                class=\"wp-block-image swiper-slide\" \n                data-image-index=\"3\"\n            >\n                                    <img decoding=\"async\" \n                                                src=\"https:\/\/www.le-cabellou-plage.com\/wp-content\/uploads\/gt-ws-thelis\/site-1\/images\/527\/pict_19_4.jpg\" \n                        alt=\"Prestige Lagoon- Pi\u00e9ton- 6P 3Ch &#8211; 36m2\"\n                        loading=\"lazy\"\n                    >\n                                <\/figure>\n\n            \n        \n            \n            \n\n            <figure \n                class=\"wp-block-image swiper-slide\" \n                data-image-index=\"4\"\n            >\n                                    <img decoding=\"async\" \n                                                src=\"https:\/\/www.le-cabellou-plage.com\/wp-content\/uploads\/gt-ws-thelis\/site-1\/images\/527\/pict_19_5.jpg\" \n                        alt=\"Prestige Lagoon- Pi\u00e9ton- 6P 3Ch &#8211; 36m2\"\n                        loading=\"lazy\"\n                    >\n                                <\/figure>\n\n            \n        \n            \n            \n\n            <figure \n                class=\"wp-block-image swiper-slide\" \n                data-image-index=\"5\"\n            >\n                                    <img decoding=\"async\" \n                                                src=\"https:\/\/www.le-cabellou-plage.com\/wp-content\/uploads\/gt-ws-thelis\/site-1\/images\/527\/pict_19_6.jpg\" \n                        alt=\"Prestige Lagoon- Pi\u00e9ton- 6P 3Ch &#8211; 36m2\"\n                        loading=\"lazy\"\n                    >\n                                <\/figure>\n\n            \n        \n            \n            \n\n            <figure \n                class=\"wp-block-image swiper-slide\" \n                data-image-index=\"6\"\n            >\n                                    <img decoding=\"async\" \n                                                src=\"https:\/\/www.le-cabellou-plage.com\/wp-content\/uploads\/gt-ws-thelis\/site-1\/images\/527\/pict_19_7.jpg\" \n                        alt=\"Prestige Lagoon- Pi\u00e9ton- 6P 3Ch &#8211; 36m2\"\n                        loading=\"lazy\"\n                    >\n                                <\/figure>\n\n            \n        \n        \n            <\/div>\n            <div class=\"swiper-pagination\"><\/div>\n            <div class=\"swiper-button-prev\"><\/div>\n            <div class=\"swiper-button-next\"><\/div>\n        <\/div>\n        <\/div>\n\n\n<div class=\"wp-block-group bottom-card has-global-padding is-layout-constrained wp-container-core-group-is-layout-306daf7c wp-block-group-is-layout-constrained\" style=\"padding-top:0;padding-right:var(--wp--preset--spacing--10);padding-bottom:0;padding-left:var(--wp--preset--spacing--10)\">\n<p><\/p>\n\n\n\n<div class=\"wp-block-group gt-hebergement-foot is-layout-flow wp-container-core-group-is-layout-a77db08e wp-block-group-is-layout-flow\">\n<div class=\"wp-block-group is-content-justification-right is-layout-flex wp-container-core-group-is-layout-2c452c4e wp-block-group-is-layout-flex\" style=\"margin-top:0;margin-bottom:var(--wp--preset--spacing--20)\">\n<div class=\"wp-block-group hebergement-info is-vertical is-nowrap is-layout-flex wp-container-core-group-is-layout-3536e24b wp-block-group-is-layout-flex\">\n\n\n<div class=\"wp-block-gt-gt-ws-thelis-product-capacity\">\n            <img decoding=\"async\" src=\"https:\/\/www.le-cabellou-plage.com\/wp-content\/uploads\/2025\/01\/groupe.svg\" alt=\"Icon\" class=\"gt-icon\" \/> \n        6                 <\/div><\/div>\n\n\n\n<div class=\"wp-block-group hebergement-info is-vertical is-nowrap is-layout-flex wp-container-core-group-is-layout-3536e24b wp-block-group-is-layout-flex\">\n<div class=\"wp-block-gt-gt-ws-thelis-product-room\">\n            <img decoding=\"async\" src=\"https:\/\/www.le-cabellou-plage.com\/wp-content\/uploads\/2025\/02\/bed-1.svg\" alt=\"Icon\" class=\"gt-icon\" \/> \n        3                <\/div><\/div>\n\n\n\n<div class=\"wp-block-group hebergement-info is-vertical is-nowrap is-layout-flex wp-container-core-group-is-layout-3536e24b wp-block-group-is-layout-flex\">\n<div class=\"wp-block-gt-gt-ws-thelis-product-surface\">\n\n           <img decoding=\"async\" src=\"https:\/\/www.le-cabellou-plage.com\/wp-content\/uploads\/2025\/01\/surface-1.svg\" alt=\"Icon\" class=\"gt-icon\" \/> \n       \n        36m\u00b2\n<\/div><\/div>\n\n\n\n<div class=\"wp-block-group hebergement-info is-vertical is-nowrap is-layout-flex wp-container-core-group-is-layout-3536e24b wp-block-group-is-layout-flex\">\n<div class=\"wp-block-gt-gt-ws-thelis-product-bathroom\">\n            <img decoding=\"async\" src=\"https:\/\/www.le-cabellou-plage.com\/wp-content\/uploads\/2025\/03\/shower-2.svg\" alt=\"Icon\" class=\"gt-icon\" \/>\n        1                 <\/div><\/div>\n<\/div>\n<\/div>\n\n\n\n<div class=\"wp-block-group gt-hebergement-content has-base-2-color has-text-color has-link-color has-josefin-sans-font-family wp-elements-1dc5fd54dc8763551e0a213ad89aa8e4 is-content-justification-center is-nowrap is-layout-flex wp-container-core-group-is-layout-9c5e87ae wp-block-group-is-layout-flex\" style=\"padding-top:var(--wp--preset--spacing--10);padding-right:0;padding-bottom:var(--wp--preset--spacing--10);padding-left:var(--wp--preset--spacing--10);font-size:clamp(0.875rem, 0.875rem + ((1vw - 0.2rem) * 0.305), 1.1rem);\">\n<div class=\"wp-block-group has-global-padding is-content-justification-left is-layout-constrained wp-container-core-group-is-layout-12dd3699 wp-block-group-is-layout-constrained\"><p style=\"font-size:clamp(0.984rem, 0.984rem + ((1vw - 0.2rem) * 0.7), 1.5rem);\" class=\"wp-elements-8408685baa51903f439fde5025ccd007 wp-block-gt-gt-ws-thelis-product-name has-text-color has-base-2-color\">\n    Prestige Lagoon- Pi\u00e9ton- 6P 3Ch &#8211; 36m2<\/p>\n<\/div>\n\n\n\n<div class=\"wp-block-group link-hebergement has-global-padding is-layout-constrained wp-container-core-group-is-layout-f078265f wp-block-group-is-layout-constrained\" style=\"padding-right:0\"><a class=\"wp-elements-f3cb0fc3943cf1d9a6f084690632ba68 wp-block-read-more has-text-color has-custom-color-2-color\" href=\"https:\/\/www.le-cabellou-plage.com\/de\/hebergement\/prestige-lagoon-pieton-6p-3ch-36m2\/\" target=\"_blank\">D\u00e9couvrir<span class=\"screen-reader-text\">: Prestige Lagoon- Pi\u00e9ton- 6P 3Ch &#8211; 36m2<\/span><\/a><\/div>\n<\/div>\n\n\n\n<div class=\"wp-block-group is-horizontal is-content-justification-space-between is-nowrap is-layout-flex wp-container-core-group-is-layout-f5091a2d wp-block-group-is-layout-flex\" style=\"padding-right:var(--wp--preset--spacing--20);padding-left:var(--wp--preset--spacing--20)\">    \n\t<div\n\t\tclass=\"wp-block-gt-gt-ws-thelis-disponibilites\"\t\tdata-wp-interactive=\"gt\/thelis\"\n\t\tdata-wp-watch=\"actions.loadStays\"\n\t\tdata-wp-bind--data-gt-statut=\"state.statut\"\n\t\tdata-wp-key=\"19+527-69f54d313c9e2\"\n\t\tdata-wp-context='{\"idsProduct\":\"19+527\",\"idProduct\":\"19\",\"campingKey\":\"527\",\"isIndisponible\":true}'\t>\n\n\t\t\t\t\t<div hidden class=\"gt-ws-thelis-spinner\" data-wp-bind--hidden=\"!state.isLoading\">\n\t\t\t\t<span class=\"loader\"><\/span>\n\t\t\t<\/div>\n\t\t\n\n\t\t<div data-wp-bind--hidden=\"state.isLoading\" class=\"gt-ws-thelis-disponibilite-wrap\">\n\n\t\t\t\n\t\t\t\t\t\n\t\t\t\t<div hidden \n\t\t\t\t\tclass=\"gt-ws-thelis__disponibilite__price\"\n\t\t\t\t\tdata-wp-bind--hidden=\"!state.price\"\n\t\t\t\t>\n\t\t\t\t\t<span>\u00c0 partir de <\/span>\n\t\t\t\t\t<span hidden class=\"gt-ws-thelis__disponibilite__price__original\" data-wp-bind--hidden=\"!state.hasPromo\">\n\t\t\t\t\t\t<strike><span data-wp-text=\"state.originalPrice\"><\/span>\u20ac<\/strike>\n\t\t\t\t\t<\/span>\n\t\t\t\t\t<span class=\"gt-ws-thelis__disponibilite__price__discounted\">\n\t\t\t\t\t\t<span data-wp-bind--data-gt-price=\"state.price\" class=\"gt-ws-thelis-data-price\" data-wp-text=\"state.price\"><\/span>\u20ac\n\t\t\t\t\t<\/span>\n\t\t\t\t<\/div>\n\t\t\t\n\t\t\t\n\t\t\t\n\t\t\t\n\t\t<\/div>\n\n\t<\/div>\n\n    \n\n    \n\t<div\n\t\tclass=\"statut-dispo wp-block-gt-gt-ws-thelis-disponibilites\"\t\tdata-wp-interactive=\"gt\/thelis\"\n\t\tdata-wp-watch=\"actions.loadStays\"\n\t\tdata-wp-bind--data-gt-statut=\"state.statut\"\n\t\tdata-wp-key=\"19+527-69f54d313ca7a\"\n\t\tdata-wp-context='{\"idsProduct\":\"19+527\",\"idProduct\":\"19\",\"campingKey\":\"527\",\"isIndisponible\":true}'\t>\n\n\t\t\t\t\t<div hidden class=\"gt-ws-thelis-spinner\" data-wp-bind--hidden=\"!state.isLoading\">\n\t\t\t\t<span class=\"loader\"><\/span>\n\t\t\t<\/div>\n\t\t\n\n\t\t<div data-wp-bind--hidden=\"state.isLoading\" class=\"gt-ws-thelis-disponibilite-wrap\">\n\n\t\t\t\t\t\t\t\t\t\t\t\t\t<div class=\"gt-ws-thelis-statut\" data-wp-text=\"state.titre\"><\/div>\n\t\t\t\t\t\t\t\t\n\t\t\t\n\t\t\t\n\t\t\t\n\t\t\t\n\t\t<\/div>\n\n\t<\/div>\n\n    <\/div>\n<\/div>\n\n<\/li><li data-gt-bathrooms=\"1\" data-gt-camping=\"527\" data-gt-capacity=\"4\" data-gt-criterions=\"&quot;[17,4132,3222]&quot;\" data-gt-post-id=\"21117\" data-gt-rooms=\"2\" data-gt-surfaces=\"34\" data-gt-types=\"Mobilheime,location\" data-gt-ws-camping=\"527\" data-wp-key=\"69f54d31410c3\" class=\"wp-block-post post-21117 hebergement type-hebergement status-publish has-post-thumbnail hentry\">\n\n<div \n    class=\"wp-block-gt-gt-ws-thelis-product-images\"    data-wp-interactive=\"gt\/thelis\/hebergement\/image\"\n    data-gallery-images='[&quot;https:\\\/\\\/www.le-cabellou-plage.com\\\/wp-content\\\/uploads\\\/gt-ws-thelis\\\/site-1\\\/images\\\/527\\\/pict_15_6.jpg&quot;,&quot;https:\\\/\\\/www.le-cabellou-plage.com\\\/wp-content\\\/uploads\\\/gt-ws-thelis\\\/site-1\\\/images\\\/527\\\/pict_15_2.jpg&quot;,&quot;https:\\\/\\\/www.le-cabellou-plage.com\\\/wp-content\\\/uploads\\\/gt-ws-thelis\\\/site-1\\\/images\\\/527\\\/pict_15_5.jpg&quot;,&quot;https:\\\/\\\/www.le-cabellou-plage.com\\\/wp-content\\\/uploads\\\/gt-ws-thelis\\\/site-1\\\/images\\\/527\\\/pict_15_3.jpg&quot;,&quot;https:\\\/\\\/www.le-cabellou-plage.com\\\/wp-content\\\/uploads\\\/gt-ws-thelis\\\/site-1\\\/images\\\/527\\\/pict_15_1.jpg&quot;,&quot;https:\\\/\\\/www.le-cabellou-plage.com\\\/wp-content\\\/uploads\\\/gt-ws-thelis\\\/site-1\\\/images\\\/527\\\/pict_15_4.jpg&quot;]'\n    data-wp-context='{\"images\":[\"https:\\\/\\\/www.le-cabellou-plage.com\\\/wp-content\\\/uploads\\\/gt-ws-thelis\\\/site-1\\\/images\\\/527\\\/pict_15_6.jpg\",\"https:\\\/\\\/www.le-cabellou-plage.com\\\/wp-content\\\/uploads\\\/gt-ws-thelis\\\/site-1\\\/images\\\/527\\\/pict_15_2.jpg\",\"https:\\\/\\\/www.le-cabellou-plage.com\\\/wp-content\\\/uploads\\\/gt-ws-thelis\\\/site-1\\\/images\\\/527\\\/pict_15_5.jpg\",\"https:\\\/\\\/www.le-cabellou-plage.com\\\/wp-content\\\/uploads\\\/gt-ws-thelis\\\/site-1\\\/images\\\/527\\\/pict_15_3.jpg\",\"https:\\\/\\\/www.le-cabellou-plage.com\\\/wp-content\\\/uploads\\\/gt-ws-thelis\\\/site-1\\\/images\\\/527\\\/pict_15_1.jpg\",\"https:\\\/\\\/www.le-cabellou-plage.com\\\/wp-content\\\/uploads\\\/gt-ws-thelis\\\/site-1\\\/images\\\/527\\\/pict_15_4.jpg\"],\"jsonConfig\":{\"speed\":400,\"spaceBetween\":16,\"slidesPerView\":1,\"loop\":true,\"breakpoints\":[{\"slidesPerView\":1}],\"pagination\":false,\"effect\":\"fade\",\"autoplay\":{\"delay\":2500}},\"sliderId\":\"69f54d313ce4a\"}'>\n            <div \n            id=\"69f54d313ce4a\"\n            class=\"gt-ws-thelis-is-slider swiper\" \n            data-swiper='{\"speed\":400,\"spaceBetween\":16,\"slidesPerView\":1,\"loop\":true,\"breakpoints\":[{\"slidesPerView\":1}],\"pagination\":false,\"effect\":\"fade\",\"autoplay\":{\"delay\":2500}}'\n            data-wp-key=\"21117660ce1da78d7ac15e03706f31ece0088\"\n            data-wp-run=\"callbacks.resetSwiper\"\n            data-wp-on--mouseover=\"callbacks.resetSwiper\"\n        >\n        <div class=\"swiper-wrapper\">\n                \n            \n            \n\n            <figure \n                class=\"wp-block-image swiper-slide\" \n                data-image-index=\"0\"\n            >\n                                    <img decoding=\"async\" \n                                                src=\"https:\/\/www.le-cabellou-plage.com\/wp-content\/uploads\/gt-ws-thelis\/site-1\/images\/527\/pict_15_1.jpg\" \n                        alt=\"Vacances PMR 4 Pers 2 Ch 34m2\"\n                        loading=\"lazy\"\n                    >\n                                <\/figure>\n\n            \n        \n            \n            \n\n            <figure \n                class=\"wp-block-image swiper-slide\" \n                data-image-index=\"1\"\n            >\n                                    <img decoding=\"async\" \n                                                src=\"https:\/\/www.le-cabellou-plage.com\/wp-content\/uploads\/gt-ws-thelis\/site-1\/images\/527\/pict_15_2.jpg\" \n                        alt=\"Vacances PMR 4 Pers 2 Ch 34m2\"\n                        loading=\"lazy\"\n                    >\n                                <\/figure>\n\n            \n        \n            \n            \n\n            <figure \n                class=\"wp-block-image swiper-slide\" \n                data-image-index=\"2\"\n            >\n                                    <img decoding=\"async\" \n                                                src=\"https:\/\/www.le-cabellou-plage.com\/wp-content\/uploads\/gt-ws-thelis\/site-1\/images\/527\/pict_15_3.jpg\" \n                        alt=\"Vacances PMR 4 Pers 2 Ch 34m2\"\n                        loading=\"lazy\"\n                    >\n                                <\/figure>\n\n            \n        \n            \n            \n\n            <figure \n                class=\"wp-block-image swiper-slide\" \n                data-image-index=\"3\"\n            >\n                                    <img decoding=\"async\" \n                                                src=\"https:\/\/www.le-cabellou-plage.com\/wp-content\/uploads\/gt-ws-thelis\/site-1\/images\/527\/pict_15_4.jpg\" \n                        alt=\"Vacances PMR 4 Pers 2 Ch 34m2\"\n                        loading=\"lazy\"\n                    >\n                                <\/figure>\n\n            \n        \n            \n            \n\n            <figure \n                class=\"wp-block-image swiper-slide\" \n                data-image-index=\"4\"\n            >\n                                    <img decoding=\"async\" \n                                                src=\"https:\/\/www.le-cabellou-plage.com\/wp-content\/uploads\/gt-ws-thelis\/site-1\/images\/527\/pict_15_5.jpg\" \n                        alt=\"Vacances PMR 4 Pers 2 Ch 34m2\"\n                        loading=\"lazy\"\n                    >\n                                <\/figure>\n\n            \n        \n            \n            \n\n            <figure \n                class=\"wp-block-image swiper-slide\" \n                data-image-index=\"5\"\n            >\n                                    <img decoding=\"async\" \n                                                src=\"https:\/\/www.le-cabellou-plage.com\/wp-content\/uploads\/gt-ws-thelis\/site-1\/images\/527\/pict_15_6.jpg\" \n                        alt=\"Vacances PMR 4 Pers 2 Ch 34m2\"\n                        loading=\"lazy\"\n                    >\n                                <\/figure>\n\n            \n        \n        \n            <\/div>\n            <div class=\"swiper-pagination\"><\/div>\n            <div class=\"swiper-button-prev\"><\/div>\n            <div class=\"swiper-button-next\"><\/div>\n        <\/div>\n        <\/div>\n\n\n<div class=\"wp-block-group bottom-card has-global-padding is-layout-constrained wp-container-core-group-is-layout-306daf7c wp-block-group-is-layout-constrained\" style=\"padding-top:0;padding-right:var(--wp--preset--spacing--10);padding-bottom:0;padding-left:var(--wp--preset--spacing--10)\">\n<p><\/p>\n\n\n\n<div class=\"wp-block-group gt-hebergement-foot is-layout-flow wp-container-core-group-is-layout-a77db08e wp-block-group-is-layout-flow\">\n<div class=\"wp-block-group is-content-justification-right is-layout-flex wp-container-core-group-is-layout-2c452c4e wp-block-group-is-layout-flex\" style=\"margin-top:0;margin-bottom:var(--wp--preset--spacing--20)\">\n<div class=\"wp-block-group hebergement-info is-vertical is-nowrap is-layout-flex wp-container-core-group-is-layout-3536e24b wp-block-group-is-layout-flex\">\n\n\n<div class=\"wp-block-gt-gt-ws-thelis-product-capacity\">\n            <img decoding=\"async\" src=\"https:\/\/www.le-cabellou-plage.com\/wp-content\/uploads\/2025\/01\/groupe.svg\" alt=\"Icon\" class=\"gt-icon\" \/> \n        4                 <\/div><\/div>\n\n\n\n<div class=\"wp-block-group hebergement-info is-vertical is-nowrap is-layout-flex wp-container-core-group-is-layout-3536e24b wp-block-group-is-layout-flex\">\n<div class=\"wp-block-gt-gt-ws-thelis-product-room\">\n            <img decoding=\"async\" src=\"https:\/\/www.le-cabellou-plage.com\/wp-content\/uploads\/2025\/02\/bed-1.svg\" alt=\"Icon\" class=\"gt-icon\" \/> \n        2                <\/div><\/div>\n\n\n\n<div class=\"wp-block-group hebergement-info is-vertical is-nowrap is-layout-flex wp-container-core-group-is-layout-3536e24b wp-block-group-is-layout-flex\">\n<div class=\"wp-block-gt-gt-ws-thelis-product-surface\">\n\n           <img decoding=\"async\" src=\"https:\/\/www.le-cabellou-plage.com\/wp-content\/uploads\/2025\/01\/surface-1.svg\" alt=\"Icon\" class=\"gt-icon\" \/> \n       \n        34m\u00b2\n<\/div><\/div>\n\n\n\n<div class=\"wp-block-group hebergement-info is-vertical is-nowrap is-layout-flex wp-container-core-group-is-layout-3536e24b wp-block-group-is-layout-flex\">\n<div class=\"wp-block-gt-gt-ws-thelis-product-bathroom\">\n            <img decoding=\"async\" src=\"https:\/\/www.le-cabellou-plage.com\/wp-content\/uploads\/2025\/03\/shower-2.svg\" alt=\"Icon\" class=\"gt-icon\" \/>\n        1                 <\/div><\/div>\n<\/div>\n<\/div>\n\n\n\n<div class=\"wp-block-group gt-hebergement-content has-base-2-color has-text-color has-link-color has-josefin-sans-font-family wp-elements-1dc5fd54dc8763551e0a213ad89aa8e4 is-content-justification-center is-nowrap is-layout-flex wp-container-core-group-is-layout-9c5e87ae wp-block-group-is-layout-flex\" style=\"padding-top:var(--wp--preset--spacing--10);padding-right:0;padding-bottom:var(--wp--preset--spacing--10);padding-left:var(--wp--preset--spacing--10);font-size:clamp(0.875rem, 0.875rem + ((1vw - 0.2rem) * 0.305), 1.1rem);\">\n<div class=\"wp-block-group has-global-padding is-content-justification-left is-layout-constrained wp-container-core-group-is-layout-12dd3699 wp-block-group-is-layout-constrained\"><p style=\"font-size:clamp(0.984rem, 0.984rem + ((1vw - 0.2rem) * 0.7), 1.5rem);\" class=\"wp-elements-8408685baa51903f439fde5025ccd007 wp-block-gt-gt-ws-thelis-product-name has-text-color has-base-2-color\">\n    Vacances PMR 4 Pers 2 Ch 34m2<\/p>\n<\/div>\n\n\n\n<div class=\"wp-block-group link-hebergement has-global-padding is-layout-constrained wp-container-core-group-is-layout-f078265f wp-block-group-is-layout-constrained\" style=\"padding-right:0\"><a class=\"wp-elements-f3cb0fc3943cf1d9a6f084690632ba68 wp-block-read-more has-text-color has-custom-color-2-color\" href=\"https:\/\/www.le-cabellou-plage.com\/de\/hebergement\/vacances-pmr-4-pers-2-ch-34m2\/\" target=\"_blank\">D\u00e9couvrir<span class=\"screen-reader-text\">: Vacances PMR 4 Pers 2 Ch 34m2<\/span><\/a><\/div>\n<\/div>\n\n\n\n<div class=\"wp-block-group is-horizontal is-content-justification-space-between is-nowrap is-layout-flex wp-container-core-group-is-layout-f5091a2d wp-block-group-is-layout-flex\" style=\"padding-right:var(--wp--preset--spacing--20);padding-left:var(--wp--preset--spacing--20)\">    \n\t<div\n\t\tclass=\"wp-block-gt-gt-ws-thelis-disponibilites\"\t\tdata-wp-interactive=\"gt\/thelis\"\n\t\tdata-wp-watch=\"actions.loadStays\"\n\t\tdata-wp-bind--data-gt-statut=\"state.statut\"\n\t\tdata-wp-key=\"15+527-69f54d313da4f\"\n\t\tdata-wp-context='{\"idsProduct\":\"15+527\",\"idProduct\":\"15\",\"campingKey\":\"527\",\"isIndisponible\":true}'\t>\n\n\t\t\t\t\t<div hidden class=\"gt-ws-thelis-spinner\" data-wp-bind--hidden=\"!state.isLoading\">\n\t\t\t\t<span class=\"loader\"><\/span>\n\t\t\t<\/div>\n\t\t\n\n\t\t<div data-wp-bind--hidden=\"state.isLoading\" class=\"gt-ws-thelis-disponibilite-wrap\">\n\n\t\t\t\n\t\t\t\t\t\n\t\t\t\t<div hidden \n\t\t\t\t\tclass=\"gt-ws-thelis__disponibilite__price\"\n\t\t\t\t\tdata-wp-bind--hidden=\"!state.price\"\n\t\t\t\t>\n\t\t\t\t\t<span>\u00c0 partir de <\/span>\n\t\t\t\t\t<span hidden class=\"gt-ws-thelis__disponibilite__price__original\" data-wp-bind--hidden=\"!state.hasPromo\">\n\t\t\t\t\t\t<strike><span data-wp-text=\"state.originalPrice\"><\/span>\u20ac<\/strike>\n\t\t\t\t\t<\/span>\n\t\t\t\t\t<span class=\"gt-ws-thelis__disponibilite__price__discounted\">\n\t\t\t\t\t\t<span data-wp-bind--data-gt-price=\"state.price\" class=\"gt-ws-thelis-data-price\" data-wp-text=\"state.price\"><\/span>\u20ac\n\t\t\t\t\t<\/span>\n\t\t\t\t<\/div>\n\t\t\t\n\t\t\t\n\t\t\t\n\t\t\t\n\t\t<\/div>\n\n\t<\/div>\n\n    \n\n    \n\t<div\n\t\tclass=\"statut-dispo wp-block-gt-gt-ws-thelis-disponibilites\"\t\tdata-wp-interactive=\"gt\/thelis\"\n\t\tdata-wp-watch=\"actions.loadStays\"\n\t\tdata-wp-bind--data-gt-statut=\"state.statut\"\n\t\tdata-wp-key=\"15+527-69f54d313dae2\"\n\t\tdata-wp-context='{\"idsProduct\":\"15+527\",\"idProduct\":\"15\",\"campingKey\":\"527\",\"isIndisponible\":true}'\t>\n\n\t\t\t\t\t<div hidden class=\"gt-ws-thelis-spinner\" data-wp-bind--hidden=\"!state.isLoading\">\n\t\t\t\t<span class=\"loader\"><\/span>\n\t\t\t<\/div>\n\t\t\n\n\t\t<div data-wp-bind--hidden=\"state.isLoading\" class=\"gt-ws-thelis-disponibilite-wrap\">\n\n\t\t\t\t\t\t\t\t\t\t\t\t\t<div class=\"gt-ws-thelis-statut\" data-wp-text=\"state.titre\"><\/div>\n\t\t\t\t\t\t\t\t\n\t\t\t\n\t\t\t\n\t\t\t\n\t\t\t\n\t\t<\/div>\n\n\t<\/div>\n\n    <\/div>\n<\/div>\n\n<\/li><li data-gt-bathrooms=\"1\" data-gt-camping=\"527\" data-gt-capacity=\"3\" data-gt-criterions=\"&quot;[17,4517,3222]&quot;\" data-gt-post-id=\"21114\" data-gt-rooms=\"2\" data-gt-surfaces=\"20\" data-gt-types=\"Mobilheime,location\" data-gt-ws-camping=\"527\" data-wp-key=\"69f54d3141227\" class=\"wp-block-post post-21114 hebergement type-hebergement status-publish has-post-thumbnail hentry\">\n\n<div \n    class=\"wp-block-gt-gt-ws-thelis-product-images\"    data-wp-interactive=\"gt\/thelis\/hebergement\/image\"\n    data-gallery-images='[&quot;https:\\\/\\\/www.le-cabellou-plage.com\\\/wp-content\\\/uploads\\\/gt-ws-thelis\\\/site-1\\\/images\\\/527\\\/pict_1_5.jpg&quot;,&quot;https:\\\/\\\/www.le-cabellou-plage.com\\\/wp-content\\\/uploads\\\/gt-ws-thelis\\\/site-1\\\/images\\\/527\\\/pict_1_1.jpg&quot;,&quot;https:\\\/\\\/www.le-cabellou-plage.com\\\/wp-content\\\/uploads\\\/gt-ws-thelis\\\/site-1\\\/images\\\/527\\\/pict_1_6.jpg&quot;,&quot;https:\\\/\\\/www.le-cabellou-plage.com\\\/wp-content\\\/uploads\\\/gt-ws-thelis\\\/site-1\\\/images\\\/527\\\/pict_1_7.jpg&quot;,&quot;https:\\\/\\\/www.le-cabellou-plage.com\\\/wp-content\\\/uploads\\\/gt-ws-thelis\\\/site-1\\\/images\\\/527\\\/pict_1_3.jpg&quot;,&quot;https:\\\/\\\/www.le-cabellou-plage.com\\\/wp-content\\\/uploads\\\/gt-ws-thelis\\\/site-1\\\/images\\\/527\\\/pict_1_2.jpg&quot;,&quot;https:\\\/\\\/www.le-cabellou-plage.com\\\/wp-content\\\/uploads\\\/gt-ws-thelis\\\/site-1\\\/images\\\/527\\\/pict_1_4.jpg&quot;]'\n    data-wp-context='{\"images\":[\"https:\\\/\\\/www.le-cabellou-plage.com\\\/wp-content\\\/uploads\\\/gt-ws-thelis\\\/site-1\\\/images\\\/527\\\/pict_1_5.jpg\",\"https:\\\/\\\/www.le-cabellou-plage.com\\\/wp-content\\\/uploads\\\/gt-ws-thelis\\\/site-1\\\/images\\\/527\\\/pict_1_1.jpg\",\"https:\\\/\\\/www.le-cabellou-plage.com\\\/wp-content\\\/uploads\\\/gt-ws-thelis\\\/site-1\\\/images\\\/527\\\/pict_1_6.jpg\",\"https:\\\/\\\/www.le-cabellou-plage.com\\\/wp-content\\\/uploads\\\/gt-ws-thelis\\\/site-1\\\/images\\\/527\\\/pict_1_7.jpg\",\"https:\\\/\\\/www.le-cabellou-plage.com\\\/wp-content\\\/uploads\\\/gt-ws-thelis\\\/site-1\\\/images\\\/527\\\/pict_1_3.jpg\",\"https:\\\/\\\/www.le-cabellou-plage.com\\\/wp-content\\\/uploads\\\/gt-ws-thelis\\\/site-1\\\/images\\\/527\\\/pict_1_2.jpg\",\"https:\\\/\\\/www.le-cabellou-plage.com\\\/wp-content\\\/uploads\\\/gt-ws-thelis\\\/site-1\\\/images\\\/527\\\/pict_1_4.jpg\"],\"jsonConfig\":{\"speed\":400,\"spaceBetween\":16,\"slidesPerView\":1,\"loop\":true,\"breakpoints\":[{\"slidesPerView\":1}],\"pagination\":false,\"effect\":\"fade\",\"autoplay\":{\"delay\":2500}},\"sliderId\":\"69f54d313de90\"}'>\n            <div \n            id=\"69f54d313de90\"\n            class=\"gt-ws-thelis-is-slider swiper\" \n            data-swiper='{\"speed\":400,\"spaceBetween\":16,\"slidesPerView\":1,\"loop\":true,\"breakpoints\":[{\"slidesPerView\":1}],\"pagination\":false,\"effect\":\"fade\",\"autoplay\":{\"delay\":2500}}'\n            data-wp-key=\"21114660ce1da78d7ac15e03706f31ece0088\"\n            data-wp-run=\"callbacks.resetSwiper\"\n            data-wp-on--mouseover=\"callbacks.resetSwiper\"\n        >\n        <div class=\"swiper-wrapper\">\n                \n            \n            \n\n            <figure \n                class=\"wp-block-image swiper-slide\" \n                data-image-index=\"0\"\n            >\n                                    <img decoding=\"async\" \n                                                src=\"https:\/\/www.le-cabellou-plage.com\/wp-content\/uploads\/gt-ws-thelis\/site-1\/images\/527\/pict_1_1.jpg\" \n                        alt=\"Natura Duo &#8211; Quartier pi\u00e9ton &#8211; 2\/3Pers 2Ch 20m2\"\n                        loading=\"lazy\"\n                    >\n                                <\/figure>\n\n            \n        \n            \n            \n\n            <figure \n                class=\"wp-block-image swiper-slide\" \n                data-image-index=\"1\"\n            >\n                                    <img decoding=\"async\" \n                                                src=\"https:\/\/www.le-cabellou-plage.com\/wp-content\/uploads\/gt-ws-thelis\/site-1\/images\/527\/pict_1_2.jpg\" \n                        alt=\"Natura Duo &#8211; Quartier pi\u00e9ton &#8211; 2\/3Pers 2Ch 20m2\"\n                        loading=\"lazy\"\n                    >\n                                <\/figure>\n\n            \n        \n            \n            \n\n            <figure \n                class=\"wp-block-image swiper-slide\" \n                data-image-index=\"2\"\n            >\n                                    <img decoding=\"async\" \n                                                src=\"https:\/\/www.le-cabellou-plage.com\/wp-content\/uploads\/gt-ws-thelis\/site-1\/images\/527\/pict_1_3.jpg\" \n                        alt=\"Natura Duo &#8211; Quartier pi\u00e9ton &#8211; 2\/3Pers 2Ch 20m2\"\n                        loading=\"lazy\"\n                    >\n                                <\/figure>\n\n            \n        \n            \n            \n\n            <figure \n                class=\"wp-block-image swiper-slide\" \n                data-image-index=\"3\"\n            >\n                                    <img decoding=\"async\" \n                                                src=\"https:\/\/www.le-cabellou-plage.com\/wp-content\/uploads\/gt-ws-thelis\/site-1\/images\/527\/pict_1_4.jpg\" \n                        alt=\"Natura Duo &#8211; Quartier pi\u00e9ton &#8211; 2\/3Pers 2Ch 20m2\"\n                        loading=\"lazy\"\n                    >\n                                <\/figure>\n\n            \n        \n            \n            \n\n            <figure \n                class=\"wp-block-image swiper-slide\" \n                data-image-index=\"4\"\n            >\n                                    <img decoding=\"async\" \n                                                src=\"https:\/\/www.le-cabellou-plage.com\/wp-content\/uploads\/gt-ws-thelis\/site-1\/images\/527\/pict_1_5.jpg\" \n                        alt=\"Natura Duo &#8211; Quartier pi\u00e9ton &#8211; 2\/3Pers 2Ch 20m2\"\n                        loading=\"lazy\"\n                    >\n                                <\/figure>\n\n            \n        \n            \n            \n\n            <figure \n                class=\"wp-block-image swiper-slide\" \n                data-image-index=\"5\"\n            >\n                                    <img decoding=\"async\" \n                                                src=\"https:\/\/www.le-cabellou-plage.com\/wp-content\/uploads\/gt-ws-thelis\/site-1\/images\/527\/pict_1_6.jpg\" \n                        alt=\"Natura Duo &#8211; Quartier pi\u00e9ton &#8211; 2\/3Pers 2Ch 20m2\"\n                        loading=\"lazy\"\n                    >\n                                <\/figure>\n\n            \n        \n            \n            \n\n            <figure \n                class=\"wp-block-image swiper-slide\" \n                data-image-index=\"6\"\n            >\n                                    <img decoding=\"async\" \n                                                src=\"https:\/\/www.le-cabellou-plage.com\/wp-content\/uploads\/gt-ws-thelis\/site-1\/images\/527\/pict_1_7.jpg\" \n                        alt=\"Natura Duo &#8211; Quartier pi\u00e9ton &#8211; 2\/3Pers 2Ch 20m2\"\n                        loading=\"lazy\"\n                    >\n                                <\/figure>\n\n            \n        \n        \n            <\/div>\n            <div class=\"swiper-pagination\"><\/div>\n            <div class=\"swiper-button-prev\"><\/div>\n            <div class=\"swiper-button-next\"><\/div>\n        <\/div>\n        <\/div>\n\n\n<div class=\"wp-block-group bottom-card has-global-padding is-layout-constrained wp-container-core-group-is-layout-306daf7c wp-block-group-is-layout-constrained\" style=\"padding-top:0;padding-right:var(--wp--preset--spacing--10);padding-bottom:0;padding-left:var(--wp--preset--spacing--10)\">\n<p><\/p>\n\n\n\n<div class=\"wp-block-group gt-hebergement-foot is-layout-flow wp-container-core-group-is-layout-a77db08e wp-block-group-is-layout-flow\">\n<div class=\"wp-block-group is-content-justification-right is-layout-flex wp-container-core-group-is-layout-2c452c4e wp-block-group-is-layout-flex\" style=\"margin-top:0;margin-bottom:var(--wp--preset--spacing--20)\">\n<div class=\"wp-block-group hebergement-info is-vertical is-nowrap is-layout-flex wp-container-core-group-is-layout-3536e24b wp-block-group-is-layout-flex\">\n\n\n<div class=\"wp-block-gt-gt-ws-thelis-product-capacity\">\n            <img decoding=\"async\" src=\"https:\/\/www.le-cabellou-plage.com\/wp-content\/uploads\/2025\/01\/groupe.svg\" alt=\"Icon\" class=\"gt-icon\" \/> \n        3                 <\/div><\/div>\n\n\n\n<div class=\"wp-block-group hebergement-info is-vertical is-nowrap is-layout-flex wp-container-core-group-is-layout-3536e24b wp-block-group-is-layout-flex\">\n<div class=\"wp-block-gt-gt-ws-thelis-product-room\">\n            <img decoding=\"async\" src=\"https:\/\/www.le-cabellou-plage.com\/wp-content\/uploads\/2025\/02\/bed-1.svg\" alt=\"Icon\" class=\"gt-icon\" \/> \n        2                <\/div><\/div>\n\n\n\n<div class=\"wp-block-group hebergement-info is-vertical is-nowrap is-layout-flex wp-container-core-group-is-layout-3536e24b wp-block-group-is-layout-flex\">\n<div class=\"wp-block-gt-gt-ws-thelis-product-surface\">\n\n           <img decoding=\"async\" src=\"https:\/\/www.le-cabellou-plage.com\/wp-content\/uploads\/2025\/01\/surface-1.svg\" alt=\"Icon\" class=\"gt-icon\" \/> \n       \n        20m\u00b2\n<\/div><\/div>\n\n\n\n<div class=\"wp-block-group hebergement-info is-vertical is-nowrap is-layout-flex wp-container-core-group-is-layout-3536e24b wp-block-group-is-layout-flex\">\n<div class=\"wp-block-gt-gt-ws-thelis-product-bathroom\">\n            <img decoding=\"async\" src=\"https:\/\/www.le-cabellou-plage.com\/wp-content\/uploads\/2025\/03\/shower-2.svg\" alt=\"Icon\" class=\"gt-icon\" \/>\n        1                 <\/div><\/div>\n<\/div>\n<\/div>\n\n\n\n<div class=\"wp-block-group gt-hebergement-content has-base-2-color has-text-color has-link-color has-josefin-sans-font-family wp-elements-1dc5fd54dc8763551e0a213ad89aa8e4 is-content-justification-center is-nowrap is-layout-flex wp-container-core-group-is-layout-9c5e87ae wp-block-group-is-layout-flex\" style=\"padding-top:var(--wp--preset--spacing--10);padding-right:0;padding-bottom:var(--wp--preset--spacing--10);padding-left:var(--wp--preset--spacing--10);font-size:clamp(0.875rem, 0.875rem + ((1vw - 0.2rem) * 0.305), 1.1rem);\">\n<div class=\"wp-block-group has-global-padding is-content-justification-left is-layout-constrained wp-container-core-group-is-layout-12dd3699 wp-block-group-is-layout-constrained\"><p style=\"font-size:clamp(0.984rem, 0.984rem + ((1vw - 0.2rem) * 0.7), 1.5rem);\" class=\"wp-elements-8408685baa51903f439fde5025ccd007 wp-block-gt-gt-ws-thelis-product-name has-text-color has-base-2-color\">\n    Natura Duo &#8211; Quartier pi\u00e9ton &#8211; 2\/3Pers 2Ch 20m2<\/p>\n<\/div>\n\n\n\n<div class=\"wp-block-group link-hebergement has-global-padding is-layout-constrained wp-container-core-group-is-layout-f078265f wp-block-group-is-layout-constrained\" style=\"padding-right:0\"><a class=\"wp-elements-f3cb0fc3943cf1d9a6f084690632ba68 wp-block-read-more has-text-color has-custom-color-2-color\" href=\"https:\/\/www.le-cabellou-plage.com\/de\/hebergement\/confort-duo-quartier-pieton-2-3pers-2ch-20m2\/\" target=\"_blank\">D\u00e9couvrir<span class=\"screen-reader-text\">: Natura Duo &#8211; Quartier pi\u00e9ton &#8211; 2\/3Pers 2Ch 20m2<\/span><\/a><\/div>\n<\/div>\n\n\n\n<div class=\"wp-block-group is-horizontal is-content-justification-space-between is-nowrap is-layout-flex wp-container-core-group-is-layout-f5091a2d wp-block-group-is-layout-flex\" style=\"padding-right:var(--wp--preset--spacing--20);padding-left:var(--wp--preset--spacing--20)\">    \n\t<div\n\t\tclass=\"wp-block-gt-gt-ws-thelis-disponibilites\"\t\tdata-wp-interactive=\"gt\/thelis\"\n\t\tdata-wp-watch=\"actions.loadStays\"\n\t\tdata-wp-bind--data-gt-statut=\"state.statut\"\n\t\tdata-wp-key=\"1+527-69f54d313eb07\"\n\t\tdata-wp-context='{\"idsProduct\":\"1+527\",\"idProduct\":\"1\",\"campingKey\":\"527\",\"isIndisponible\":true}'\t>\n\n\t\t\t\t\t<div hidden class=\"gt-ws-thelis-spinner\" data-wp-bind--hidden=\"!state.isLoading\">\n\t\t\t\t<span class=\"loader\"><\/span>\n\t\t\t<\/div>\n\t\t\n\n\t\t<div data-wp-bind--hidden=\"state.isLoading\" class=\"gt-ws-thelis-disponibilite-wrap\">\n\n\t\t\t\n\t\t\t\t\t\n\t\t\t\t<div hidden \n\t\t\t\t\tclass=\"gt-ws-thelis__disponibilite__price\"\n\t\t\t\t\tdata-wp-bind--hidden=\"!state.price\"\n\t\t\t\t>\n\t\t\t\t\t<span>\u00c0 partir de <\/span>\n\t\t\t\t\t<span hidden class=\"gt-ws-thelis__disponibilite__price__original\" data-wp-bind--hidden=\"!state.hasPromo\">\n\t\t\t\t\t\t<strike><span data-wp-text=\"state.originalPrice\"><\/span>\u20ac<\/strike>\n\t\t\t\t\t<\/span>\n\t\t\t\t\t<span class=\"gt-ws-thelis__disponibilite__price__discounted\">\n\t\t\t\t\t\t<span data-wp-bind--data-gt-price=\"state.price\" class=\"gt-ws-thelis-data-price\" data-wp-text=\"state.price\"><\/span>\u20ac\n\t\t\t\t\t<\/span>\n\t\t\t\t<\/div>\n\t\t\t\n\t\t\t\n\t\t\t\n\t\t\t\n\t\t<\/div>\n\n\t<\/div>\n\n    \n\n    \n\t<div\n\t\tclass=\"statut-dispo wp-block-gt-gt-ws-thelis-disponibilites\"\t\tdata-wp-interactive=\"gt\/thelis\"\n\t\tdata-wp-watch=\"actions.loadStays\"\n\t\tdata-wp-bind--data-gt-statut=\"state.statut\"\n\t\tdata-wp-key=\"1+527-69f54d313eb9a\"\n\t\tdata-wp-context='{\"idsProduct\":\"1+527\",\"idProduct\":\"1\",\"campingKey\":\"527\",\"isIndisponible\":true}'\t>\n\n\t\t\t\t\t<div hidden class=\"gt-ws-thelis-spinner\" data-wp-bind--hidden=\"!state.isLoading\">\n\t\t\t\t<span class=\"loader\"><\/span>\n\t\t\t<\/div>\n\t\t\n\n\t\t<div data-wp-bind--hidden=\"state.isLoading\" class=\"gt-ws-thelis-disponibilite-wrap\">\n\n\t\t\t\t\t\t\t\t\t\t\t\t\t<div class=\"gt-ws-thelis-statut\" data-wp-text=\"state.titre\"><\/div>\n\t\t\t\t\t\t\t\t\n\t\t\t\n\t\t\t\n\t\t\t\n\t\t\t\n\t\t<\/div>\n\n\t<\/div>\n\n    <\/div>\n<\/div>\n\n<\/li><li data-gt-bathrooms=\"1\" data-gt-camping=\"527\" data-gt-capacity=\"6\" data-gt-criterions=\"&quot;[17,4131,7631]&quot;\" data-gt-post-id=\"21111\" data-gt-rooms=\"3\" data-gt-surfaces=\"32\" data-gt-types=\"Mobilheime,location\" data-gt-ws-camping=\"527\" data-wp-key=\"69f54d31413c3\" class=\"wp-block-post post-21111 hebergement type-hebergement status-publish has-post-thumbnail hentry\">\n\n<div \n    class=\"wp-block-gt-gt-ws-thelis-product-images\"    data-wp-interactive=\"gt\/thelis\/hebergement\/image\"\n    data-gallery-images='[&quot;https:\\\/\\\/www.le-cabellou-plage.com\\\/wp-content\\\/uploads\\\/gt-ws-thelis\\\/site-1\\\/images\\\/527\\\/pict_8_3.jpg&quot;,&quot;https:\\\/\\\/www.le-cabellou-plage.com\\\/wp-content\\\/uploads\\\/gt-ws-thelis\\\/site-1\\\/images\\\/527\\\/pict_8_5.jpg&quot;,&quot;https:\\\/\\\/www.le-cabellou-plage.com\\\/wp-content\\\/uploads\\\/gt-ws-thelis\\\/site-1\\\/images\\\/527\\\/pict_8_4.jpg&quot;,&quot;https:\\\/\\\/www.le-cabellou-plage.com\\\/wp-content\\\/uploads\\\/gt-ws-thelis\\\/site-1\\\/images\\\/527\\\/pict_8_2.jpg&quot;,&quot;https:\\\/\\\/www.le-cabellou-plage.com\\\/wp-content\\\/uploads\\\/gt-ws-thelis\\\/site-1\\\/images\\\/527\\\/pict_8_1.jpg&quot;,&quot;https:\\\/\\\/www.le-cabellou-plage.com\\\/wp-content\\\/uploads\\\/gt-ws-thelis\\\/site-1\\\/images\\\/527\\\/pict_8_7.jpg&quot;,&quot;https:\\\/\\\/www.le-cabellou-plage.com\\\/wp-content\\\/uploads\\\/gt-ws-thelis\\\/site-1\\\/images\\\/527\\\/pict_8_6.jpg&quot;]'\n    data-wp-context='{\"images\":[\"https:\\\/\\\/www.le-cabellou-plage.com\\\/wp-content\\\/uploads\\\/gt-ws-thelis\\\/site-1\\\/images\\\/527\\\/pict_8_3.jpg\",\"https:\\\/\\\/www.le-cabellou-plage.com\\\/wp-content\\\/uploads\\\/gt-ws-thelis\\\/site-1\\\/images\\\/527\\\/pict_8_5.jpg\",\"https:\\\/\\\/www.le-cabellou-plage.com\\\/wp-content\\\/uploads\\\/gt-ws-thelis\\\/site-1\\\/images\\\/527\\\/pict_8_4.jpg\",\"https:\\\/\\\/www.le-cabellou-plage.com\\\/wp-content\\\/uploads\\\/gt-ws-thelis\\\/site-1\\\/images\\\/527\\\/pict_8_2.jpg\",\"https:\\\/\\\/www.le-cabellou-plage.com\\\/wp-content\\\/uploads\\\/gt-ws-thelis\\\/site-1\\\/images\\\/527\\\/pict_8_1.jpg\",\"https:\\\/\\\/www.le-cabellou-plage.com\\\/wp-content\\\/uploads\\\/gt-ws-thelis\\\/site-1\\\/images\\\/527\\\/pict_8_7.jpg\",\"https:\\\/\\\/www.le-cabellou-plage.com\\\/wp-content\\\/uploads\\\/gt-ws-thelis\\\/site-1\\\/images\\\/527\\\/pict_8_6.jpg\"],\"jsonConfig\":{\"speed\":400,\"spaceBetween\":16,\"slidesPerView\":1,\"loop\":true,\"breakpoints\":[{\"slidesPerView\":1}],\"pagination\":false,\"effect\":\"fade\",\"autoplay\":{\"delay\":2500}},\"sliderId\":\"69f54d313ef44\"}'>\n            <div \n            id=\"69f54d313ef44\"\n            class=\"gt-ws-thelis-is-slider swiper\" \n            data-swiper='{\"speed\":400,\"spaceBetween\":16,\"slidesPerView\":1,\"loop\":true,\"breakpoints\":[{\"slidesPerView\":1}],\"pagination\":false,\"effect\":\"fade\",\"autoplay\":{\"delay\":2500}}'\n            data-wp-key=\"21111660ce1da78d7ac15e03706f31ece0088\"\n            data-wp-run=\"callbacks.resetSwiper\"\n            data-wp-on--mouseover=\"callbacks.resetSwiper\"\n        >\n        <div class=\"swiper-wrapper\">\n                \n            \n            \n\n            <figure \n                class=\"wp-block-image swiper-slide\" \n                data-image-index=\"0\"\n            >\n                                    <img decoding=\"async\" \n                                                src=\"https:\/\/www.le-cabellou-plage.com\/wp-content\/uploads\/gt-ws-thelis\/site-1\/images\/527\/pict_8_1.jpg\" \n                        alt=\"Confort+ Gl\u00e9nan &#8211; 6Pers 3Ch  32m2\"\n                        loading=\"lazy\"\n                    >\n                                <\/figure>\n\n            \n        \n            \n            \n\n            <figure \n                class=\"wp-block-image swiper-slide\" \n                data-image-index=\"1\"\n            >\n                                    <img decoding=\"async\" \n                                                src=\"https:\/\/www.le-cabellou-plage.com\/wp-content\/uploads\/gt-ws-thelis\/site-1\/images\/527\/pict_8_2.jpg\" \n                        alt=\"Confort+ Gl\u00e9nan &#8211; 6Pers 3Ch  32m2\"\n                        loading=\"lazy\"\n                    >\n                                <\/figure>\n\n            \n        \n            \n            \n\n            <figure \n                class=\"wp-block-image swiper-slide\" \n                data-image-index=\"2\"\n            >\n                                    <img decoding=\"async\" \n                                                src=\"https:\/\/www.le-cabellou-plage.com\/wp-content\/uploads\/gt-ws-thelis\/site-1\/images\/527\/pict_8_3.jpg\" \n                        alt=\"Confort+ Gl\u00e9nan &#8211; 6Pers 3Ch  32m2\"\n                        loading=\"lazy\"\n                    >\n                                <\/figure>\n\n            \n        \n            \n            \n\n            <figure \n                class=\"wp-block-image swiper-slide\" \n                data-image-index=\"3\"\n            >\n                                    <img decoding=\"async\" \n                                                src=\"https:\/\/www.le-cabellou-plage.com\/wp-content\/uploads\/gt-ws-thelis\/site-1\/images\/527\/pict_8_4.jpg\" \n                        alt=\"Confort+ Gl\u00e9nan &#8211; 6Pers 3Ch  32m2\"\n                        loading=\"lazy\"\n                    >\n                                <\/figure>\n\n            \n        \n            \n            \n\n            <figure \n                class=\"wp-block-image swiper-slide\" \n                data-image-index=\"4\"\n            >\n                                    <img decoding=\"async\" \n                                                src=\"https:\/\/www.le-cabellou-plage.com\/wp-content\/uploads\/gt-ws-thelis\/site-1\/images\/527\/pict_8_5.jpg\" \n                        alt=\"Confort+ Gl\u00e9nan &#8211; 6Pers 3Ch  32m2\"\n                        loading=\"lazy\"\n                    >\n                                <\/figure>\n\n            \n        \n            \n            \n\n            <figure \n                class=\"wp-block-image swiper-slide\" \n                data-image-index=\"5\"\n            >\n                                    <img decoding=\"async\" \n                                                src=\"https:\/\/www.le-cabellou-plage.com\/wp-content\/uploads\/gt-ws-thelis\/site-1\/images\/527\/pict_8_6.jpg\" \n                        alt=\"Confort+ Gl\u00e9nan &#8211; 6Pers 3Ch  32m2\"\n                        loading=\"lazy\"\n                    >\n                                <\/figure>\n\n            \n        \n            \n            \n\n            <figure \n                class=\"wp-block-image swiper-slide\" \n                data-image-index=\"6\"\n            >\n                                    <img decoding=\"async\" \n                                                src=\"https:\/\/www.le-cabellou-plage.com\/wp-content\/uploads\/gt-ws-thelis\/site-1\/images\/527\/pict_8_7.jpg\" \n                        alt=\"Confort+ Gl\u00e9nan &#8211; 6Pers 3Ch  32m2\"\n                        loading=\"lazy\"\n                    >\n                                <\/figure>\n\n            \n        \n        \n            <\/div>\n            <div class=\"swiper-pagination\"><\/div>\n            <div class=\"swiper-button-prev\"><\/div>\n            <div class=\"swiper-button-next\"><\/div>\n        <\/div>\n        <\/div>\n\n\n<div class=\"wp-block-group bottom-card has-global-padding is-layout-constrained wp-container-core-group-is-layout-306daf7c wp-block-group-is-layout-constrained\" style=\"padding-top:0;padding-right:var(--wp--preset--spacing--10);padding-bottom:0;padding-left:var(--wp--preset--spacing--10)\">\n<p><\/p>\n\n\n\n<div class=\"wp-block-group gt-hebergement-foot is-layout-flow wp-container-core-group-is-layout-a77db08e wp-block-group-is-layout-flow\">\n<div class=\"wp-block-group is-content-justification-right is-layout-flex wp-container-core-group-is-layout-2c452c4e wp-block-group-is-layout-flex\" style=\"margin-top:0;margin-bottom:var(--wp--preset--spacing--20)\">\n<div class=\"wp-block-group hebergement-info is-vertical is-nowrap is-layout-flex wp-container-core-group-is-layout-3536e24b wp-block-group-is-layout-flex\">\n\n\n<div class=\"wp-block-gt-gt-ws-thelis-product-capacity\">\n            <img decoding=\"async\" src=\"https:\/\/www.le-cabellou-plage.com\/wp-content\/uploads\/2025\/01\/groupe.svg\" alt=\"Icon\" class=\"gt-icon\" \/> \n        6                 <\/div><\/div>\n\n\n\n<div class=\"wp-block-group hebergement-info is-vertical is-nowrap is-layout-flex wp-container-core-group-is-layout-3536e24b wp-block-group-is-layout-flex\">\n<div class=\"wp-block-gt-gt-ws-thelis-product-room\">\n            <img decoding=\"async\" src=\"https:\/\/www.le-cabellou-plage.com\/wp-content\/uploads\/2025\/02\/bed-1.svg\" alt=\"Icon\" class=\"gt-icon\" \/> \n        3                <\/div><\/div>\n\n\n\n<div class=\"wp-block-group hebergement-info is-vertical is-nowrap is-layout-flex wp-container-core-group-is-layout-3536e24b wp-block-group-is-layout-flex\">\n<div class=\"wp-block-gt-gt-ws-thelis-product-surface\">\n\n           <img decoding=\"async\" src=\"https:\/\/www.le-cabellou-plage.com\/wp-content\/uploads\/2025\/01\/surface-1.svg\" alt=\"Icon\" class=\"gt-icon\" \/> \n       \n        32m\u00b2\n<\/div><\/div>\n\n\n\n<div class=\"wp-block-group hebergement-info is-vertical is-nowrap is-layout-flex wp-container-core-group-is-layout-3536e24b wp-block-group-is-layout-flex\">\n<div class=\"wp-block-gt-gt-ws-thelis-product-bathroom\">\n            <img decoding=\"async\" src=\"https:\/\/www.le-cabellou-plage.com\/wp-content\/uploads\/2025\/03\/shower-2.svg\" alt=\"Icon\" class=\"gt-icon\" \/>\n        1                 <\/div><\/div>\n<\/div>\n<\/div>\n\n\n\n<div class=\"wp-block-group gt-hebergement-content has-base-2-color has-text-color has-link-color has-josefin-sans-font-family wp-elements-1dc5fd54dc8763551e0a213ad89aa8e4 is-content-justification-center is-nowrap is-layout-flex wp-container-core-group-is-layout-9c5e87ae wp-block-group-is-layout-flex\" style=\"padding-top:var(--wp--preset--spacing--10);padding-right:0;padding-bottom:var(--wp--preset--spacing--10);padding-left:var(--wp--preset--spacing--10);font-size:clamp(0.875rem, 0.875rem + ((1vw - 0.2rem) * 0.305), 1.1rem);\">\n<div class=\"wp-block-group has-global-padding is-content-justification-left is-layout-constrained wp-container-core-group-is-layout-12dd3699 wp-block-group-is-layout-constrained\"><p style=\"font-size:clamp(0.984rem, 0.984rem + ((1vw - 0.2rem) * 0.7), 1.5rem);\" class=\"wp-elements-8408685baa51903f439fde5025ccd007 wp-block-gt-gt-ws-thelis-product-name has-text-color has-base-2-color\">\n    Confort+ Gl\u00e9nan &#8211; 6Pers 3Ch  32m2<\/p>\n<\/div>\n\n\n\n<div class=\"wp-block-group link-hebergement has-global-padding is-layout-constrained wp-container-core-group-is-layout-f078265f wp-block-group-is-layout-constrained\" style=\"padding-right:0\"><a class=\"wp-elements-f3cb0fc3943cf1d9a6f084690632ba68 wp-block-read-more has-text-color has-custom-color-2-color\" href=\"https:\/\/www.le-cabellou-plage.com\/de\/hebergement\/confort-glenan-6pers-3ch-32m2\/\" target=\"_blank\">D\u00e9couvrir<span class=\"screen-reader-text\">: Confort+ Gl\u00e9nan &#8211; 6Pers 3Ch  32m2<\/span><\/a><\/div>\n<\/div>\n\n\n\n<div class=\"wp-block-group is-horizontal is-content-justification-space-between is-nowrap is-layout-flex wp-container-core-group-is-layout-f5091a2d wp-block-group-is-layout-flex\" style=\"padding-right:var(--wp--preset--spacing--20);padding-left:var(--wp--preset--spacing--20)\">    \n\t<div\n\t\tclass=\"wp-block-gt-gt-ws-thelis-disponibilites\"\t\tdata-wp-interactive=\"gt\/thelis\"\n\t\tdata-wp-watch=\"actions.loadStays\"\n\t\tdata-wp-bind--data-gt-statut=\"state.statut\"\n\t\tdata-wp-key=\"8+527-69f54d313fbd2\"\n\t\tdata-wp-context='{\"idsProduct\":\"8+527\",\"idProduct\":\"8\",\"campingKey\":\"527\",\"isIndisponible\":true}'\t>\n\n\t\t\t\t\t<div hidden class=\"gt-ws-thelis-spinner\" data-wp-bind--hidden=\"!state.isLoading\">\n\t\t\t\t<span class=\"loader\"><\/span>\n\t\t\t<\/div>\n\t\t\n\n\t\t<div data-wp-bind--hidden=\"state.isLoading\" class=\"gt-ws-thelis-disponibilite-wrap\">\n\n\t\t\t\n\t\t\t\t\t\n\t\t\t\t<div hidden \n\t\t\t\t\tclass=\"gt-ws-thelis__disponibilite__price\"\n\t\t\t\t\tdata-wp-bind--hidden=\"!state.price\"\n\t\t\t\t>\n\t\t\t\t\t<span>\u00c0 partir de <\/span>\n\t\t\t\t\t<span hidden class=\"gt-ws-thelis__disponibilite__price__original\" data-wp-bind--hidden=\"!state.hasPromo\">\n\t\t\t\t\t\t<strike><span data-wp-text=\"state.originalPrice\"><\/span>\u20ac<\/strike>\n\t\t\t\t\t<\/span>\n\t\t\t\t\t<span class=\"gt-ws-thelis__disponibilite__price__discounted\">\n\t\t\t\t\t\t<span data-wp-bind--data-gt-price=\"state.price\" class=\"gt-ws-thelis-data-price\" data-wp-text=\"state.price\"><\/span>\u20ac\n\t\t\t\t\t<\/span>\n\t\t\t\t<\/div>\n\t\t\t\n\t\t\t\n\t\t\t\n\t\t\t\n\t\t<\/div>\n\n\t<\/div>\n\n    \n\n    \n\t<div\n\t\tclass=\"statut-dispo wp-block-gt-gt-ws-thelis-disponibilites\"\t\tdata-wp-interactive=\"gt\/thelis\"\n\t\tdata-wp-watch=\"actions.loadStays\"\n\t\tdata-wp-bind--data-gt-statut=\"state.statut\"\n\t\tdata-wp-key=\"8+527-69f54d313fc64\"\n\t\tdata-wp-context='{\"idsProduct\":\"8+527\",\"idProduct\":\"8\",\"campingKey\":\"527\",\"isIndisponible\":true}'\t>\n\n\t\t\t\t\t<div hidden class=\"gt-ws-thelis-spinner\" data-wp-bind--hidden=\"!state.isLoading\">\n\t\t\t\t<span class=\"loader\"><\/span>\n\t\t\t<\/div>\n\t\t\n\n\t\t<div data-wp-bind--hidden=\"state.isLoading\" class=\"gt-ws-thelis-disponibilite-wrap\">\n\n\t\t\t\t\t\t\t\t\t\t\t\t\t<div class=\"gt-ws-thelis-statut\" data-wp-text=\"state.titre\"><\/div>\n\t\t\t\t\t\t\t\t\n\t\t\t\n\t\t\t\n\t\t\t\n\t\t\t\n\t\t<\/div>\n\n\t<\/div>\n\n    <\/div>\n<\/div>\n\n<\/li><\/ul><\/div>\n<\/div>\n<\/div>\n<\/div>\n\n\n\n<div class=\"wp-block-buttons is-content-justification-center is-layout-flex wp-container-core-buttons-is-layout-e511ce0b wp-block-buttons-is-layout-flex\" style=\"margin-top:var(--wp--preset--spacing--30);margin-bottom:var(--wp--preset--spacing--30)\">\n<div class=\"wp-block-button\"><a class=\"wp-block-button__link wp-element-button\" href=\"https:\/\/www.le-cabellou-plage.com\/de\/vermietung-mobilheime-bretagne\/\">Entdecken Sie alle unsere Mobilheime<\/a><\/div>\n<\/div>\n<\/section>\n\n<section class=\"wp-block-group home-second page-third has-custom-color-2-background-color has-background is-layout-flow wp-block-group-is-layout-flow\" style=\"margin-top:0;padding-bottom:var(--wp--preset--spacing--40)\">\n<div class=\"wp-block-columns gt-reverse-mobile is-layout-flex wp-container-core-columns-is-layout-28f84493 wp-block-columns-is-layout-flex\">\n<div class=\"wp-block-column left animated fadeIn delay-100ms slow is-layout-flow wp-block-column-is-layout-flow\">\n<div data-swiper=\"{&quot;speed&quot;:400,&quot;spaceBetween&quot;:30,&quot;slidesPerView&quot;:1,&quot;createElements&quot;:true,&quot;loop&quot;:true,&quot;breakpoints&quot;:{&quot;0&quot;:{&quot;slidesPerView&quot;:1},&quot;380&quot;:[]},&quot;pagination&quot;:false,&quot;navigation&quot;:false,&quot;effect&quot;:&quot;fade&quot;}\" class=\"wp-block-group gt-is-slider gt-is-slider-desktop is-layout-flow wp-block-group-is-layout-flow\">\n<div class=\"wp-block-group is-layout-flow wp-block-group-is-layout-flow\">\n<figure class=\"wp-block-image size-full\"><img decoding=\"async\" width=\"760\" height=\"479\" src=\"https:\/\/www.le-cabellou-plage.com\/wp-content\/uploads\/2025\/01\/camping-avec-parc-aquatique-a-proximite-de-la-pointe-du-raz-en-finistere.webp\" alt=\"campingplatz mit wasserpark in der n&#xE4;he von pointe du raz in finistere\" class=\"wp-image-15584\" srcset=\"https:\/\/www.le-cabellou-plage.com\/wp-content\/uploads\/2025\/01\/camping-avec-parc-aquatique-a-proximite-de-la-pointe-du-raz-en-finistere.webp 760w, https:\/\/www.le-cabellou-plage.com\/wp-content\/uploads\/2025\/01\/camping-avec-parc-aquatique-a-proximite-de-la-pointe-du-raz-en-finistere-300x189.webp 300w\" sizes=\"(max-width: 760px) 100vw, 760px\" \/><\/figure>\n<\/div>\n\n\n\n<div class=\"wp-block-group is-layout-flow wp-block-group-is-layout-flow\">\n<figure class=\"wp-block-image size-full\"><img decoding=\"async\" width=\"760\" height=\"479\" src=\"https:\/\/www.le-cabellou-plage.com\/wp-content\/uploads\/2025\/01\/ccamping-avec-parc-aquatique-dans-le-finistere.webp\" alt=\"Campingplatz mit Wasserpark in Finistere\" class=\"wp-image-15588\" srcset=\"https:\/\/www.le-cabellou-plage.com\/wp-content\/uploads\/2025\/01\/ccamping-avec-parc-aquatique-dans-le-finistere.webp 760w, https:\/\/www.le-cabellou-plage.com\/wp-content\/uploads\/2025\/01\/ccamping-avec-parc-aquatique-dans-le-finistere-300x189.webp 300w\" sizes=\"(max-width: 760px) 100vw, 760px\" \/><\/figure>\n<\/div>\n\n\n\n<div class=\"wp-block-group is-layout-flow wp-block-group-is-layout-flow\">\n<figure class=\"wp-block-image size-full\"><img decoding=\"async\" width=\"760\" height=\"479\" src=\"https:\/\/www.le-cabellou-plage.com\/wp-content\/uploads\/2025\/01\/moments-de-detente-dans-notre-parc-aquatique.webp\" alt=\"Entspannungsmomente in unserem Wasserpark\" class=\"wp-image-15593\" srcset=\"https:\/\/www.le-cabellou-plage.com\/wp-content\/uploads\/2025\/01\/moments-de-detente-dans-notre-parc-aquatique.webp 760w, https:\/\/www.le-cabellou-plage.com\/wp-content\/uploads\/2025\/01\/moments-de-detente-dans-notre-parc-aquatique-300x189.webp 300w\" sizes=\"(max-width: 760px) 100vw, 760px\" \/><\/figure>\n<\/div>\n\n\n\n<div class=\"wp-block-group is-layout-flow wp-block-group-is-layout-flow\">\n<figure class=\"wp-block-image size-full\"><img decoding=\"async\" width=\"760\" height=\"479\" src=\"https:\/\/www.le-cabellou-plage.com\/wp-content\/uploads\/2025\/01\/espace-dedie-aux-toboggans-aquatiques.webp\" alt=\"Bereich mit Wasserrutschen\" class=\"wp-image-15597\" srcset=\"https:\/\/www.le-cabellou-plage.com\/wp-content\/uploads\/2025\/01\/espace-dedie-aux-toboggans-aquatiques.webp 760w, https:\/\/www.le-cabellou-plage.com\/wp-content\/uploads\/2025\/01\/espace-dedie-aux-toboggans-aquatiques-300x189.webp 300w\" sizes=\"(max-width: 760px) 100vw, 760px\" \/><\/figure>\n<\/div>\n\n\n\n<div class=\"wp-block-group is-layout-flow wp-block-group-is-layout-flow\">\n<figure class=\"wp-block-image size-full\"><img decoding=\"async\" width=\"760\" height=\"479\" src=\"https:\/\/www.le-cabellou-plage.com\/wp-content\/uploads\/2025\/01\/pataugeoire-adaptee-aux-enfants.webp\" alt=\"kinderfreundliches Planschbecken\" class=\"wp-image-15601\" srcset=\"https:\/\/www.le-cabellou-plage.com\/wp-content\/uploads\/2025\/01\/pataugeoire-adaptee-aux-enfants.webp 760w, https:\/\/www.le-cabellou-plage.com\/wp-content\/uploads\/2025\/01\/pataugeoire-adaptee-aux-enfants-300x189.webp 300w\" sizes=\"(max-width: 760px) 100vw, 760px\" \/><\/figure>\n<\/div>\n<\/div>\n\n\n\n<div class=\"wp-block-buttons is-content-justification-center is-layout-flex wp-container-core-buttons-is-layout-916d4376 wp-block-buttons-is-layout-flex\" style=\"margin-top:6rem;margin-bottom:var(--wp--preset--spacing--30)\">\n<div class=\"wp-block-button\"><a class=\"wp-block-button__link wp-element-button\" href=\"https:\/\/www.le-cabellou-plage.com\/de\/campingplatz-wasserpark-bretagne\/\">Entdecken Sie den Wasserpark<\/a><\/div>\n<\/div>\n<\/div>\n\n\n\n<div class=\"wp-block-column is-vertically-aligned-top right is-layout-flow wp-block-column-is-layout-flow\" style=\"padding-top:2rem;padding-right:6rem;padding-left:var(--wp--preset--spacing--20)\">\n<div class=\"wp-block-group gt-no-padding-mobile has-global-padding is-layout-constrained wp-container-core-group-is-layout-d2a9254a wp-block-group-is-layout-constrained\" style=\"padding-right:var(--wp--preset--spacing--60);padding-left:0\">\n<h2 class=\"wp-block-heading\"><strong>Campingplatz mit Wasserpark<\/strong> <br\/>in der N\u00e4he der Pointe du Raz in Finist\u00e8re<\/h2>\n\n\n\n<p>Sind Sie auf der Suche nach einem <strong>Campingplatz mit Wasserpark im Finist\u00e8re<\/strong> f\u00fcr einen unvergesslichen Urlaub? Le Cabellou Plage bietet Ihnen ein <strong>au\u00dfergew\u00f6hnliches Erlebnis<\/strong>, indem Sie den <strong>Besuch der Pointe du Raz<\/strong> mit <strong>entspannenden Momenten in unserem Wasserpark<\/strong> kombinieren. Wir befinden uns in der N\u00e4he des Cabellou-Strandes in Concarneau und bieten Ihnen die M\u00f6glichkeit, <strong>die Freuden des Ozeans<\/strong> mit seinem Panoramablick von den <strong>Rutschen unseres Wasserparks<\/strong> und seiner warmen Atmosph\u00e4re in vollen Z\u00fcgen zu genie\u00dfen.Le Cabellou Plage bietet Ihnen nicht nur <strong>optimalen Komfort w\u00e4hrend Ihres Aufenthaltes<\/strong>, sondern auch <strong>Zugang zu seinen beheizten Pools<\/strong> f\u00fcr noch angenehmere Momente der Entspannung. Le <strong>Cabellou Plage<\/strong> verf\u00fcgt \u00fcber eine <strong>Vielzahl an Wassersportm\u00f6glichkeiten<\/strong>, um allen Bed\u00fcrfnissen seiner Besucher gerecht zu werden. Neben den <strong>zwei beheizten Au\u00dfenpools<\/strong> mit einem <strong>Bereich f\u00fcr Wasserrutschen<\/strong> gibt es auch ein <strong>kinderfreundliches Planschbecken<\/strong>. An Tagen, an denen das Wetter es nicht zul\u00e4sst, die <a href=\"https:\/\/www.le-cabellou-plage.com\/de\/campingplatz-wasserpark-bretagne\/\">Au\u00dfenpools<\/a> zu nutzen, gibt es ein <strong>beheiztes Hallenbad<\/strong> und einen Kinderspielplatz, wo die Eltern mit ihren Kindern spielen k\u00f6nnen.      Der Campingplatz ist auch ideal gelegen f\u00fcr diejenigen, die <strong>die Umgebung von Finist\u00e8re und Pointe du Raz erkunden<\/strong> m\u00f6chten, die von unserem <strong>Campingplatz mit Wasserpark Le Cabellou Plage<\/strong> aus leicht zu erreichen sind.<\/p>\n<\/div>\n\n\n\n<div class=\"wp-block-group bubbles is-nowrap is-layout-flex wp-container-core-group-is-layout-17c695da wp-block-group-is-layout-flex\">\n<div class=\"wp-block-group bubble is-layout-flow wp-block-group-is-layout-flow\">\n<figure class=\"wp-block-image size-full is-resized has-custom-border is-style-rounded animated fadeIn delay-3s is-style-rounded--9\"><img decoding=\"async\" width=\"760\" height=\"479\" src=\"https:\/\/www.le-cabellou-plage.com\/wp-content\/uploads\/2025\/01\/camping-avec-parc-aquatique-a-proximite-de-la-pointe-du-raz-en-finistere.webp\" alt=\"campingplatz mit wasserpark in der n&#xE4;he von pointe du raz in finistere\" class=\"wp-image-15584\" style=\"border-style:none;border-width:0px;border-radius:100%;object-fit:cover;width:90px;height:90px\" srcset=\"https:\/\/www.le-cabellou-plage.com\/wp-content\/uploads\/2025\/01\/camping-avec-parc-aquatique-a-proximite-de-la-pointe-du-raz-en-finistere.webp 760w, https:\/\/www.le-cabellou-plage.com\/wp-content\/uploads\/2025\/01\/camping-avec-parc-aquatique-a-proximite-de-la-pointe-du-raz-en-finistere-300x189.webp 300w\" sizes=\"(max-width: 760px) 100vw, 760px\" \/><\/figure>\n<\/div>\n\n\n\n<div class=\"wp-block-group bubble is-layout-flow wp-block-group-is-layout-flow\">\n<figure class=\"wp-block-image size-full is-resized has-custom-border is-style-rounded animated fadeIn delay-2s is-style-rounded--10\"><img decoding=\"async\" width=\"760\" height=\"479\" src=\"https:\/\/www.le-cabellou-plage.com\/wp-content\/uploads\/2025\/01\/ccamping-avec-parc-aquatique-dans-le-finistere.webp\" alt=\"Campingplatz mit Wasserpark in Finistere\" class=\"wp-image-15588\" style=\"border-style:none;border-width:0px;border-radius:100%;object-fit:cover;width:90px;height:90px\" srcset=\"https:\/\/www.le-cabellou-plage.com\/wp-content\/uploads\/2025\/01\/ccamping-avec-parc-aquatique-dans-le-finistere.webp 760w, https:\/\/www.le-cabellou-plage.com\/wp-content\/uploads\/2025\/01\/ccamping-avec-parc-aquatique-dans-le-finistere-300x189.webp 300w\" sizes=\"(max-width: 760px) 100vw, 760px\" \/><\/figure>\n<\/div>\n\n\n\n<div class=\"wp-block-group bubble is-layout-flow wp-block-group-is-layout-flow\">\n<figure class=\"wp-block-image size-full is-resized has-custom-border is-style-rounded animated fadeIn delay-1s is-style-rounded--11\"><img decoding=\"async\" width=\"760\" height=\"479\" src=\"https:\/\/www.le-cabellou-plage.com\/wp-content\/uploads\/2025\/01\/moments-de-detente-dans-notre-parc-aquatique.webp\" alt=\"Entspannungsmomente in unserem Wasserpark\" class=\"wp-image-15593\" style=\"border-style:none;border-width:0px;border-radius:100%;object-fit:cover;width:90px;height:90px\" srcset=\"https:\/\/www.le-cabellou-plage.com\/wp-content\/uploads\/2025\/01\/moments-de-detente-dans-notre-parc-aquatique.webp 760w, https:\/\/www.le-cabellou-plage.com\/wp-content\/uploads\/2025\/01\/moments-de-detente-dans-notre-parc-aquatique-300x189.webp 300w\" sizes=\"(max-width: 760px) 100vw, 760px\" \/><\/figure>\n<\/div>\n\n\n\n<div class=\"wp-block-group bubble is-layout-flow wp-block-group-is-layout-flow\">\n<figure class=\"wp-block-image size-full is-resized has-custom-border is-style-rounded animated fadeIn delay-500ms is-style-rounded--12\"><img decoding=\"async\" width=\"760\" height=\"479\" src=\"https:\/\/www.le-cabellou-plage.com\/wp-content\/uploads\/2025\/01\/espace-dedie-aux-toboggans-aquatiques.webp\" alt=\"Bereich mit Wasserrutschen\" class=\"wp-image-15597\" style=\"border-style:none;border-width:0px;border-radius:100%;object-fit:cover;width:90px;height:90px\" srcset=\"https:\/\/www.le-cabellou-plage.com\/wp-content\/uploads\/2025\/01\/espace-dedie-aux-toboggans-aquatiques.webp 760w, https:\/\/www.le-cabellou-plage.com\/wp-content\/uploads\/2025\/01\/espace-dedie-aux-toboggans-aquatiques-300x189.webp 300w\" sizes=\"(max-width: 760px) 100vw, 760px\" \/><\/figure>\n<\/div>\n\n\n\n<div class=\"wp-block-group bubble is-layout-flow wp-block-group-is-layout-flow\">\n<figure class=\"wp-block-image size-full is-resized has-custom-border is-style-rounded animated fadeIn delay-200ms is-style-rounded--13\"><img decoding=\"async\" width=\"760\" height=\"479\" src=\"https:\/\/www.le-cabellou-plage.com\/wp-content\/uploads\/2025\/01\/pataugeoire-adaptee-aux-enfants.webp\" alt=\"kinderfreundliches Planschbecken\" class=\"wp-image-15601\" style=\"border-style:none;border-width:0px;border-radius:100%;object-fit:cover;width:90px;height:90px\" srcset=\"https:\/\/www.le-cabellou-plage.com\/wp-content\/uploads\/2025\/01\/pataugeoire-adaptee-aux-enfants.webp 760w, https:\/\/www.le-cabellou-plage.com\/wp-content\/uploads\/2025\/01\/pataugeoire-adaptee-aux-enfants-300x189.webp 300w\" sizes=\"(max-width: 760px) 100vw, 760px\" \/><\/figure>\n<\/div>\n<\/div>\n<\/div>\n<\/div>\n<\/section>\n\n<section class=\"wp-block-group page-fourth has-custom-color-3-background-color has-background is-layout-flow wp-block-group-is-layout-flow\" style=\"margin-top:0;padding-top:var(--wp--preset--spacing--30);padding-bottom:3rem\">\n<div class=\"wp-block-columns is-layout-flex wp-container-core-columns-is-layout-28f84493 wp-block-columns-is-layout-flex\">\n<div class=\"wp-block-column is-layout-flow wp-block-column-is-layout-flow\" style=\"flex-basis:40%\">\n<figure class=\"wp-block-image size-full animated fadeIn delay-100ms slow\"><img decoding=\"async\" width=\"688\" height=\"639\" src=\"https:\/\/www.le-cabellou-plage.com\/wp-content\/uploads\/2025\/01\/decouvrez-la-pointe-du-raz-pendant-votre-sejour-en-camping.webp\" alt=\"Entdecken Sie w&#xE4;hrend Ihres Campingurlaubs die Pointe du Raz.\" class=\"wp-image-15606\" srcset=\"https:\/\/www.le-cabellou-plage.com\/wp-content\/uploads\/2025\/01\/decouvrez-la-pointe-du-raz-pendant-votre-sejour-en-camping.webp 688w, https:\/\/www.le-cabellou-plage.com\/wp-content\/uploads\/2025\/01\/decouvrez-la-pointe-du-raz-pendant-votre-sejour-en-camping-300x279.webp 300w\" sizes=\"(max-width: 688px) 100vw, 688px\" \/><\/figure>\n<\/div>\n\n\n\n<div class=\"wp-block-column is-vertically-aligned-center is-layout-flow wp-block-column-is-layout-flow\" style=\"padding-right:2rem;padding-left:2rem;flex-basis:60%\">\n<div class=\"wp-block-group gt-no-padding-mobile is-layout-flow wp-block-group-is-layout-flow\" style=\"padding-right:15rem;padding-left:10rem\">\n<h2 class=\"wp-block-heading has-base-2-color has-text-color has-link-color wp-elements-b986b5567de092f8efe9e5ba607dd3bc\" style=\"margin-bottom:var(--wp--preset--spacing--30)\"><strong>Entdecken<\/strong> Sie w\u00e4hrend Ihres Campingurlaubs <strong>die Pointe du Raz<\/strong><\/h2>\n\n\n\n<p>Die <a href=\"https:\/\/www.le-cabellou-plage.com\/de\/willkommen-auf-dem-blog-von-le-cabellou-plage\/finistere-sud-de\/la-pointe-du-raz\/\">Pointe du Raz<\/a> besteht aus Granitklippen, die einen <strong>atemberaubenden Blick<\/strong> auf den Ozean und die benachbarten Inseln bieten. Auf den <strong>Wanderwegen<\/strong> k\u00f6nnen Sie diese Landschaft zu Fu\u00df erkunden und am Meer spazieren gehen. <\/p>\n\n\n\n<p>Die Pointe du Raz ist auch ein <strong>Nistplatz<\/strong> f\u00fcr viele <strong>Vogelarten<\/strong>, so dass Sie sie von einigen Beobachtungspunkten aus in ihrer nat\u00fcrlichen Umgebung beobachten k\u00f6nnen. Angelfreunde k\u00f6nnen die Felsen und Str\u00e4nde zum Angeln nutzen. <\/p>\n\n\n\n<p>Entdecken Sie von unserem <strong>Campingplatz in Concarneau le Cabellou Plage<\/strong> aus die <strong>Pointe du Raz<\/strong>, einen geschichtstr\u00e4chtigen Ort mit <strong>zwei Leuchtt\u00fcrmen<\/strong>, dem <strong>Phare de la Jument<\/strong> und dem <strong>Phare de Kermorvan<\/strong>, die f\u00fcr Besucher zug\u00e4nglich sind und einen Panoramablick auf den Ozean und die Umgebung bieten.<\/p>\n\n\n\n<p><strong>Kulturliebhaber<\/strong> k\u00f6nnen die umliegenden St\u00e4dte besuchen, wie <a href=\"https:\/\/www.le-cabellou-plage.com\/de\/campingplatz-locronan\/\">Locronan<\/a>, das mit seinen Granith\u00e4usern, gepflasterten Stra\u00dfen und seinem <strong>kulturellen Erbe<\/strong> zu den <strong>sch\u00f6nsten D\u00f6rfern Frankreichs<\/strong> z\u00e4hlt.<\/p>\n<\/div>\n<\/div>\n<\/div>\n<\/section>\n\n<section class=\"wp-block-group page-maillage has-custom-color-2-background-color has-background has-global-padding is-layout-constrained wp-block-group-is-layout-constrained\" style=\"margin-top:0;margin-bottom:0;padding-top:var(--wp--preset--spacing--40);padding-bottom:var(--wp--preset--spacing--40)\">\n<div class=\"wp-block-group h1-like is-layout-flow wp-block-group-is-layout-flow\" style=\"margin-bottom:var(--wp--preset--spacing--50)\">\n<p class=\"has-bodidota-font-family\" style=\"font-size:clamp(47.79px, 2.987rem + ((1vw - 3.2px) * 3.916), 94px);line-height:0.8\">Entdecken Sie<\/p>\n\n\n\n<p class=\"has-custom-color-3-color has-text-color has-link-color has-north-wave-font-family wp-elements-1f0691eed73e0714703aeaa6a21677c8\" style=\"padding-left:var(--wp--preset--spacing--60);font-size:clamp(52.125px, 3.258rem + ((1vw - 3.2px) * 4.481), 105px);line-height:0.1\">unsere sch\u00f6ne Region<\/p>\n<\/div>\n\n\n\n<div class=\"wp-block-query is-layout-flow wp-block-query-is-layout-flow\"><ul class=\"columns-3 wp-block-post-template has-medium-font-size is-layout-grid wp-container-core-post-template-is-layout-572542b5 wp-block-post-template-is-layout-grid\"><li class=\"wp-block-post post-20887 page type-page status-publish has-post-thumbnail hentry\">\n\n<figure class=\"wp-block-image maillage-img\"><img decoding=\"async\" src=\"https:\/\/www.le-cabellou-plage.com\/wp-content\/uploads\/2025\/01\/camping-5-etoiles-finistere-sud-cabellou-plage-resort-5-etoiles-concarneau-cta.webp\" alt=\"5 sterne campingplatz finistere sued cabellou plage resort 5 sterne concarneau\"\/><\/figure>\n\n\n\n<div class=\"wp-block-group content-maillage has-global-padding is-layout-constrained wp-block-group-is-layout-constrained\">\n<p class=\"maillage-title has-base-2-color has-text-color has-link-color has-josefin-sans-font-family wp-elements-939842b9118177581784f7034ceeec07\" style=\"border-style:none;border-width:0px;border-radius:0px;font-size:clamp(0.875rem, 0.875rem + ((1vw - 0.2rem) * 0.576), 1.3rem);letter-spacing:1px;text-transform:uppercase\">5-Sterne-Campingplatz<\/p>\n<\/div>\n\n\n<a class=\"is-style-lien-cover wp-block-read-more\" href=\"https:\/\/www.le-cabellou-plage.com\/de\/5-sterne-campingplatz-sued-finistere\/\" target=\"_self\">Read more<span class=\"screen-reader-text\">: 5-Sterne-Campingplatz S\u00fcd-Finist\u00e8re<\/span><\/a>\n<\/li><li class=\"wp-block-post post-20909 page type-page status-publish has-post-thumbnail hentry\">\n\n<figure class=\"wp-block-image maillage-img\"><img decoding=\"async\" src=\"https:\/\/www.le-cabellou-plage.com\/wp-content\/uploads\/2025\/01\/camping-locronan-cabellou-plage-resort-5-etoiles-cta.webp\" alt=\"campingplatz locronan cabellou plage resort 5 sterne\"\/><\/figure>\n\n\n\n<div class=\"wp-block-group content-maillage has-global-padding is-layout-constrained wp-block-group-is-layout-constrained\">\n<p class=\"maillage-title has-base-2-color has-text-color has-link-color has-josefin-sans-font-family wp-elements-939842b9118177581784f7034ceeec07\" style=\"border-style:none;border-width:0px;border-radius:0px;font-size:clamp(0.875rem, 0.875rem + ((1vw - 0.2rem) * 0.576), 1.3rem);letter-spacing:1px;text-transform:uppercase\">Campingplatz Locronan<\/p>\n<\/div>\n\n\n<a class=\"is-style-lien-cover wp-block-read-more\" href=\"https:\/\/www.le-cabellou-plage.com\/de\/campingplatz-locronan\/\" target=\"_self\">Read more<span class=\"screen-reader-text\">: Campingplatz Locronan<\/span><\/a>\n<\/li><li class=\"wp-block-post post-20903 page type-page status-publish has-post-thumbnail hentry\">\n\n<figure class=\"wp-block-image maillage-img\"><img decoding=\"async\" src=\"https:\/\/www.le-cabellou-plage.com\/wp-content\/uploads\/2025\/01\/pont-l-abbe-camping-cabellou-plage-resort-5-etoiles-cta.webp\" alt=\"pont l&apos;abbe campingplatz cabellou plage resort 5 sterne\"\/><\/figure>\n\n\n\n<div class=\"wp-block-group content-maillage has-global-padding is-layout-constrained wp-block-group-is-layout-constrained\">\n<p class=\"maillage-title has-base-2-color has-text-color has-link-color has-josefin-sans-font-family wp-elements-939842b9118177581784f7034ceeec07\" style=\"border-style:none;border-width:0px;border-radius:0px;font-size:clamp(0.875rem, 0.875rem + ((1vw - 0.2rem) * 0.576), 1.3rem);letter-spacing:1px;text-transform:uppercase\">Pont L&#8217;Abb\u00e9<\/p>\n<\/div>\n\n\n<a class=\"is-style-lien-cover wp-block-read-more\" href=\"https:\/\/www.le-cabellou-plage.com\/de\/pont-l-abbe\/\" target=\"_self\">Read more<span class=\"screen-reader-text\">: Pont l&#8217;Abb\u00e9<\/span><\/a>\n<\/li><\/ul><\/div>\n<\/section>\n","protected":false},"excerpt":{"rendered":"<p>Campingplatz 70km von La pointe du Raz in S\u00fcd-Finist\u00e8re M\u00f6chten Sie einen Campingurlaub in der N\u00e4he von La Point du Raz verbringen? Unser Campingplatz Concarneau le Cabellou Plage empf\u00e4ngt Sie gerne f\u00fcr Ihren Sommerurlaub im Finist\u00e8re. Wir sind etwa 70 km von diesem wundersch\u00f6nen Felsenpfad am Ende des franz\u00f6sischen Territoriums entfernt und bieten einen Panoramablick [&hellip;]<\/p>\n","protected":false},"author":1,"featured_media":16585,"parent":0,"menu_order":0,"comment_status":"closed","ping_status":"closed","template":"","meta":{"_acf_changed":false,"_seopress_robots_primary_cat":"","_seopress_titles_title":"Camping Pointe du Raz: 5-Sterne-Campingplatz in der N\u00e4he von Pointe du Raz","_seopress_titles_desc":"Entdecken Sie unseren Campingplatz in Concarneau in der N\u00e4he der Pointe du Raz in der Bretagne im s\u00fcdlichen Finist\u00e8re.","_seopress_robots_index":"","inline_featured_image":false,"gt_fse_maillage_image":"https:\/\/www.le-cabellou-plage.com\/wp-content\/uploads\/2025\/01\/camping-pointe-du-raz-cabellou-plage-resort-5-etoiles-cta.webp","gt_fse_maillage_titre":"Campingplatz Pointe du Raz","gt_fse_maillage_alt":"campingplatz pointe du raz cabellou plage resort 5 sterne","gt_fse_maillage_resume":"","footnotes":""},"categories":[],"tags":[],"class_list":["post-20821","page","type-page","status-publish","has-post-thumbnail","hentry"],"acf":[],"_links":{"self":[{"href":"https:\/\/www.le-cabellou-plage.com\/de\/wp-json\/wp\/v2\/pages\/20821","targetHints":{"allow":["GET"]}}],"collection":[{"href":"https:\/\/www.le-cabellou-plage.com\/de\/wp-json\/wp\/v2\/pages"}],"about":[{"href":"https:\/\/www.le-cabellou-plage.com\/de\/wp-json\/wp\/v2\/types\/page"}],"author":[{"embeddable":true,"href":"https:\/\/www.le-cabellou-plage.com\/de\/wp-json\/wp\/v2\/users\/1"}],"replies":[{"embeddable":true,"href":"https:\/\/www.le-cabellou-plage.com\/de\/wp-json\/wp\/v2\/comments?post=20821"}],"version-history":[{"count":14,"href":"https:\/\/www.le-cabellou-plage.com\/de\/wp-json\/wp\/v2\/pages\/20821\/revisions"}],"predecessor-version":[{"id":23006,"href":"https:\/\/www.le-cabellou-plage.com\/de\/wp-json\/wp\/v2\/pages\/20821\/revisions\/23006"}],"wp:featuredmedia":[{"embeddable":true,"href":"https:\/\/www.le-cabellou-plage.com\/de\/wp-json\/wp\/v2\/media\/16585"}],"wp:attachment":[{"href":"https:\/\/www.le-cabellou-plage.com\/de\/wp-json\/wp\/v2\/media?parent=20821"}],"wp:term":[{"taxonomy":"category","embeddable":true,"href":"https:\/\/www.le-cabellou-plage.com\/de\/wp-json\/wp\/v2\/categories?post=20821"},{"taxonomy":"post_tag","embeddable":true,"href":"https:\/\/www.le-cabellou-plage.com\/de\/wp-json\/wp\/v2\/tags?post=20821"}],"curies":[{"name":"wp","href":"https:\/\/api.w.org\/{rel}","templated":true}]}}